{"id":6750,"date":"2014-05-11T09:50:06","date_gmt":"2014-05-11T09:50:06","guid":{"rendered":"http:\/\/www.cefi.es\/?post_type=product&#038;p=6750"},"modified":"2020-02-11T12:15:39","modified_gmt":"2020-02-11T12:15:39","slug":"seminario-vision-juridica-medicamentos-biosimilares","status":"publish","type":"product","link":"https:\/\/cefi.es\/en\/tienda\/cursos-y-seminarios\/seminarios\/seminarios-sector-farmaceutico-industria-farmaceutica\/seminario-vision-juridica-medicamentos-biosimilares\/","title":{"rendered":"Seminario Visi\u00f3n Jur\u00eddica Medicamentos Biosimilares"},"content":{"rendered":"<table>\n<tbody>\n<tr>\n<td><strong>8:45 &#8211; 9:15<\/strong><\/td>\n<td>\n<h5>Recepcio\u0301n de asistentes y entrega de documentacio\u0301n<\/h5>\n<\/td>\n<\/tr>\n<tr>\n<td><strong>9:15 &#8211; 9:30<\/strong><\/td>\n<td>\n<h5>Apertura<\/h5>\n<p><strong>Maria Alonso Burgaz. Presidenta Fundacio\u0301n CEFI <\/strong><br \/>\n<strong>Regina Revilla Pedreira. Presidenta ASEBIO<\/strong><\/td>\n<\/tr>\n<tr>\n<td><strong>9:30 &#8211; 10:15<\/strong><\/td>\n<td>\n<h5>Concepto medicamento biolo\u0301gico\/medicamento biosimilar. Aspectos conceptuales. Aspectos me\u0301dicos, de fabricacio\u0301n y econo\u0301micos<\/h5>\n<p>Jose\u0301 Luis Motello\u0301n Garci\u0301a. Director Me\u0301dico AMGEN<\/td>\n<\/tr>\n<tr>\n<td><strong>10:15 &#8211; 11:00<\/strong><\/td>\n<td>\n<h5>Marco normativo actual. Prescripcio\u0301n y dispensacio\u0301n de biosimilares<\/h5>\n<p><strong>Prescripcio\u0301n por denominacio\u0301n comercial para biolo\u0301gicos. Cambio en el Real Decreto de receta me\u0301dica para prescripcio\u0301n de biolo\u0301gicos por marca<\/strong><\/p>\n<p><strong>No sustitucio\u0301n de biosimilares. 86.4 Ley 29\/2006 (modificada en 2013). Re\u0301gimen especi\u0301fico. Orden Ministerial 2007 de medicamentos no sustituibles. Responsabilidad civil del prescriptor y dispensador en caso de sustitucio\u0301n o intercambio<\/strong><\/p>\n<p>Jose Miguel Fata\u0301s. Abogado Uri\u0301a Mene\u0301ndez<\/td>\n<\/tr>\n<tr>\n<td><strong>11:00 &#8211; 11:30<\/strong><\/td>\n<td>\n<h5>Pausa cafe\u0301<\/h5>\n<\/td>\n<\/tr>\n<tr>\n<td><strong>11:30 &#8211; 13:00<\/strong><\/td>\n<td>\n<h5>Mesa redonda \u00bfNecesidad de una regulacio\u0301n especi\u0301fica biolo\u0301gicos\/biosimilares por sus caracteri\u0301sticas?<\/h5>\n<p><strong>\u00bfCo\u0301mo deberi\u0301a ser esta regulacio\u0301n? Prescripcio\u0301n por marca, no sustitucio\u0301n, re\u0301gimen de precios ( exclusio\u0301n de precios de referencia; lotes independientes). Aspectos juri\u0301dicos importantes a tener en cuenta<\/strong><\/p>\n<p><strong>Anticuerpos monoclonales: \u00bfuna categori\u0301a diferente y una regulacio\u0301n ad-hoc dentro de los fa\u0301rmacos biolo\u0301gicos?<\/strong><\/p>\n<p><strong>Aproximacio\u0301n a la regulacio\u0301n de la sustitucio\u0301n e intercambiabilidad en otros pai\u0301ses: Francia, Canada\u0301, UK<\/strong><\/p>\n<p>Ramo\u0301n Sa\u0301nchez Diaz-Caldero\u0301n. Director Productos Biolo\u0301gicos. Roche<\/p>\n<p><strong>Participan en el debate:<\/strong><br \/>\nDr. Fernando Carballo. Presidente y Vocal Comite\u0301 Excelencia Cli\u0301nica. Sociedad Espan\u0303ola Patologi\u0301a Digestiva (SEPD). Profesor Titular de Medicina Universidad de Murcia. Jefe Servicio Medicina Aparato Digestivo y Director Unidad Gestio\u0301n Cli\u0301nica Digestivo Hospital Cli\u0301nico Universitario Virgen de Arrixaca<br \/>\nIrene Andre\u0301s Justi. Directora Legal MSD<br \/>\nJordi Faus Santasusana. Abogado socio Faus &#038; Moliner<\/td>\n<\/tr>\n<tr>\n<td><strong>13:00 &#8211; 13:45<\/strong><\/td>\n<td>\n<h5>Trazabilidad y farmacovigilancia. Ejemplos de Europa y EMA. Planes de gestio\u0301n de riesgos y de farmacovigilancia especi\u0301ficos<\/h5>\n<p>Dra. Arantxa Sancho. Miembro del CHMP. Me\u0301dico especialista en Farmacologi\u0301a Cli\u0301nica del Instituto de Investigacio\u0301n Sanitaria Puerta de Hierro<\/td>\n<\/tr>\n<tr>\n<td><strong>14:00<\/strong><\/td>\n<td>\n<h5>Clausura<\/h5>\n<p><strong>Agusti\u0301n Rivero Cuadrado. Director General Cartera Ba\u0301sica de Servicios SNS y Farmacia<\/strong><\/td>\n<\/tr>\n<\/tbody>\n<\/table>\n","protected":false},"excerpt":{"rendered":"<p>Seminario Visi\u00f3n Jur\u00eddica Medicamentos Biosimilares.<\/p>\n","protected":false},"featured_media":5815,"template":"","meta":{"_acf_changed":false},"product_brand":[],"product_cat":[78,94],"product_tag":[],"class_list":{"0":"post-6750","1":"product","2":"type-product","3":"status-publish","4":"has-post-thumbnail","6":"product_cat-seminarios","7":"product_cat-seminarios-sector-farmaceutico-industria-farmaceutica","9":"first","10":"outofstock","11":"virtual","12":"taxable","13":"purchasable","14":"product-type-simple"},"acf":[],"yoast_head":"<!-- This site is optimized with the Yoast SEO plugin v27.3 - https:\/\/yoast.com\/product\/yoast-seo-wordpress\/ -->\n<title>Seminario Visi\u00f3n Jur\u00eddica Medicamentos Biosimilares - Centro de estudios para el fomento de la investigaci\u00f3n<\/title>\n<meta name=\"robots\" content=\"index, follow, max-snippet:-1, max-image-preview:large, max-video-preview:-1\" \/>\n<link rel=\"canonical\" href=\"https:\/\/cefi.es\/en\/tienda\/cursos-y-seminarios\/seminarios\/seminarios-sector-farmaceutico-industria-farmaceutica\/seminario-vision-juridica-medicamentos-biosimilares\/\" \/>\n<meta property=\"og:locale\" content=\"en_US\" \/>\n<meta property=\"og:type\" content=\"article\" \/>\n<meta property=\"og:title\" content=\"Seminario Visi\u00f3n Jur\u00eddica Medicamentos Biosimilares - Centro de estudios para el fomento de la investigaci\u00f3n\" \/>\n<meta property=\"og:description\" content=\"Seminario Visi\u00f3n Jur\u00eddica Medicamentos Biosimilares.\" \/>\n<meta property=\"og:url\" content=\"https:\/\/cefi.es\/en\/tienda\/cursos-y-seminarios\/seminarios\/seminarios-sector-farmaceutico-industria-farmaceutica\/seminario-vision-juridica-medicamentos-biosimilares\/\" \/>\n<meta property=\"og:site_name\" content=\"Centro de estudios para el fomento de la investigaci\u00f3n\" \/>\n<meta property=\"article:modified_time\" content=\"2020-02-11T12:15:39+00:00\" \/>\n<meta property=\"og:image\" content=\"https:\/\/cefi.es\/wp-contenido\/uploads\/2019\/12\/SEMINARIO-VISION-JURIDICA-MEDICAMENTOS-BIOSIMILARES.jpg\" \/>\n\t<meta property=\"og:image:width\" content=\"1440\" \/>\n\t<meta property=\"og:image:height\" content=\"890\" \/>\n\t<meta property=\"og:image:type\" content=\"image\/jpeg\" \/>\n<meta name=\"twitter:card\" content=\"summary_large_image\" \/>\n<meta name=\"twitter:label1\" content=\"Est. reading time\" \/>\n\t<meta name=\"twitter:data1\" content=\"2 minutes\" \/>\n<script type=\"application\/ld+json\" class=\"yoast-schema-graph\">{\"@context\":\"https:\\\/\\\/schema.org\",\"@graph\":[{\"@type\":\"WebPage\",\"@id\":\"https:\\\/\\\/cefi.es\\\/en\\\/tienda\\\/cursos-y-seminarios\\\/seminarios\\\/seminarios-sector-farmaceutico-industria-farmaceutica\\\/seminario-vision-juridica-medicamentos-biosimilares\\\/\",\"url\":\"https:\\\/\\\/cefi.es\\\/en\\\/tienda\\\/cursos-y-seminarios\\\/seminarios\\\/seminarios-sector-farmaceutico-industria-farmaceutica\\\/seminario-vision-juridica-medicamentos-biosimilares\\\/\",\"name\":\"Seminario Visi\u00f3n Jur\u00eddica Medicamentos Biosimilares - Centro de estudios para el fomento de la investigaci\u00f3n\",\"isPartOf\":{\"@id\":\"https:\\\/\\\/cefi.es\\\/en\\\/#website\"},\"primaryImageOfPage\":{\"@id\":\"https:\\\/\\\/cefi.es\\\/en\\\/tienda\\\/cursos-y-seminarios\\\/seminarios\\\/seminarios-sector-farmaceutico-industria-farmaceutica\\\/seminario-vision-juridica-medicamentos-biosimilares\\\/#primaryimage\"},\"image\":{\"@id\":\"https:\\\/\\\/cefi.es\\\/en\\\/tienda\\\/cursos-y-seminarios\\\/seminarios\\\/seminarios-sector-farmaceutico-industria-farmaceutica\\\/seminario-vision-juridica-medicamentos-biosimilares\\\/#primaryimage\"},\"thumbnailUrl\":\"https:\\\/\\\/cefi.es\\\/wp-contenido\\\/uploads\\\/2019\\\/12\\\/SEMINARIO-VISION-JURIDICA-MEDICAMENTOS-BIOSIMILARES.jpg\",\"datePublished\":\"2014-05-11T09:50:06+00:00\",\"dateModified\":\"2020-02-11T12:15:39+00:00\",\"breadcrumb\":{\"@id\":\"https:\\\/\\\/cefi.es\\\/en\\\/tienda\\\/cursos-y-seminarios\\\/seminarios\\\/seminarios-sector-farmaceutico-industria-farmaceutica\\\/seminario-vision-juridica-medicamentos-biosimilares\\\/#breadcrumb\"},\"inLanguage\":\"en-US\",\"potentialAction\":[{\"@type\":\"ReadAction\",\"target\":[\"https:\\\/\\\/cefi.es\\\/en\\\/tienda\\\/cursos-y-seminarios\\\/seminarios\\\/seminarios-sector-farmaceutico-industria-farmaceutica\\\/seminario-vision-juridica-medicamentos-biosimilares\\\/\"]}]},{\"@type\":\"ImageObject\",\"inLanguage\":\"en-US\",\"@id\":\"https:\\\/\\\/cefi.es\\\/en\\\/tienda\\\/cursos-y-seminarios\\\/seminarios\\\/seminarios-sector-farmaceutico-industria-farmaceutica\\\/seminario-vision-juridica-medicamentos-biosimilares\\\/#primaryimage\",\"url\":\"https:\\\/\\\/cefi.es\\\/wp-contenido\\\/uploads\\\/2019\\\/12\\\/SEMINARIO-VISION-JURIDICA-MEDICAMENTOS-BIOSIMILARES.jpg\",\"contentUrl\":\"https:\\\/\\\/cefi.es\\\/wp-contenido\\\/uploads\\\/2019\\\/12\\\/SEMINARIO-VISION-JURIDICA-MEDICAMENTOS-BIOSIMILARES.jpg\",\"width\":1440,\"height\":890},{\"@type\":\"BreadcrumbList\",\"@id\":\"https:\\\/\\\/cefi.es\\\/en\\\/tienda\\\/cursos-y-seminarios\\\/seminarios\\\/seminarios-sector-farmaceutico-industria-farmaceutica\\\/seminario-vision-juridica-medicamentos-biosimilares\\\/#breadcrumb\",\"itemListElement\":[{\"@type\":\"ListItem\",\"position\":1,\"name\":\"Home\",\"item\":\"https:\\\/\\\/cefi.es\\\/en\\\/\"},{\"@type\":\"ListItem\",\"position\":2,\"name\":\"Products\",\"item\":\"https:\\\/\\\/cefi.es\\\/en\\\/shop\\\/\"},{\"@type\":\"ListItem\",\"position\":3,\"name\":\"Seminario Visi\u00f3n Jur\u00eddica Medicamentos Biosimilares\"}]},{\"@type\":\"WebSite\",\"@id\":\"https:\\\/\\\/cefi.es\\\/en\\\/#website\",\"url\":\"https:\\\/\\\/cefi.es\\\/en\\\/\",\"name\":\"Centro de estudios para el fomento de la investigaci\u00f3n\",\"description\":\"\",\"publisher\":{\"@id\":\"https:\\\/\\\/cefi.es\\\/en\\\/#organization\"},\"potentialAction\":[{\"@type\":\"SearchAction\",\"target\":{\"@type\":\"EntryPoint\",\"urlTemplate\":\"https:\\\/\\\/cefi.es\\\/en\\\/?s={search_term_string}\"},\"query-input\":{\"@type\":\"PropertyValueSpecification\",\"valueRequired\":true,\"valueName\":\"search_term_string\"}}],\"inLanguage\":\"en-US\"},{\"@type\":\"Organization\",\"@id\":\"https:\\\/\\\/cefi.es\\\/en\\\/#organization\",\"name\":\"Fundacion CeFi. Propiedad industrial e intelectual\",\"url\":\"https:\\\/\\\/cefi.es\\\/en\\\/\",\"logo\":{\"@type\":\"ImageObject\",\"inLanguage\":\"en-US\",\"@id\":\"https:\\\/\\\/cefi.es\\\/en\\\/#\\\/schema\\\/logo\\\/image\\\/\",\"url\":\"https:\\\/\\\/cefi.es\\\/wp-contenido\\\/uploads\\\/2019\\\/12\\\/cropped-favicon-3.png\",\"contentUrl\":\"https:\\\/\\\/cefi.es\\\/wp-contenido\\\/uploads\\\/2019\\\/12\\\/cropped-favicon-3.png\",\"width\":512,\"height\":512,\"caption\":\"Fundacion CeFi. Propiedad industrial e intelectual\"},\"image\":{\"@id\":\"https:\\\/\\\/cefi.es\\\/en\\\/#\\\/schema\\\/logo\\\/image\\\/\"}}]}<\/script>\n<!-- \/ Yoast SEO plugin. -->","yoast_head_json":{"title":"Seminario Visi\u00f3n Jur\u00eddica Medicamentos Biosimilares - Centro de estudios para el fomento de la investigaci\u00f3n","robots":{"index":"index","follow":"follow","max-snippet":"max-snippet:-1","max-image-preview":"max-image-preview:large","max-video-preview":"max-video-preview:-1"},"canonical":"https:\/\/cefi.es\/en\/tienda\/cursos-y-seminarios\/seminarios\/seminarios-sector-farmaceutico-industria-farmaceutica\/seminario-vision-juridica-medicamentos-biosimilares\/","og_locale":"en_US","og_type":"article","og_title":"Seminario Visi\u00f3n Jur\u00eddica Medicamentos Biosimilares - Centro de estudios para el fomento de la investigaci\u00f3n","og_description":"Seminario Visi\u00f3n Jur\u00eddica Medicamentos Biosimilares.","og_url":"https:\/\/cefi.es\/en\/tienda\/cursos-y-seminarios\/seminarios\/seminarios-sector-farmaceutico-industria-farmaceutica\/seminario-vision-juridica-medicamentos-biosimilares\/","og_site_name":"Centro de estudios para el fomento de la investigaci\u00f3n","article_modified_time":"2020-02-11T12:15:39+00:00","og_image":[{"width":1440,"height":890,"url":"https:\/\/cefi.es\/wp-contenido\/uploads\/2019\/12\/SEMINARIO-VISION-JURIDICA-MEDICAMENTOS-BIOSIMILARES.jpg","type":"image\/jpeg"}],"twitter_card":"summary_large_image","twitter_misc":{"Est. reading time":"2 minutes"},"schema":{"@context":"https:\/\/schema.org","@graph":[{"@type":"WebPage","@id":"https:\/\/cefi.es\/en\/tienda\/cursos-y-seminarios\/seminarios\/seminarios-sector-farmaceutico-industria-farmaceutica\/seminario-vision-juridica-medicamentos-biosimilares\/","url":"https:\/\/cefi.es\/en\/tienda\/cursos-y-seminarios\/seminarios\/seminarios-sector-farmaceutico-industria-farmaceutica\/seminario-vision-juridica-medicamentos-biosimilares\/","name":"Seminario Visi\u00f3n Jur\u00eddica Medicamentos Biosimilares - Centro de estudios para el fomento de la investigaci\u00f3n","isPartOf":{"@id":"https:\/\/cefi.es\/en\/#website"},"primaryImageOfPage":{"@id":"https:\/\/cefi.es\/en\/tienda\/cursos-y-seminarios\/seminarios\/seminarios-sector-farmaceutico-industria-farmaceutica\/seminario-vision-juridica-medicamentos-biosimilares\/#primaryimage"},"image":{"@id":"https:\/\/cefi.es\/en\/tienda\/cursos-y-seminarios\/seminarios\/seminarios-sector-farmaceutico-industria-farmaceutica\/seminario-vision-juridica-medicamentos-biosimilares\/#primaryimage"},"thumbnailUrl":"https:\/\/cefi.es\/wp-contenido\/uploads\/2019\/12\/SEMINARIO-VISION-JURIDICA-MEDICAMENTOS-BIOSIMILARES.jpg","datePublished":"2014-05-11T09:50:06+00:00","dateModified":"2020-02-11T12:15:39+00:00","breadcrumb":{"@id":"https:\/\/cefi.es\/en\/tienda\/cursos-y-seminarios\/seminarios\/seminarios-sector-farmaceutico-industria-farmaceutica\/seminario-vision-juridica-medicamentos-biosimilares\/#breadcrumb"},"inLanguage":"en-US","potentialAction":[{"@type":"ReadAction","target":["https:\/\/cefi.es\/en\/tienda\/cursos-y-seminarios\/seminarios\/seminarios-sector-farmaceutico-industria-farmaceutica\/seminario-vision-juridica-medicamentos-biosimilares\/"]}]},{"@type":"ImageObject","inLanguage":"en-US","@id":"https:\/\/cefi.es\/en\/tienda\/cursos-y-seminarios\/seminarios\/seminarios-sector-farmaceutico-industria-farmaceutica\/seminario-vision-juridica-medicamentos-biosimilares\/#primaryimage","url":"https:\/\/cefi.es\/wp-contenido\/uploads\/2019\/12\/SEMINARIO-VISION-JURIDICA-MEDICAMENTOS-BIOSIMILARES.jpg","contentUrl":"https:\/\/cefi.es\/wp-contenido\/uploads\/2019\/12\/SEMINARIO-VISION-JURIDICA-MEDICAMENTOS-BIOSIMILARES.jpg","width":1440,"height":890},{"@type":"BreadcrumbList","@id":"https:\/\/cefi.es\/en\/tienda\/cursos-y-seminarios\/seminarios\/seminarios-sector-farmaceutico-industria-farmaceutica\/seminario-vision-juridica-medicamentos-biosimilares\/#breadcrumb","itemListElement":[{"@type":"ListItem","position":1,"name":"Home","item":"https:\/\/cefi.es\/en\/"},{"@type":"ListItem","position":2,"name":"Products","item":"https:\/\/cefi.es\/en\/shop\/"},{"@type":"ListItem","position":3,"name":"Seminario Visi\u00f3n Jur\u00eddica Medicamentos Biosimilares"}]},{"@type":"WebSite","@id":"https:\/\/cefi.es\/en\/#website","url":"https:\/\/cefi.es\/en\/","name":"Centro de estudios para el fomento de la investigaci\u00f3n","description":"","publisher":{"@id":"https:\/\/cefi.es\/en\/#organization"},"potentialAction":[{"@type":"SearchAction","target":{"@type":"EntryPoint","urlTemplate":"https:\/\/cefi.es\/en\/?s={search_term_string}"},"query-input":{"@type":"PropertyValueSpecification","valueRequired":true,"valueName":"search_term_string"}}],"inLanguage":"en-US"},{"@type":"Organization","@id":"https:\/\/cefi.es\/en\/#organization","name":"Fundacion CeFi. Propiedad industrial e intelectual","url":"https:\/\/cefi.es\/en\/","logo":{"@type":"ImageObject","inLanguage":"en-US","@id":"https:\/\/cefi.es\/en\/#\/schema\/logo\/image\/","url":"https:\/\/cefi.es\/wp-contenido\/uploads\/2019\/12\/cropped-favicon-3.png","contentUrl":"https:\/\/cefi.es\/wp-contenido\/uploads\/2019\/12\/cropped-favicon-3.png","width":512,"height":512,"caption":"Fundacion CeFi. Propiedad industrial e intelectual"},"image":{"@id":"https:\/\/cefi.es\/en\/#\/schema\/logo\/image\/"}}]}},"_links":{"self":[{"href":"https:\/\/cefi.es\/en\/wp-json\/wp\/v2\/product\/6750","targetHints":{"allow":["GET"]}}],"collection":[{"href":"https:\/\/cefi.es\/en\/wp-json\/wp\/v2\/product"}],"about":[{"href":"https:\/\/cefi.es\/en\/wp-json\/wp\/v2\/types\/product"}],"version-history":[{"count":1,"href":"https:\/\/cefi.es\/en\/wp-json\/wp\/v2\/product\/6750\/revisions"}],"predecessor-version":[{"id":6755,"href":"https:\/\/cefi.es\/en\/wp-json\/wp\/v2\/product\/6750\/revisions\/6755"}],"wp:featuredmedia":[{"embeddable":true,"href":"https:\/\/cefi.es\/en\/wp-json\/wp\/v2\/media\/5815"}],"wp:attachment":[{"href":"https:\/\/cefi.es\/en\/wp-json\/wp\/v2\/media?parent=6750"}],"wp:term":[{"taxonomy":"product_brand","embeddable":true,"href":"https:\/\/cefi.es\/en\/wp-json\/wp\/v2\/product_brand?post=6750"},{"taxonomy":"product_cat","embeddable":true,"href":"https:\/\/cefi.es\/en\/wp-json\/wp\/v2\/product_cat?post=6750"},{"taxonomy":"product_tag","embeddable":true,"href":"https:\/\/cefi.es\/en\/wp-json\/wp\/v2\/product_tag?post=6750"}],"curies":[{"name":"wp","href":"https:\/\/api.w.org\/{rel}","templated":true}]}}