{"id":5849,"date":"2017-01-30T12:09:47","date_gmt":"2017-01-30T12:09:47","guid":{"rendered":"http:\/\/www.cefi.es\/?post_type=product&#038;p=5849"},"modified":"2020-02-11T12:17:38","modified_gmt":"2020-02-11T12:17:38","slug":"xv-curso-de-derecho-farmaceutico","status":"publish","type":"product","link":"https:\/\/cefi.es\/en\/tienda\/cursos-y-seminarios\/cursos\/cursos-de-derecho-farmaceutico\/xv-curso-de-derecho-farmaceutico\/","title":{"rendered":"XV Curso de Derecho Farmac\u00e9utico"},"content":{"rendered":"<h3>25 de Octubre<\/h3>\n<table>\n<tbody>\n<tr>\n<td><strong>9:45<\/strong><\/td>\n<td>\n<h5>ACREDITACIO\u0301N Y ENTREGA DE DOCUMENTACIO\u0301N<\/h5>\n<\/td>\n<\/tr>\n<tr>\n<td><strong>10:15<\/strong><\/td>\n<td>\n<h5>APERTURA<\/h5>\n<\/td>\n<\/tr>\n<tr>\n<td><strong>10:30 &#8211; 12:00<\/strong><\/td>\n<td>\n<h5>Protecci\u00f3n de la innovaci\u00f3n<\/h5>\n<p>Modera: Gabriel Gonza\u0301lez Limas<br \/>\nJefe A\u0301rea Patentes Qui\u0301micas OEPM<\/p>\n<p><strong>Un sector basado en la I+D+i. Tipos ba\u0301sicos de proteccio\u0301n. Marcas, patentes de producto, de procedimiento, de uso y CCPs. Propiedad Intelectual de programas novedosos y herramientas digitales.<\/strong><br \/>\nFrancisco Javier Carrio\u0301n Garci\u0301a de Parada<br \/>\nSocio Eversheds Sutherland<\/p>\n<p><strong>Patentes de nuevas indicaciones terape\u0301uticas.<\/strong><br \/>\nJorge Llevat Vallespinosa<br \/>\nSocio Grupo Propiedad Intelectual Cuatrecasas<\/p>\n<p><strong>La efectividad de las patentes: aspectos pra\u0301cticos en el cumpli- miento de las medidas cautelares.<\/strong><br \/>\nMiquel Montan\u0303a\u0301 Mora<br \/>\nSocio Clifford Chance<\/p>\n<p><strong>Reflexiones en torno al actual sistema de patentes y la proteccio\u0301n de la innovacio\u0301n farmace\u0301utica. Proyecto de Informe sobre las opciones de la UE para mejorar el acceso a los medicamentos.<\/strong><br \/>\nEduardo Castillo San Marti\u0301n<br \/>\nSocio Go\u0301mez Acebo&amp;Pombo<\/td>\n<\/tr>\n<tr>\n<td><strong>12:00 &#8211; 13:30<\/strong><\/td>\n<td>\n<h5>INVESTIGACIO\u0301N CLI\u0301NICA Y PACIENTES<\/h5>\n<p>Modera: Ce\u0301sar Herna\u0301ndez Garci\u0301a<br \/>\nJefe Departamento Medicamentos Uso Humano AEMPS<\/p>\n<p><strong>Experiencia de la nueva regulacio\u0301n de ensayos cli\u0301nicos: la perspectiva del centro investigador\/hospital.<\/strong><br \/>\nGuillem Masdeu Sarret<br \/>\nDirector Juri\u0301dico Fundacio\u0301n Cli\u0301nic para la investigacio\u0301n biome\u0301dica<\/p>\n<p><strong>Una nueva participacio\u0301n ma\u0301s activa de los pacientes en la inves- tigacio\u0301n cli\u0301nica: el punto de vista de la industria.<\/strong><br \/>\nJose\u0301 Antonio Sacrista\u0301n del Castillo<br \/>\nDirector Me\u0301dico Lilly<\/p>\n<p><strong>El creciente papel de los pacientes y sus asociaciones en los diver- sos organismos y comite\u0301s del sector. Necesidad de una regulacio\u0301n que haga efectivos los derechos de los pacientes.<\/strong><br \/>\nMiguel A\u0301ngel Ramiro Avile\u0301s<br \/>\nDirector Ca\u0301tedra Discapacidad, Enfermedad Cro\u0301nica y Accesibilidad a los Derechos Universidad de Alcala\u0301<\/p>\n<p><strong>Implicaciones del tratamiento de datos en el marco de ensayos cli\u0301nicos desde la perspectiva del nuevo Reglamento comunitario. Procedimientos de pseudoanonimizacio\u0301n.<\/strong><br \/>\nGuadalupe San Pedro Burgos<br \/>\nSocia A\u0301rea Proteccio\u0301n Datos Bird&amp;Bird<\/td>\n<\/tr>\n<tr>\n<td><strong>13:30 &#8211; 14:15<\/strong><\/td>\n<td>\n<h5>CO\u0301CTEL<\/h5>\n<\/td>\n<\/tr>\n<tr>\n<td><strong>14:15 &#8211; 15:45<\/strong><\/td>\n<td>\n<h5>PROTECCIO\u0301N DE DATOS, ANTICORRUPCIO\u0301N Y TRANSPARENCIA<\/h5>\n<p>Modera: Jesu\u0301s Rubi\u0301 Navarrete<br \/>\nAdjunto Presidencia AEPD<\/p>\n<p><strong>Aspectos pra\u0301cticos del Reglamento General de Proteccio\u0301n de Datos en el sector farmace\u0301utico.<\/strong><br \/>\nCristina Ferna\u0301ndez Gonza\u0301lez<br \/>\nSenior Cousel GSK. Regional Data Privacy Lead EU&amp;Canada\u0301<\/p>\n<p><strong>Nuevos retos para normativa de proteccio\u0301n de datos personales: Big Data, Real World Evidence (RWE) y registros de pacientes.<\/strong><br \/>\nLeticia Lo\u0301pez-Lapuente Gutie\u0301rrez<br \/>\nAbogada A\u0301rea IT y Privacy Uri\u0301a Mene\u0301ndez<\/p>\n<p><strong>Medidas Anticorrupcio\u0301n. Diligencia Debida. Conflicto de intere\u0301s.<\/strong><br \/>\nDiego Pol Longo<br \/>\nAsociado Senior Baker McKenzie<\/p>\n<p><strong>Transparencia y fiscalidad en la industria farmace\u0301utica. El Regla- mento IRPF y su aplicacio\u0301n a las transferencias de valor a profesio- nales sanitarios. Consentimiento e intere\u0301s legi\u0301timo.<\/strong><br \/>\nAbigail Blanco Va\u0301zquez<br \/>\nSocia Garrigues<\/td>\n<\/tr>\n<tr>\n<td><strong>15:45 &#8211; 17:00<\/strong><\/td>\n<td>\n<h5>INFORMACIO\u0301N DE MEDICAMENTOS, NUEVOS INTERLOCUTORES DE LA INDUSTRIA Y MEDICAMENTOS SIN RECETA<\/h5>\n<p>Modera: Jose\u0301 Miguel Colldefors Marti\u0301nez<br \/>\nPatrono Fundacio\u0301n CEFI<\/p>\n<p><strong>El equilibrio entre informacio\u0301n y publicidad de medicamentos. Ejemplos actuales de la sociedad digital.<\/strong><br \/>\nJuan Sua\u0301rez Ferna\u0301ndez<br \/>\nSocio Faus &amp; Moliner Abogados<\/p>\n<p><strong>Nuevos interlocutores de la industria farmace\u0301utica: enfermeri\u0301a, gestores sanitarios, investigadores y asociaciones de pacientes.<\/strong><br \/>\nEster Navas Pastor<br \/>\nSocia Baker McKenzie<\/p>\n<p><strong>Medicamentos sin receta. Autorregulacio\u0301n. Sistemas voluntarios y privados de certificacio\u0301n del cumplimiento (\u201csello anefp\u201d; \u201ccopy advice\u201d). La venta de medicamentos sin receta por internet.<\/strong><br \/>\nJose\u0301 Ignacio Vega Labella<br \/>\nSocio Ramo\u0301n y Cajal Abogados<\/td>\n<\/tr>\n<\/tbody>\n<\/table>\n<h3>26 de Octubre<\/h3>\n<table>\n<tbody>\n<tr>\n<td><strong>9:00 &#8211; 10:30<\/strong><\/td>\n<td>\n<h5>MEDICAMENTOS INNOVADORES Y BIOSIMILARES<\/h5>\n<p>Modera: Natividad Calvente Cestafe<br \/>\nAssociate Director Policy\/Govern. Relations MSD<\/p>\n<p><strong>Aspectos cienti\u0301ficos de los medicamentos biolo\u0301gicos Sostenibilidad y accesibilidad.<\/strong><br \/>\nFernando Carballo A\u0301lvarez<br \/>\nPresidente de la Sociedad Espan\u0303ola de Patologi\u0301a Digestiva Presidente de FACME<\/p>\n<p><strong>Prescripcio\u0301n por marca. Farmacovigilancia. No sustitucio\u0301n en oficina de farmacia y en hospital.<\/strong><br \/>\nCristina Avendan\u0303o Sola\u0301<br \/>\nPresidenta Sociedad Espan\u0303ola Farmacologi\u0301a Cli\u0301nica<br \/>\nFarmacologi\u0301a Cli\u0301nica Hospital Puerta de Hierro<\/p>\n<p><strong>La nueva Gui\u0301a de Medicamentos Biosimilares aprobada por BIOSIM.<\/strong><br \/>\nAlfonso Gallego Montoya<br \/>\nDirector Departamento Legal &amp; Compliance Officer SANDOZ<\/p>\n<p><strong>Co\u0301mo afecta en la pra\u0301ctica el re\u0301gimen de precios actual a medicamentos biolo\u0301gicos y biosimilares.<\/strong><br \/>\nJose Fe\u0301lix Olalla Maran\u0303o\u0301n<br \/>\nGerente Nacional de Relaciones Institucionales Sanofi<\/td>\n<\/tr>\n<tr>\n<td><strong>10:30 &#8211; 12:00<\/strong><\/td>\n<td>\n<h5>AUTORIZACIO\u0301N Y DISPENSACIO\u0301N DE MEDICAMENTOS<\/h5>\n<p>Modera: Mari\u0301a Alonso Burgaz<br \/>\nPatrono Fundacio\u0301n CEFI<\/p>\n<p><strong>Autorizacio\u0301n condicional en la EMA de medicamentos innovado- res para enfermedades graves sin tratamiento disponible. Incen- tivos y barreras a nivel nacional. Papel de la AEMPS y del MSSSI.<\/strong><br \/>\nHe\u0301ctor Jausa\u0301s Farre\u0301<br \/>\nSocio Departamento Life Science Jausas<\/p>\n<p><strong>Actualizacio\u0301n en materia de informes de posicionamiento terape\u0301utico.<\/strong><br \/>\nGerma\u0301n Alonso-Alegre Ferna\u0301ndez de Valderrama<br \/>\nSocio Mazars. Responsable Dpto. Derecho Pu\u0301blico, Administrativo y Regulatorio<\/p>\n<p><strong>Directiva 6\/2011 Serializacio\u0301n. Uso y acceso a la informacio\u0301n disponible.<\/strong><br \/>\nJorge Robles Gonza\u0301lez<br \/>\nSocio Cuatrecasas<\/p>\n<p><strong>Reglamentos UE 2017\/745 y 2017\/746 sobre productos sanitarios y productos sanitarios para diagno\u0301stico in vitro.<\/strong><br \/>\nIrene Ferna\u0301ndez Puyol<br \/>\nAbogada. Coordinadora A\u0301rea Life Science. Go\u0301mez Acebo&amp;Pombo<\/td>\n<\/tr>\n<tr>\n<td><strong>12:00 &#8211; 12:30<\/strong><\/td>\n<td>\n<h5>CAF\u00c9<\/h5>\n<\/td>\n<\/tr>\n<tr>\n<td><strong>12:30 &#8211; 14-30\u00a0<\/strong><\/td>\n<td>\n<h5>CONTRATACIO\u0301N PU\u0301BLICA Y POLI\u0301TICAS COMERCIALES<\/h5>\n<p>Modera: Federico Plaza Pin\u0303ol<br \/>\nDirector Relaciones Institucionales de Roche<\/p>\n<p><strong>La Directiva de contratacio\u0301n pu\u0301blica y el suministro de medicamen- tos. Aspectos pra\u0301cticos y relevantes de la nueva Ley de Contratos del Sector Pu\u0301blico. Divisio\u0301n en lotes. Compra pu\u0301blica innovadora.<\/strong><br \/>\nSabiniano Medrano Irazola<br \/>\nSocio Ernst&amp;Young<\/p>\n<p><strong>Gui\u0301a de contratacio\u0301n pu\u0301blica y competencia.<\/strong><br \/>\nJorge Nieto Rueda<br \/>\nDepartamento Promocio\u0301n Competencia CNMC<\/p>\n<p><strong>Nuevas tendencias: compra pu\u0301blica responsable, posibles indicadores y compra centralizada.<\/strong><br \/>\nSara Castelo Ruano<br \/>\nSocia Tesera de Hospitalidad<\/p>\n<p><strong>Descuentos y otras ofertas comerciales a hospitales. Cuestiones regulatorias y de competencia.<\/strong><br \/>\nXavier Moliner Bernades<br \/>\nSocio Faus&amp;Moliner Abogados<\/p>\n<p><strong>Techo de gasto en contratacio\u0301n pu\u0301blica y PIB. Otras fo\u0301rmulas con impacto en los precios de contratacio\u0301n pu\u0301blica.<\/strong><br \/>\nRaquel Ballesteros Pomar<br \/>\nSocia Bird&amp;Bird<\/p>\n<p><strong>Cohesio\u0301n, unidad de mercado. Inequidades actuales del sistema. Subastas.<\/strong><br \/>\nAlberto Do\u0301rrego de Carlos<br \/>\nSocio Eversheds Sutherland<\/td>\n<\/tr>\n<tr>\n<td><strong>14:30 &#8211; 15:15<\/strong><\/td>\n<td>\n<h5>CO\u0301CTEL<\/h5>\n<\/td>\n<\/tr>\n<tr>\n<td><strong>15:15 &#8211; 16:45<\/strong><\/td>\n<td>\n<h5>POLI\u0301TICA DE FINANCIACIO\u0301N Y PRECIO<\/h5>\n<p>Modera: Dioniso Docasar Mari\u0301n<br \/>\nJefe de A\u0301rea Asuntos Juri\u0301dicos DG Cartera Ba\u0301sica MSSSI<\/p>\n<p><strong>Pro\u0301ximo escenario en materia de financiacio\u0301n y precios de medicamentos.<\/strong><br \/>\nIsabel Pineros Andre\u0301s<br \/>\nSubd. Calidad de Medicamentos y PS MSSSI<\/p>\n<p><strong>Precios de Referencia y Agrupaciones Homoge\u0301neas. Proyecto de Real Decreto de precio y financiacio\u0301n.<\/strong><br \/>\nAna Arana Monreal<br \/>\nDirectora Asociada de Precio y Financiacio\u0301n MSD<\/p>\n<p><strong>Aspectos pra\u0301cticos en materia de precios de medicamentos.<\/strong><br \/>\nJordi Faus Santasusana<br \/>\nSocio Faus&amp;Moliner Abogados<\/p>\n<p><strong>Acceso a la innovacio\u0301n y precios. Medidas adoptadas fuera de la coyuntura econo\u0301mica que las provoca.<\/strong><br \/>\nVicente Morales Ferna\u0301ndez<br \/>\nDirector Departamento Farmace\u0301utico Lupicinio International Law Firm<\/td>\n<\/tr>\n<tr>\n<td><strong>16:45 -18:15<\/strong><\/td>\n<td>\n<h5>COMPETENCIA<\/h5>\n<p>Modera: Silvia Marti\u0301nez Prieto<br \/>\nPatrono Fundacio\u0301n CEFI<\/p>\n<p><strong>Transposicio\u0301n de la Directiva de dan\u0303os y perjuicios. Repercusio\u0301n en el sector farmace\u0301utico.<\/strong><br \/>\nAntonio Marti\u0301nez Sa\u0301nchez<br \/>\nSocio Allen&amp;Overy<\/p>\n<p><strong>Acciones civiles de reclamacio\u0301n de dan\u0303os y perjuicios derivados de ili\u0301citos antitrust.<\/strong><br \/>\nBlas Gonza\u0301lez Navarro<br \/>\nSocio Blas A. Gonza\u0301lez Abogados<\/p>\n<p><strong>Abuso de posicio\u0301n dominante en el sector farmace\u0301utico.<\/strong><br \/>\nAlfonso Gutie\u0301rrez Herna\u0301ndez<br \/>\nSocio Uri\u0301a y Mene\u0301ndez<\/p>\n<p><strong>U\u0301ltimas actuaciones de la CNMC en el sector farmace\u0301utico.<\/strong><br \/>\nA\u0301ngel Valde\u0301s Burgui<br \/>\nSocio Lupicinio International Law Firm<\/td>\n<\/tr>\n<tr>\n<td><strong>18:15<\/strong><\/td>\n<td>\n<h5>CLAUSURA<\/h5>\n<p>Encarnacio\u0301n Cruz Martos<br \/>\nDirectora Cartera Ba\u0301sica de Servicios del SNS y Farmacia. MSSSI<\/td>\n<\/tr>\n<\/tbody>\n<\/table>\n","protected":false},"excerpt":{"rendered":"<p>XV Curso de Derecho Farmac\u00e9utico.<\/p>\n","protected":false},"featured_media":5843,"template":"","meta":{"_acf_changed":false},"product_brand":[],"product_cat":[76],"product_tag":[],"class_list":{"0":"post-5849","1":"product","2":"type-product","3":"status-publish","4":"has-post-thumbnail","6":"product_cat-cursos-de-derecho-farmaceutico","8":"first","9":"outofstock","10":"virtual","11":"taxable","12":"purchasable","13":"product-type-simple"},"acf":[],"yoast_head":"<!-- This site is optimized with the Yoast SEO plugin v27.3 - https:\/\/yoast.com\/product\/yoast-seo-wordpress\/ -->\n<title>XV Curso de Derecho Farmac\u00e9utico - Centro de estudios para el fomento de la investigaci\u00f3n<\/title>\n<meta name=\"robots\" content=\"index, follow, max-snippet:-1, max-image-preview:large, max-video-preview:-1\" \/>\n<link rel=\"canonical\" href=\"https:\/\/cefi.es\/en\/tienda\/cursos-y-seminarios\/cursos\/cursos-de-derecho-farmaceutico\/xv-curso-de-derecho-farmaceutico\/\" \/>\n<meta property=\"og:locale\" content=\"en_US\" \/>\n<meta property=\"og:type\" content=\"article\" \/>\n<meta property=\"og:title\" content=\"XV Curso de Derecho Farmac\u00e9utico - Centro de estudios para el fomento de la investigaci\u00f3n\" \/>\n<meta property=\"og:description\" content=\"XV Curso de Derecho Farmac\u00e9utico.\" \/>\n<meta property=\"og:url\" content=\"https:\/\/cefi.es\/en\/tienda\/cursos-y-seminarios\/cursos\/cursos-de-derecho-farmaceutico\/xv-curso-de-derecho-farmaceutico\/\" \/>\n<meta property=\"og:site_name\" content=\"Centro de estudios para el fomento de la investigaci\u00f3n\" \/>\n<meta property=\"article:modified_time\" content=\"2020-02-11T12:17:38+00:00\" \/>\n<meta property=\"og:image\" content=\"https:\/\/cefi.es\/wp-contenido\/uploads\/2019\/12\/XV-CURSO-DERECHO-FARMACEUTICO-2017.jpg\" \/>\n\t<meta property=\"og:image:width\" content=\"1440\" \/>\n\t<meta property=\"og:image:height\" content=\"890\" \/>\n\t<meta property=\"og:image:type\" content=\"image\/jpeg\" \/>\n<meta name=\"twitter:card\" content=\"summary_large_image\" \/>\n<meta name=\"twitter:label1\" content=\"Est. reading time\" \/>\n\t<meta name=\"twitter:data1\" content=\"6 minutes\" \/>\n<script type=\"application\/ld+json\" class=\"yoast-schema-graph\">{\"@context\":\"https:\\\/\\\/schema.org\",\"@graph\":[{\"@type\":\"WebPage\",\"@id\":\"https:\\\/\\\/cefi.es\\\/en\\\/tienda\\\/cursos-y-seminarios\\\/cursos\\\/cursos-de-derecho-farmaceutico\\\/xv-curso-de-derecho-farmaceutico\\\/\",\"url\":\"https:\\\/\\\/cefi.es\\\/en\\\/tienda\\\/cursos-y-seminarios\\\/cursos\\\/cursos-de-derecho-farmaceutico\\\/xv-curso-de-derecho-farmaceutico\\\/\",\"name\":\"XV Curso de Derecho Farmac\u00e9utico - Centro de estudios para el fomento de la investigaci\u00f3n\",\"isPartOf\":{\"@id\":\"https:\\\/\\\/cefi.es\\\/en\\\/#website\"},\"primaryImageOfPage\":{\"@id\":\"https:\\\/\\\/cefi.es\\\/en\\\/tienda\\\/cursos-y-seminarios\\\/cursos\\\/cursos-de-derecho-farmaceutico\\\/xv-curso-de-derecho-farmaceutico\\\/#primaryimage\"},\"image\":{\"@id\":\"https:\\\/\\\/cefi.es\\\/en\\\/tienda\\\/cursos-y-seminarios\\\/cursos\\\/cursos-de-derecho-farmaceutico\\\/xv-curso-de-derecho-farmaceutico\\\/#primaryimage\"},\"thumbnailUrl\":\"https:\\\/\\\/cefi.es\\\/wp-contenido\\\/uploads\\\/2019\\\/12\\\/XV-CURSO-DERECHO-FARMACEUTICO-2017.jpg\",\"datePublished\":\"2017-01-30T12:09:47+00:00\",\"dateModified\":\"2020-02-11T12:17:38+00:00\",\"breadcrumb\":{\"@id\":\"https:\\\/\\\/cefi.es\\\/en\\\/tienda\\\/cursos-y-seminarios\\\/cursos\\\/cursos-de-derecho-farmaceutico\\\/xv-curso-de-derecho-farmaceutico\\\/#breadcrumb\"},\"inLanguage\":\"en-US\",\"potentialAction\":[{\"@type\":\"ReadAction\",\"target\":[\"https:\\\/\\\/cefi.es\\\/en\\\/tienda\\\/cursos-y-seminarios\\\/cursos\\\/cursos-de-derecho-farmaceutico\\\/xv-curso-de-derecho-farmaceutico\\\/\"]}]},{\"@type\":\"ImageObject\",\"inLanguage\":\"en-US\",\"@id\":\"https:\\\/\\\/cefi.es\\\/en\\\/tienda\\\/cursos-y-seminarios\\\/cursos\\\/cursos-de-derecho-farmaceutico\\\/xv-curso-de-derecho-farmaceutico\\\/#primaryimage\",\"url\":\"https:\\\/\\\/cefi.es\\\/wp-contenido\\\/uploads\\\/2019\\\/12\\\/XV-CURSO-DERECHO-FARMACEUTICO-2017.jpg\",\"contentUrl\":\"https:\\\/\\\/cefi.es\\\/wp-contenido\\\/uploads\\\/2019\\\/12\\\/XV-CURSO-DERECHO-FARMACEUTICO-2017.jpg\",\"width\":1440,\"height\":890},{\"@type\":\"BreadcrumbList\",\"@id\":\"https:\\\/\\\/cefi.es\\\/en\\\/tienda\\\/cursos-y-seminarios\\\/cursos\\\/cursos-de-derecho-farmaceutico\\\/xv-curso-de-derecho-farmaceutico\\\/#breadcrumb\",\"itemListElement\":[{\"@type\":\"ListItem\",\"position\":1,\"name\":\"Home\",\"item\":\"https:\\\/\\\/cefi.es\\\/en\\\/\"},{\"@type\":\"ListItem\",\"position\":2,\"name\":\"Products\",\"item\":\"https:\\\/\\\/cefi.es\\\/en\\\/shop\\\/\"},{\"@type\":\"ListItem\",\"position\":3,\"name\":\"XV Curso de Derecho Farmac\u00e9utico\"}]},{\"@type\":\"WebSite\",\"@id\":\"https:\\\/\\\/cefi.es\\\/en\\\/#website\",\"url\":\"https:\\\/\\\/cefi.es\\\/en\\\/\",\"name\":\"Centro de estudios para el fomento de la investigaci\u00f3n\",\"description\":\"\",\"publisher\":{\"@id\":\"https:\\\/\\\/cefi.es\\\/en\\\/#organization\"},\"potentialAction\":[{\"@type\":\"SearchAction\",\"target\":{\"@type\":\"EntryPoint\",\"urlTemplate\":\"https:\\\/\\\/cefi.es\\\/en\\\/?s={search_term_string}\"},\"query-input\":{\"@type\":\"PropertyValueSpecification\",\"valueRequired\":true,\"valueName\":\"search_term_string\"}}],\"inLanguage\":\"en-US\"},{\"@type\":\"Organization\",\"@id\":\"https:\\\/\\\/cefi.es\\\/en\\\/#organization\",\"name\":\"Fundacion CeFi. Propiedad industrial e intelectual\",\"url\":\"https:\\\/\\\/cefi.es\\\/en\\\/\",\"logo\":{\"@type\":\"ImageObject\",\"inLanguage\":\"en-US\",\"@id\":\"https:\\\/\\\/cefi.es\\\/en\\\/#\\\/schema\\\/logo\\\/image\\\/\",\"url\":\"https:\\\/\\\/cefi.es\\\/wp-contenido\\\/uploads\\\/2019\\\/12\\\/cropped-favicon-3.png\",\"contentUrl\":\"https:\\\/\\\/cefi.es\\\/wp-contenido\\\/uploads\\\/2019\\\/12\\\/cropped-favicon-3.png\",\"width\":512,\"height\":512,\"caption\":\"Fundacion CeFi. Propiedad industrial e intelectual\"},\"image\":{\"@id\":\"https:\\\/\\\/cefi.es\\\/en\\\/#\\\/schema\\\/logo\\\/image\\\/\"}}]}<\/script>\n<!-- \/ Yoast SEO plugin. -->","yoast_head_json":{"title":"XV Curso de Derecho Farmac\u00e9utico - Centro de estudios para el fomento de la investigaci\u00f3n","robots":{"index":"index","follow":"follow","max-snippet":"max-snippet:-1","max-image-preview":"max-image-preview:large","max-video-preview":"max-video-preview:-1"},"canonical":"https:\/\/cefi.es\/en\/tienda\/cursos-y-seminarios\/cursos\/cursos-de-derecho-farmaceutico\/xv-curso-de-derecho-farmaceutico\/","og_locale":"en_US","og_type":"article","og_title":"XV Curso de Derecho Farmac\u00e9utico - Centro de estudios para el fomento de la investigaci\u00f3n","og_description":"XV Curso de Derecho Farmac\u00e9utico.","og_url":"https:\/\/cefi.es\/en\/tienda\/cursos-y-seminarios\/cursos\/cursos-de-derecho-farmaceutico\/xv-curso-de-derecho-farmaceutico\/","og_site_name":"Centro de estudios para el fomento de la investigaci\u00f3n","article_modified_time":"2020-02-11T12:17:38+00:00","og_image":[{"width":1440,"height":890,"url":"https:\/\/cefi.es\/wp-contenido\/uploads\/2019\/12\/XV-CURSO-DERECHO-FARMACEUTICO-2017.jpg","type":"image\/jpeg"}],"twitter_card":"summary_large_image","twitter_misc":{"Est. reading time":"6 minutes"},"schema":{"@context":"https:\/\/schema.org","@graph":[{"@type":"WebPage","@id":"https:\/\/cefi.es\/en\/tienda\/cursos-y-seminarios\/cursos\/cursos-de-derecho-farmaceutico\/xv-curso-de-derecho-farmaceutico\/","url":"https:\/\/cefi.es\/en\/tienda\/cursos-y-seminarios\/cursos\/cursos-de-derecho-farmaceutico\/xv-curso-de-derecho-farmaceutico\/","name":"XV Curso de Derecho Farmac\u00e9utico - Centro de estudios para el fomento de la investigaci\u00f3n","isPartOf":{"@id":"https:\/\/cefi.es\/en\/#website"},"primaryImageOfPage":{"@id":"https:\/\/cefi.es\/en\/tienda\/cursos-y-seminarios\/cursos\/cursos-de-derecho-farmaceutico\/xv-curso-de-derecho-farmaceutico\/#primaryimage"},"image":{"@id":"https:\/\/cefi.es\/en\/tienda\/cursos-y-seminarios\/cursos\/cursos-de-derecho-farmaceutico\/xv-curso-de-derecho-farmaceutico\/#primaryimage"},"thumbnailUrl":"https:\/\/cefi.es\/wp-contenido\/uploads\/2019\/12\/XV-CURSO-DERECHO-FARMACEUTICO-2017.jpg","datePublished":"2017-01-30T12:09:47+00:00","dateModified":"2020-02-11T12:17:38+00:00","breadcrumb":{"@id":"https:\/\/cefi.es\/en\/tienda\/cursos-y-seminarios\/cursos\/cursos-de-derecho-farmaceutico\/xv-curso-de-derecho-farmaceutico\/#breadcrumb"},"inLanguage":"en-US","potentialAction":[{"@type":"ReadAction","target":["https:\/\/cefi.es\/en\/tienda\/cursos-y-seminarios\/cursos\/cursos-de-derecho-farmaceutico\/xv-curso-de-derecho-farmaceutico\/"]}]},{"@type":"ImageObject","inLanguage":"en-US","@id":"https:\/\/cefi.es\/en\/tienda\/cursos-y-seminarios\/cursos\/cursos-de-derecho-farmaceutico\/xv-curso-de-derecho-farmaceutico\/#primaryimage","url":"https:\/\/cefi.es\/wp-contenido\/uploads\/2019\/12\/XV-CURSO-DERECHO-FARMACEUTICO-2017.jpg","contentUrl":"https:\/\/cefi.es\/wp-contenido\/uploads\/2019\/12\/XV-CURSO-DERECHO-FARMACEUTICO-2017.jpg","width":1440,"height":890},{"@type":"BreadcrumbList","@id":"https:\/\/cefi.es\/en\/tienda\/cursos-y-seminarios\/cursos\/cursos-de-derecho-farmaceutico\/xv-curso-de-derecho-farmaceutico\/#breadcrumb","itemListElement":[{"@type":"ListItem","position":1,"name":"Home","item":"https:\/\/cefi.es\/en\/"},{"@type":"ListItem","position":2,"name":"Products","item":"https:\/\/cefi.es\/en\/shop\/"},{"@type":"ListItem","position":3,"name":"XV Curso de Derecho Farmac\u00e9utico"}]},{"@type":"WebSite","@id":"https:\/\/cefi.es\/en\/#website","url":"https:\/\/cefi.es\/en\/","name":"Centro de estudios para el fomento de la investigaci\u00f3n","description":"","publisher":{"@id":"https:\/\/cefi.es\/en\/#organization"},"potentialAction":[{"@type":"SearchAction","target":{"@type":"EntryPoint","urlTemplate":"https:\/\/cefi.es\/en\/?s={search_term_string}"},"query-input":{"@type":"PropertyValueSpecification","valueRequired":true,"valueName":"search_term_string"}}],"inLanguage":"en-US"},{"@type":"Organization","@id":"https:\/\/cefi.es\/en\/#organization","name":"Fundacion CeFi. Propiedad industrial e intelectual","url":"https:\/\/cefi.es\/en\/","logo":{"@type":"ImageObject","inLanguage":"en-US","@id":"https:\/\/cefi.es\/en\/#\/schema\/logo\/image\/","url":"https:\/\/cefi.es\/wp-contenido\/uploads\/2019\/12\/cropped-favicon-3.png","contentUrl":"https:\/\/cefi.es\/wp-contenido\/uploads\/2019\/12\/cropped-favicon-3.png","width":512,"height":512,"caption":"Fundacion CeFi. Propiedad industrial e intelectual"},"image":{"@id":"https:\/\/cefi.es\/en\/#\/schema\/logo\/image\/"}}]}},"_links":{"self":[{"href":"https:\/\/cefi.es\/en\/wp-json\/wp\/v2\/product\/5849","targetHints":{"allow":["GET"]}}],"collection":[{"href":"https:\/\/cefi.es\/en\/wp-json\/wp\/v2\/product"}],"about":[{"href":"https:\/\/cefi.es\/en\/wp-json\/wp\/v2\/types\/product"}],"version-history":[{"count":6,"href":"https:\/\/cefi.es\/en\/wp-json\/wp\/v2\/product\/5849\/revisions"}],"predecessor-version":[{"id":6767,"href":"https:\/\/cefi.es\/en\/wp-json\/wp\/v2\/product\/5849\/revisions\/6767"}],"wp:featuredmedia":[{"embeddable":true,"href":"https:\/\/cefi.es\/en\/wp-json\/wp\/v2\/media\/5843"}],"wp:attachment":[{"href":"https:\/\/cefi.es\/en\/wp-json\/wp\/v2\/media?parent=5849"}],"wp:term":[{"taxonomy":"product_brand","embeddable":true,"href":"https:\/\/cefi.es\/en\/wp-json\/wp\/v2\/product_brand?post=5849"},{"taxonomy":"product_cat","embeddable":true,"href":"https:\/\/cefi.es\/en\/wp-json\/wp\/v2\/product_cat?post=5849"},{"taxonomy":"product_tag","embeddable":true,"href":"https:\/\/cefi.es\/en\/wp-json\/wp\/v2\/product_tag?post=5849"}],"curies":[{"name":"wp","href":"https:\/\/api.w.org\/{rel}","templated":true}]}}