{"id":5650,"date":"2006-04-29T18:10:53","date_gmt":"2006-04-29T18:10:53","guid":{"rendered":"http:\/\/www.cefi.es\/?post_type=product&#038;p=5650"},"modified":"2021-02-02T10:11:28","modified_gmt":"2021-02-02T09:11:28","slug":"revista-comunicaciones-no-42-ano-2006","status":"publish","type":"product","link":"https:\/\/cefi.es\/en\/tienda\/publicaciones\/revista-comunicaciones\/revista-comunicaciones-no-42-ano-2006\/","title":{"rendered":"Revista Comunicaciones N\u00ba 42 <span>(A\u00f1o 2006)"},"content":{"rendered":"<p>Carta del Director.<br \/>\n<em>Juan Manuel Fern\u00e1ndez L\u00f3pez<\/em><\/p>\n<p>Pr\u00f3logo.<br \/>\n<em>Rafael Gimeno-Bay\u00f3n Cobos<\/em><\/p>\n<p>La vuelta a una cuesti\u00f3n clave para el sector farmac\u00e9utico que se cerr\u00f3 en falso en el a\u00f1o 1995.<br \/>\n<em>Fundaci\u00f3n CEFI<\/em><\/p>\n<p>Aspectos jur\u00eddico-internacionales de la incidencia del Acuerdo sobre los aspectos de los derechos de la propiedad intelectual relacionados con el comercio (ADPIC) sobre el r\u00e9gimen jur\u00eddico de las patentes farmac\u00e9uticas en Espa\u00f1a.<br \/>\n<em>Diego Li\u00f1\u00e1n Nogueras<\/em><\/p>\n<p>Concurrencia de obligaciones incompatibles entre los tratados sucesivos (Convenio sobre la Patente Europea y el Acuerdo ADPIC) incluidos por Espa\u00f1a en materia de patentes y efectos sobre el derecho interno.<br \/>\n<em>Araceli Mangas Mart\u00edn<\/em><\/p>\n<p>La aplicaci\u00f3n del Acuerdo ADPIC en derecho espa\u00f1ol y su incidencia sobre las patentes de productos qu\u00edmicos y farmac\u00e9uticos.<br \/>\n<em>Antonio Remiro Brotons<\/em><\/p>\n<p>El r\u00e9gimen jur\u00eddico de las invenciones farmac\u00e9uticas en Espa\u00f1a: una perspectiva desde el derecho internacional p\u00fablico.<br \/>\n<em>Andreu Olesti Rayo<\/em><\/p>\n<p>El Acuerdo ADPIC y su eficacia en el r\u00e9gimen transitorio de las patentes de producto qu\u00edmicas y farmac\u00e9uticas.<br \/>\n<em>Jos\u00e9 Manuel Otero Lastres<\/em><\/p>\n<p>La protecci\u00f3n de las invenciones de productos qu\u00edmicos y farmac\u00e9uticos mediante patentes solicitadas y concedidas con anterioridad a la fecha de aplicaci\u00f3n del Acuerdo sobre los TRIPS.<br \/>\n<em>Jos\u00e9 Massaguer Fuentes<\/em><\/p>\n<p>La aplicaci\u00f3n en Espa\u00f1a del Acuerdo sobre los aspectos de los derechos de propiedad intelectual relacionados con el comercio y sobre las consecuencias de dicha aplicaci\u00f3n.<br \/>\n<em>Manuel Lobato Garc\u00eda-Mij\u00e1n<\/em><\/p>\n<p>El Acuerdo ADPIC y las patentes europeas farmac\u00e9uticas en Espa\u00f1a. Consideraciones pr\u00e1cticas sobre c\u00f3mo conseguir su plena eficacia.<br \/>\n<em>Jos\u00e9 Antonio Hern\u00e1ndez Rodr\u00edguez<\/em><\/p>\n<p>Inaplicaci\u00f3n del 138.1 CPE a las patentes europeas relativas a las invenciones qu\u00edmico-farmac\u00e9uticas para las que se presenten traducciones revisadas a fin de acceder a la protecci\u00f3n que resulta del Acuerdo sobre los TRIPS.<br \/>\n<em>Jos\u00e9 Massaguer Fuentes<\/em><\/p>\n","protected":false},"excerpt":{"rendered":"<p>Carta del Director. Juan Manuel Fern\u00e1ndez L\u00f3pez Pr\u00f3logo. Rafael Gimeno-Bay\u00f3n Cobos La vuelta a una cuesti\u00f3n clave para el sector farmac\u00e9utico que se cerr\u00f3 en falso en el a\u00f1o 1995. Fundaci\u00f3n CEFI Aspectos jur\u00eddico-internacionales de la incidencia del Acuerdo sobre los aspectos de los derechos de la propiedad intelectual relacionados con el comercio (ADPIC) sobre [&hellip;]<\/p>\n","protected":false},"featured_media":5270,"template":"","meta":{"_acf_changed":false},"product_brand":[],"product_cat":[24,50],"product_tag":[],"class_list":{"0":"post-5650","1":"product","2":"type-product","3":"status-publish","4":"has-post-thumbnail","6":"product_cat-revista-comunicaciones","7":"product_cat-publicaciones","9":"first","10":"instock","11":"taxable","12":"shipping-taxable","13":"purchasable","14":"product-type-variable","15":"has-default-attributes"},"acf":[],"yoast_head":"<!-- This site is optimized with the Yoast SEO plugin v27.3 - https:\/\/yoast.com\/product\/yoast-seo-wordpress\/ -->\n<title>Revista Comunicaciones N\u00ba 42 (A\u00f1o 2006) - Centro de estudios para el fomento de la investigaci\u00f3n<\/title>\n<meta name=\"robots\" content=\"index, follow, max-snippet:-1, max-image-preview:large, max-video-preview:-1\" \/>\n<link rel=\"canonical\" href=\"https:\/\/cefi.es\/en\/tienda\/publicaciones\/revista-comunicaciones\/revista-comunicaciones-no-42-ano-2006\/\" \/>\n<meta property=\"og:locale\" content=\"en_US\" \/>\n<meta property=\"og:type\" content=\"article\" \/>\n<meta property=\"og:title\" content=\"Revista Comunicaciones N\u00ba 42 (A\u00f1o 2006) - Centro de estudios para el fomento de la investigaci\u00f3n\" \/>\n<meta property=\"og:description\" content=\"Carta del Director. Juan Manuel Fern\u00e1ndez L\u00f3pez Pr\u00f3logo. Rafael Gimeno-Bay\u00f3n Cobos La vuelta a una cuesti\u00f3n clave para el sector farmac\u00e9utico que se cerr\u00f3 en falso en el a\u00f1o 1995. Fundaci\u00f3n CEFI Aspectos jur\u00eddico-internacionales de la incidencia del Acuerdo sobre los aspectos de los derechos de la propiedad intelectual relacionados con el comercio (ADPIC) sobre [&hellip;]\" \/>\n<meta property=\"og:url\" content=\"https:\/\/cefi.es\/en\/tienda\/publicaciones\/revista-comunicaciones\/revista-comunicaciones-no-42-ano-2006\/\" \/>\n<meta property=\"og:site_name\" content=\"Centro de estudios para el fomento de la investigaci\u00f3n\" \/>\n<meta property=\"article:modified_time\" content=\"2021-02-02T09:11:28+00:00\" \/>\n<meta property=\"og:image\" content=\"https:\/\/cefi.es\/wp-contenido\/uploads\/2020\/01\/Portada_Comunicaciones_42.jpg\" \/>\n\t<meta property=\"og:image:width\" content=\"374\" \/>\n\t<meta property=\"og:image:height\" content=\"543\" \/>\n\t<meta property=\"og:image:type\" content=\"image\/jpeg\" \/>\n<meta name=\"twitter:card\" content=\"summary_large_image\" \/>\n<meta name=\"twitter:label1\" content=\"Est. reading time\" \/>\n\t<meta name=\"twitter:data1\" content=\"2 minutes\" \/>\n<script type=\"application\/ld+json\" class=\"yoast-schema-graph\">{\"@context\":\"https:\\\/\\\/schema.org\",\"@graph\":[{\"@type\":\"WebPage\",\"@id\":\"https:\\\/\\\/cefi.es\\\/en\\\/tienda\\\/publicaciones\\\/revista-comunicaciones\\\/revista-comunicaciones-no-42-ano-2006\\\/\",\"url\":\"https:\\\/\\\/cefi.es\\\/en\\\/tienda\\\/publicaciones\\\/revista-comunicaciones\\\/revista-comunicaciones-no-42-ano-2006\\\/\",\"name\":\"Revista Comunicaciones N\u00ba 42 (A\u00f1o 2006) - Centro de estudios para el fomento de la investigaci\u00f3n\",\"isPartOf\":{\"@id\":\"https:\\\/\\\/cefi.es\\\/en\\\/#website\"},\"primaryImageOfPage\":{\"@id\":\"https:\\\/\\\/cefi.es\\\/en\\\/tienda\\\/publicaciones\\\/revista-comunicaciones\\\/revista-comunicaciones-no-42-ano-2006\\\/#primaryimage\"},\"image\":{\"@id\":\"https:\\\/\\\/cefi.es\\\/en\\\/tienda\\\/publicaciones\\\/revista-comunicaciones\\\/revista-comunicaciones-no-42-ano-2006\\\/#primaryimage\"},\"thumbnailUrl\":\"https:\\\/\\\/cefi.es\\\/wp-contenido\\\/uploads\\\/2020\\\/01\\\/Portada_Comunicaciones_42.jpg\",\"datePublished\":\"2006-04-29T18:10:53+00:00\",\"dateModified\":\"2021-02-02T09:11:28+00:00\",\"breadcrumb\":{\"@id\":\"https:\\\/\\\/cefi.es\\\/en\\\/tienda\\\/publicaciones\\\/revista-comunicaciones\\\/revista-comunicaciones-no-42-ano-2006\\\/#breadcrumb\"},\"inLanguage\":\"en-US\",\"potentialAction\":[{\"@type\":\"ReadAction\",\"target\":[\"https:\\\/\\\/cefi.es\\\/en\\\/tienda\\\/publicaciones\\\/revista-comunicaciones\\\/revista-comunicaciones-no-42-ano-2006\\\/\"]}]},{\"@type\":\"ImageObject\",\"inLanguage\":\"en-US\",\"@id\":\"https:\\\/\\\/cefi.es\\\/en\\\/tienda\\\/publicaciones\\\/revista-comunicaciones\\\/revista-comunicaciones-no-42-ano-2006\\\/#primaryimage\",\"url\":\"https:\\\/\\\/cefi.es\\\/wp-contenido\\\/uploads\\\/2020\\\/01\\\/Portada_Comunicaciones_42.jpg\",\"contentUrl\":\"https:\\\/\\\/cefi.es\\\/wp-contenido\\\/uploads\\\/2020\\\/01\\\/Portada_Comunicaciones_42.jpg\",\"width\":374,\"height\":543},{\"@type\":\"BreadcrumbList\",\"@id\":\"https:\\\/\\\/cefi.es\\\/en\\\/tienda\\\/publicaciones\\\/revista-comunicaciones\\\/revista-comunicaciones-no-42-ano-2006\\\/#breadcrumb\",\"itemListElement\":[{\"@type\":\"ListItem\",\"position\":1,\"name\":\"Home\",\"item\":\"https:\\\/\\\/cefi.es\\\/en\\\/\"},{\"@type\":\"ListItem\",\"position\":2,\"name\":\"Products\",\"item\":\"https:\\\/\\\/cefi.es\\\/en\\\/shop\\\/\"},{\"@type\":\"ListItem\",\"position\":3,\"name\":\"Revista Comunicaciones N\u00ba 42 (A\u00f1o 2006)\"}]},{\"@type\":\"WebSite\",\"@id\":\"https:\\\/\\\/cefi.es\\\/en\\\/#website\",\"url\":\"https:\\\/\\\/cefi.es\\\/en\\\/\",\"name\":\"Centro de estudios para el fomento de la investigaci\u00f3n\",\"description\":\"\",\"publisher\":{\"@id\":\"https:\\\/\\\/cefi.es\\\/en\\\/#organization\"},\"potentialAction\":[{\"@type\":\"SearchAction\",\"target\":{\"@type\":\"EntryPoint\",\"urlTemplate\":\"https:\\\/\\\/cefi.es\\\/en\\\/?s={search_term_string}\"},\"query-input\":{\"@type\":\"PropertyValueSpecification\",\"valueRequired\":true,\"valueName\":\"search_term_string\"}}],\"inLanguage\":\"en-US\"},{\"@type\":\"Organization\",\"@id\":\"https:\\\/\\\/cefi.es\\\/en\\\/#organization\",\"name\":\"Fundacion CeFi. Propiedad industrial e intelectual\",\"url\":\"https:\\\/\\\/cefi.es\\\/en\\\/\",\"logo\":{\"@type\":\"ImageObject\",\"inLanguage\":\"en-US\",\"@id\":\"https:\\\/\\\/cefi.es\\\/en\\\/#\\\/schema\\\/logo\\\/image\\\/\",\"url\":\"https:\\\/\\\/cefi.es\\\/wp-contenido\\\/uploads\\\/2019\\\/12\\\/cropped-favicon-3.png\",\"contentUrl\":\"https:\\\/\\\/cefi.es\\\/wp-contenido\\\/uploads\\\/2019\\\/12\\\/cropped-favicon-3.png\",\"width\":512,\"height\":512,\"caption\":\"Fundacion CeFi. Propiedad industrial e intelectual\"},\"image\":{\"@id\":\"https:\\\/\\\/cefi.es\\\/en\\\/#\\\/schema\\\/logo\\\/image\\\/\"}}]}<\/script>\n<!-- \/ Yoast SEO plugin. -->","yoast_head_json":{"title":"Revista Comunicaciones N\u00ba 42 (A\u00f1o 2006) - Centro de estudios para el fomento de la investigaci\u00f3n","robots":{"index":"index","follow":"follow","max-snippet":"max-snippet:-1","max-image-preview":"max-image-preview:large","max-video-preview":"max-video-preview:-1"},"canonical":"https:\/\/cefi.es\/en\/tienda\/publicaciones\/revista-comunicaciones\/revista-comunicaciones-no-42-ano-2006\/","og_locale":"en_US","og_type":"article","og_title":"Revista Comunicaciones N\u00ba 42 (A\u00f1o 2006) - Centro de estudios para el fomento de la investigaci\u00f3n","og_description":"Carta del Director. Juan Manuel Fern\u00e1ndez L\u00f3pez Pr\u00f3logo. Rafael Gimeno-Bay\u00f3n Cobos La vuelta a una cuesti\u00f3n clave para el sector farmac\u00e9utico que se cerr\u00f3 en falso en el a\u00f1o 1995. Fundaci\u00f3n CEFI Aspectos jur\u00eddico-internacionales de la incidencia del Acuerdo sobre los aspectos de los derechos de la propiedad intelectual relacionados con el comercio (ADPIC) sobre [&hellip;]","og_url":"https:\/\/cefi.es\/en\/tienda\/publicaciones\/revista-comunicaciones\/revista-comunicaciones-no-42-ano-2006\/","og_site_name":"Centro de estudios para el fomento de la investigaci\u00f3n","article_modified_time":"2021-02-02T09:11:28+00:00","og_image":[{"width":374,"height":543,"url":"https:\/\/cefi.es\/wp-contenido\/uploads\/2020\/01\/Portada_Comunicaciones_42.jpg","type":"image\/jpeg"}],"twitter_card":"summary_large_image","twitter_misc":{"Est. reading time":"2 minutes"},"schema":{"@context":"https:\/\/schema.org","@graph":[{"@type":"WebPage","@id":"https:\/\/cefi.es\/en\/tienda\/publicaciones\/revista-comunicaciones\/revista-comunicaciones-no-42-ano-2006\/","url":"https:\/\/cefi.es\/en\/tienda\/publicaciones\/revista-comunicaciones\/revista-comunicaciones-no-42-ano-2006\/","name":"Revista Comunicaciones N\u00ba 42 (A\u00f1o 2006) - Centro de estudios para el fomento de la investigaci\u00f3n","isPartOf":{"@id":"https:\/\/cefi.es\/en\/#website"},"primaryImageOfPage":{"@id":"https:\/\/cefi.es\/en\/tienda\/publicaciones\/revista-comunicaciones\/revista-comunicaciones-no-42-ano-2006\/#primaryimage"},"image":{"@id":"https:\/\/cefi.es\/en\/tienda\/publicaciones\/revista-comunicaciones\/revista-comunicaciones-no-42-ano-2006\/#primaryimage"},"thumbnailUrl":"https:\/\/cefi.es\/wp-contenido\/uploads\/2020\/01\/Portada_Comunicaciones_42.jpg","datePublished":"2006-04-29T18:10:53+00:00","dateModified":"2021-02-02T09:11:28+00:00","breadcrumb":{"@id":"https:\/\/cefi.es\/en\/tienda\/publicaciones\/revista-comunicaciones\/revista-comunicaciones-no-42-ano-2006\/#breadcrumb"},"inLanguage":"en-US","potentialAction":[{"@type":"ReadAction","target":["https:\/\/cefi.es\/en\/tienda\/publicaciones\/revista-comunicaciones\/revista-comunicaciones-no-42-ano-2006\/"]}]},{"@type":"ImageObject","inLanguage":"en-US","@id":"https:\/\/cefi.es\/en\/tienda\/publicaciones\/revista-comunicaciones\/revista-comunicaciones-no-42-ano-2006\/#primaryimage","url":"https:\/\/cefi.es\/wp-contenido\/uploads\/2020\/01\/Portada_Comunicaciones_42.jpg","contentUrl":"https:\/\/cefi.es\/wp-contenido\/uploads\/2020\/01\/Portada_Comunicaciones_42.jpg","width":374,"height":543},{"@type":"BreadcrumbList","@id":"https:\/\/cefi.es\/en\/tienda\/publicaciones\/revista-comunicaciones\/revista-comunicaciones-no-42-ano-2006\/#breadcrumb","itemListElement":[{"@type":"ListItem","position":1,"name":"Home","item":"https:\/\/cefi.es\/en\/"},{"@type":"ListItem","position":2,"name":"Products","item":"https:\/\/cefi.es\/en\/shop\/"},{"@type":"ListItem","position":3,"name":"Revista Comunicaciones N\u00ba 42 (A\u00f1o 2006)"}]},{"@type":"WebSite","@id":"https:\/\/cefi.es\/en\/#website","url":"https:\/\/cefi.es\/en\/","name":"Centro de estudios para el fomento de la investigaci\u00f3n","description":"","publisher":{"@id":"https:\/\/cefi.es\/en\/#organization"},"potentialAction":[{"@type":"SearchAction","target":{"@type":"EntryPoint","urlTemplate":"https:\/\/cefi.es\/en\/?s={search_term_string}"},"query-input":{"@type":"PropertyValueSpecification","valueRequired":true,"valueName":"search_term_string"}}],"inLanguage":"en-US"},{"@type":"Organization","@id":"https:\/\/cefi.es\/en\/#organization","name":"Fundacion CeFi. Propiedad industrial e intelectual","url":"https:\/\/cefi.es\/en\/","logo":{"@type":"ImageObject","inLanguage":"en-US","@id":"https:\/\/cefi.es\/en\/#\/schema\/logo\/image\/","url":"https:\/\/cefi.es\/wp-contenido\/uploads\/2019\/12\/cropped-favicon-3.png","contentUrl":"https:\/\/cefi.es\/wp-contenido\/uploads\/2019\/12\/cropped-favicon-3.png","width":512,"height":512,"caption":"Fundacion CeFi. Propiedad industrial e intelectual"},"image":{"@id":"https:\/\/cefi.es\/en\/#\/schema\/logo\/image\/"}}]}},"_links":{"self":[{"href":"https:\/\/cefi.es\/en\/wp-json\/wp\/v2\/product\/5650","targetHints":{"allow":["GET"]}}],"collection":[{"href":"https:\/\/cefi.es\/en\/wp-json\/wp\/v2\/product"}],"about":[{"href":"https:\/\/cefi.es\/en\/wp-json\/wp\/v2\/types\/product"}],"version-history":[{"count":3,"href":"https:\/\/cefi.es\/en\/wp-json\/wp\/v2\/product\/5650\/revisions"}],"predecessor-version":[{"id":8725,"href":"https:\/\/cefi.es\/en\/wp-json\/wp\/v2\/product\/5650\/revisions\/8725"}],"wp:featuredmedia":[{"embeddable":true,"href":"https:\/\/cefi.es\/en\/wp-json\/wp\/v2\/media\/5270"}],"wp:attachment":[{"href":"https:\/\/cefi.es\/en\/wp-json\/wp\/v2\/media?parent=5650"}],"wp:term":[{"taxonomy":"product_brand","embeddable":true,"href":"https:\/\/cefi.es\/en\/wp-json\/wp\/v2\/product_brand?post=5650"},{"taxonomy":"product_cat","embeddable":true,"href":"https:\/\/cefi.es\/en\/wp-json\/wp\/v2\/product_cat?post=5650"},{"taxonomy":"product_tag","embeddable":true,"href":"https:\/\/cefi.es\/en\/wp-json\/wp\/v2\/product_tag?post=5650"}],"curies":[{"name":"wp","href":"https:\/\/api.w.org\/{rel}","templated":true}]}}