{"id":5617,"date":"2008-04-29T17:43:26","date_gmt":"2008-04-29T17:43:26","guid":{"rendered":"http:\/\/www.cefi.es\/?post_type=product&#038;p=5617"},"modified":"2021-02-02T10:11:28","modified_gmt":"2021-02-02T09:11:28","slug":"revista-comunicaciones-no-50-abril-junio-2008","status":"publish","type":"product","link":"https:\/\/cefi.es\/en\/tienda\/publicaciones\/revista-comunicaciones\/revista-comunicaciones-no-50-abril-junio-2008\/","title":{"rendered":"Revista Comunicaciones N\u00ba 50 <span>(Abril-Junio 2008)"},"content":{"rendered":"<p>Primera aproximaci\u00f3n al Reglamento de desarrollo de la Ley Org\u00e1nica 15\/1999.<br \/>\n<em>Agust\u00edn Puente Escobar<\/em><\/p>\n<p>La vocaci\u00f3n hacia una jurisdicci\u00f3n europea en materia de patentes.<br \/>\n<em>Manuel Lobato Garc\u00eda-Mij\u00e1n<\/em><\/p>\n<p>Aplicaci\u00f3n discutible de la prohibici\u00f3n absoluta de registro, como marca, de denominaciones sugestivas.<br \/>\n<em>Jos\u00e9 Antonio Hern\u00e1ndez Rodr\u00edguez<\/em><\/p>\n<p>El acto de conciliaci\u00f3n en materia de invenciones laborales: naturaleza jur\u00eddica. Tr\u00e1mites procedimientales ante la Comisi\u00f3n de conciliaci\u00f3n. Posibles resultados y ejercicio posterior de acciones judiciales.<br \/>\n<em>\u00c1ngel Escribano Salvador<\/em><\/p>\n<p>Is really &#8220;made in Spain&#8221;? Estudio del empleo de la indicaci\u00f3n de procedencia &#8220;made in spain&#8221; en el sector textil espa\u00f1ol.<br \/>\n<em>Jes\u00fas S\u00e1nchez Silva<\/em><\/p>\n<p>Inexistencia de prohibici\u00f3n relativa al registro. Coexistencia de marcas &#8220;Cambridge English School&#8221;. Legitimaci\u00f3n para interponer y\/o intervenir en un recurso contencioso-administrativo. Sentencia del Tribunal Supremo, Sala de lo Contencioso, de 27 de diciembre de 2007.<br \/>\n<em>Jos\u00e9 Antonio Hern\u00e1ndez Rodr\u00edguez<\/em><\/p>\n<p>Obra arquitect\u00f3nica como creaci\u00f3n art\u00edstica. Utilidad p\u00fablica versus derechos de autor.<br \/>\n<em>Paloma Arribas del Hoyo e Ignacio Temi\u00f1o Ceniceros<\/em><\/p>\n<p>Comentario a la Sentencia C-275\/06 del TJCE, de 29 de enero de 2008, Productores de m\u00fasica de Espa\u00f1a (PROMUSICAE) y Telef\u00f3nica de Espa\u00f1a, S.A.U.<br \/>\n<em>Fidel Procura de la Rosa<\/em><\/p>\n<p>El Jurado de la Publicidad de Autocontrol se pronuncia sobre la licitud de la t\u00e9cnica de los enlaces patrocinados.<br \/>\n<em>Jes\u00fas Mu\u00f1oz Delgado<\/em><\/p>\n<p>La prohibici\u00f3n de publicidad de medicamentos no autorizados en el Estado al que se importan.<br \/>\n<em>Jes\u00fas Mu\u00f1oz Delgado<\/em><\/p>\n<p>La publicidad de medicamentos a trav\u00e9s de testimonios de terceros o de sorteos.<br \/>\n<em>Jes\u00fas Mu\u00f1oz Delgado<\/em><\/p>\n<p>La definici\u00f3n de mercados en el sector de internet: breve repaso a la evoluci\u00f3n de la pr\u00e1ctica de la Comisi\u00f3n Europea.<br \/>\n<em>Antonio Guerra Fern\u00e1ndez y Javier Prados Mateos<\/em><\/p>\n<p>Un nuevo conflicto entre dos derechos constitucionales: el derecho al honor y el derecho de la libertad de informaci\u00f3n y expresi\u00f3n.<br \/>\n<em>Jos\u00e9 Antonio Hern\u00e1ndez Rodr\u00edguez<\/em><\/p>\n","protected":false},"excerpt":{"rendered":"<p>Primera aproximaci\u00f3n al Reglamento de desarrollo de la Ley Org\u00e1nica 15\/1999. Agust\u00edn Puente Escobar La vocaci\u00f3n hacia una jurisdicci\u00f3n europea en materia de patentes. Manuel Lobato Garc\u00eda-Mij\u00e1n Aplicaci\u00f3n discutible de la prohibici\u00f3n absoluta de registro, como marca, de denominaciones sugestivas. Jos\u00e9 Antonio Hern\u00e1ndez Rodr\u00edguez El acto de conciliaci\u00f3n en materia de invenciones laborales: naturaleza jur\u00eddica. [&hellip;]<\/p>\n","protected":false},"featured_media":5286,"template":"","meta":{"_acf_changed":false},"product_brand":[],"product_cat":[24,50],"product_tag":[],"class_list":{"0":"post-5617","1":"product","2":"type-product","3":"status-publish","4":"has-post-thumbnail","6":"product_cat-revista-comunicaciones","7":"product_cat-publicaciones","9":"first","10":"instock","11":"taxable","12":"shipping-taxable","13":"purchasable","14":"product-type-variable","15":"has-default-attributes"},"acf":[],"yoast_head":"<!-- This site is optimized with the Yoast SEO plugin v27.3 - https:\/\/yoast.com\/product\/yoast-seo-wordpress\/ -->\n<title>Revista Comunicaciones N\u00ba 50 (Abril-Junio 2008) - Centro de estudios para el fomento de la investigaci\u00f3n<\/title>\n<meta name=\"robots\" content=\"index, follow, max-snippet:-1, max-image-preview:large, max-video-preview:-1\" \/>\n<link rel=\"canonical\" href=\"https:\/\/cefi.es\/en\/tienda\/publicaciones\/revista-comunicaciones\/revista-comunicaciones-no-50-abril-junio-2008\/\" \/>\n<meta property=\"og:locale\" content=\"en_US\" \/>\n<meta property=\"og:type\" content=\"article\" \/>\n<meta property=\"og:title\" content=\"Revista Comunicaciones N\u00ba 50 (Abril-Junio 2008) - Centro de estudios para el fomento de la investigaci\u00f3n\" \/>\n<meta property=\"og:description\" content=\"Primera aproximaci\u00f3n al Reglamento de desarrollo de la Ley Org\u00e1nica 15\/1999. Agust\u00edn Puente Escobar La vocaci\u00f3n hacia una jurisdicci\u00f3n europea en materia de patentes. Manuel Lobato Garc\u00eda-Mij\u00e1n Aplicaci\u00f3n discutible de la prohibici\u00f3n absoluta de registro, como marca, de denominaciones sugestivas. Jos\u00e9 Antonio Hern\u00e1ndez Rodr\u00edguez El acto de conciliaci\u00f3n en materia de invenciones laborales: naturaleza jur\u00eddica. [&hellip;]\" \/>\n<meta property=\"og:url\" content=\"https:\/\/cefi.es\/en\/tienda\/publicaciones\/revista-comunicaciones\/revista-comunicaciones-no-50-abril-junio-2008\/\" \/>\n<meta property=\"og:site_name\" content=\"Centro de estudios para el fomento de la investigaci\u00f3n\" \/>\n<meta property=\"article:modified_time\" content=\"2021-02-02T09:11:28+00:00\" \/>\n<meta property=\"og:image\" content=\"https:\/\/cefi.es\/wp-contenido\/uploads\/2020\/01\/Portada_Comunicaciones_50.jpg\" \/>\n\t<meta property=\"og:image:width\" content=\"373\" \/>\n\t<meta property=\"og:image:height\" content=\"545\" \/>\n\t<meta property=\"og:image:type\" content=\"image\/jpeg\" \/>\n<meta name=\"twitter:card\" content=\"summary_large_image\" \/>\n<meta name=\"twitter:label1\" content=\"Est. reading time\" \/>\n\t<meta name=\"twitter:data1\" content=\"2 minutes\" \/>\n<script type=\"application\/ld+json\" class=\"yoast-schema-graph\">{\"@context\":\"https:\\\/\\\/schema.org\",\"@graph\":[{\"@type\":\"WebPage\",\"@id\":\"https:\\\/\\\/cefi.es\\\/en\\\/tienda\\\/publicaciones\\\/revista-comunicaciones\\\/revista-comunicaciones-no-50-abril-junio-2008\\\/\",\"url\":\"https:\\\/\\\/cefi.es\\\/en\\\/tienda\\\/publicaciones\\\/revista-comunicaciones\\\/revista-comunicaciones-no-50-abril-junio-2008\\\/\",\"name\":\"Revista Comunicaciones N\u00ba 50 (Abril-Junio 2008) - Centro de estudios para el fomento de la investigaci\u00f3n\",\"isPartOf\":{\"@id\":\"https:\\\/\\\/cefi.es\\\/en\\\/#website\"},\"primaryImageOfPage\":{\"@id\":\"https:\\\/\\\/cefi.es\\\/en\\\/tienda\\\/publicaciones\\\/revista-comunicaciones\\\/revista-comunicaciones-no-50-abril-junio-2008\\\/#primaryimage\"},\"image\":{\"@id\":\"https:\\\/\\\/cefi.es\\\/en\\\/tienda\\\/publicaciones\\\/revista-comunicaciones\\\/revista-comunicaciones-no-50-abril-junio-2008\\\/#primaryimage\"},\"thumbnailUrl\":\"https:\\\/\\\/cefi.es\\\/wp-contenido\\\/uploads\\\/2020\\\/01\\\/Portada_Comunicaciones_50.jpg\",\"datePublished\":\"2008-04-29T17:43:26+00:00\",\"dateModified\":\"2021-02-02T09:11:28+00:00\",\"breadcrumb\":{\"@id\":\"https:\\\/\\\/cefi.es\\\/en\\\/tienda\\\/publicaciones\\\/revista-comunicaciones\\\/revista-comunicaciones-no-50-abril-junio-2008\\\/#breadcrumb\"},\"inLanguage\":\"en-US\",\"potentialAction\":[{\"@type\":\"ReadAction\",\"target\":[\"https:\\\/\\\/cefi.es\\\/en\\\/tienda\\\/publicaciones\\\/revista-comunicaciones\\\/revista-comunicaciones-no-50-abril-junio-2008\\\/\"]}]},{\"@type\":\"ImageObject\",\"inLanguage\":\"en-US\",\"@id\":\"https:\\\/\\\/cefi.es\\\/en\\\/tienda\\\/publicaciones\\\/revista-comunicaciones\\\/revista-comunicaciones-no-50-abril-junio-2008\\\/#primaryimage\",\"url\":\"https:\\\/\\\/cefi.es\\\/wp-contenido\\\/uploads\\\/2020\\\/01\\\/Portada_Comunicaciones_50.jpg\",\"contentUrl\":\"https:\\\/\\\/cefi.es\\\/wp-contenido\\\/uploads\\\/2020\\\/01\\\/Portada_Comunicaciones_50.jpg\",\"width\":373,\"height\":545},{\"@type\":\"BreadcrumbList\",\"@id\":\"https:\\\/\\\/cefi.es\\\/en\\\/tienda\\\/publicaciones\\\/revista-comunicaciones\\\/revista-comunicaciones-no-50-abril-junio-2008\\\/#breadcrumb\",\"itemListElement\":[{\"@type\":\"ListItem\",\"position\":1,\"name\":\"Home\",\"item\":\"https:\\\/\\\/cefi.es\\\/en\\\/\"},{\"@type\":\"ListItem\",\"position\":2,\"name\":\"Products\",\"item\":\"https:\\\/\\\/cefi.es\\\/en\\\/shop\\\/\"},{\"@type\":\"ListItem\",\"position\":3,\"name\":\"Revista Comunicaciones N\u00ba 50 (Abril-Junio 2008)\"}]},{\"@type\":\"WebSite\",\"@id\":\"https:\\\/\\\/cefi.es\\\/en\\\/#website\",\"url\":\"https:\\\/\\\/cefi.es\\\/en\\\/\",\"name\":\"Centro de estudios para el fomento de la investigaci\u00f3n\",\"description\":\"\",\"publisher\":{\"@id\":\"https:\\\/\\\/cefi.es\\\/en\\\/#organization\"},\"potentialAction\":[{\"@type\":\"SearchAction\",\"target\":{\"@type\":\"EntryPoint\",\"urlTemplate\":\"https:\\\/\\\/cefi.es\\\/en\\\/?s={search_term_string}\"},\"query-input\":{\"@type\":\"PropertyValueSpecification\",\"valueRequired\":true,\"valueName\":\"search_term_string\"}}],\"inLanguage\":\"en-US\"},{\"@type\":\"Organization\",\"@id\":\"https:\\\/\\\/cefi.es\\\/en\\\/#organization\",\"name\":\"Fundacion CeFi. Propiedad industrial e intelectual\",\"url\":\"https:\\\/\\\/cefi.es\\\/en\\\/\",\"logo\":{\"@type\":\"ImageObject\",\"inLanguage\":\"en-US\",\"@id\":\"https:\\\/\\\/cefi.es\\\/en\\\/#\\\/schema\\\/logo\\\/image\\\/\",\"url\":\"https:\\\/\\\/cefi.es\\\/wp-contenido\\\/uploads\\\/2019\\\/12\\\/cropped-favicon-3.png\",\"contentUrl\":\"https:\\\/\\\/cefi.es\\\/wp-contenido\\\/uploads\\\/2019\\\/12\\\/cropped-favicon-3.png\",\"width\":512,\"height\":512,\"caption\":\"Fundacion CeFi. Propiedad industrial e intelectual\"},\"image\":{\"@id\":\"https:\\\/\\\/cefi.es\\\/en\\\/#\\\/schema\\\/logo\\\/image\\\/\"}}]}<\/script>\n<!-- \/ Yoast SEO plugin. -->","yoast_head_json":{"title":"Revista Comunicaciones N\u00ba 50 (Abril-Junio 2008) - Centro de estudios para el fomento de la investigaci\u00f3n","robots":{"index":"index","follow":"follow","max-snippet":"max-snippet:-1","max-image-preview":"max-image-preview:large","max-video-preview":"max-video-preview:-1"},"canonical":"https:\/\/cefi.es\/en\/tienda\/publicaciones\/revista-comunicaciones\/revista-comunicaciones-no-50-abril-junio-2008\/","og_locale":"en_US","og_type":"article","og_title":"Revista Comunicaciones N\u00ba 50 (Abril-Junio 2008) - Centro de estudios para el fomento de la investigaci\u00f3n","og_description":"Primera aproximaci\u00f3n al Reglamento de desarrollo de la Ley Org\u00e1nica 15\/1999. Agust\u00edn Puente Escobar La vocaci\u00f3n hacia una jurisdicci\u00f3n europea en materia de patentes. Manuel Lobato Garc\u00eda-Mij\u00e1n Aplicaci\u00f3n discutible de la prohibici\u00f3n absoluta de registro, como marca, de denominaciones sugestivas. Jos\u00e9 Antonio Hern\u00e1ndez Rodr\u00edguez El acto de conciliaci\u00f3n en materia de invenciones laborales: naturaleza jur\u00eddica. [&hellip;]","og_url":"https:\/\/cefi.es\/en\/tienda\/publicaciones\/revista-comunicaciones\/revista-comunicaciones-no-50-abril-junio-2008\/","og_site_name":"Centro de estudios para el fomento de la investigaci\u00f3n","article_modified_time":"2021-02-02T09:11:28+00:00","og_image":[{"width":373,"height":545,"url":"https:\/\/cefi.es\/wp-contenido\/uploads\/2020\/01\/Portada_Comunicaciones_50.jpg","type":"image\/jpeg"}],"twitter_card":"summary_large_image","twitter_misc":{"Est. reading time":"2 minutes"},"schema":{"@context":"https:\/\/schema.org","@graph":[{"@type":"WebPage","@id":"https:\/\/cefi.es\/en\/tienda\/publicaciones\/revista-comunicaciones\/revista-comunicaciones-no-50-abril-junio-2008\/","url":"https:\/\/cefi.es\/en\/tienda\/publicaciones\/revista-comunicaciones\/revista-comunicaciones-no-50-abril-junio-2008\/","name":"Revista Comunicaciones N\u00ba 50 (Abril-Junio 2008) - Centro de estudios para el fomento de la investigaci\u00f3n","isPartOf":{"@id":"https:\/\/cefi.es\/en\/#website"},"primaryImageOfPage":{"@id":"https:\/\/cefi.es\/en\/tienda\/publicaciones\/revista-comunicaciones\/revista-comunicaciones-no-50-abril-junio-2008\/#primaryimage"},"image":{"@id":"https:\/\/cefi.es\/en\/tienda\/publicaciones\/revista-comunicaciones\/revista-comunicaciones-no-50-abril-junio-2008\/#primaryimage"},"thumbnailUrl":"https:\/\/cefi.es\/wp-contenido\/uploads\/2020\/01\/Portada_Comunicaciones_50.jpg","datePublished":"2008-04-29T17:43:26+00:00","dateModified":"2021-02-02T09:11:28+00:00","breadcrumb":{"@id":"https:\/\/cefi.es\/en\/tienda\/publicaciones\/revista-comunicaciones\/revista-comunicaciones-no-50-abril-junio-2008\/#breadcrumb"},"inLanguage":"en-US","potentialAction":[{"@type":"ReadAction","target":["https:\/\/cefi.es\/en\/tienda\/publicaciones\/revista-comunicaciones\/revista-comunicaciones-no-50-abril-junio-2008\/"]}]},{"@type":"ImageObject","inLanguage":"en-US","@id":"https:\/\/cefi.es\/en\/tienda\/publicaciones\/revista-comunicaciones\/revista-comunicaciones-no-50-abril-junio-2008\/#primaryimage","url":"https:\/\/cefi.es\/wp-contenido\/uploads\/2020\/01\/Portada_Comunicaciones_50.jpg","contentUrl":"https:\/\/cefi.es\/wp-contenido\/uploads\/2020\/01\/Portada_Comunicaciones_50.jpg","width":373,"height":545},{"@type":"BreadcrumbList","@id":"https:\/\/cefi.es\/en\/tienda\/publicaciones\/revista-comunicaciones\/revista-comunicaciones-no-50-abril-junio-2008\/#breadcrumb","itemListElement":[{"@type":"ListItem","position":1,"name":"Home","item":"https:\/\/cefi.es\/en\/"},{"@type":"ListItem","position":2,"name":"Products","item":"https:\/\/cefi.es\/en\/shop\/"},{"@type":"ListItem","position":3,"name":"Revista Comunicaciones N\u00ba 50 (Abril-Junio 2008)"}]},{"@type":"WebSite","@id":"https:\/\/cefi.es\/en\/#website","url":"https:\/\/cefi.es\/en\/","name":"Centro de estudios para el fomento de la investigaci\u00f3n","description":"","publisher":{"@id":"https:\/\/cefi.es\/en\/#organization"},"potentialAction":[{"@type":"SearchAction","target":{"@type":"EntryPoint","urlTemplate":"https:\/\/cefi.es\/en\/?s={search_term_string}"},"query-input":{"@type":"PropertyValueSpecification","valueRequired":true,"valueName":"search_term_string"}}],"inLanguage":"en-US"},{"@type":"Organization","@id":"https:\/\/cefi.es\/en\/#organization","name":"Fundacion CeFi. Propiedad industrial e intelectual","url":"https:\/\/cefi.es\/en\/","logo":{"@type":"ImageObject","inLanguage":"en-US","@id":"https:\/\/cefi.es\/en\/#\/schema\/logo\/image\/","url":"https:\/\/cefi.es\/wp-contenido\/uploads\/2019\/12\/cropped-favicon-3.png","contentUrl":"https:\/\/cefi.es\/wp-contenido\/uploads\/2019\/12\/cropped-favicon-3.png","width":512,"height":512,"caption":"Fundacion CeFi. Propiedad industrial e intelectual"},"image":{"@id":"https:\/\/cefi.es\/en\/#\/schema\/logo\/image\/"}}]}},"_links":{"self":[{"href":"https:\/\/cefi.es\/en\/wp-json\/wp\/v2\/product\/5617","targetHints":{"allow":["GET"]}}],"collection":[{"href":"https:\/\/cefi.es\/en\/wp-json\/wp\/v2\/product"}],"about":[{"href":"https:\/\/cefi.es\/en\/wp-json\/wp\/v2\/types\/product"}],"version-history":[{"count":3,"href":"https:\/\/cefi.es\/en\/wp-json\/wp\/v2\/product\/5617\/revisions"}],"predecessor-version":[{"id":8687,"href":"https:\/\/cefi.es\/en\/wp-json\/wp\/v2\/product\/5617\/revisions\/8687"}],"wp:featuredmedia":[{"embeddable":true,"href":"https:\/\/cefi.es\/en\/wp-json\/wp\/v2\/media\/5286"}],"wp:attachment":[{"href":"https:\/\/cefi.es\/en\/wp-json\/wp\/v2\/media?parent=5617"}],"wp:term":[{"taxonomy":"product_brand","embeddable":true,"href":"https:\/\/cefi.es\/en\/wp-json\/wp\/v2\/product_brand?post=5617"},{"taxonomy":"product_cat","embeddable":true,"href":"https:\/\/cefi.es\/en\/wp-json\/wp\/v2\/product_cat?post=5617"},{"taxonomy":"product_tag","embeddable":true,"href":"https:\/\/cefi.es\/en\/wp-json\/wp\/v2\/product_tag?post=5617"}],"curies":[{"name":"wp","href":"https:\/\/api.w.org\/{rel}","templated":true}]}}