{"id":5613,"date":"2008-07-29T17:41:56","date_gmt":"2008-07-29T17:41:56","guid":{"rendered":"http:\/\/www.cefi.es\/?post_type=product&#038;p=5613"},"modified":"2021-02-02T10:11:28","modified_gmt":"2021-02-02T09:11:28","slug":"revista-comunicaciones-no-51-julio-septiembre-2008","status":"publish","type":"product","link":"https:\/\/cefi.es\/en\/tienda\/publicaciones\/revista-comunicaciones\/revista-comunicaciones-no-51-julio-septiembre-2008\/","title":{"rendered":"Revista Comunicaciones N\u00ba 51 <span>(Julio-Septiembre 2008)"},"content":{"rendered":"<p>La publicidad en el Reglamento de desarrollo de la LOPD.<br \/>\n<em>Jes\u00fas Rub\u00ed Navarrete<\/em><\/p>\n<p>La protecci\u00f3n penal de los derechos de propiedad industrial.<br \/>\n<em>Ricardo Rodr\u00edguez Fern\u00e1ndez<\/em><\/p>\n<p>La limitaci\u00f3n de reivindicaciones de patentes europeas en el marco de procedimientos judiciales de nulidad instados ante los Tribunales espa\u00f1oles. (Comentario al nuevo art\u00edculo 138 CPE).<br \/>\n<em>Marta Baylina Mel\u00e9<\/em><\/p>\n<p>Diluci\u00f3n de la marca: La Court of Appeal plantea al TJCE una cuesti\u00f3n prejudicial al respecto.<br \/>\n<em>\u00c1ngel Garc\u00eda Vidal<\/em><\/p>\n<p>El &#8220;nuevo&#8221; canon digital. Concepto y breve historia de un largo conflicto.<br \/>\n<em>Carlos Rivadulla Oliva<\/em><\/p>\n<p>Comentario a la Sentencia de la Audiencia Nacional, Secci\u00f3n 6\u00aa, de 8 de febrero de 2008. El peregrinaje de &#8220;Gedeprensa&#8221; por tierras desocupadas por las autoridades &#8220;antitrust&#8221;<br \/>\n<em>Pablo Ferr\u00e1ndiz Avenda\u00f1o<\/em><\/p>\n<p>La &#8220;torna de la torna&#8221;. Comentario a la sentencia del &#8220;Caso Boadella&#8221;.\u00bfEs legal la utilizaci\u00f3n de la expresi\u00f3n &#8220;N\u00famero 1&#8221; en publicidad?<br \/>\n<em>Blanca Cort\u00e9s Fern\u00e1ndez<\/em><\/p>\n<p>Principales novedades introducidas por el Real Decreto 261\/2008, de 22 de febrero, por el que se aprueba el Reglamento de Defensa de la Competencia.<br \/>\n<em>Mar\u00eda Ros\u00e9s<\/em><\/p>\n<p>Comentario de urgencia a la sentencia del Tribunal de Justicia en el asunto GSK Grecia.<br \/>\n<em>Helmut Brokelmann, Mariarosaria Ganino<\/em><\/p>\n<p>Bancos y dep\u00f3sitos de sangre del cord\u00f3n umbilical a la luz de la legislaci\u00f3n espa\u00f1ola.<br \/>\n<em>Susana Guerrero Trevijano y Teresa Paz-Ares Rodr\u00edguez<\/em><\/p>\n","protected":false},"excerpt":{"rendered":"<p>La publicidad en el Reglamento de desarrollo de la LOPD. Jes\u00fas Rub\u00ed Navarrete La protecci\u00f3n penal de los derechos de propiedad industrial. Ricardo Rodr\u00edguez Fern\u00e1ndez La limitaci\u00f3n de reivindicaciones de patentes europeas en el marco de procedimientos judiciales de nulidad instados ante los Tribunales espa\u00f1oles. (Comentario al nuevo art\u00edculo 138 CPE). Marta Baylina Mel\u00e9 Diluci\u00f3n [&hellip;]<\/p>\n","protected":false},"featured_media":5288,"template":"","meta":{"_acf_changed":false},"product_brand":[],"product_cat":[24,50],"product_tag":[],"class_list":{"0":"post-5613","1":"product","2":"type-product","3":"status-publish","4":"has-post-thumbnail","6":"product_cat-revista-comunicaciones","7":"product_cat-publicaciones","9":"first","10":"instock","11":"taxable","12":"shipping-taxable","13":"purchasable","14":"product-type-variable","15":"has-default-attributes"},"acf":[],"yoast_head":"<!-- This site is optimized with the Yoast SEO plugin v27.3 - https:\/\/yoast.com\/product\/yoast-seo-wordpress\/ -->\n<title>Revista Comunicaciones N\u00ba 51 (Julio-Septiembre 2008) - Centro de estudios para el fomento de la investigaci\u00f3n<\/title>\n<meta name=\"robots\" content=\"index, follow, max-snippet:-1, max-image-preview:large, max-video-preview:-1\" \/>\n<link rel=\"canonical\" href=\"https:\/\/cefi.es\/en\/tienda\/publicaciones\/revista-comunicaciones\/revista-comunicaciones-no-51-julio-septiembre-2008\/\" \/>\n<meta property=\"og:locale\" content=\"en_US\" \/>\n<meta property=\"og:type\" content=\"article\" \/>\n<meta property=\"og:title\" content=\"Revista Comunicaciones N\u00ba 51 (Julio-Septiembre 2008) - Centro de estudios para el fomento de la investigaci\u00f3n\" \/>\n<meta property=\"og:description\" content=\"La publicidad en el Reglamento de desarrollo de la LOPD. Jes\u00fas Rub\u00ed Navarrete La protecci\u00f3n penal de los derechos de propiedad industrial. Ricardo Rodr\u00edguez Fern\u00e1ndez La limitaci\u00f3n de reivindicaciones de patentes europeas en el marco de procedimientos judiciales de nulidad instados ante los Tribunales espa\u00f1oles. (Comentario al nuevo art\u00edculo 138 CPE). Marta Baylina Mel\u00e9 Diluci\u00f3n [&hellip;]\" \/>\n<meta property=\"og:url\" content=\"https:\/\/cefi.es\/en\/tienda\/publicaciones\/revista-comunicaciones\/revista-comunicaciones-no-51-julio-septiembre-2008\/\" \/>\n<meta property=\"og:site_name\" content=\"Centro de estudios para el fomento de la investigaci\u00f3n\" \/>\n<meta property=\"article:modified_time\" content=\"2021-02-02T09:11:28+00:00\" \/>\n<meta property=\"og:image\" content=\"https:\/\/cefi.es\/wp-contenido\/uploads\/2020\/01\/Portada_Comunicaciones_51.jpg\" \/>\n\t<meta property=\"og:image:width\" content=\"373\" \/>\n\t<meta property=\"og:image:height\" content=\"547\" \/>\n\t<meta property=\"og:image:type\" content=\"image\/jpeg\" \/>\n<meta name=\"twitter:card\" content=\"summary_large_image\" \/>\n<meta name=\"twitter:label1\" content=\"Est. reading time\" \/>\n\t<meta name=\"twitter:data1\" content=\"1 minute\" \/>\n<script type=\"application\/ld+json\" class=\"yoast-schema-graph\">{\"@context\":\"https:\\\/\\\/schema.org\",\"@graph\":[{\"@type\":\"WebPage\",\"@id\":\"https:\\\/\\\/cefi.es\\\/en\\\/tienda\\\/publicaciones\\\/revista-comunicaciones\\\/revista-comunicaciones-no-51-julio-septiembre-2008\\\/\",\"url\":\"https:\\\/\\\/cefi.es\\\/en\\\/tienda\\\/publicaciones\\\/revista-comunicaciones\\\/revista-comunicaciones-no-51-julio-septiembre-2008\\\/\",\"name\":\"Revista Comunicaciones N\u00ba 51 (Julio-Septiembre 2008) - Centro de estudios para el fomento de la investigaci\u00f3n\",\"isPartOf\":{\"@id\":\"https:\\\/\\\/cefi.es\\\/en\\\/#website\"},\"primaryImageOfPage\":{\"@id\":\"https:\\\/\\\/cefi.es\\\/en\\\/tienda\\\/publicaciones\\\/revista-comunicaciones\\\/revista-comunicaciones-no-51-julio-septiembre-2008\\\/#primaryimage\"},\"image\":{\"@id\":\"https:\\\/\\\/cefi.es\\\/en\\\/tienda\\\/publicaciones\\\/revista-comunicaciones\\\/revista-comunicaciones-no-51-julio-septiembre-2008\\\/#primaryimage\"},\"thumbnailUrl\":\"https:\\\/\\\/cefi.es\\\/wp-contenido\\\/uploads\\\/2020\\\/01\\\/Portada_Comunicaciones_51.jpg\",\"datePublished\":\"2008-07-29T17:41:56+00:00\",\"dateModified\":\"2021-02-02T09:11:28+00:00\",\"breadcrumb\":{\"@id\":\"https:\\\/\\\/cefi.es\\\/en\\\/tienda\\\/publicaciones\\\/revista-comunicaciones\\\/revista-comunicaciones-no-51-julio-septiembre-2008\\\/#breadcrumb\"},\"inLanguage\":\"en-US\",\"potentialAction\":[{\"@type\":\"ReadAction\",\"target\":[\"https:\\\/\\\/cefi.es\\\/en\\\/tienda\\\/publicaciones\\\/revista-comunicaciones\\\/revista-comunicaciones-no-51-julio-septiembre-2008\\\/\"]}]},{\"@type\":\"ImageObject\",\"inLanguage\":\"en-US\",\"@id\":\"https:\\\/\\\/cefi.es\\\/en\\\/tienda\\\/publicaciones\\\/revista-comunicaciones\\\/revista-comunicaciones-no-51-julio-septiembre-2008\\\/#primaryimage\",\"url\":\"https:\\\/\\\/cefi.es\\\/wp-contenido\\\/uploads\\\/2020\\\/01\\\/Portada_Comunicaciones_51.jpg\",\"contentUrl\":\"https:\\\/\\\/cefi.es\\\/wp-contenido\\\/uploads\\\/2020\\\/01\\\/Portada_Comunicaciones_51.jpg\",\"width\":373,\"height\":547},{\"@type\":\"BreadcrumbList\",\"@id\":\"https:\\\/\\\/cefi.es\\\/en\\\/tienda\\\/publicaciones\\\/revista-comunicaciones\\\/revista-comunicaciones-no-51-julio-septiembre-2008\\\/#breadcrumb\",\"itemListElement\":[{\"@type\":\"ListItem\",\"position\":1,\"name\":\"Home\",\"item\":\"https:\\\/\\\/cefi.es\\\/en\\\/\"},{\"@type\":\"ListItem\",\"position\":2,\"name\":\"Products\",\"item\":\"https:\\\/\\\/cefi.es\\\/en\\\/shop\\\/\"},{\"@type\":\"ListItem\",\"position\":3,\"name\":\"Revista Comunicaciones N\u00ba 51 (Julio-Septiembre 2008)\"}]},{\"@type\":\"WebSite\",\"@id\":\"https:\\\/\\\/cefi.es\\\/en\\\/#website\",\"url\":\"https:\\\/\\\/cefi.es\\\/en\\\/\",\"name\":\"Centro de estudios para el fomento de la investigaci\u00f3n\",\"description\":\"\",\"publisher\":{\"@id\":\"https:\\\/\\\/cefi.es\\\/en\\\/#organization\"},\"potentialAction\":[{\"@type\":\"SearchAction\",\"target\":{\"@type\":\"EntryPoint\",\"urlTemplate\":\"https:\\\/\\\/cefi.es\\\/en\\\/?s={search_term_string}\"},\"query-input\":{\"@type\":\"PropertyValueSpecification\",\"valueRequired\":true,\"valueName\":\"search_term_string\"}}],\"inLanguage\":\"en-US\"},{\"@type\":\"Organization\",\"@id\":\"https:\\\/\\\/cefi.es\\\/en\\\/#organization\",\"name\":\"Fundacion CeFi. Propiedad industrial e intelectual\",\"url\":\"https:\\\/\\\/cefi.es\\\/en\\\/\",\"logo\":{\"@type\":\"ImageObject\",\"inLanguage\":\"en-US\",\"@id\":\"https:\\\/\\\/cefi.es\\\/en\\\/#\\\/schema\\\/logo\\\/image\\\/\",\"url\":\"https:\\\/\\\/cefi.es\\\/wp-contenido\\\/uploads\\\/2019\\\/12\\\/cropped-favicon-3.png\",\"contentUrl\":\"https:\\\/\\\/cefi.es\\\/wp-contenido\\\/uploads\\\/2019\\\/12\\\/cropped-favicon-3.png\",\"width\":512,\"height\":512,\"caption\":\"Fundacion CeFi. Propiedad industrial e intelectual\"},\"image\":{\"@id\":\"https:\\\/\\\/cefi.es\\\/en\\\/#\\\/schema\\\/logo\\\/image\\\/\"}}]}<\/script>\n<!-- \/ Yoast SEO plugin. -->","yoast_head_json":{"title":"Revista Comunicaciones N\u00ba 51 (Julio-Septiembre 2008) - Centro de estudios para el fomento de la investigaci\u00f3n","robots":{"index":"index","follow":"follow","max-snippet":"max-snippet:-1","max-image-preview":"max-image-preview:large","max-video-preview":"max-video-preview:-1"},"canonical":"https:\/\/cefi.es\/en\/tienda\/publicaciones\/revista-comunicaciones\/revista-comunicaciones-no-51-julio-septiembre-2008\/","og_locale":"en_US","og_type":"article","og_title":"Revista Comunicaciones N\u00ba 51 (Julio-Septiembre 2008) - Centro de estudios para el fomento de la investigaci\u00f3n","og_description":"La publicidad en el Reglamento de desarrollo de la LOPD. Jes\u00fas Rub\u00ed Navarrete La protecci\u00f3n penal de los derechos de propiedad industrial. Ricardo Rodr\u00edguez Fern\u00e1ndez La limitaci\u00f3n de reivindicaciones de patentes europeas en el marco de procedimientos judiciales de nulidad instados ante los Tribunales espa\u00f1oles. (Comentario al nuevo art\u00edculo 138 CPE). Marta Baylina Mel\u00e9 Diluci\u00f3n [&hellip;]","og_url":"https:\/\/cefi.es\/en\/tienda\/publicaciones\/revista-comunicaciones\/revista-comunicaciones-no-51-julio-septiembre-2008\/","og_site_name":"Centro de estudios para el fomento de la investigaci\u00f3n","article_modified_time":"2021-02-02T09:11:28+00:00","og_image":[{"width":373,"height":547,"url":"https:\/\/cefi.es\/wp-contenido\/uploads\/2020\/01\/Portada_Comunicaciones_51.jpg","type":"image\/jpeg"}],"twitter_card":"summary_large_image","twitter_misc":{"Est. reading time":"1 minute"},"schema":{"@context":"https:\/\/schema.org","@graph":[{"@type":"WebPage","@id":"https:\/\/cefi.es\/en\/tienda\/publicaciones\/revista-comunicaciones\/revista-comunicaciones-no-51-julio-septiembre-2008\/","url":"https:\/\/cefi.es\/en\/tienda\/publicaciones\/revista-comunicaciones\/revista-comunicaciones-no-51-julio-septiembre-2008\/","name":"Revista Comunicaciones N\u00ba 51 (Julio-Septiembre 2008) - Centro de estudios para el fomento de la investigaci\u00f3n","isPartOf":{"@id":"https:\/\/cefi.es\/en\/#website"},"primaryImageOfPage":{"@id":"https:\/\/cefi.es\/en\/tienda\/publicaciones\/revista-comunicaciones\/revista-comunicaciones-no-51-julio-septiembre-2008\/#primaryimage"},"image":{"@id":"https:\/\/cefi.es\/en\/tienda\/publicaciones\/revista-comunicaciones\/revista-comunicaciones-no-51-julio-septiembre-2008\/#primaryimage"},"thumbnailUrl":"https:\/\/cefi.es\/wp-contenido\/uploads\/2020\/01\/Portada_Comunicaciones_51.jpg","datePublished":"2008-07-29T17:41:56+00:00","dateModified":"2021-02-02T09:11:28+00:00","breadcrumb":{"@id":"https:\/\/cefi.es\/en\/tienda\/publicaciones\/revista-comunicaciones\/revista-comunicaciones-no-51-julio-septiembre-2008\/#breadcrumb"},"inLanguage":"en-US","potentialAction":[{"@type":"ReadAction","target":["https:\/\/cefi.es\/en\/tienda\/publicaciones\/revista-comunicaciones\/revista-comunicaciones-no-51-julio-septiembre-2008\/"]}]},{"@type":"ImageObject","inLanguage":"en-US","@id":"https:\/\/cefi.es\/en\/tienda\/publicaciones\/revista-comunicaciones\/revista-comunicaciones-no-51-julio-septiembre-2008\/#primaryimage","url":"https:\/\/cefi.es\/wp-contenido\/uploads\/2020\/01\/Portada_Comunicaciones_51.jpg","contentUrl":"https:\/\/cefi.es\/wp-contenido\/uploads\/2020\/01\/Portada_Comunicaciones_51.jpg","width":373,"height":547},{"@type":"BreadcrumbList","@id":"https:\/\/cefi.es\/en\/tienda\/publicaciones\/revista-comunicaciones\/revista-comunicaciones-no-51-julio-septiembre-2008\/#breadcrumb","itemListElement":[{"@type":"ListItem","position":1,"name":"Home","item":"https:\/\/cefi.es\/en\/"},{"@type":"ListItem","position":2,"name":"Products","item":"https:\/\/cefi.es\/en\/shop\/"},{"@type":"ListItem","position":3,"name":"Revista Comunicaciones N\u00ba 51 (Julio-Septiembre 2008)"}]},{"@type":"WebSite","@id":"https:\/\/cefi.es\/en\/#website","url":"https:\/\/cefi.es\/en\/","name":"Centro de estudios para el fomento de la investigaci\u00f3n","description":"","publisher":{"@id":"https:\/\/cefi.es\/en\/#organization"},"potentialAction":[{"@type":"SearchAction","target":{"@type":"EntryPoint","urlTemplate":"https:\/\/cefi.es\/en\/?s={search_term_string}"},"query-input":{"@type":"PropertyValueSpecification","valueRequired":true,"valueName":"search_term_string"}}],"inLanguage":"en-US"},{"@type":"Organization","@id":"https:\/\/cefi.es\/en\/#organization","name":"Fundacion CeFi. Propiedad industrial e intelectual","url":"https:\/\/cefi.es\/en\/","logo":{"@type":"ImageObject","inLanguage":"en-US","@id":"https:\/\/cefi.es\/en\/#\/schema\/logo\/image\/","url":"https:\/\/cefi.es\/wp-contenido\/uploads\/2019\/12\/cropped-favicon-3.png","contentUrl":"https:\/\/cefi.es\/wp-contenido\/uploads\/2019\/12\/cropped-favicon-3.png","width":512,"height":512,"caption":"Fundacion CeFi. Propiedad industrial e intelectual"},"image":{"@id":"https:\/\/cefi.es\/en\/#\/schema\/logo\/image\/"}}]}},"_links":{"self":[{"href":"https:\/\/cefi.es\/en\/wp-json\/wp\/v2\/product\/5613","targetHints":{"allow":["GET"]}}],"collection":[{"href":"https:\/\/cefi.es\/en\/wp-json\/wp\/v2\/product"}],"about":[{"href":"https:\/\/cefi.es\/en\/wp-json\/wp\/v2\/types\/product"}],"version-history":[{"count":4,"href":"https:\/\/cefi.es\/en\/wp-json\/wp\/v2\/product\/5613\/revisions"}],"predecessor-version":[{"id":8685,"href":"https:\/\/cefi.es\/en\/wp-json\/wp\/v2\/product\/5613\/revisions\/8685"}],"wp:featuredmedia":[{"embeddable":true,"href":"https:\/\/cefi.es\/en\/wp-json\/wp\/v2\/media\/5288"}],"wp:attachment":[{"href":"https:\/\/cefi.es\/en\/wp-json\/wp\/v2\/media?parent=5613"}],"wp:term":[{"taxonomy":"product_brand","embeddable":true,"href":"https:\/\/cefi.es\/en\/wp-json\/wp\/v2\/product_brand?post=5613"},{"taxonomy":"product_cat","embeddable":true,"href":"https:\/\/cefi.es\/en\/wp-json\/wp\/v2\/product_cat?post=5613"},{"taxonomy":"product_tag","embeddable":true,"href":"https:\/\/cefi.es\/en\/wp-json\/wp\/v2\/product_tag?post=5613"}],"curies":[{"name":"wp","href":"https:\/\/api.w.org\/{rel}","templated":true}]}}