{"id":5609,"date":"2008-10-29T17:40:34","date_gmt":"2008-10-29T17:40:34","guid":{"rendered":"http:\/\/www.cefi.es\/?post_type=product&#038;p=5609"},"modified":"2021-02-02T10:11:28","modified_gmt":"2021-02-02T09:11:28","slug":"revista-comunicaciones-no-52-octubre-diciembre-2008","status":"publish","type":"product","link":"https:\/\/cefi.es\/en\/tienda\/publicaciones\/revista-comunicaciones\/revista-comunicaciones-no-52-octubre-diciembre-2008\/","title":{"rendered":"Revista Comunicaciones N\u00ba 52 <span>(Octubre-Diciembre 2008)"},"content":{"rendered":"<p>Modificaciones a las normas de propiedad industrial derivadas de la promulgaci\u00f3n del Real Decreto 1431\/2008, de 29 de agosto. La opini\u00f3n escrita del informe sobre el estado de la t\u00e9cnica y otras adecuaciones.<br \/>\n<em>Fidel Porcuna de la Rosa<\/em><\/p>\n<p>Cuestiones actuales en materia de indemnizaci\u00f3n de da\u00f1os y perjuicios por la infracci\u00f3n de un derecho de propiedad industrial.<br \/>\n<em>\u00c1ngel Garc\u00eda Vidal<\/em><\/p>\n<p>La prueba de la causaci\u00f3n de perjuicios derivados de la infracci\u00f3n de patente: un paso atr\u00e1s. (Comentario a la sentencia del Tribunal Supremo de 17 de julio de 2008).<br \/>\n<em>Luis Fern\u00e1ndez-Novoa Valladares<\/em><\/p>\n<p>Sentencia de la Audiencia Provincial de Barcelona, Secci\u00f3n 15\u00aa, de 17 de septiembre de 2008. El problema de las copias &#8220;cach\u00e9&#8221;. El caso de Pedregosa v. Google, S.L.<br \/>\n<em>Pablo Ferr\u00e1ndiz Avenda\u00f1o<\/em><\/p>\n<p>Comentario al Auto de la Audiencia Provincial de Barcelona de 15 de noviembre de 2008. La Audiencia plantea una cuesti\u00f3n prejudicial ante el Tribunal de Justicia de las Comunidades Europeas sobre el canon por copia privada.<br \/>\n<em>Carlos Rivadulla Oliva<\/em><\/p>\n<p>Comentarios a la sentencia del 19 de septiembre de 2008 dictada por el Juzgado Mercantil no. 2 de Barcelona. Caso Tele5 La Sexta. Infracci\u00f3n derechos de propiedad intelectual. Cese en la utilizaci\u00f3n de contenidos.<br \/>\n<em>Francisco Javier Carri\u00f3n Garc\u00eda de Parada<\/em><\/p>\n<p>La regla de m\u00ednimis. Significaci\u00f3n Jur\u00eddica.<br \/>\n<em>Concepci\u00f3n M\u00f3nica Montero Elena<\/em><\/p>\n<p>\u00c9tica y Ley de Investigaci\u00f3n Biom\u00e9dica: prevenci\u00f3n de riesgos.<br \/>\n<em>Carmen S\u00e1nchez Carazo<\/em><\/p>\n","protected":false},"excerpt":{"rendered":"<p>Modificaciones a las normas de propiedad industrial derivadas de la promulgaci\u00f3n del Real Decreto 1431\/2008, de 29 de agosto. La opini\u00f3n escrita del informe sobre el estado de la t\u00e9cnica y otras adecuaciones. Fidel Porcuna de la Rosa Cuestiones actuales en materia de indemnizaci\u00f3n de da\u00f1os y perjuicios por la infracci\u00f3n de un derecho de [&hellip;]<\/p>\n","protected":false},"featured_media":5290,"template":"","meta":{"_acf_changed":false},"product_brand":[],"product_cat":[24,50],"product_tag":[],"class_list":{"0":"post-5609","1":"product","2":"type-product","3":"status-publish","4":"has-post-thumbnail","6":"product_cat-revista-comunicaciones","7":"product_cat-publicaciones","9":"first","10":"instock","11":"taxable","12":"shipping-taxable","13":"purchasable","14":"product-type-variable","15":"has-default-attributes"},"acf":[],"yoast_head":"<!-- This site is optimized with the Yoast SEO plugin v27.3 - https:\/\/yoast.com\/product\/yoast-seo-wordpress\/ -->\n<title>Revista Comunicaciones N\u00ba 52 (Octubre-Diciembre 2008) - Centro de estudios para el fomento de la investigaci\u00f3n<\/title>\n<meta name=\"robots\" content=\"index, follow, max-snippet:-1, max-image-preview:large, max-video-preview:-1\" \/>\n<link rel=\"canonical\" href=\"https:\/\/cefi.es\/en\/tienda\/publicaciones\/revista-comunicaciones\/revista-comunicaciones-no-52-octubre-diciembre-2008\/\" \/>\n<meta property=\"og:locale\" content=\"en_US\" \/>\n<meta property=\"og:type\" content=\"article\" \/>\n<meta property=\"og:title\" content=\"Revista Comunicaciones N\u00ba 52 (Octubre-Diciembre 2008) - Centro de estudios para el fomento de la investigaci\u00f3n\" \/>\n<meta property=\"og:description\" content=\"Modificaciones a las normas de propiedad industrial derivadas de la promulgaci\u00f3n del Real Decreto 1431\/2008, de 29 de agosto. La opini\u00f3n escrita del informe sobre el estado de la t\u00e9cnica y otras adecuaciones. Fidel Porcuna de la Rosa Cuestiones actuales en materia de indemnizaci\u00f3n de da\u00f1os y perjuicios por la infracci\u00f3n de un derecho de [&hellip;]\" \/>\n<meta property=\"og:url\" content=\"https:\/\/cefi.es\/en\/tienda\/publicaciones\/revista-comunicaciones\/revista-comunicaciones-no-52-octubre-diciembre-2008\/\" \/>\n<meta property=\"og:site_name\" content=\"Centro de estudios para el fomento de la investigaci\u00f3n\" \/>\n<meta property=\"article:modified_time\" content=\"2021-02-02T09:11:28+00:00\" \/>\n<meta property=\"og:image\" content=\"https:\/\/cefi.es\/wp-contenido\/uploads\/2020\/01\/Portada_Comunicaciones_52.jpg\" \/>\n\t<meta property=\"og:image:width\" content=\"376\" \/>\n\t<meta property=\"og:image:height\" content=\"550\" \/>\n\t<meta property=\"og:image:type\" content=\"image\/jpeg\" \/>\n<meta name=\"twitter:card\" content=\"summary_large_image\" \/>\n<meta name=\"twitter:label1\" content=\"Est. reading time\" \/>\n\t<meta name=\"twitter:data1\" content=\"1 minute\" \/>\n<script type=\"application\/ld+json\" class=\"yoast-schema-graph\">{\"@context\":\"https:\\\/\\\/schema.org\",\"@graph\":[{\"@type\":\"WebPage\",\"@id\":\"https:\\\/\\\/cefi.es\\\/en\\\/tienda\\\/publicaciones\\\/revista-comunicaciones\\\/revista-comunicaciones-no-52-octubre-diciembre-2008\\\/\",\"url\":\"https:\\\/\\\/cefi.es\\\/en\\\/tienda\\\/publicaciones\\\/revista-comunicaciones\\\/revista-comunicaciones-no-52-octubre-diciembre-2008\\\/\",\"name\":\"Revista Comunicaciones N\u00ba 52 (Octubre-Diciembre 2008) - Centro de estudios para el fomento de la investigaci\u00f3n\",\"isPartOf\":{\"@id\":\"https:\\\/\\\/cefi.es\\\/en\\\/#website\"},\"primaryImageOfPage\":{\"@id\":\"https:\\\/\\\/cefi.es\\\/en\\\/tienda\\\/publicaciones\\\/revista-comunicaciones\\\/revista-comunicaciones-no-52-octubre-diciembre-2008\\\/#primaryimage\"},\"image\":{\"@id\":\"https:\\\/\\\/cefi.es\\\/en\\\/tienda\\\/publicaciones\\\/revista-comunicaciones\\\/revista-comunicaciones-no-52-octubre-diciembre-2008\\\/#primaryimage\"},\"thumbnailUrl\":\"https:\\\/\\\/cefi.es\\\/wp-contenido\\\/uploads\\\/2020\\\/01\\\/Portada_Comunicaciones_52.jpg\",\"datePublished\":\"2008-10-29T17:40:34+00:00\",\"dateModified\":\"2021-02-02T09:11:28+00:00\",\"breadcrumb\":{\"@id\":\"https:\\\/\\\/cefi.es\\\/en\\\/tienda\\\/publicaciones\\\/revista-comunicaciones\\\/revista-comunicaciones-no-52-octubre-diciembre-2008\\\/#breadcrumb\"},\"inLanguage\":\"en-US\",\"potentialAction\":[{\"@type\":\"ReadAction\",\"target\":[\"https:\\\/\\\/cefi.es\\\/en\\\/tienda\\\/publicaciones\\\/revista-comunicaciones\\\/revista-comunicaciones-no-52-octubre-diciembre-2008\\\/\"]}]},{\"@type\":\"ImageObject\",\"inLanguage\":\"en-US\",\"@id\":\"https:\\\/\\\/cefi.es\\\/en\\\/tienda\\\/publicaciones\\\/revista-comunicaciones\\\/revista-comunicaciones-no-52-octubre-diciembre-2008\\\/#primaryimage\",\"url\":\"https:\\\/\\\/cefi.es\\\/wp-contenido\\\/uploads\\\/2020\\\/01\\\/Portada_Comunicaciones_52.jpg\",\"contentUrl\":\"https:\\\/\\\/cefi.es\\\/wp-contenido\\\/uploads\\\/2020\\\/01\\\/Portada_Comunicaciones_52.jpg\",\"width\":376,\"height\":550},{\"@type\":\"BreadcrumbList\",\"@id\":\"https:\\\/\\\/cefi.es\\\/en\\\/tienda\\\/publicaciones\\\/revista-comunicaciones\\\/revista-comunicaciones-no-52-octubre-diciembre-2008\\\/#breadcrumb\",\"itemListElement\":[{\"@type\":\"ListItem\",\"position\":1,\"name\":\"Home\",\"item\":\"https:\\\/\\\/cefi.es\\\/en\\\/\"},{\"@type\":\"ListItem\",\"position\":2,\"name\":\"Products\",\"item\":\"https:\\\/\\\/cefi.es\\\/en\\\/shop\\\/\"},{\"@type\":\"ListItem\",\"position\":3,\"name\":\"Revista Comunicaciones N\u00ba 52 (Octubre-Diciembre 2008)\"}]},{\"@type\":\"WebSite\",\"@id\":\"https:\\\/\\\/cefi.es\\\/en\\\/#website\",\"url\":\"https:\\\/\\\/cefi.es\\\/en\\\/\",\"name\":\"Centro de estudios para el fomento de la investigaci\u00f3n\",\"description\":\"\",\"publisher\":{\"@id\":\"https:\\\/\\\/cefi.es\\\/en\\\/#organization\"},\"potentialAction\":[{\"@type\":\"SearchAction\",\"target\":{\"@type\":\"EntryPoint\",\"urlTemplate\":\"https:\\\/\\\/cefi.es\\\/en\\\/?s={search_term_string}\"},\"query-input\":{\"@type\":\"PropertyValueSpecification\",\"valueRequired\":true,\"valueName\":\"search_term_string\"}}],\"inLanguage\":\"en-US\"},{\"@type\":\"Organization\",\"@id\":\"https:\\\/\\\/cefi.es\\\/en\\\/#organization\",\"name\":\"Fundacion CeFi. Propiedad industrial e intelectual\",\"url\":\"https:\\\/\\\/cefi.es\\\/en\\\/\",\"logo\":{\"@type\":\"ImageObject\",\"inLanguage\":\"en-US\",\"@id\":\"https:\\\/\\\/cefi.es\\\/en\\\/#\\\/schema\\\/logo\\\/image\\\/\",\"url\":\"https:\\\/\\\/cefi.es\\\/wp-contenido\\\/uploads\\\/2019\\\/12\\\/cropped-favicon-3.png\",\"contentUrl\":\"https:\\\/\\\/cefi.es\\\/wp-contenido\\\/uploads\\\/2019\\\/12\\\/cropped-favicon-3.png\",\"width\":512,\"height\":512,\"caption\":\"Fundacion CeFi. Propiedad industrial e intelectual\"},\"image\":{\"@id\":\"https:\\\/\\\/cefi.es\\\/en\\\/#\\\/schema\\\/logo\\\/image\\\/\"}}]}<\/script>\n<!-- \/ Yoast SEO plugin. -->","yoast_head_json":{"title":"Revista Comunicaciones N\u00ba 52 (Octubre-Diciembre 2008) - Centro de estudios para el fomento de la investigaci\u00f3n","robots":{"index":"index","follow":"follow","max-snippet":"max-snippet:-1","max-image-preview":"max-image-preview:large","max-video-preview":"max-video-preview:-1"},"canonical":"https:\/\/cefi.es\/en\/tienda\/publicaciones\/revista-comunicaciones\/revista-comunicaciones-no-52-octubre-diciembre-2008\/","og_locale":"en_US","og_type":"article","og_title":"Revista Comunicaciones N\u00ba 52 (Octubre-Diciembre 2008) - Centro de estudios para el fomento de la investigaci\u00f3n","og_description":"Modificaciones a las normas de propiedad industrial derivadas de la promulgaci\u00f3n del Real Decreto 1431\/2008, de 29 de agosto. La opini\u00f3n escrita del informe sobre el estado de la t\u00e9cnica y otras adecuaciones. Fidel Porcuna de la Rosa Cuestiones actuales en materia de indemnizaci\u00f3n de da\u00f1os y perjuicios por la infracci\u00f3n de un derecho de [&hellip;]","og_url":"https:\/\/cefi.es\/en\/tienda\/publicaciones\/revista-comunicaciones\/revista-comunicaciones-no-52-octubre-diciembre-2008\/","og_site_name":"Centro de estudios para el fomento de la investigaci\u00f3n","article_modified_time":"2021-02-02T09:11:28+00:00","og_image":[{"width":376,"height":550,"url":"https:\/\/cefi.es\/wp-contenido\/uploads\/2020\/01\/Portada_Comunicaciones_52.jpg","type":"image\/jpeg"}],"twitter_card":"summary_large_image","twitter_misc":{"Est. reading time":"1 minute"},"schema":{"@context":"https:\/\/schema.org","@graph":[{"@type":"WebPage","@id":"https:\/\/cefi.es\/en\/tienda\/publicaciones\/revista-comunicaciones\/revista-comunicaciones-no-52-octubre-diciembre-2008\/","url":"https:\/\/cefi.es\/en\/tienda\/publicaciones\/revista-comunicaciones\/revista-comunicaciones-no-52-octubre-diciembre-2008\/","name":"Revista Comunicaciones N\u00ba 52 (Octubre-Diciembre 2008) - Centro de estudios para el fomento de la investigaci\u00f3n","isPartOf":{"@id":"https:\/\/cefi.es\/en\/#website"},"primaryImageOfPage":{"@id":"https:\/\/cefi.es\/en\/tienda\/publicaciones\/revista-comunicaciones\/revista-comunicaciones-no-52-octubre-diciembre-2008\/#primaryimage"},"image":{"@id":"https:\/\/cefi.es\/en\/tienda\/publicaciones\/revista-comunicaciones\/revista-comunicaciones-no-52-octubre-diciembre-2008\/#primaryimage"},"thumbnailUrl":"https:\/\/cefi.es\/wp-contenido\/uploads\/2020\/01\/Portada_Comunicaciones_52.jpg","datePublished":"2008-10-29T17:40:34+00:00","dateModified":"2021-02-02T09:11:28+00:00","breadcrumb":{"@id":"https:\/\/cefi.es\/en\/tienda\/publicaciones\/revista-comunicaciones\/revista-comunicaciones-no-52-octubre-diciembre-2008\/#breadcrumb"},"inLanguage":"en-US","potentialAction":[{"@type":"ReadAction","target":["https:\/\/cefi.es\/en\/tienda\/publicaciones\/revista-comunicaciones\/revista-comunicaciones-no-52-octubre-diciembre-2008\/"]}]},{"@type":"ImageObject","inLanguage":"en-US","@id":"https:\/\/cefi.es\/en\/tienda\/publicaciones\/revista-comunicaciones\/revista-comunicaciones-no-52-octubre-diciembre-2008\/#primaryimage","url":"https:\/\/cefi.es\/wp-contenido\/uploads\/2020\/01\/Portada_Comunicaciones_52.jpg","contentUrl":"https:\/\/cefi.es\/wp-contenido\/uploads\/2020\/01\/Portada_Comunicaciones_52.jpg","width":376,"height":550},{"@type":"BreadcrumbList","@id":"https:\/\/cefi.es\/en\/tienda\/publicaciones\/revista-comunicaciones\/revista-comunicaciones-no-52-octubre-diciembre-2008\/#breadcrumb","itemListElement":[{"@type":"ListItem","position":1,"name":"Home","item":"https:\/\/cefi.es\/en\/"},{"@type":"ListItem","position":2,"name":"Products","item":"https:\/\/cefi.es\/en\/shop\/"},{"@type":"ListItem","position":3,"name":"Revista Comunicaciones N\u00ba 52 (Octubre-Diciembre 2008)"}]},{"@type":"WebSite","@id":"https:\/\/cefi.es\/en\/#website","url":"https:\/\/cefi.es\/en\/","name":"Centro de estudios para el fomento de la investigaci\u00f3n","description":"","publisher":{"@id":"https:\/\/cefi.es\/en\/#organization"},"potentialAction":[{"@type":"SearchAction","target":{"@type":"EntryPoint","urlTemplate":"https:\/\/cefi.es\/en\/?s={search_term_string}"},"query-input":{"@type":"PropertyValueSpecification","valueRequired":true,"valueName":"search_term_string"}}],"inLanguage":"en-US"},{"@type":"Organization","@id":"https:\/\/cefi.es\/en\/#organization","name":"Fundacion CeFi. Propiedad industrial e intelectual","url":"https:\/\/cefi.es\/en\/","logo":{"@type":"ImageObject","inLanguage":"en-US","@id":"https:\/\/cefi.es\/en\/#\/schema\/logo\/image\/","url":"https:\/\/cefi.es\/wp-contenido\/uploads\/2019\/12\/cropped-favicon-3.png","contentUrl":"https:\/\/cefi.es\/wp-contenido\/uploads\/2019\/12\/cropped-favicon-3.png","width":512,"height":512,"caption":"Fundacion CeFi. Propiedad industrial e intelectual"},"image":{"@id":"https:\/\/cefi.es\/en\/#\/schema\/logo\/image\/"}}]}},"_links":{"self":[{"href":"https:\/\/cefi.es\/en\/wp-json\/wp\/v2\/product\/5609","targetHints":{"allow":["GET"]}}],"collection":[{"href":"https:\/\/cefi.es\/en\/wp-json\/wp\/v2\/product"}],"about":[{"href":"https:\/\/cefi.es\/en\/wp-json\/wp\/v2\/types\/product"}],"version-history":[{"count":3,"href":"https:\/\/cefi.es\/en\/wp-json\/wp\/v2\/product\/5609\/revisions"}],"predecessor-version":[{"id":8682,"href":"https:\/\/cefi.es\/en\/wp-json\/wp\/v2\/product\/5609\/revisions\/8682"}],"wp:featuredmedia":[{"embeddable":true,"href":"https:\/\/cefi.es\/en\/wp-json\/wp\/v2\/media\/5290"}],"wp:attachment":[{"href":"https:\/\/cefi.es\/en\/wp-json\/wp\/v2\/media?parent=5609"}],"wp:term":[{"taxonomy":"product_brand","embeddable":true,"href":"https:\/\/cefi.es\/en\/wp-json\/wp\/v2\/product_brand?post=5609"},{"taxonomy":"product_cat","embeddable":true,"href":"https:\/\/cefi.es\/en\/wp-json\/wp\/v2\/product_cat?post=5609"},{"taxonomy":"product_tag","embeddable":true,"href":"https:\/\/cefi.es\/en\/wp-json\/wp\/v2\/product_tag?post=5609"}],"curies":[{"name":"wp","href":"https:\/\/api.w.org\/{rel}","templated":true}]}}