{"id":5601,"date":"2009-04-29T17:37:54","date_gmt":"2009-04-29T17:37:54","guid":{"rendered":"http:\/\/www.cefi.es\/?post_type=product&#038;p=5601"},"modified":"2021-02-02T10:11:31","modified_gmt":"2021-02-02T09:11:31","slug":"revista-comunicaciones-no-54-abril-junio-2009","status":"publish","type":"product","link":"https:\/\/cefi.es\/en\/tienda\/publicaciones\/revista-comunicaciones\/revista-comunicaciones-no-54-abril-junio-2009\/","title":{"rendered":"Revista Comunicaciones N\u00ba 54 <span>(Abril-Junio 2009)"},"content":{"rendered":"<p>Comentarios a la reforma de la Ley 22\/2003, Ley Concursal y sus modificaciones pendientes.<br \/>\n<em>Amadeu Blasco Mu\u00f1oz<\/em><\/p>\n<p>La dif\u00edcil convivencia de las marcas y las denominaciones de origen. A prop\u00f3sito de la Sentencia del Juzgado de lo Contencioso-Administrativo n\u00ba 1 de Burgos de 2 de marzo de 2009 (OPERA PRIMA).<br \/>\n<em>Manuel Lobato Garc\u00eda-Mij\u00e1n<\/em><\/p>\n<p>A vueltas con las &#8220;Keywords&#8221;. Un breve resumen del panorama actual.<br \/>\n<em>Jorge Oria Sousa-Montes<\/em><\/p>\n<p>El caso &#8220;Calvin Klein&#8221;. El agotamiento del derecho y la distribuci\u00f3n selectiva (Art. 36 Ley de Marcas espa\u00f1ola &#8211; Art. 7 de la Directiva). Comentarios a una Sentencia de 17 de Marzo de 2009 del Juzgado de Primera Instancia n\u00fam. 72 de Madrid.<br \/>\n<em>Jos\u00e9 Antonio Hern\u00e1ndez Rodr\u00edguez<\/em><\/p>\n<p>Notas sobre la Ley 3\/2008, de 23 de diciembre, relativa al derecho de participaci\u00f3n en beneficio del autor de la obra de arte original.<br \/>\n<em>Fidel Porcuna de la Rosa<\/em><\/p>\n<p>Obra arquitect\u00f3nica como creaci\u00f3n art\u00edstica. Utilidad p\u00fablica versus derechos de autor (2\u00aa parte). Comentario a la Sentencia de la Audiencia Provincial de Vizcaya de 10 de Marzo de 2009.<br \/>\n<em>Paloma Arribas del Hoyo e Ignacio Temi\u00f1o Ceniceros<\/em><\/p>\n<p>La utilizaci\u00f3n de &#8220;metatags&#8221; en el comercio electr\u00f3nico.<br \/>\n<em>Francisco P\u00e9rez Bes<\/em><\/p>\n<p>La creaci\u00f3n de la autoridad catalana de la competencia: una reforma institucional necesaria.<br \/>\n<em>Cristina Pellis\u00e9 de Urquiza<\/em><\/p>\n<p>Cu\u00e1ndo una empresa responde por las conductas de su filial contrarias a la competencia: comentario a la Sentencia del TPI en el asunto General Qu\u00edmica.<br \/>\n<em>Antonio Mart\u00ednez S\u00e1nchez y Jaime Rodr\u00edguez Ord\u00f3\u00f1ez<\/em><\/p>\n<p>Reflexiones acerca de la exclusi\u00f3n de la patentabilidad de las invenciones biotecnol\u00f3gicas cuya explotaci\u00f3n comercial es contraria al orden p\u00fablico o a la moralidad &#8211; prohibici\u00f3n de utilizaci\u00f3n de embriones humanos con fines industriales o comerciales &#8211; Decisi\u00f3n de la Alta C\u00e1mara de Recursos de la Oficina Europea de Patentes de 25 de noviembre de 2008 en el asunto WARF (caso G 0002\/06).<br \/>\n<em>Jos\u00e9 Miguel Liss\u00e9n Arbeloa<\/em><\/p>\n","protected":false},"excerpt":{"rendered":"<p>Comentarios a la reforma de la Ley 22\/2003, Ley Concursal y sus modificaciones pendientes. Amadeu Blasco Mu\u00f1oz La dif\u00edcil convivencia de las marcas y las denominaciones de origen. A prop\u00f3sito de la Sentencia del Juzgado de lo Contencioso-Administrativo n\u00ba 1 de Burgos de 2 de marzo de 2009 (OPERA PRIMA). Manuel Lobato Garc\u00eda-Mij\u00e1n A vueltas [&hellip;]<\/p>\n","protected":false},"featured_media":5294,"template":"","meta":{"_acf_changed":false},"product_brand":[],"product_cat":[50,24],"product_tag":[],"class_list":{"0":"post-5601","1":"product","2":"type-product","3":"status-publish","4":"has-post-thumbnail","6":"product_cat-publicaciones","7":"product_cat-revista-comunicaciones","9":"first","10":"instock","11":"taxable","12":"shipping-taxable","13":"purchasable","14":"product-type-variable","15":"has-default-attributes"},"acf":[],"yoast_head":"<!-- This site is optimized with the Yoast SEO plugin v27.3 - https:\/\/yoast.com\/product\/yoast-seo-wordpress\/ -->\n<title>Revista Comunicaciones N\u00ba 54 (Abril-Junio 2009) - Centro de estudios para el fomento de la investigaci\u00f3n<\/title>\n<meta name=\"robots\" content=\"index, follow, max-snippet:-1, max-image-preview:large, max-video-preview:-1\" \/>\n<link rel=\"canonical\" href=\"https:\/\/cefi.es\/en\/tienda\/publicaciones\/revista-comunicaciones\/revista-comunicaciones-no-54-abril-junio-2009\/\" \/>\n<meta property=\"og:locale\" content=\"en_US\" \/>\n<meta property=\"og:type\" content=\"article\" \/>\n<meta property=\"og:title\" content=\"Revista Comunicaciones N\u00ba 54 (Abril-Junio 2009) - Centro de estudios para el fomento de la investigaci\u00f3n\" \/>\n<meta property=\"og:description\" content=\"Comentarios a la reforma de la Ley 22\/2003, Ley Concursal y sus modificaciones pendientes. Amadeu Blasco Mu\u00f1oz La dif\u00edcil convivencia de las marcas y las denominaciones de origen. A prop\u00f3sito de la Sentencia del Juzgado de lo Contencioso-Administrativo n\u00ba 1 de Burgos de 2 de marzo de 2009 (OPERA PRIMA). Manuel Lobato Garc\u00eda-Mij\u00e1n A vueltas [&hellip;]\" \/>\n<meta property=\"og:url\" content=\"https:\/\/cefi.es\/en\/tienda\/publicaciones\/revista-comunicaciones\/revista-comunicaciones-no-54-abril-junio-2009\/\" \/>\n<meta property=\"og:site_name\" content=\"Centro de estudios para el fomento de la investigaci\u00f3n\" \/>\n<meta property=\"article:modified_time\" content=\"2021-02-02T09:11:31+00:00\" \/>\n<meta property=\"og:image\" content=\"https:\/\/cefi.es\/wp-contenido\/uploads\/2020\/01\/Portada_Comunicaciones_54.jpg\" \/>\n\t<meta property=\"og:image:width\" content=\"373\" \/>\n\t<meta property=\"og:image:height\" content=\"552\" \/>\n\t<meta property=\"og:image:type\" content=\"image\/jpeg\" \/>\n<meta name=\"twitter:card\" content=\"summary_large_image\" \/>\n<meta name=\"twitter:label1\" content=\"Est. reading time\" \/>\n\t<meta name=\"twitter:data1\" content=\"2 minutes\" \/>\n<script type=\"application\/ld+json\" class=\"yoast-schema-graph\">{\"@context\":\"https:\\\/\\\/schema.org\",\"@graph\":[{\"@type\":\"WebPage\",\"@id\":\"https:\\\/\\\/cefi.es\\\/en\\\/tienda\\\/publicaciones\\\/revista-comunicaciones\\\/revista-comunicaciones-no-54-abril-junio-2009\\\/\",\"url\":\"https:\\\/\\\/cefi.es\\\/en\\\/tienda\\\/publicaciones\\\/revista-comunicaciones\\\/revista-comunicaciones-no-54-abril-junio-2009\\\/\",\"name\":\"Revista Comunicaciones N\u00ba 54 (Abril-Junio 2009) - Centro de estudios para el fomento de la investigaci\u00f3n\",\"isPartOf\":{\"@id\":\"https:\\\/\\\/cefi.es\\\/en\\\/#website\"},\"primaryImageOfPage\":{\"@id\":\"https:\\\/\\\/cefi.es\\\/en\\\/tienda\\\/publicaciones\\\/revista-comunicaciones\\\/revista-comunicaciones-no-54-abril-junio-2009\\\/#primaryimage\"},\"image\":{\"@id\":\"https:\\\/\\\/cefi.es\\\/en\\\/tienda\\\/publicaciones\\\/revista-comunicaciones\\\/revista-comunicaciones-no-54-abril-junio-2009\\\/#primaryimage\"},\"thumbnailUrl\":\"https:\\\/\\\/cefi.es\\\/wp-contenido\\\/uploads\\\/2020\\\/01\\\/Portada_Comunicaciones_54.jpg\",\"datePublished\":\"2009-04-29T17:37:54+00:00\",\"dateModified\":\"2021-02-02T09:11:31+00:00\",\"breadcrumb\":{\"@id\":\"https:\\\/\\\/cefi.es\\\/en\\\/tienda\\\/publicaciones\\\/revista-comunicaciones\\\/revista-comunicaciones-no-54-abril-junio-2009\\\/#breadcrumb\"},\"inLanguage\":\"en-US\",\"potentialAction\":[{\"@type\":\"ReadAction\",\"target\":[\"https:\\\/\\\/cefi.es\\\/en\\\/tienda\\\/publicaciones\\\/revista-comunicaciones\\\/revista-comunicaciones-no-54-abril-junio-2009\\\/\"]}]},{\"@type\":\"ImageObject\",\"inLanguage\":\"en-US\",\"@id\":\"https:\\\/\\\/cefi.es\\\/en\\\/tienda\\\/publicaciones\\\/revista-comunicaciones\\\/revista-comunicaciones-no-54-abril-junio-2009\\\/#primaryimage\",\"url\":\"https:\\\/\\\/cefi.es\\\/wp-contenido\\\/uploads\\\/2020\\\/01\\\/Portada_Comunicaciones_54.jpg\",\"contentUrl\":\"https:\\\/\\\/cefi.es\\\/wp-contenido\\\/uploads\\\/2020\\\/01\\\/Portada_Comunicaciones_54.jpg\",\"width\":373,\"height\":552},{\"@type\":\"BreadcrumbList\",\"@id\":\"https:\\\/\\\/cefi.es\\\/en\\\/tienda\\\/publicaciones\\\/revista-comunicaciones\\\/revista-comunicaciones-no-54-abril-junio-2009\\\/#breadcrumb\",\"itemListElement\":[{\"@type\":\"ListItem\",\"position\":1,\"name\":\"Home\",\"item\":\"https:\\\/\\\/cefi.es\\\/en\\\/\"},{\"@type\":\"ListItem\",\"position\":2,\"name\":\"Products\",\"item\":\"https:\\\/\\\/cefi.es\\\/en\\\/shop\\\/\"},{\"@type\":\"ListItem\",\"position\":3,\"name\":\"Revista Comunicaciones N\u00ba 54 (Abril-Junio 2009)\"}]},{\"@type\":\"WebSite\",\"@id\":\"https:\\\/\\\/cefi.es\\\/en\\\/#website\",\"url\":\"https:\\\/\\\/cefi.es\\\/en\\\/\",\"name\":\"Centro de estudios para el fomento de la investigaci\u00f3n\",\"description\":\"\",\"publisher\":{\"@id\":\"https:\\\/\\\/cefi.es\\\/en\\\/#organization\"},\"potentialAction\":[{\"@type\":\"SearchAction\",\"target\":{\"@type\":\"EntryPoint\",\"urlTemplate\":\"https:\\\/\\\/cefi.es\\\/en\\\/?s={search_term_string}\"},\"query-input\":{\"@type\":\"PropertyValueSpecification\",\"valueRequired\":true,\"valueName\":\"search_term_string\"}}],\"inLanguage\":\"en-US\"},{\"@type\":\"Organization\",\"@id\":\"https:\\\/\\\/cefi.es\\\/en\\\/#organization\",\"name\":\"Fundacion CeFi. Propiedad industrial e intelectual\",\"url\":\"https:\\\/\\\/cefi.es\\\/en\\\/\",\"logo\":{\"@type\":\"ImageObject\",\"inLanguage\":\"en-US\",\"@id\":\"https:\\\/\\\/cefi.es\\\/en\\\/#\\\/schema\\\/logo\\\/image\\\/\",\"url\":\"https:\\\/\\\/cefi.es\\\/wp-contenido\\\/uploads\\\/2019\\\/12\\\/cropped-favicon-3.png\",\"contentUrl\":\"https:\\\/\\\/cefi.es\\\/wp-contenido\\\/uploads\\\/2019\\\/12\\\/cropped-favicon-3.png\",\"width\":512,\"height\":512,\"caption\":\"Fundacion CeFi. Propiedad industrial e intelectual\"},\"image\":{\"@id\":\"https:\\\/\\\/cefi.es\\\/en\\\/#\\\/schema\\\/logo\\\/image\\\/\"}}]}<\/script>\n<!-- \/ Yoast SEO plugin. -->","yoast_head_json":{"title":"Revista Comunicaciones N\u00ba 54 (Abril-Junio 2009) - Centro de estudios para el fomento de la investigaci\u00f3n","robots":{"index":"index","follow":"follow","max-snippet":"max-snippet:-1","max-image-preview":"max-image-preview:large","max-video-preview":"max-video-preview:-1"},"canonical":"https:\/\/cefi.es\/en\/tienda\/publicaciones\/revista-comunicaciones\/revista-comunicaciones-no-54-abril-junio-2009\/","og_locale":"en_US","og_type":"article","og_title":"Revista Comunicaciones N\u00ba 54 (Abril-Junio 2009) - Centro de estudios para el fomento de la investigaci\u00f3n","og_description":"Comentarios a la reforma de la Ley 22\/2003, Ley Concursal y sus modificaciones pendientes. Amadeu Blasco Mu\u00f1oz La dif\u00edcil convivencia de las marcas y las denominaciones de origen. A prop\u00f3sito de la Sentencia del Juzgado de lo Contencioso-Administrativo n\u00ba 1 de Burgos de 2 de marzo de 2009 (OPERA PRIMA). Manuel Lobato Garc\u00eda-Mij\u00e1n A vueltas [&hellip;]","og_url":"https:\/\/cefi.es\/en\/tienda\/publicaciones\/revista-comunicaciones\/revista-comunicaciones-no-54-abril-junio-2009\/","og_site_name":"Centro de estudios para el fomento de la investigaci\u00f3n","article_modified_time":"2021-02-02T09:11:31+00:00","og_image":[{"width":373,"height":552,"url":"https:\/\/cefi.es\/wp-contenido\/uploads\/2020\/01\/Portada_Comunicaciones_54.jpg","type":"image\/jpeg"}],"twitter_card":"summary_large_image","twitter_misc":{"Est. reading time":"2 minutes"},"schema":{"@context":"https:\/\/schema.org","@graph":[{"@type":"WebPage","@id":"https:\/\/cefi.es\/en\/tienda\/publicaciones\/revista-comunicaciones\/revista-comunicaciones-no-54-abril-junio-2009\/","url":"https:\/\/cefi.es\/en\/tienda\/publicaciones\/revista-comunicaciones\/revista-comunicaciones-no-54-abril-junio-2009\/","name":"Revista Comunicaciones N\u00ba 54 (Abril-Junio 2009) - Centro de estudios para el fomento de la investigaci\u00f3n","isPartOf":{"@id":"https:\/\/cefi.es\/en\/#website"},"primaryImageOfPage":{"@id":"https:\/\/cefi.es\/en\/tienda\/publicaciones\/revista-comunicaciones\/revista-comunicaciones-no-54-abril-junio-2009\/#primaryimage"},"image":{"@id":"https:\/\/cefi.es\/en\/tienda\/publicaciones\/revista-comunicaciones\/revista-comunicaciones-no-54-abril-junio-2009\/#primaryimage"},"thumbnailUrl":"https:\/\/cefi.es\/wp-contenido\/uploads\/2020\/01\/Portada_Comunicaciones_54.jpg","datePublished":"2009-04-29T17:37:54+00:00","dateModified":"2021-02-02T09:11:31+00:00","breadcrumb":{"@id":"https:\/\/cefi.es\/en\/tienda\/publicaciones\/revista-comunicaciones\/revista-comunicaciones-no-54-abril-junio-2009\/#breadcrumb"},"inLanguage":"en-US","potentialAction":[{"@type":"ReadAction","target":["https:\/\/cefi.es\/en\/tienda\/publicaciones\/revista-comunicaciones\/revista-comunicaciones-no-54-abril-junio-2009\/"]}]},{"@type":"ImageObject","inLanguage":"en-US","@id":"https:\/\/cefi.es\/en\/tienda\/publicaciones\/revista-comunicaciones\/revista-comunicaciones-no-54-abril-junio-2009\/#primaryimage","url":"https:\/\/cefi.es\/wp-contenido\/uploads\/2020\/01\/Portada_Comunicaciones_54.jpg","contentUrl":"https:\/\/cefi.es\/wp-contenido\/uploads\/2020\/01\/Portada_Comunicaciones_54.jpg","width":373,"height":552},{"@type":"BreadcrumbList","@id":"https:\/\/cefi.es\/en\/tienda\/publicaciones\/revista-comunicaciones\/revista-comunicaciones-no-54-abril-junio-2009\/#breadcrumb","itemListElement":[{"@type":"ListItem","position":1,"name":"Home","item":"https:\/\/cefi.es\/en\/"},{"@type":"ListItem","position":2,"name":"Products","item":"https:\/\/cefi.es\/en\/shop\/"},{"@type":"ListItem","position":3,"name":"Revista Comunicaciones N\u00ba 54 (Abril-Junio 2009)"}]},{"@type":"WebSite","@id":"https:\/\/cefi.es\/en\/#website","url":"https:\/\/cefi.es\/en\/","name":"Centro de estudios para el fomento de la investigaci\u00f3n","description":"","publisher":{"@id":"https:\/\/cefi.es\/en\/#organization"},"potentialAction":[{"@type":"SearchAction","target":{"@type":"EntryPoint","urlTemplate":"https:\/\/cefi.es\/en\/?s={search_term_string}"},"query-input":{"@type":"PropertyValueSpecification","valueRequired":true,"valueName":"search_term_string"}}],"inLanguage":"en-US"},{"@type":"Organization","@id":"https:\/\/cefi.es\/en\/#organization","name":"Fundacion CeFi. Propiedad industrial e intelectual","url":"https:\/\/cefi.es\/en\/","logo":{"@type":"ImageObject","inLanguage":"en-US","@id":"https:\/\/cefi.es\/en\/#\/schema\/logo\/image\/","url":"https:\/\/cefi.es\/wp-contenido\/uploads\/2019\/12\/cropped-favicon-3.png","contentUrl":"https:\/\/cefi.es\/wp-contenido\/uploads\/2019\/12\/cropped-favicon-3.png","width":512,"height":512,"caption":"Fundacion CeFi. Propiedad industrial e intelectual"},"image":{"@id":"https:\/\/cefi.es\/en\/#\/schema\/logo\/image\/"}}]}},"_links":{"self":[{"href":"https:\/\/cefi.es\/en\/wp-json\/wp\/v2\/product\/5601","targetHints":{"allow":["GET"]}}],"collection":[{"href":"https:\/\/cefi.es\/en\/wp-json\/wp\/v2\/product"}],"about":[{"href":"https:\/\/cefi.es\/en\/wp-json\/wp\/v2\/types\/product"}],"version-history":[{"count":3,"href":"https:\/\/cefi.es\/en\/wp-json\/wp\/v2\/product\/5601\/revisions"}],"predecessor-version":[{"id":8678,"href":"https:\/\/cefi.es\/en\/wp-json\/wp\/v2\/product\/5601\/revisions\/8678"}],"wp:featuredmedia":[{"embeddable":true,"href":"https:\/\/cefi.es\/en\/wp-json\/wp\/v2\/media\/5294"}],"wp:attachment":[{"href":"https:\/\/cefi.es\/en\/wp-json\/wp\/v2\/media?parent=5601"}],"wp:term":[{"taxonomy":"product_brand","embeddable":true,"href":"https:\/\/cefi.es\/en\/wp-json\/wp\/v2\/product_brand?post=5601"},{"taxonomy":"product_cat","embeddable":true,"href":"https:\/\/cefi.es\/en\/wp-json\/wp\/v2\/product_cat?post=5601"},{"taxonomy":"product_tag","embeddable":true,"href":"https:\/\/cefi.es\/en\/wp-json\/wp\/v2\/product_tag?post=5601"}],"curies":[{"name":"wp","href":"https:\/\/api.w.org\/{rel}","templated":true}]}}