{"id":5593,"date":"2009-10-29T17:35:01","date_gmt":"2009-10-29T17:35:01","guid":{"rendered":"http:\/\/www.cefi.es\/?post_type=product&#038;p=5593"},"modified":"2021-02-02T10:11:31","modified_gmt":"2021-02-02T09:11:31","slug":"revista-comunicaciones-no-56-octubre-diciembre-2009","status":"publish","type":"product","link":"https:\/\/cefi.es\/en\/tienda\/publicaciones\/revista-comunicaciones\/revista-comunicaciones-no-56-octubre-diciembre-2009\/","title":{"rendered":"Revista Comunicaciones N\u00ba 56 <span>(Octubre-Diciembre 2009)"},"content":{"rendered":"<p class=\"p1\">La sentencia del Tribunal de Justicia en el asunto GSK Espa\u00f1a.<br \/>\n<em>Helmut Brokelmann y Mariarosaria Ganino<\/em><\/p>\n<p class=\"p1\">La legalidad de las nuevas pol\u00edticas comerciales implantadas por determinados laboratorios multinacionales en Espa\u00f1a.<br \/>\n<em>Teresa Paz-Ares Rodr\u00edguez y Beatriz Cocina Arrieta<\/em><\/p>\n<p class=\"p1\">Nanotecnolog\u00eda y derecho de patentes.<br \/>\n<em>\u00c1ngel Garc\u00eda Vidal<\/em><\/p>\n<p class=\"p1\">El uso de la marca en forma distinta a como ha sido registrada: el caso &#8220;BIO KAIKU&#8221;.<br \/>\n<em>Jos\u00e9 Antonio Hern\u00e1ndez Rodr\u00edguez<\/em><\/p>\n<p class=\"p1\">El Tribunal de Justicia confirma que un Certificado Complementario de Protecci\u00f3n (CCP) puede ser concedido incluso si previamente ya hab\u00eda sido otorgado por otro u otros al titular o titulares de otras patentes para el mismo producto. Comentario a la STJCE, Sala Tercera, de 9 de septiembre de 2009 (Asunto C-482\/07).<br \/>\n<em>Luis Fern\u00e1ndez-Novoa Valladares<\/em><\/p>\n<p class=\"p1\">Redes &#8220;Peer-To-Peer&#8221;. Comentario a la sentencia del Juzgado de lo Penal n\u00ba 1 de Logro\u00f1o de 25 de noviembre de 2008.<br \/>\n<em>Juan Serrada Llord<\/em><\/p>\n<p class=\"p1\">Enlaces penales, el debate sobre la responsabilidad penal de los prestadores de enlaces en la red.<br \/>\n<em>Carlos Rivadulla Oliva<\/em><\/p>\n<p class=\"p1\">La f\u00f3rmula publicitaria &#8220;Env\u00edalo a un amigo&#8221;. La resoluci\u00f3n de la Agencia Espa\u00f1ola de Protecci\u00f3n de Datos de 14 de septiembre de 2009.<br \/>\n<em>Jes\u00fas Rub\u00ed Navarrete<\/em><\/p>\n<p class=\"p1\">Derecho de competencia (carburantes de automoci\u00f3n): jurisprudencia del Tribunal de Justicia de las Comunidades Europeas de los dos \u00faltimos a\u00f1os.<br \/>\n<em>Blas A. Gonz\u00e1lez Navarro<\/em><\/p>\n<p class=\"p1\">Un nuevo caballo de Troya: menores en Internet. Referencia al programa SAFER INTERNET de la Comisi\u00f3n Europea.<br \/>\n<em>Mar\u00eda Gonz\u00e1lez Gordon<\/em><\/p>\n","protected":false},"excerpt":{"rendered":"<p>La sentencia del Tribunal de Justicia en el asunto GSK Espa\u00f1a. Helmut Brokelmann y Mariarosaria Ganino La legalidad de las nuevas pol\u00edticas comerciales implantadas por determinados laboratorios multinacionales en Espa\u00f1a. Teresa Paz-Ares Rodr\u00edguez y Beatriz Cocina Arrieta Nanotecnolog\u00eda y derecho de patentes. \u00c1ngel Garc\u00eda Vidal El uso de la marca en forma distinta a como [&hellip;]<\/p>\n","protected":false},"featured_media":5298,"template":"","meta":{"_acf_changed":false},"product_brand":[],"product_cat":[24,50],"product_tag":[],"class_list":{"0":"post-5593","1":"product","2":"type-product","3":"status-publish","4":"has-post-thumbnail","6":"product_cat-revista-comunicaciones","7":"product_cat-publicaciones","9":"first","10":"instock","11":"taxable","12":"shipping-taxable","13":"purchasable","14":"product-type-variable","15":"has-default-attributes"},"acf":[],"yoast_head":"<!-- This site is optimized with the Yoast SEO plugin v27.3 - https:\/\/yoast.com\/product\/yoast-seo-wordpress\/ -->\n<title>Revista Comunicaciones N\u00ba 56 (Octubre-Diciembre 2009) - Centro de estudios para el fomento de la investigaci\u00f3n<\/title>\n<meta name=\"robots\" content=\"index, follow, max-snippet:-1, max-image-preview:large, max-video-preview:-1\" \/>\n<link rel=\"canonical\" href=\"https:\/\/cefi.es\/en\/tienda\/publicaciones\/revista-comunicaciones\/revista-comunicaciones-no-56-octubre-diciembre-2009\/\" \/>\n<meta property=\"og:locale\" content=\"en_US\" \/>\n<meta property=\"og:type\" content=\"article\" \/>\n<meta property=\"og:title\" content=\"Revista Comunicaciones N\u00ba 56 (Octubre-Diciembre 2009) - Centro de estudios para el fomento de la investigaci\u00f3n\" \/>\n<meta property=\"og:description\" content=\"La sentencia del Tribunal de Justicia en el asunto GSK Espa\u00f1a. Helmut Brokelmann y Mariarosaria Ganino La legalidad de las nuevas pol\u00edticas comerciales implantadas por determinados laboratorios multinacionales en Espa\u00f1a. Teresa Paz-Ares Rodr\u00edguez y Beatriz Cocina Arrieta Nanotecnolog\u00eda y derecho de patentes. \u00c1ngel Garc\u00eda Vidal El uso de la marca en forma distinta a como [&hellip;]\" \/>\n<meta property=\"og:url\" content=\"https:\/\/cefi.es\/en\/tienda\/publicaciones\/revista-comunicaciones\/revista-comunicaciones-no-56-octubre-diciembre-2009\/\" \/>\n<meta property=\"og:site_name\" content=\"Centro de estudios para el fomento de la investigaci\u00f3n\" \/>\n<meta property=\"article:modified_time\" content=\"2021-02-02T09:11:31+00:00\" \/>\n<meta property=\"og:image\" content=\"https:\/\/cefi.es\/wp-contenido\/uploads\/2020\/01\/Portada_Comunicaciones_56.jpg\" \/>\n\t<meta property=\"og:image:width\" content=\"372\" \/>\n\t<meta property=\"og:image:height\" content=\"545\" \/>\n\t<meta property=\"og:image:type\" content=\"image\/jpeg\" \/>\n<meta name=\"twitter:card\" content=\"summary_large_image\" \/>\n<meta name=\"twitter:label1\" content=\"Est. reading time\" \/>\n\t<meta name=\"twitter:data1\" content=\"1 minute\" \/>\n<script type=\"application\/ld+json\" class=\"yoast-schema-graph\">{\"@context\":\"https:\\\/\\\/schema.org\",\"@graph\":[{\"@type\":\"WebPage\",\"@id\":\"https:\\\/\\\/cefi.es\\\/en\\\/tienda\\\/publicaciones\\\/revista-comunicaciones\\\/revista-comunicaciones-no-56-octubre-diciembre-2009\\\/\",\"url\":\"https:\\\/\\\/cefi.es\\\/en\\\/tienda\\\/publicaciones\\\/revista-comunicaciones\\\/revista-comunicaciones-no-56-octubre-diciembre-2009\\\/\",\"name\":\"Revista Comunicaciones N\u00ba 56 (Octubre-Diciembre 2009) - Centro de estudios para el fomento de la investigaci\u00f3n\",\"isPartOf\":{\"@id\":\"https:\\\/\\\/cefi.es\\\/en\\\/#website\"},\"primaryImageOfPage\":{\"@id\":\"https:\\\/\\\/cefi.es\\\/en\\\/tienda\\\/publicaciones\\\/revista-comunicaciones\\\/revista-comunicaciones-no-56-octubre-diciembre-2009\\\/#primaryimage\"},\"image\":{\"@id\":\"https:\\\/\\\/cefi.es\\\/en\\\/tienda\\\/publicaciones\\\/revista-comunicaciones\\\/revista-comunicaciones-no-56-octubre-diciembre-2009\\\/#primaryimage\"},\"thumbnailUrl\":\"https:\\\/\\\/cefi.es\\\/wp-contenido\\\/uploads\\\/2020\\\/01\\\/Portada_Comunicaciones_56.jpg\",\"datePublished\":\"2009-10-29T17:35:01+00:00\",\"dateModified\":\"2021-02-02T09:11:31+00:00\",\"breadcrumb\":{\"@id\":\"https:\\\/\\\/cefi.es\\\/en\\\/tienda\\\/publicaciones\\\/revista-comunicaciones\\\/revista-comunicaciones-no-56-octubre-diciembre-2009\\\/#breadcrumb\"},\"inLanguage\":\"en-US\",\"potentialAction\":[{\"@type\":\"ReadAction\",\"target\":[\"https:\\\/\\\/cefi.es\\\/en\\\/tienda\\\/publicaciones\\\/revista-comunicaciones\\\/revista-comunicaciones-no-56-octubre-diciembre-2009\\\/\"]}]},{\"@type\":\"ImageObject\",\"inLanguage\":\"en-US\",\"@id\":\"https:\\\/\\\/cefi.es\\\/en\\\/tienda\\\/publicaciones\\\/revista-comunicaciones\\\/revista-comunicaciones-no-56-octubre-diciembre-2009\\\/#primaryimage\",\"url\":\"https:\\\/\\\/cefi.es\\\/wp-contenido\\\/uploads\\\/2020\\\/01\\\/Portada_Comunicaciones_56.jpg\",\"contentUrl\":\"https:\\\/\\\/cefi.es\\\/wp-contenido\\\/uploads\\\/2020\\\/01\\\/Portada_Comunicaciones_56.jpg\",\"width\":372,\"height\":545},{\"@type\":\"BreadcrumbList\",\"@id\":\"https:\\\/\\\/cefi.es\\\/en\\\/tienda\\\/publicaciones\\\/revista-comunicaciones\\\/revista-comunicaciones-no-56-octubre-diciembre-2009\\\/#breadcrumb\",\"itemListElement\":[{\"@type\":\"ListItem\",\"position\":1,\"name\":\"Home\",\"item\":\"https:\\\/\\\/cefi.es\\\/en\\\/\"},{\"@type\":\"ListItem\",\"position\":2,\"name\":\"Products\",\"item\":\"https:\\\/\\\/cefi.es\\\/en\\\/shop\\\/\"},{\"@type\":\"ListItem\",\"position\":3,\"name\":\"Revista Comunicaciones N\u00ba 56 (Octubre-Diciembre 2009)\"}]},{\"@type\":\"WebSite\",\"@id\":\"https:\\\/\\\/cefi.es\\\/en\\\/#website\",\"url\":\"https:\\\/\\\/cefi.es\\\/en\\\/\",\"name\":\"Centro de estudios para el fomento de la investigaci\u00f3n\",\"description\":\"\",\"publisher\":{\"@id\":\"https:\\\/\\\/cefi.es\\\/en\\\/#organization\"},\"potentialAction\":[{\"@type\":\"SearchAction\",\"target\":{\"@type\":\"EntryPoint\",\"urlTemplate\":\"https:\\\/\\\/cefi.es\\\/en\\\/?s={search_term_string}\"},\"query-input\":{\"@type\":\"PropertyValueSpecification\",\"valueRequired\":true,\"valueName\":\"search_term_string\"}}],\"inLanguage\":\"en-US\"},{\"@type\":\"Organization\",\"@id\":\"https:\\\/\\\/cefi.es\\\/en\\\/#organization\",\"name\":\"Fundacion CeFi. Propiedad industrial e intelectual\",\"url\":\"https:\\\/\\\/cefi.es\\\/en\\\/\",\"logo\":{\"@type\":\"ImageObject\",\"inLanguage\":\"en-US\",\"@id\":\"https:\\\/\\\/cefi.es\\\/en\\\/#\\\/schema\\\/logo\\\/image\\\/\",\"url\":\"https:\\\/\\\/cefi.es\\\/wp-contenido\\\/uploads\\\/2019\\\/12\\\/cropped-favicon-3.png\",\"contentUrl\":\"https:\\\/\\\/cefi.es\\\/wp-contenido\\\/uploads\\\/2019\\\/12\\\/cropped-favicon-3.png\",\"width\":512,\"height\":512,\"caption\":\"Fundacion CeFi. Propiedad industrial e intelectual\"},\"image\":{\"@id\":\"https:\\\/\\\/cefi.es\\\/en\\\/#\\\/schema\\\/logo\\\/image\\\/\"}}]}<\/script>\n<!-- \/ Yoast SEO plugin. -->","yoast_head_json":{"title":"Revista Comunicaciones N\u00ba 56 (Octubre-Diciembre 2009) - Centro de estudios para el fomento de la investigaci\u00f3n","robots":{"index":"index","follow":"follow","max-snippet":"max-snippet:-1","max-image-preview":"max-image-preview:large","max-video-preview":"max-video-preview:-1"},"canonical":"https:\/\/cefi.es\/en\/tienda\/publicaciones\/revista-comunicaciones\/revista-comunicaciones-no-56-octubre-diciembre-2009\/","og_locale":"en_US","og_type":"article","og_title":"Revista Comunicaciones N\u00ba 56 (Octubre-Diciembre 2009) - Centro de estudios para el fomento de la investigaci\u00f3n","og_description":"La sentencia del Tribunal de Justicia en el asunto GSK Espa\u00f1a. Helmut Brokelmann y Mariarosaria Ganino La legalidad de las nuevas pol\u00edticas comerciales implantadas por determinados laboratorios multinacionales en Espa\u00f1a. Teresa Paz-Ares Rodr\u00edguez y Beatriz Cocina Arrieta Nanotecnolog\u00eda y derecho de patentes. \u00c1ngel Garc\u00eda Vidal El uso de la marca en forma distinta a como [&hellip;]","og_url":"https:\/\/cefi.es\/en\/tienda\/publicaciones\/revista-comunicaciones\/revista-comunicaciones-no-56-octubre-diciembre-2009\/","og_site_name":"Centro de estudios para el fomento de la investigaci\u00f3n","article_modified_time":"2021-02-02T09:11:31+00:00","og_image":[{"width":372,"height":545,"url":"https:\/\/cefi.es\/wp-contenido\/uploads\/2020\/01\/Portada_Comunicaciones_56.jpg","type":"image\/jpeg"}],"twitter_card":"summary_large_image","twitter_misc":{"Est. reading time":"1 minute"},"schema":{"@context":"https:\/\/schema.org","@graph":[{"@type":"WebPage","@id":"https:\/\/cefi.es\/en\/tienda\/publicaciones\/revista-comunicaciones\/revista-comunicaciones-no-56-octubre-diciembre-2009\/","url":"https:\/\/cefi.es\/en\/tienda\/publicaciones\/revista-comunicaciones\/revista-comunicaciones-no-56-octubre-diciembre-2009\/","name":"Revista Comunicaciones N\u00ba 56 (Octubre-Diciembre 2009) - Centro de estudios para el fomento de la investigaci\u00f3n","isPartOf":{"@id":"https:\/\/cefi.es\/en\/#website"},"primaryImageOfPage":{"@id":"https:\/\/cefi.es\/en\/tienda\/publicaciones\/revista-comunicaciones\/revista-comunicaciones-no-56-octubre-diciembre-2009\/#primaryimage"},"image":{"@id":"https:\/\/cefi.es\/en\/tienda\/publicaciones\/revista-comunicaciones\/revista-comunicaciones-no-56-octubre-diciembre-2009\/#primaryimage"},"thumbnailUrl":"https:\/\/cefi.es\/wp-contenido\/uploads\/2020\/01\/Portada_Comunicaciones_56.jpg","datePublished":"2009-10-29T17:35:01+00:00","dateModified":"2021-02-02T09:11:31+00:00","breadcrumb":{"@id":"https:\/\/cefi.es\/en\/tienda\/publicaciones\/revista-comunicaciones\/revista-comunicaciones-no-56-octubre-diciembre-2009\/#breadcrumb"},"inLanguage":"en-US","potentialAction":[{"@type":"ReadAction","target":["https:\/\/cefi.es\/en\/tienda\/publicaciones\/revista-comunicaciones\/revista-comunicaciones-no-56-octubre-diciembre-2009\/"]}]},{"@type":"ImageObject","inLanguage":"en-US","@id":"https:\/\/cefi.es\/en\/tienda\/publicaciones\/revista-comunicaciones\/revista-comunicaciones-no-56-octubre-diciembre-2009\/#primaryimage","url":"https:\/\/cefi.es\/wp-contenido\/uploads\/2020\/01\/Portada_Comunicaciones_56.jpg","contentUrl":"https:\/\/cefi.es\/wp-contenido\/uploads\/2020\/01\/Portada_Comunicaciones_56.jpg","width":372,"height":545},{"@type":"BreadcrumbList","@id":"https:\/\/cefi.es\/en\/tienda\/publicaciones\/revista-comunicaciones\/revista-comunicaciones-no-56-octubre-diciembre-2009\/#breadcrumb","itemListElement":[{"@type":"ListItem","position":1,"name":"Home","item":"https:\/\/cefi.es\/en\/"},{"@type":"ListItem","position":2,"name":"Products","item":"https:\/\/cefi.es\/en\/shop\/"},{"@type":"ListItem","position":3,"name":"Revista Comunicaciones N\u00ba 56 (Octubre-Diciembre 2009)"}]},{"@type":"WebSite","@id":"https:\/\/cefi.es\/en\/#website","url":"https:\/\/cefi.es\/en\/","name":"Centro de estudios para el fomento de la investigaci\u00f3n","description":"","publisher":{"@id":"https:\/\/cefi.es\/en\/#organization"},"potentialAction":[{"@type":"SearchAction","target":{"@type":"EntryPoint","urlTemplate":"https:\/\/cefi.es\/en\/?s={search_term_string}"},"query-input":{"@type":"PropertyValueSpecification","valueRequired":true,"valueName":"search_term_string"}}],"inLanguage":"en-US"},{"@type":"Organization","@id":"https:\/\/cefi.es\/en\/#organization","name":"Fundacion CeFi. Propiedad industrial e intelectual","url":"https:\/\/cefi.es\/en\/","logo":{"@type":"ImageObject","inLanguage":"en-US","@id":"https:\/\/cefi.es\/en\/#\/schema\/logo\/image\/","url":"https:\/\/cefi.es\/wp-contenido\/uploads\/2019\/12\/cropped-favicon-3.png","contentUrl":"https:\/\/cefi.es\/wp-contenido\/uploads\/2019\/12\/cropped-favicon-3.png","width":512,"height":512,"caption":"Fundacion CeFi. Propiedad industrial e intelectual"},"image":{"@id":"https:\/\/cefi.es\/en\/#\/schema\/logo\/image\/"}}]}},"_links":{"self":[{"href":"https:\/\/cefi.es\/en\/wp-json\/wp\/v2\/product\/5593","targetHints":{"allow":["GET"]}}],"collection":[{"href":"https:\/\/cefi.es\/en\/wp-json\/wp\/v2\/product"}],"about":[{"href":"https:\/\/cefi.es\/en\/wp-json\/wp\/v2\/types\/product"}],"version-history":[{"count":3,"href":"https:\/\/cefi.es\/en\/wp-json\/wp\/v2\/product\/5593\/revisions"}],"predecessor-version":[{"id":8674,"href":"https:\/\/cefi.es\/en\/wp-json\/wp\/v2\/product\/5593\/revisions\/8674"}],"wp:featuredmedia":[{"embeddable":true,"href":"https:\/\/cefi.es\/en\/wp-json\/wp\/v2\/media\/5298"}],"wp:attachment":[{"href":"https:\/\/cefi.es\/en\/wp-json\/wp\/v2\/media?parent=5593"}],"wp:term":[{"taxonomy":"product_brand","embeddable":true,"href":"https:\/\/cefi.es\/en\/wp-json\/wp\/v2\/product_brand?post=5593"},{"taxonomy":"product_cat","embeddable":true,"href":"https:\/\/cefi.es\/en\/wp-json\/wp\/v2\/product_cat?post=5593"},{"taxonomy":"product_tag","embeddable":true,"href":"https:\/\/cefi.es\/en\/wp-json\/wp\/v2\/product_tag?post=5593"}],"curies":[{"name":"wp","href":"https:\/\/api.w.org\/{rel}","templated":true}]}}