{"id":5577,"date":"2010-07-29T17:28:32","date_gmt":"2010-07-29T17:28:32","guid":{"rendered":"http:\/\/www.cefi.es\/?post_type=product&#038;p=5577"},"modified":"2021-02-02T10:11:31","modified_gmt":"2021-02-02T09:11:31","slug":"revista-comunicaciones-no-59-julio-septiembre-2010","status":"publish","type":"product","link":"https:\/\/cefi.es\/en\/tienda\/publicaciones\/revista-comunicaciones\/revista-comunicaciones-no-59-julio-septiembre-2010\/","title":{"rendered":"Revista Comunicaciones N\u00ba 59 <span>(Julio-Septiembre 2010)"},"content":{"rendered":"<p>El nuevo Reglamento 330\/2010 de exenci\u00f3n de acuerdos verticales.<br \/>\n<em>Helmut Brokelmann y Alfonso Rinc\u00f3n Garc\u00eda Loygorri<\/em><\/p>\n<p>Interpretaci\u00f3n y aplicaci\u00f3n del art\u00edculo 125.3 de la Ley de Patentes en supuestos en los que los actos de infracci\u00f3n o sus efectos se producen o se van a producir en toda Espa\u00f1a \u00bf<em>forum shopping o forum choosing<\/em>?.<br \/>\n<em>Josep Montefusco Monferrer<\/em><\/p>\n<p>La prescripci\u00f3n de las acciones de infracci\u00f3n de marca a la luz de la \u00faltima jurisprudencia del Tribunal Supremo.<br \/>\n<em>Carlos Mor\u00e1n Medina<\/em><\/p>\n<p>El requisito de la novedad en los modelos de utilidad en la jurisprudencia reciente.<br \/>\n<em>Ignacio Temi\u00f1o Ceniceros<\/em><\/p>\n<p>La respuesta francesa a la pirater\u00eda masiva en internet de contenidos protegidos por derechos de propiedad intelectual. Los dispositivos de respuesta &#8220;graduada&#8221;.\u00bfUna oportunidad perdida? Los proyectos de orden ministerial para la regulaci\u00f3n y control de la publicidad de los servicios y productos de inversi\u00f3n y de los servicios y productos bancarios.<br \/>\n<em>Sophie Valais<\/em><\/p>\n<p>\u00bfUna oportunidad perdida? Los proyectos de orden ministerial para la regulaci\u00f3n y control de la publicidad de los servicios y productos de inversi\u00f3n y de los servicios y productos bancarios.<br \/>\n<em>Amadeu Blasco Mu\u00f1oz<\/em><\/p>\n<p>Redes sociales <em>on line<\/em>: garant\u00edas para la protecci\u00f3n de la identidad digital.<br \/>\n<em>Paula Ortiz L\u00f3pez<\/em><\/p>\n<p>El sistema espa\u00f1ol de reclamaci\u00f3n de da\u00f1os y perjuicios derivados de infracciones de la normativa de competencia: \u00bfcerca\u00a0o lejos de los objetivos marcados por el Libro Blanco de la Comisi\u00f3n Europea?<br \/>\n<em>Antonio Mart\u00ednez S\u00e1nchez y Jaime Rodr\u00edguez Ord\u00f3\u00f1ez<\/em><\/p>\n","protected":false},"excerpt":{"rendered":"<p>El nuevo Reglamento 330\/2010 de exenci\u00f3n de acuerdos verticales. Helmut Brokelmann y Alfonso Rinc\u00f3n Garc\u00eda Loygorri Interpretaci\u00f3n y aplicaci\u00f3n del art\u00edculo 125.3 de la Ley de Patentes en supuestos en los que los actos de infracci\u00f3n o sus efectos se producen o se van a producir en toda Espa\u00f1a \u00bfforum shopping o forum choosing?. Josep [&hellip;]<\/p>\n","protected":false},"featured_media":5304,"template":"","meta":{"_acf_changed":false},"product_brand":[],"product_cat":[24,50],"product_tag":[],"class_list":{"0":"post-5577","1":"product","2":"type-product","3":"status-publish","4":"has-post-thumbnail","6":"product_cat-revista-comunicaciones","7":"product_cat-publicaciones","9":"first","10":"instock","11":"taxable","12":"shipping-taxable","13":"purchasable","14":"product-type-variable","15":"has-default-attributes"},"acf":[],"yoast_head":"<!-- This site is optimized with the Yoast SEO plugin v27.3 - https:\/\/yoast.com\/product\/yoast-seo-wordpress\/ -->\n<title>Revista Comunicaciones N\u00ba 59 (Julio-Septiembre 2010) - Centro de estudios para el fomento de la investigaci\u00f3n<\/title>\n<meta name=\"robots\" content=\"index, follow, max-snippet:-1, max-image-preview:large, max-video-preview:-1\" \/>\n<link rel=\"canonical\" href=\"https:\/\/cefi.es\/en\/tienda\/publicaciones\/revista-comunicaciones\/revista-comunicaciones-no-59-julio-septiembre-2010\/\" \/>\n<meta property=\"og:locale\" content=\"en_US\" \/>\n<meta property=\"og:type\" content=\"article\" \/>\n<meta property=\"og:title\" content=\"Revista Comunicaciones N\u00ba 59 (Julio-Septiembre 2010) - Centro de estudios para el fomento de la investigaci\u00f3n\" \/>\n<meta property=\"og:description\" content=\"El nuevo Reglamento 330\/2010 de exenci\u00f3n de acuerdos verticales. Helmut Brokelmann y Alfonso Rinc\u00f3n Garc\u00eda Loygorri Interpretaci\u00f3n y aplicaci\u00f3n del art\u00edculo 125.3 de la Ley de Patentes en supuestos en los que los actos de infracci\u00f3n o sus efectos se producen o se van a producir en toda Espa\u00f1a \u00bfforum shopping o forum choosing?. Josep [&hellip;]\" \/>\n<meta property=\"og:url\" content=\"https:\/\/cefi.es\/en\/tienda\/publicaciones\/revista-comunicaciones\/revista-comunicaciones-no-59-julio-septiembre-2010\/\" \/>\n<meta property=\"og:site_name\" content=\"Centro de estudios para el fomento de la investigaci\u00f3n\" \/>\n<meta property=\"article:modified_time\" content=\"2021-02-02T09:11:31+00:00\" \/>\n<meta property=\"og:image\" content=\"https:\/\/cefi.es\/wp-contenido\/uploads\/2020\/01\/Portada_Comunicaciones_59.jpg\" \/>\n\t<meta property=\"og:image:width\" content=\"374\" \/>\n\t<meta property=\"og:image:height\" content=\"548\" \/>\n\t<meta property=\"og:image:type\" content=\"image\/jpeg\" \/>\n<meta name=\"twitter:card\" content=\"summary_large_image\" \/>\n<meta name=\"twitter:label1\" content=\"Est. reading time\" \/>\n\t<meta name=\"twitter:data1\" content=\"1 minute\" \/>\n<script type=\"application\/ld+json\" class=\"yoast-schema-graph\">{\"@context\":\"https:\\\/\\\/schema.org\",\"@graph\":[{\"@type\":\"WebPage\",\"@id\":\"https:\\\/\\\/cefi.es\\\/en\\\/tienda\\\/publicaciones\\\/revista-comunicaciones\\\/revista-comunicaciones-no-59-julio-septiembre-2010\\\/\",\"url\":\"https:\\\/\\\/cefi.es\\\/en\\\/tienda\\\/publicaciones\\\/revista-comunicaciones\\\/revista-comunicaciones-no-59-julio-septiembre-2010\\\/\",\"name\":\"Revista Comunicaciones N\u00ba 59 (Julio-Septiembre 2010) - Centro de estudios para el fomento de la investigaci\u00f3n\",\"isPartOf\":{\"@id\":\"https:\\\/\\\/cefi.es\\\/en\\\/#website\"},\"primaryImageOfPage\":{\"@id\":\"https:\\\/\\\/cefi.es\\\/en\\\/tienda\\\/publicaciones\\\/revista-comunicaciones\\\/revista-comunicaciones-no-59-julio-septiembre-2010\\\/#primaryimage\"},\"image\":{\"@id\":\"https:\\\/\\\/cefi.es\\\/en\\\/tienda\\\/publicaciones\\\/revista-comunicaciones\\\/revista-comunicaciones-no-59-julio-septiembre-2010\\\/#primaryimage\"},\"thumbnailUrl\":\"https:\\\/\\\/cefi.es\\\/wp-contenido\\\/uploads\\\/2020\\\/01\\\/Portada_Comunicaciones_59.jpg\",\"datePublished\":\"2010-07-29T17:28:32+00:00\",\"dateModified\":\"2021-02-02T09:11:31+00:00\",\"breadcrumb\":{\"@id\":\"https:\\\/\\\/cefi.es\\\/en\\\/tienda\\\/publicaciones\\\/revista-comunicaciones\\\/revista-comunicaciones-no-59-julio-septiembre-2010\\\/#breadcrumb\"},\"inLanguage\":\"en-US\",\"potentialAction\":[{\"@type\":\"ReadAction\",\"target\":[\"https:\\\/\\\/cefi.es\\\/en\\\/tienda\\\/publicaciones\\\/revista-comunicaciones\\\/revista-comunicaciones-no-59-julio-septiembre-2010\\\/\"]}]},{\"@type\":\"ImageObject\",\"inLanguage\":\"en-US\",\"@id\":\"https:\\\/\\\/cefi.es\\\/en\\\/tienda\\\/publicaciones\\\/revista-comunicaciones\\\/revista-comunicaciones-no-59-julio-septiembre-2010\\\/#primaryimage\",\"url\":\"https:\\\/\\\/cefi.es\\\/wp-contenido\\\/uploads\\\/2020\\\/01\\\/Portada_Comunicaciones_59.jpg\",\"contentUrl\":\"https:\\\/\\\/cefi.es\\\/wp-contenido\\\/uploads\\\/2020\\\/01\\\/Portada_Comunicaciones_59.jpg\",\"width\":374,\"height\":548},{\"@type\":\"BreadcrumbList\",\"@id\":\"https:\\\/\\\/cefi.es\\\/en\\\/tienda\\\/publicaciones\\\/revista-comunicaciones\\\/revista-comunicaciones-no-59-julio-septiembre-2010\\\/#breadcrumb\",\"itemListElement\":[{\"@type\":\"ListItem\",\"position\":1,\"name\":\"Home\",\"item\":\"https:\\\/\\\/cefi.es\\\/en\\\/\"},{\"@type\":\"ListItem\",\"position\":2,\"name\":\"Products\",\"item\":\"https:\\\/\\\/cefi.es\\\/en\\\/shop\\\/\"},{\"@type\":\"ListItem\",\"position\":3,\"name\":\"Revista Comunicaciones N\u00ba 59 (Julio-Septiembre 2010)\"}]},{\"@type\":\"WebSite\",\"@id\":\"https:\\\/\\\/cefi.es\\\/en\\\/#website\",\"url\":\"https:\\\/\\\/cefi.es\\\/en\\\/\",\"name\":\"Centro de estudios para el fomento de la investigaci\u00f3n\",\"description\":\"\",\"publisher\":{\"@id\":\"https:\\\/\\\/cefi.es\\\/en\\\/#organization\"},\"potentialAction\":[{\"@type\":\"SearchAction\",\"target\":{\"@type\":\"EntryPoint\",\"urlTemplate\":\"https:\\\/\\\/cefi.es\\\/en\\\/?s={search_term_string}\"},\"query-input\":{\"@type\":\"PropertyValueSpecification\",\"valueRequired\":true,\"valueName\":\"search_term_string\"}}],\"inLanguage\":\"en-US\"},{\"@type\":\"Organization\",\"@id\":\"https:\\\/\\\/cefi.es\\\/en\\\/#organization\",\"name\":\"Fundacion CeFi. Propiedad industrial e intelectual\",\"url\":\"https:\\\/\\\/cefi.es\\\/en\\\/\",\"logo\":{\"@type\":\"ImageObject\",\"inLanguage\":\"en-US\",\"@id\":\"https:\\\/\\\/cefi.es\\\/en\\\/#\\\/schema\\\/logo\\\/image\\\/\",\"url\":\"https:\\\/\\\/cefi.es\\\/wp-contenido\\\/uploads\\\/2019\\\/12\\\/cropped-favicon-3.png\",\"contentUrl\":\"https:\\\/\\\/cefi.es\\\/wp-contenido\\\/uploads\\\/2019\\\/12\\\/cropped-favicon-3.png\",\"width\":512,\"height\":512,\"caption\":\"Fundacion CeFi. Propiedad industrial e intelectual\"},\"image\":{\"@id\":\"https:\\\/\\\/cefi.es\\\/en\\\/#\\\/schema\\\/logo\\\/image\\\/\"}}]}<\/script>\n<!-- \/ Yoast SEO plugin. -->","yoast_head_json":{"title":"Revista Comunicaciones N\u00ba 59 (Julio-Septiembre 2010) - Centro de estudios para el fomento de la investigaci\u00f3n","robots":{"index":"index","follow":"follow","max-snippet":"max-snippet:-1","max-image-preview":"max-image-preview:large","max-video-preview":"max-video-preview:-1"},"canonical":"https:\/\/cefi.es\/en\/tienda\/publicaciones\/revista-comunicaciones\/revista-comunicaciones-no-59-julio-septiembre-2010\/","og_locale":"en_US","og_type":"article","og_title":"Revista Comunicaciones N\u00ba 59 (Julio-Septiembre 2010) - Centro de estudios para el fomento de la investigaci\u00f3n","og_description":"El nuevo Reglamento 330\/2010 de exenci\u00f3n de acuerdos verticales. Helmut Brokelmann y Alfonso Rinc\u00f3n Garc\u00eda Loygorri Interpretaci\u00f3n y aplicaci\u00f3n del art\u00edculo 125.3 de la Ley de Patentes en supuestos en los que los actos de infracci\u00f3n o sus efectos se producen o se van a producir en toda Espa\u00f1a \u00bfforum shopping o forum choosing?. Josep [&hellip;]","og_url":"https:\/\/cefi.es\/en\/tienda\/publicaciones\/revista-comunicaciones\/revista-comunicaciones-no-59-julio-septiembre-2010\/","og_site_name":"Centro de estudios para el fomento de la investigaci\u00f3n","article_modified_time":"2021-02-02T09:11:31+00:00","og_image":[{"width":374,"height":548,"url":"https:\/\/cefi.es\/wp-contenido\/uploads\/2020\/01\/Portada_Comunicaciones_59.jpg","type":"image\/jpeg"}],"twitter_card":"summary_large_image","twitter_misc":{"Est. reading time":"1 minute"},"schema":{"@context":"https:\/\/schema.org","@graph":[{"@type":"WebPage","@id":"https:\/\/cefi.es\/en\/tienda\/publicaciones\/revista-comunicaciones\/revista-comunicaciones-no-59-julio-septiembre-2010\/","url":"https:\/\/cefi.es\/en\/tienda\/publicaciones\/revista-comunicaciones\/revista-comunicaciones-no-59-julio-septiembre-2010\/","name":"Revista Comunicaciones N\u00ba 59 (Julio-Septiembre 2010) - Centro de estudios para el fomento de la investigaci\u00f3n","isPartOf":{"@id":"https:\/\/cefi.es\/en\/#website"},"primaryImageOfPage":{"@id":"https:\/\/cefi.es\/en\/tienda\/publicaciones\/revista-comunicaciones\/revista-comunicaciones-no-59-julio-septiembre-2010\/#primaryimage"},"image":{"@id":"https:\/\/cefi.es\/en\/tienda\/publicaciones\/revista-comunicaciones\/revista-comunicaciones-no-59-julio-septiembre-2010\/#primaryimage"},"thumbnailUrl":"https:\/\/cefi.es\/wp-contenido\/uploads\/2020\/01\/Portada_Comunicaciones_59.jpg","datePublished":"2010-07-29T17:28:32+00:00","dateModified":"2021-02-02T09:11:31+00:00","breadcrumb":{"@id":"https:\/\/cefi.es\/en\/tienda\/publicaciones\/revista-comunicaciones\/revista-comunicaciones-no-59-julio-septiembre-2010\/#breadcrumb"},"inLanguage":"en-US","potentialAction":[{"@type":"ReadAction","target":["https:\/\/cefi.es\/en\/tienda\/publicaciones\/revista-comunicaciones\/revista-comunicaciones-no-59-julio-septiembre-2010\/"]}]},{"@type":"ImageObject","inLanguage":"en-US","@id":"https:\/\/cefi.es\/en\/tienda\/publicaciones\/revista-comunicaciones\/revista-comunicaciones-no-59-julio-septiembre-2010\/#primaryimage","url":"https:\/\/cefi.es\/wp-contenido\/uploads\/2020\/01\/Portada_Comunicaciones_59.jpg","contentUrl":"https:\/\/cefi.es\/wp-contenido\/uploads\/2020\/01\/Portada_Comunicaciones_59.jpg","width":374,"height":548},{"@type":"BreadcrumbList","@id":"https:\/\/cefi.es\/en\/tienda\/publicaciones\/revista-comunicaciones\/revista-comunicaciones-no-59-julio-septiembre-2010\/#breadcrumb","itemListElement":[{"@type":"ListItem","position":1,"name":"Home","item":"https:\/\/cefi.es\/en\/"},{"@type":"ListItem","position":2,"name":"Products","item":"https:\/\/cefi.es\/en\/shop\/"},{"@type":"ListItem","position":3,"name":"Revista Comunicaciones N\u00ba 59 (Julio-Septiembre 2010)"}]},{"@type":"WebSite","@id":"https:\/\/cefi.es\/en\/#website","url":"https:\/\/cefi.es\/en\/","name":"Centro de estudios para el fomento de la investigaci\u00f3n","description":"","publisher":{"@id":"https:\/\/cefi.es\/en\/#organization"},"potentialAction":[{"@type":"SearchAction","target":{"@type":"EntryPoint","urlTemplate":"https:\/\/cefi.es\/en\/?s={search_term_string}"},"query-input":{"@type":"PropertyValueSpecification","valueRequired":true,"valueName":"search_term_string"}}],"inLanguage":"en-US"},{"@type":"Organization","@id":"https:\/\/cefi.es\/en\/#organization","name":"Fundacion CeFi. Propiedad industrial e intelectual","url":"https:\/\/cefi.es\/en\/","logo":{"@type":"ImageObject","inLanguage":"en-US","@id":"https:\/\/cefi.es\/en\/#\/schema\/logo\/image\/","url":"https:\/\/cefi.es\/wp-contenido\/uploads\/2019\/12\/cropped-favicon-3.png","contentUrl":"https:\/\/cefi.es\/wp-contenido\/uploads\/2019\/12\/cropped-favicon-3.png","width":512,"height":512,"caption":"Fundacion CeFi. Propiedad industrial e intelectual"},"image":{"@id":"https:\/\/cefi.es\/en\/#\/schema\/logo\/image\/"}}]}},"_links":{"self":[{"href":"https:\/\/cefi.es\/en\/wp-json\/wp\/v2\/product\/5577","targetHints":{"allow":["GET"]}}],"collection":[{"href":"https:\/\/cefi.es\/en\/wp-json\/wp\/v2\/product"}],"about":[{"href":"https:\/\/cefi.es\/en\/wp-json\/wp\/v2\/types\/product"}],"version-history":[{"count":3,"href":"https:\/\/cefi.es\/en\/wp-json\/wp\/v2\/product\/5577\/revisions"}],"predecessor-version":[{"id":8668,"href":"https:\/\/cefi.es\/en\/wp-json\/wp\/v2\/product\/5577\/revisions\/8668"}],"wp:featuredmedia":[{"embeddable":true,"href":"https:\/\/cefi.es\/en\/wp-json\/wp\/v2\/media\/5304"}],"wp:attachment":[{"href":"https:\/\/cefi.es\/en\/wp-json\/wp\/v2\/media?parent=5577"}],"wp:term":[{"taxonomy":"product_brand","embeddable":true,"href":"https:\/\/cefi.es\/en\/wp-json\/wp\/v2\/product_brand?post=5577"},{"taxonomy":"product_cat","embeddable":true,"href":"https:\/\/cefi.es\/en\/wp-json\/wp\/v2\/product_cat?post=5577"},{"taxonomy":"product_tag","embeddable":true,"href":"https:\/\/cefi.es\/en\/wp-json\/wp\/v2\/product_tag?post=5577"}],"curies":[{"name":"wp","href":"https:\/\/api.w.org\/{rel}","templated":true}]}}