{"id":5557,"date":"2011-10-29T17:15:02","date_gmt":"2011-10-29T17:15:02","guid":{"rendered":"http:\/\/www.cefi.es\/?post_type=product&#038;p=5557"},"modified":"2021-02-02T10:11:31","modified_gmt":"2021-02-02T09:11:31","slug":"revista-comunicaciones-no-64-octubre-diciembre-2011","status":"publish","type":"product","link":"https:\/\/cefi.es\/en\/tienda\/publicaciones\/revista-comunicaciones\/revista-comunicaciones-no-64-octubre-diciembre-2011\/","title":{"rendered":"Revista Comunicaciones N\u00ba 64 <span>(Octubre-Diciembre 2011)"},"content":{"rendered":"<p>Medidas y pol\u00edticas empresariales frente a la responsabilidad penal de las personas jur\u00eddicas en el sector farmac\u00e9utico.<br \/>\n<em>Montserrat L\u00f3pez-Bellosta y Sonia Seb\u00e9 Mar\u00edn<\/em><\/p>\n<p>Infracci\u00f3n de patentes e internet.<br \/>\n<em>Luis Fern\u00e1ndez-Novoa Valladares<\/em><\/p>\n<p>La nueva Ley de la Ciencia, la Tecnolog\u00eda y la Innovaci\u00f3n. Aspectos relativos a la propiedad industrial e intelectual.<br \/>\n<em>Inmaculada Gonz\u00e1lez L\u00f3pez y M.\u00aa Luisa Osuna P\u00e1ez<\/em><\/p>\n<p>El agotamiento del derecho de marca. Exigibilidad de la menci\u00f3n del reenvasador real del medicamento en el embalaje.<br \/>\n<em>Jos\u00e9 Mariano Cruz<\/em><\/p>\n<p>Prohibici\u00f3n de registro como marca de las formas que otrogan un valor intr\u00ednseco al producto. Comentario a la Sentencia del Tribunal General en el Asunto T-508\/08, <em>Bang &amp; Olufsen A\/S c. Oficina de Armonizaci\u00f3n del Mercado Interior<\/em>, de 6 de octubre de 2011.<br \/>\n<em>Fidel Porcuna de la Rosa<\/em><\/p>\n<p>Sentencia de la Audiencia Provincial de Bizkaia Secci\u00f3n 1 de 27 de septiembre de 2011. El problema de la calificaci\u00f3n jur\u00eddica del enlace como comunicaci\u00f3n p\u00fablica.<br \/>\n<em>Ib\u00e1n D\u00edez L\u00f3pez<\/em><\/p>\n<p>El r\u00e9gimen de la publicidad de juego y apuestas en Espa\u00f1a a la luz de la nueva Ley del Juego.<br \/>\n<em>Francisco P\u00e9rez Bes<\/em><\/p>\n<p>El derecho a la confidencialidad de las comunicaciones entre abogado-cliente: l\u00edmites y perspectivas.<br \/>\n<em>I\u00f1igo Igartua Arregui y Daniela Esp\u00f3sito<\/em><\/p>\n<p>La reutilizaci\u00f3n de sentencias y otras resoluciones judiciales y la sentencia del Tribunal Supremo de 28\/10\/2011.<br \/>\n<em>Jes\u00fas Rub\u00ed Navarrete<\/em><\/p>\n","protected":false},"excerpt":{"rendered":"<p>Medidas y pol\u00edticas empresariales frente a la responsabilidad penal de las personas jur\u00eddicas en el sector farmac\u00e9utico. Montserrat L\u00f3pez-Bellosta y Sonia Seb\u00e9 Mar\u00edn Infracci\u00f3n de patentes e internet. Luis Fern\u00e1ndez-Novoa Valladares La nueva Ley de la Ciencia, la Tecnolog\u00eda y la Innovaci\u00f3n. Aspectos relativos a la propiedad industrial e intelectual. Inmaculada Gonz\u00e1lez L\u00f3pez y M.\u00aa [&hellip;]<\/p>\n","protected":false},"featured_media":5314,"template":"","meta":{"_acf_changed":false},"product_brand":[],"product_cat":[24,50],"product_tag":[],"class_list":{"0":"post-5557","1":"product","2":"type-product","3":"status-publish","4":"has-post-thumbnail","6":"product_cat-revista-comunicaciones","7":"product_cat-publicaciones","9":"first","10":"instock","11":"taxable","12":"shipping-taxable","13":"purchasable","14":"product-type-variable","15":"has-default-attributes"},"acf":[],"yoast_head":"<!-- This site is optimized with the Yoast SEO plugin v27.3 - https:\/\/yoast.com\/product\/yoast-seo-wordpress\/ -->\n<title>Revista Comunicaciones N\u00ba 64 (Octubre-Diciembre 2011) - Centro de estudios para el fomento de la investigaci\u00f3n<\/title>\n<meta name=\"robots\" content=\"index, follow, max-snippet:-1, max-image-preview:large, max-video-preview:-1\" \/>\n<link rel=\"canonical\" href=\"https:\/\/cefi.es\/en\/tienda\/publicaciones\/revista-comunicaciones\/revista-comunicaciones-no-64-octubre-diciembre-2011\/\" \/>\n<meta property=\"og:locale\" content=\"en_US\" \/>\n<meta property=\"og:type\" content=\"article\" \/>\n<meta property=\"og:title\" content=\"Revista Comunicaciones N\u00ba 64 (Octubre-Diciembre 2011) - Centro de estudios para el fomento de la investigaci\u00f3n\" \/>\n<meta property=\"og:description\" content=\"Medidas y pol\u00edticas empresariales frente a la responsabilidad penal de las personas jur\u00eddicas en el sector farmac\u00e9utico. Montserrat L\u00f3pez-Bellosta y Sonia Seb\u00e9 Mar\u00edn Infracci\u00f3n de patentes e internet. Luis Fern\u00e1ndez-Novoa Valladares La nueva Ley de la Ciencia, la Tecnolog\u00eda y la Innovaci\u00f3n. Aspectos relativos a la propiedad industrial e intelectual. Inmaculada Gonz\u00e1lez L\u00f3pez y M.\u00aa [&hellip;]\" \/>\n<meta property=\"og:url\" content=\"https:\/\/cefi.es\/en\/tienda\/publicaciones\/revista-comunicaciones\/revista-comunicaciones-no-64-octubre-diciembre-2011\/\" \/>\n<meta property=\"og:site_name\" content=\"Centro de estudios para el fomento de la investigaci\u00f3n\" \/>\n<meta property=\"article:modified_time\" content=\"2021-02-02T09:11:31+00:00\" \/>\n<meta property=\"og:image\" content=\"https:\/\/cefi.es\/wp-contenido\/uploads\/2020\/01\/Portada_Comunicaciones_64.jpg\" \/>\n\t<meta property=\"og:image:width\" content=\"376\" \/>\n\t<meta property=\"og:image:height\" content=\"540\" \/>\n\t<meta property=\"og:image:type\" content=\"image\/jpeg\" \/>\n<meta name=\"twitter:card\" content=\"summary_large_image\" \/>\n<meta name=\"twitter:label1\" content=\"Est. reading time\" \/>\n\t<meta name=\"twitter:data1\" content=\"1 minute\" \/>\n<script type=\"application\/ld+json\" class=\"yoast-schema-graph\">{\"@context\":\"https:\\\/\\\/schema.org\",\"@graph\":[{\"@type\":\"WebPage\",\"@id\":\"https:\\\/\\\/cefi.es\\\/en\\\/tienda\\\/publicaciones\\\/revista-comunicaciones\\\/revista-comunicaciones-no-64-octubre-diciembre-2011\\\/\",\"url\":\"https:\\\/\\\/cefi.es\\\/en\\\/tienda\\\/publicaciones\\\/revista-comunicaciones\\\/revista-comunicaciones-no-64-octubre-diciembre-2011\\\/\",\"name\":\"Revista Comunicaciones N\u00ba 64 (Octubre-Diciembre 2011) - Centro de estudios para el fomento de la investigaci\u00f3n\",\"isPartOf\":{\"@id\":\"https:\\\/\\\/cefi.es\\\/en\\\/#website\"},\"primaryImageOfPage\":{\"@id\":\"https:\\\/\\\/cefi.es\\\/en\\\/tienda\\\/publicaciones\\\/revista-comunicaciones\\\/revista-comunicaciones-no-64-octubre-diciembre-2011\\\/#primaryimage\"},\"image\":{\"@id\":\"https:\\\/\\\/cefi.es\\\/en\\\/tienda\\\/publicaciones\\\/revista-comunicaciones\\\/revista-comunicaciones-no-64-octubre-diciembre-2011\\\/#primaryimage\"},\"thumbnailUrl\":\"https:\\\/\\\/cefi.es\\\/wp-contenido\\\/uploads\\\/2020\\\/01\\\/Portada_Comunicaciones_64.jpg\",\"datePublished\":\"2011-10-29T17:15:02+00:00\",\"dateModified\":\"2021-02-02T09:11:31+00:00\",\"breadcrumb\":{\"@id\":\"https:\\\/\\\/cefi.es\\\/en\\\/tienda\\\/publicaciones\\\/revista-comunicaciones\\\/revista-comunicaciones-no-64-octubre-diciembre-2011\\\/#breadcrumb\"},\"inLanguage\":\"en-US\",\"potentialAction\":[{\"@type\":\"ReadAction\",\"target\":[\"https:\\\/\\\/cefi.es\\\/en\\\/tienda\\\/publicaciones\\\/revista-comunicaciones\\\/revista-comunicaciones-no-64-octubre-diciembre-2011\\\/\"]}]},{\"@type\":\"ImageObject\",\"inLanguage\":\"en-US\",\"@id\":\"https:\\\/\\\/cefi.es\\\/en\\\/tienda\\\/publicaciones\\\/revista-comunicaciones\\\/revista-comunicaciones-no-64-octubre-diciembre-2011\\\/#primaryimage\",\"url\":\"https:\\\/\\\/cefi.es\\\/wp-contenido\\\/uploads\\\/2020\\\/01\\\/Portada_Comunicaciones_64.jpg\",\"contentUrl\":\"https:\\\/\\\/cefi.es\\\/wp-contenido\\\/uploads\\\/2020\\\/01\\\/Portada_Comunicaciones_64.jpg\",\"width\":376,\"height\":540},{\"@type\":\"BreadcrumbList\",\"@id\":\"https:\\\/\\\/cefi.es\\\/en\\\/tienda\\\/publicaciones\\\/revista-comunicaciones\\\/revista-comunicaciones-no-64-octubre-diciembre-2011\\\/#breadcrumb\",\"itemListElement\":[{\"@type\":\"ListItem\",\"position\":1,\"name\":\"Home\",\"item\":\"https:\\\/\\\/cefi.es\\\/en\\\/\"},{\"@type\":\"ListItem\",\"position\":2,\"name\":\"Products\",\"item\":\"https:\\\/\\\/cefi.es\\\/en\\\/shop\\\/\"},{\"@type\":\"ListItem\",\"position\":3,\"name\":\"Revista Comunicaciones N\u00ba 64 (Octubre-Diciembre 2011)\"}]},{\"@type\":\"WebSite\",\"@id\":\"https:\\\/\\\/cefi.es\\\/en\\\/#website\",\"url\":\"https:\\\/\\\/cefi.es\\\/en\\\/\",\"name\":\"Centro de estudios para el fomento de la investigaci\u00f3n\",\"description\":\"\",\"publisher\":{\"@id\":\"https:\\\/\\\/cefi.es\\\/en\\\/#organization\"},\"potentialAction\":[{\"@type\":\"SearchAction\",\"target\":{\"@type\":\"EntryPoint\",\"urlTemplate\":\"https:\\\/\\\/cefi.es\\\/en\\\/?s={search_term_string}\"},\"query-input\":{\"@type\":\"PropertyValueSpecification\",\"valueRequired\":true,\"valueName\":\"search_term_string\"}}],\"inLanguage\":\"en-US\"},{\"@type\":\"Organization\",\"@id\":\"https:\\\/\\\/cefi.es\\\/en\\\/#organization\",\"name\":\"Fundacion CeFi. Propiedad industrial e intelectual\",\"url\":\"https:\\\/\\\/cefi.es\\\/en\\\/\",\"logo\":{\"@type\":\"ImageObject\",\"inLanguage\":\"en-US\",\"@id\":\"https:\\\/\\\/cefi.es\\\/en\\\/#\\\/schema\\\/logo\\\/image\\\/\",\"url\":\"https:\\\/\\\/cefi.es\\\/wp-contenido\\\/uploads\\\/2019\\\/12\\\/cropped-favicon-3.png\",\"contentUrl\":\"https:\\\/\\\/cefi.es\\\/wp-contenido\\\/uploads\\\/2019\\\/12\\\/cropped-favicon-3.png\",\"width\":512,\"height\":512,\"caption\":\"Fundacion CeFi. Propiedad industrial e intelectual\"},\"image\":{\"@id\":\"https:\\\/\\\/cefi.es\\\/en\\\/#\\\/schema\\\/logo\\\/image\\\/\"}}]}<\/script>\n<!-- \/ Yoast SEO plugin. -->","yoast_head_json":{"title":"Revista Comunicaciones N\u00ba 64 (Octubre-Diciembre 2011) - Centro de estudios para el fomento de la investigaci\u00f3n","robots":{"index":"index","follow":"follow","max-snippet":"max-snippet:-1","max-image-preview":"max-image-preview:large","max-video-preview":"max-video-preview:-1"},"canonical":"https:\/\/cefi.es\/en\/tienda\/publicaciones\/revista-comunicaciones\/revista-comunicaciones-no-64-octubre-diciembre-2011\/","og_locale":"en_US","og_type":"article","og_title":"Revista Comunicaciones N\u00ba 64 (Octubre-Diciembre 2011) - Centro de estudios para el fomento de la investigaci\u00f3n","og_description":"Medidas y pol\u00edticas empresariales frente a la responsabilidad penal de las personas jur\u00eddicas en el sector farmac\u00e9utico. Montserrat L\u00f3pez-Bellosta y Sonia Seb\u00e9 Mar\u00edn Infracci\u00f3n de patentes e internet. Luis Fern\u00e1ndez-Novoa Valladares La nueva Ley de la Ciencia, la Tecnolog\u00eda y la Innovaci\u00f3n. Aspectos relativos a la propiedad industrial e intelectual. Inmaculada Gonz\u00e1lez L\u00f3pez y M.\u00aa [&hellip;]","og_url":"https:\/\/cefi.es\/en\/tienda\/publicaciones\/revista-comunicaciones\/revista-comunicaciones-no-64-octubre-diciembre-2011\/","og_site_name":"Centro de estudios para el fomento de la investigaci\u00f3n","article_modified_time":"2021-02-02T09:11:31+00:00","og_image":[{"width":376,"height":540,"url":"https:\/\/cefi.es\/wp-contenido\/uploads\/2020\/01\/Portada_Comunicaciones_64.jpg","type":"image\/jpeg"}],"twitter_card":"summary_large_image","twitter_misc":{"Est. reading time":"1 minute"},"schema":{"@context":"https:\/\/schema.org","@graph":[{"@type":"WebPage","@id":"https:\/\/cefi.es\/en\/tienda\/publicaciones\/revista-comunicaciones\/revista-comunicaciones-no-64-octubre-diciembre-2011\/","url":"https:\/\/cefi.es\/en\/tienda\/publicaciones\/revista-comunicaciones\/revista-comunicaciones-no-64-octubre-diciembre-2011\/","name":"Revista Comunicaciones N\u00ba 64 (Octubre-Diciembre 2011) - Centro de estudios para el fomento de la investigaci\u00f3n","isPartOf":{"@id":"https:\/\/cefi.es\/en\/#website"},"primaryImageOfPage":{"@id":"https:\/\/cefi.es\/en\/tienda\/publicaciones\/revista-comunicaciones\/revista-comunicaciones-no-64-octubre-diciembre-2011\/#primaryimage"},"image":{"@id":"https:\/\/cefi.es\/en\/tienda\/publicaciones\/revista-comunicaciones\/revista-comunicaciones-no-64-octubre-diciembre-2011\/#primaryimage"},"thumbnailUrl":"https:\/\/cefi.es\/wp-contenido\/uploads\/2020\/01\/Portada_Comunicaciones_64.jpg","datePublished":"2011-10-29T17:15:02+00:00","dateModified":"2021-02-02T09:11:31+00:00","breadcrumb":{"@id":"https:\/\/cefi.es\/en\/tienda\/publicaciones\/revista-comunicaciones\/revista-comunicaciones-no-64-octubre-diciembre-2011\/#breadcrumb"},"inLanguage":"en-US","potentialAction":[{"@type":"ReadAction","target":["https:\/\/cefi.es\/en\/tienda\/publicaciones\/revista-comunicaciones\/revista-comunicaciones-no-64-octubre-diciembre-2011\/"]}]},{"@type":"ImageObject","inLanguage":"en-US","@id":"https:\/\/cefi.es\/en\/tienda\/publicaciones\/revista-comunicaciones\/revista-comunicaciones-no-64-octubre-diciembre-2011\/#primaryimage","url":"https:\/\/cefi.es\/wp-contenido\/uploads\/2020\/01\/Portada_Comunicaciones_64.jpg","contentUrl":"https:\/\/cefi.es\/wp-contenido\/uploads\/2020\/01\/Portada_Comunicaciones_64.jpg","width":376,"height":540},{"@type":"BreadcrumbList","@id":"https:\/\/cefi.es\/en\/tienda\/publicaciones\/revista-comunicaciones\/revista-comunicaciones-no-64-octubre-diciembre-2011\/#breadcrumb","itemListElement":[{"@type":"ListItem","position":1,"name":"Home","item":"https:\/\/cefi.es\/en\/"},{"@type":"ListItem","position":2,"name":"Products","item":"https:\/\/cefi.es\/en\/shop\/"},{"@type":"ListItem","position":3,"name":"Revista Comunicaciones N\u00ba 64 (Octubre-Diciembre 2011)"}]},{"@type":"WebSite","@id":"https:\/\/cefi.es\/en\/#website","url":"https:\/\/cefi.es\/en\/","name":"Centro de estudios para el fomento de la investigaci\u00f3n","description":"","publisher":{"@id":"https:\/\/cefi.es\/en\/#organization"},"potentialAction":[{"@type":"SearchAction","target":{"@type":"EntryPoint","urlTemplate":"https:\/\/cefi.es\/en\/?s={search_term_string}"},"query-input":{"@type":"PropertyValueSpecification","valueRequired":true,"valueName":"search_term_string"}}],"inLanguage":"en-US"},{"@type":"Organization","@id":"https:\/\/cefi.es\/en\/#organization","name":"Fundacion CeFi. Propiedad industrial e intelectual","url":"https:\/\/cefi.es\/en\/","logo":{"@type":"ImageObject","inLanguage":"en-US","@id":"https:\/\/cefi.es\/en\/#\/schema\/logo\/image\/","url":"https:\/\/cefi.es\/wp-contenido\/uploads\/2019\/12\/cropped-favicon-3.png","contentUrl":"https:\/\/cefi.es\/wp-contenido\/uploads\/2019\/12\/cropped-favicon-3.png","width":512,"height":512,"caption":"Fundacion CeFi. Propiedad industrial e intelectual"},"image":{"@id":"https:\/\/cefi.es\/en\/#\/schema\/logo\/image\/"}}]}},"_links":{"self":[{"href":"https:\/\/cefi.es\/en\/wp-json\/wp\/v2\/product\/5557","targetHints":{"allow":["GET"]}}],"collection":[{"href":"https:\/\/cefi.es\/en\/wp-json\/wp\/v2\/product"}],"about":[{"href":"https:\/\/cefi.es\/en\/wp-json\/wp\/v2\/types\/product"}],"version-history":[{"count":3,"href":"https:\/\/cefi.es\/en\/wp-json\/wp\/v2\/product\/5557\/revisions"}],"predecessor-version":[{"id":8616,"href":"https:\/\/cefi.es\/en\/wp-json\/wp\/v2\/product\/5557\/revisions\/8616"}],"wp:featuredmedia":[{"embeddable":true,"href":"https:\/\/cefi.es\/en\/wp-json\/wp\/v2\/media\/5314"}],"wp:attachment":[{"href":"https:\/\/cefi.es\/en\/wp-json\/wp\/v2\/media?parent=5557"}],"wp:term":[{"taxonomy":"product_brand","embeddable":true,"href":"https:\/\/cefi.es\/en\/wp-json\/wp\/v2\/product_brand?post=5557"},{"taxonomy":"product_cat","embeddable":true,"href":"https:\/\/cefi.es\/en\/wp-json\/wp\/v2\/product_cat?post=5557"},{"taxonomy":"product_tag","embeddable":true,"href":"https:\/\/cefi.es\/en\/wp-json\/wp\/v2\/product_tag?post=5557"}],"curies":[{"name":"wp","href":"https:\/\/api.w.org\/{rel}","templated":true}]}}