{"id":5551,"date":"2012-01-29T17:07:07","date_gmt":"2012-01-29T17:07:07","guid":{"rendered":"http:\/\/www.cefi.es\/?post_type=product&#038;p=5551"},"modified":"2021-02-02T10:11:31","modified_gmt":"2021-02-02T09:11:31","slug":"revista-comunicaciones-no-65-enero-abril-2012","status":"publish","type":"product","link":"https:\/\/cefi.es\/en\/tienda\/publicaciones\/revista-comunicaciones\/revista-comunicaciones-no-65-enero-abril-2012\/","title":{"rendered":"Revista Comunicaciones N\u00ba 65 <span>(Enero-Abril 2012)"},"content":{"rendered":"<p>La responsabilidad penal de las personas jur\u00eddicas en derecho espa\u00f1ol.<br \/>\n<em>Jes\u00fas-Mar\u00eda Silva S\u00e1nchez<\/em><\/p>\n<p>La protecci\u00f3n de la propiedad intelectual en el comercio exterior. El Acuerdo comercial de lucha contra la falsificaci\u00f3n y la pirater\u00eda.<br \/>\n<em>Isabel Pastor Arenillas y Beatriz San Agapito Olivares<\/em><\/p>\n<p>Dise\u00f1o, funci\u00f3n t\u00e9cnica y modelos de interconexiones.<br \/>\n<em>Alberto Casado Cervi\u00f1o<\/em><\/p>\n<p>Actualidad jurisprudencial comunitaria en materia de certificados complementarios de protecci\u00f3n.<br \/>\n<em>Rais Amils Arnal y Adri\u00e1n Crespo Velasco<\/em><\/p>\n<p>Dibujos y modelos comunitarios. Comentario a la sentencia del Tribunal de Justicia (Sala Cuarta), de 20 de octubre de 2011, asunto C-281\/10 PepsiCo Inc. contra Grupo Promer Mon Graphic, S.A.<br \/>\n<em>Jose Miguel Liss\u00e9n Arbeloa y Claudia de Juan Verger<\/em><\/p>\n<p>An\u00e1lisis de algunas resoluciones del registro de la propiedad intelectual de Andaluc\u00eda denegando el registro de obras cient\u00edficas.<br \/>\n<em>Teresa Mercadal Menchaca<\/em><\/p>\n<p>Publicidad comportamental en internet.<br \/>\n<em>Jes\u00fas Rub\u00ed Navarrete<\/em><\/p>\n<p>La autorregulaci\u00f3n europea de la publicidad comportamental: Gu\u00eda de Buenas Pr\u00e1cticas EASA y C\u00f3digo IAB.<br \/>\n<em>Jos\u00e9 Domingo G\u00f3mez Castallo y M\u00aa del Rosario Fernando Magarzo<\/em><\/p>\n<p>Aplicaci\u00f3n del derecho de la competencia a los descuentos y acuerdos de cooperaci\u00f3n comercial (algunas reflexiones).<br \/>\n<em>Antonio Mart\u00ednez S\u00e1nchez y Alfredo G\u00f3mez \u00c1lvarez<\/em><\/p>\n<p>El sector farmac\u00e9utico desde el punto de vista de la competencia.<br \/>\n<em>Noa Laguna Goya<\/em><\/p>\n<p>Actos de captaci\u00f3n directa de clientes. La STJUE (Gran Sala) de 5 de abril de 2011, asunto C-119\/09. La prohibici\u00f3n total de que los miembros de una profesi\u00f3n regulada efect\u00faen actos de captaci\u00f3n directa de clientes es contraria al derecho de la UE.<br \/>\n<em>Sergio Poza Mart\u00ednez<\/em><\/p>\n","protected":false},"excerpt":{"rendered":"<p>La responsabilidad penal de las personas jur\u00eddicas en derecho espa\u00f1ol. Jes\u00fas-Mar\u00eda Silva S\u00e1nchez La protecci\u00f3n de la propiedad intelectual en el comercio exterior. El Acuerdo comercial de lucha contra la falsificaci\u00f3n y la pirater\u00eda. Isabel Pastor Arenillas y Beatriz San Agapito Olivares Dise\u00f1o, funci\u00f3n t\u00e9cnica y modelos de interconexiones. Alberto Casado Cervi\u00f1o Actualidad jurisprudencial comunitaria [&hellip;]<\/p>\n","protected":false},"featured_media":5316,"template":"","meta":{"_acf_changed":false},"product_brand":[],"product_cat":[24,50],"product_tag":[],"class_list":{"0":"post-5551","1":"product","2":"type-product","3":"status-publish","4":"has-post-thumbnail","6":"product_cat-revista-comunicaciones","7":"product_cat-publicaciones","9":"first","10":"instock","11":"taxable","12":"shipping-taxable","13":"purchasable","14":"product-type-variable","15":"has-default-attributes"},"acf":[],"yoast_head":"<!-- This site is optimized with the Yoast SEO plugin v27.3 - https:\/\/yoast.com\/product\/yoast-seo-wordpress\/ -->\n<title>Revista Comunicaciones N\u00ba 65 (Enero-Abril 2012) - Centro de estudios para el fomento de la investigaci\u00f3n<\/title>\n<meta name=\"robots\" content=\"index, follow, max-snippet:-1, max-image-preview:large, max-video-preview:-1\" \/>\n<link rel=\"canonical\" href=\"https:\/\/cefi.es\/en\/tienda\/publicaciones\/revista-comunicaciones\/revista-comunicaciones-no-65-enero-abril-2012\/\" \/>\n<meta property=\"og:locale\" content=\"en_US\" \/>\n<meta property=\"og:type\" content=\"article\" \/>\n<meta property=\"og:title\" content=\"Revista Comunicaciones N\u00ba 65 (Enero-Abril 2012) - Centro de estudios para el fomento de la investigaci\u00f3n\" \/>\n<meta property=\"og:description\" content=\"La responsabilidad penal de las personas jur\u00eddicas en derecho espa\u00f1ol. Jes\u00fas-Mar\u00eda Silva S\u00e1nchez La protecci\u00f3n de la propiedad intelectual en el comercio exterior. El Acuerdo comercial de lucha contra la falsificaci\u00f3n y la pirater\u00eda. Isabel Pastor Arenillas y Beatriz San Agapito Olivares Dise\u00f1o, funci\u00f3n t\u00e9cnica y modelos de interconexiones. Alberto Casado Cervi\u00f1o Actualidad jurisprudencial comunitaria [&hellip;]\" \/>\n<meta property=\"og:url\" content=\"https:\/\/cefi.es\/en\/tienda\/publicaciones\/revista-comunicaciones\/revista-comunicaciones-no-65-enero-abril-2012\/\" \/>\n<meta property=\"og:site_name\" content=\"Centro de estudios para el fomento de la investigaci\u00f3n\" \/>\n<meta property=\"article:modified_time\" content=\"2021-02-02T09:11:31+00:00\" \/>\n<meta property=\"og:image\" content=\"https:\/\/cefi.es\/wp-contenido\/uploads\/2020\/01\/Portada_Comunicaciones_65.jpg\" \/>\n\t<meta property=\"og:image:width\" content=\"375\" \/>\n\t<meta property=\"og:image:height\" content=\"531\" \/>\n\t<meta property=\"og:image:type\" content=\"image\/jpeg\" \/>\n<meta name=\"twitter:card\" content=\"summary_large_image\" \/>\n<meta name=\"twitter:label1\" content=\"Est. reading time\" \/>\n\t<meta name=\"twitter:data1\" content=\"1 minute\" \/>\n<script type=\"application\/ld+json\" class=\"yoast-schema-graph\">{\"@context\":\"https:\\\/\\\/schema.org\",\"@graph\":[{\"@type\":\"WebPage\",\"@id\":\"https:\\\/\\\/cefi.es\\\/en\\\/tienda\\\/publicaciones\\\/revista-comunicaciones\\\/revista-comunicaciones-no-65-enero-abril-2012\\\/\",\"url\":\"https:\\\/\\\/cefi.es\\\/en\\\/tienda\\\/publicaciones\\\/revista-comunicaciones\\\/revista-comunicaciones-no-65-enero-abril-2012\\\/\",\"name\":\"Revista Comunicaciones N\u00ba 65 (Enero-Abril 2012) - Centro de estudios para el fomento de la investigaci\u00f3n\",\"isPartOf\":{\"@id\":\"https:\\\/\\\/cefi.es\\\/en\\\/#website\"},\"primaryImageOfPage\":{\"@id\":\"https:\\\/\\\/cefi.es\\\/en\\\/tienda\\\/publicaciones\\\/revista-comunicaciones\\\/revista-comunicaciones-no-65-enero-abril-2012\\\/#primaryimage\"},\"image\":{\"@id\":\"https:\\\/\\\/cefi.es\\\/en\\\/tienda\\\/publicaciones\\\/revista-comunicaciones\\\/revista-comunicaciones-no-65-enero-abril-2012\\\/#primaryimage\"},\"thumbnailUrl\":\"https:\\\/\\\/cefi.es\\\/wp-contenido\\\/uploads\\\/2020\\\/01\\\/Portada_Comunicaciones_65.jpg\",\"datePublished\":\"2012-01-29T17:07:07+00:00\",\"dateModified\":\"2021-02-02T09:11:31+00:00\",\"breadcrumb\":{\"@id\":\"https:\\\/\\\/cefi.es\\\/en\\\/tienda\\\/publicaciones\\\/revista-comunicaciones\\\/revista-comunicaciones-no-65-enero-abril-2012\\\/#breadcrumb\"},\"inLanguage\":\"en-US\",\"potentialAction\":[{\"@type\":\"ReadAction\",\"target\":[\"https:\\\/\\\/cefi.es\\\/en\\\/tienda\\\/publicaciones\\\/revista-comunicaciones\\\/revista-comunicaciones-no-65-enero-abril-2012\\\/\"]}]},{\"@type\":\"ImageObject\",\"inLanguage\":\"en-US\",\"@id\":\"https:\\\/\\\/cefi.es\\\/en\\\/tienda\\\/publicaciones\\\/revista-comunicaciones\\\/revista-comunicaciones-no-65-enero-abril-2012\\\/#primaryimage\",\"url\":\"https:\\\/\\\/cefi.es\\\/wp-contenido\\\/uploads\\\/2020\\\/01\\\/Portada_Comunicaciones_65.jpg\",\"contentUrl\":\"https:\\\/\\\/cefi.es\\\/wp-contenido\\\/uploads\\\/2020\\\/01\\\/Portada_Comunicaciones_65.jpg\",\"width\":375,\"height\":531},{\"@type\":\"BreadcrumbList\",\"@id\":\"https:\\\/\\\/cefi.es\\\/en\\\/tienda\\\/publicaciones\\\/revista-comunicaciones\\\/revista-comunicaciones-no-65-enero-abril-2012\\\/#breadcrumb\",\"itemListElement\":[{\"@type\":\"ListItem\",\"position\":1,\"name\":\"Home\",\"item\":\"https:\\\/\\\/cefi.es\\\/en\\\/\"},{\"@type\":\"ListItem\",\"position\":2,\"name\":\"Products\",\"item\":\"https:\\\/\\\/cefi.es\\\/en\\\/shop\\\/\"},{\"@type\":\"ListItem\",\"position\":3,\"name\":\"Revista Comunicaciones N\u00ba 65 (Enero-Abril 2012)\"}]},{\"@type\":\"WebSite\",\"@id\":\"https:\\\/\\\/cefi.es\\\/en\\\/#website\",\"url\":\"https:\\\/\\\/cefi.es\\\/en\\\/\",\"name\":\"Centro de estudios para el fomento de la investigaci\u00f3n\",\"description\":\"\",\"publisher\":{\"@id\":\"https:\\\/\\\/cefi.es\\\/en\\\/#organization\"},\"potentialAction\":[{\"@type\":\"SearchAction\",\"target\":{\"@type\":\"EntryPoint\",\"urlTemplate\":\"https:\\\/\\\/cefi.es\\\/en\\\/?s={search_term_string}\"},\"query-input\":{\"@type\":\"PropertyValueSpecification\",\"valueRequired\":true,\"valueName\":\"search_term_string\"}}],\"inLanguage\":\"en-US\"},{\"@type\":\"Organization\",\"@id\":\"https:\\\/\\\/cefi.es\\\/en\\\/#organization\",\"name\":\"Fundacion CeFi. Propiedad industrial e intelectual\",\"url\":\"https:\\\/\\\/cefi.es\\\/en\\\/\",\"logo\":{\"@type\":\"ImageObject\",\"inLanguage\":\"en-US\",\"@id\":\"https:\\\/\\\/cefi.es\\\/en\\\/#\\\/schema\\\/logo\\\/image\\\/\",\"url\":\"https:\\\/\\\/cefi.es\\\/wp-contenido\\\/uploads\\\/2019\\\/12\\\/cropped-favicon-3.png\",\"contentUrl\":\"https:\\\/\\\/cefi.es\\\/wp-contenido\\\/uploads\\\/2019\\\/12\\\/cropped-favicon-3.png\",\"width\":512,\"height\":512,\"caption\":\"Fundacion CeFi. Propiedad industrial e intelectual\"},\"image\":{\"@id\":\"https:\\\/\\\/cefi.es\\\/en\\\/#\\\/schema\\\/logo\\\/image\\\/\"}}]}<\/script>\n<!-- \/ Yoast SEO plugin. -->","yoast_head_json":{"title":"Revista Comunicaciones N\u00ba 65 (Enero-Abril 2012) - Centro de estudios para el fomento de la investigaci\u00f3n","robots":{"index":"index","follow":"follow","max-snippet":"max-snippet:-1","max-image-preview":"max-image-preview:large","max-video-preview":"max-video-preview:-1"},"canonical":"https:\/\/cefi.es\/en\/tienda\/publicaciones\/revista-comunicaciones\/revista-comunicaciones-no-65-enero-abril-2012\/","og_locale":"en_US","og_type":"article","og_title":"Revista Comunicaciones N\u00ba 65 (Enero-Abril 2012) - Centro de estudios para el fomento de la investigaci\u00f3n","og_description":"La responsabilidad penal de las personas jur\u00eddicas en derecho espa\u00f1ol. Jes\u00fas-Mar\u00eda Silva S\u00e1nchez La protecci\u00f3n de la propiedad intelectual en el comercio exterior. El Acuerdo comercial de lucha contra la falsificaci\u00f3n y la pirater\u00eda. Isabel Pastor Arenillas y Beatriz San Agapito Olivares Dise\u00f1o, funci\u00f3n t\u00e9cnica y modelos de interconexiones. Alberto Casado Cervi\u00f1o Actualidad jurisprudencial comunitaria [&hellip;]","og_url":"https:\/\/cefi.es\/en\/tienda\/publicaciones\/revista-comunicaciones\/revista-comunicaciones-no-65-enero-abril-2012\/","og_site_name":"Centro de estudios para el fomento de la investigaci\u00f3n","article_modified_time":"2021-02-02T09:11:31+00:00","og_image":[{"width":375,"height":531,"url":"https:\/\/cefi.es\/wp-contenido\/uploads\/2020\/01\/Portada_Comunicaciones_65.jpg","type":"image\/jpeg"}],"twitter_card":"summary_large_image","twitter_misc":{"Est. reading time":"1 minute"},"schema":{"@context":"https:\/\/schema.org","@graph":[{"@type":"WebPage","@id":"https:\/\/cefi.es\/en\/tienda\/publicaciones\/revista-comunicaciones\/revista-comunicaciones-no-65-enero-abril-2012\/","url":"https:\/\/cefi.es\/en\/tienda\/publicaciones\/revista-comunicaciones\/revista-comunicaciones-no-65-enero-abril-2012\/","name":"Revista Comunicaciones N\u00ba 65 (Enero-Abril 2012) - Centro de estudios para el fomento de la investigaci\u00f3n","isPartOf":{"@id":"https:\/\/cefi.es\/en\/#website"},"primaryImageOfPage":{"@id":"https:\/\/cefi.es\/en\/tienda\/publicaciones\/revista-comunicaciones\/revista-comunicaciones-no-65-enero-abril-2012\/#primaryimage"},"image":{"@id":"https:\/\/cefi.es\/en\/tienda\/publicaciones\/revista-comunicaciones\/revista-comunicaciones-no-65-enero-abril-2012\/#primaryimage"},"thumbnailUrl":"https:\/\/cefi.es\/wp-contenido\/uploads\/2020\/01\/Portada_Comunicaciones_65.jpg","datePublished":"2012-01-29T17:07:07+00:00","dateModified":"2021-02-02T09:11:31+00:00","breadcrumb":{"@id":"https:\/\/cefi.es\/en\/tienda\/publicaciones\/revista-comunicaciones\/revista-comunicaciones-no-65-enero-abril-2012\/#breadcrumb"},"inLanguage":"en-US","potentialAction":[{"@type":"ReadAction","target":["https:\/\/cefi.es\/en\/tienda\/publicaciones\/revista-comunicaciones\/revista-comunicaciones-no-65-enero-abril-2012\/"]}]},{"@type":"ImageObject","inLanguage":"en-US","@id":"https:\/\/cefi.es\/en\/tienda\/publicaciones\/revista-comunicaciones\/revista-comunicaciones-no-65-enero-abril-2012\/#primaryimage","url":"https:\/\/cefi.es\/wp-contenido\/uploads\/2020\/01\/Portada_Comunicaciones_65.jpg","contentUrl":"https:\/\/cefi.es\/wp-contenido\/uploads\/2020\/01\/Portada_Comunicaciones_65.jpg","width":375,"height":531},{"@type":"BreadcrumbList","@id":"https:\/\/cefi.es\/en\/tienda\/publicaciones\/revista-comunicaciones\/revista-comunicaciones-no-65-enero-abril-2012\/#breadcrumb","itemListElement":[{"@type":"ListItem","position":1,"name":"Home","item":"https:\/\/cefi.es\/en\/"},{"@type":"ListItem","position":2,"name":"Products","item":"https:\/\/cefi.es\/en\/shop\/"},{"@type":"ListItem","position":3,"name":"Revista Comunicaciones N\u00ba 65 (Enero-Abril 2012)"}]},{"@type":"WebSite","@id":"https:\/\/cefi.es\/en\/#website","url":"https:\/\/cefi.es\/en\/","name":"Centro de estudios para el fomento de la investigaci\u00f3n","description":"","publisher":{"@id":"https:\/\/cefi.es\/en\/#organization"},"potentialAction":[{"@type":"SearchAction","target":{"@type":"EntryPoint","urlTemplate":"https:\/\/cefi.es\/en\/?s={search_term_string}"},"query-input":{"@type":"PropertyValueSpecification","valueRequired":true,"valueName":"search_term_string"}}],"inLanguage":"en-US"},{"@type":"Organization","@id":"https:\/\/cefi.es\/en\/#organization","name":"Fundacion CeFi. Propiedad industrial e intelectual","url":"https:\/\/cefi.es\/en\/","logo":{"@type":"ImageObject","inLanguage":"en-US","@id":"https:\/\/cefi.es\/en\/#\/schema\/logo\/image\/","url":"https:\/\/cefi.es\/wp-contenido\/uploads\/2019\/12\/cropped-favicon-3.png","contentUrl":"https:\/\/cefi.es\/wp-contenido\/uploads\/2019\/12\/cropped-favicon-3.png","width":512,"height":512,"caption":"Fundacion CeFi. Propiedad industrial e intelectual"},"image":{"@id":"https:\/\/cefi.es\/en\/#\/schema\/logo\/image\/"}}]}},"_links":{"self":[{"href":"https:\/\/cefi.es\/en\/wp-json\/wp\/v2\/product\/5551","targetHints":{"allow":["GET"]}}],"collection":[{"href":"https:\/\/cefi.es\/en\/wp-json\/wp\/v2\/product"}],"about":[{"href":"https:\/\/cefi.es\/en\/wp-json\/wp\/v2\/types\/product"}],"version-history":[{"count":5,"href":"https:\/\/cefi.es\/en\/wp-json\/wp\/v2\/product\/5551\/revisions"}],"predecessor-version":[{"id":8614,"href":"https:\/\/cefi.es\/en\/wp-json\/wp\/v2\/product\/5551\/revisions\/8614"}],"wp:featuredmedia":[{"embeddable":true,"href":"https:\/\/cefi.es\/en\/wp-json\/wp\/v2\/media\/5316"}],"wp:attachment":[{"href":"https:\/\/cefi.es\/en\/wp-json\/wp\/v2\/media?parent=5551"}],"wp:term":[{"taxonomy":"product_brand","embeddable":true,"href":"https:\/\/cefi.es\/en\/wp-json\/wp\/v2\/product_brand?post=5551"},{"taxonomy":"product_cat","embeddable":true,"href":"https:\/\/cefi.es\/en\/wp-json\/wp\/v2\/product_cat?post=5551"},{"taxonomy":"product_tag","embeddable":true,"href":"https:\/\/cefi.es\/en\/wp-json\/wp\/v2\/product_tag?post=5551"}],"curies":[{"name":"wp","href":"https:\/\/api.w.org\/{rel}","templated":true}]}}