{"id":5547,"date":"2012-05-29T17:05:18","date_gmt":"2012-05-29T17:05:18","guid":{"rendered":"http:\/\/www.cefi.es\/?post_type=product&#038;p=5547"},"modified":"2021-02-02T10:11:31","modified_gmt":"2021-02-02T09:11:31","slug":"revista-comunicaciones-no-66-mayo-agosto-2012","status":"publish","type":"product","link":"https:\/\/cefi.es\/en\/tienda\/publicaciones\/revista-comunicaciones\/revista-comunicaciones-no-66-mayo-agosto-2012\/","title":{"rendered":"Revista Comunicaciones N\u00ba 66 <span>(Mayo-Agosto 2012)"},"content":{"rendered":"<p>Tratamiento de datos personales. Satisfacci\u00f3n del inter\u00e9s leg\u00edtimo. Ley de Protecci\u00f3n de Datos. Sentencia Tribunal Supremo, de 8 de febrero de 2012. Sentencia TJUE, de 24 de noviembre de 2011.<br \/>\n<em>Jes\u00fas Rub\u00ed Navarrete<\/em><\/p>\n<p>Patentes farmac\u00e9uticas: a vueltas de nuevo con la eficacia de las traducciones revisadas.<br \/>\n<em>Fundaci\u00f3n CEFI<\/em><\/p>\n<p>El futuro del tratamiento judicial de la nulidad de las patentes: art\u00edculo 138.3 del CPE.<br \/>\n<em>Blas A. Gonz\u00e1lez Navarro<\/em><\/p>\n<p>La novedad en los modelos de utilidad. El criterio dela secci\u00f3n 28\u00aa de la Audiencia Provincial de Madrid.<br \/>\n<em>Beatriz D\u00edaz de Escauriaza<\/em><\/p>\n<p>La problem\u00e1tica derivada de la determinaci\u00f3n del bien jur\u00eddico protegido y de la prueba del dolo en el delito de infracci\u00f3n del derecho de marca (art. 274 C\u00f3digo Penal).<br \/>\n<em>Julia Hern\u00e1ndez Jan\u00e9s<\/em><\/p>\n<p>Elementos pr\u00e1cticos en materia de infracci\u00f3n de patentes de la sentencia de la Audiencia Provincial de Madrid de 6 de febrero de 2011.<br \/>\n<em>Colm Ahern<\/em><\/p>\n<p>Comentario STJUE, de 1 de diciembre de 2011. Asuntos Acumulados C-466\/09 (Philips) y C-495\/09 (Nokia). Retenci\u00f3n provisional de mercanc\u00edas por las aduanas y decisi\u00f3n sobre el fondo.<br \/>\n<em>Ignacio Temi\u00f1o Ceniceros y Fernando Ortega S\u00e1nchez<\/em><\/p>\n<p>El &#8220;derecho al olvido&#8221;: \u00bfun derecho a ser &#8220;desindexado&#8221; por los buscadores?<br \/>\n<em>Cecilia \u00c1lvarez Rigaudias<\/em><\/p>\n<p>La inconstitucionalidad formal de la supresi\u00f3n del llamado &#8220;canon digital&#8221; por el Real Decreto-ley 20\/2011, de 30 de diciembre, de medidas urgentes en materia presupuestaria, tributaria y financiera para la reducci\u00f3n del d\u00e9ficit p\u00fablico.<br \/>\n<em>Juan Jos\u00e9 Mar\u00edn L\u00f3pez<\/em><\/p>\n<p>Publicidad encubierta y emplazamiento de producto. Sentencia del Tribunal de Justicia de la Uni\u00f3n Europea, de 9 de junio de 2011 (caso &#8220;Alter Channel&#8221;).<br \/>\n<em>Vicente Arias M\u00e1iz<\/em><\/p>\n<p>Comentario a la sentencia dictada por la Audiencia Provincial de Madrid (secci\u00f3n 28\u00ba) de 17 de junio de 2011, en el asunto Natur House.<br \/>\n<em>M\u00f3nica Esteve Sanz<\/em><\/p>\n<p>El estrechamiento de m\u00e1rgenes y la relaci\u00f3n entre regulaci\u00f3n y normas de la competencia en la sentencia Telef\u00f3nica.<br \/>\n<em>Helmut Brokelmann<\/em><\/p>\n<p>Contrataci\u00f3n p\u00fablica y concurrencia competitiva. Programas de actuaci\u00f3n integrada. Sentencia de 26 de mayo del Tribunal de Justicia de la Uni\u00f3n Europea (Sala 3\u00aa Asunto C-306\/08).<br \/>\n<em>Ana Mu\u00f1oz Pedraz<\/em><\/p>\n<p>El r\u00e9gimen legal de la utilizaci\u00f3n de muestras biol\u00f3gicas humanas en el marco de los bio-bancos para investigaci\u00f3n biom\u00e9dica.<br \/>\n<em>Pilar Nicol\u00e1s Jim\u00e9nez<\/em><\/p>\n<p>Sentencia Oliver Br\u00fcstle vs Greenpeace Ev (caso C-34\/10): l\u00edmite de patentabilidad de las c\u00e9lulas madre.<br \/>\n<em>Jos\u00e9 Mariano Cruz Garc\u00eda<\/em><\/p>\n","protected":false},"excerpt":{"rendered":"<p>Tratamiento de datos personales. Satisfacci\u00f3n del inter\u00e9s leg\u00edtimo. Ley de Protecci\u00f3n de Datos. Sentencia Tribunal Supremo, de 8 de febrero de 2012. Sentencia TJUE, de 24 de noviembre de 2011. Jes\u00fas Rub\u00ed Navarrete Patentes farmac\u00e9uticas: a vueltas de nuevo con la eficacia de las traducciones revisadas. Fundaci\u00f3n CEFI El futuro del tratamiento judicial de la [&hellip;]<\/p>\n","protected":false},"featured_media":5318,"template":"","meta":{"_acf_changed":false},"product_brand":[],"product_cat":[24,50],"product_tag":[],"class_list":{"0":"post-5547","1":"product","2":"type-product","3":"status-publish","4":"has-post-thumbnail","6":"product_cat-revista-comunicaciones","7":"product_cat-publicaciones","9":"first","10":"instock","11":"taxable","12":"shipping-taxable","13":"purchasable","14":"product-type-variable","15":"has-default-attributes"},"acf":[],"yoast_head":"<!-- This site is optimized with the Yoast SEO plugin v27.3 - https:\/\/yoast.com\/product\/yoast-seo-wordpress\/ -->\n<title>Revista Comunicaciones N\u00ba 66 (Mayo-Agosto 2012) - Centro de estudios para el fomento de la investigaci\u00f3n<\/title>\n<meta name=\"robots\" content=\"index, follow, max-snippet:-1, max-image-preview:large, max-video-preview:-1\" \/>\n<link rel=\"canonical\" href=\"https:\/\/cefi.es\/en\/tienda\/publicaciones\/revista-comunicaciones\/revista-comunicaciones-no-66-mayo-agosto-2012\/\" \/>\n<meta property=\"og:locale\" content=\"en_US\" \/>\n<meta property=\"og:type\" content=\"article\" \/>\n<meta property=\"og:title\" content=\"Revista Comunicaciones N\u00ba 66 (Mayo-Agosto 2012) - Centro de estudios para el fomento de la investigaci\u00f3n\" \/>\n<meta property=\"og:description\" content=\"Tratamiento de datos personales. Satisfacci\u00f3n del inter\u00e9s leg\u00edtimo. Ley de Protecci\u00f3n de Datos. Sentencia Tribunal Supremo, de 8 de febrero de 2012. Sentencia TJUE, de 24 de noviembre de 2011. Jes\u00fas Rub\u00ed Navarrete Patentes farmac\u00e9uticas: a vueltas de nuevo con la eficacia de las traducciones revisadas. Fundaci\u00f3n CEFI El futuro del tratamiento judicial de la [&hellip;]\" \/>\n<meta property=\"og:url\" content=\"https:\/\/cefi.es\/en\/tienda\/publicaciones\/revista-comunicaciones\/revista-comunicaciones-no-66-mayo-agosto-2012\/\" \/>\n<meta property=\"og:site_name\" content=\"Centro de estudios para el fomento de la investigaci\u00f3n\" \/>\n<meta property=\"article:modified_time\" content=\"2021-02-02T09:11:31+00:00\" \/>\n<meta property=\"og:image\" content=\"https:\/\/cefi.es\/wp-contenido\/uploads\/2020\/01\/Portada_Comunicaciones_66.jpg\" \/>\n\t<meta property=\"og:image:width\" content=\"377\" \/>\n\t<meta property=\"og:image:height\" content=\"545\" \/>\n\t<meta property=\"og:image:type\" content=\"image\/jpeg\" \/>\n<meta name=\"twitter:card\" content=\"summary_large_image\" \/>\n<meta name=\"twitter:label1\" content=\"Est. reading time\" \/>\n\t<meta name=\"twitter:data1\" content=\"2 minutes\" \/>\n<script type=\"application\/ld+json\" class=\"yoast-schema-graph\">{\"@context\":\"https:\\\/\\\/schema.org\",\"@graph\":[{\"@type\":\"WebPage\",\"@id\":\"https:\\\/\\\/cefi.es\\\/en\\\/tienda\\\/publicaciones\\\/revista-comunicaciones\\\/revista-comunicaciones-no-66-mayo-agosto-2012\\\/\",\"url\":\"https:\\\/\\\/cefi.es\\\/en\\\/tienda\\\/publicaciones\\\/revista-comunicaciones\\\/revista-comunicaciones-no-66-mayo-agosto-2012\\\/\",\"name\":\"Revista Comunicaciones N\u00ba 66 (Mayo-Agosto 2012) - Centro de estudios para el fomento de la investigaci\u00f3n\",\"isPartOf\":{\"@id\":\"https:\\\/\\\/cefi.es\\\/en\\\/#website\"},\"primaryImageOfPage\":{\"@id\":\"https:\\\/\\\/cefi.es\\\/en\\\/tienda\\\/publicaciones\\\/revista-comunicaciones\\\/revista-comunicaciones-no-66-mayo-agosto-2012\\\/#primaryimage\"},\"image\":{\"@id\":\"https:\\\/\\\/cefi.es\\\/en\\\/tienda\\\/publicaciones\\\/revista-comunicaciones\\\/revista-comunicaciones-no-66-mayo-agosto-2012\\\/#primaryimage\"},\"thumbnailUrl\":\"https:\\\/\\\/cefi.es\\\/wp-contenido\\\/uploads\\\/2020\\\/01\\\/Portada_Comunicaciones_66.jpg\",\"datePublished\":\"2012-05-29T17:05:18+00:00\",\"dateModified\":\"2021-02-02T09:11:31+00:00\",\"breadcrumb\":{\"@id\":\"https:\\\/\\\/cefi.es\\\/en\\\/tienda\\\/publicaciones\\\/revista-comunicaciones\\\/revista-comunicaciones-no-66-mayo-agosto-2012\\\/#breadcrumb\"},\"inLanguage\":\"en-US\",\"potentialAction\":[{\"@type\":\"ReadAction\",\"target\":[\"https:\\\/\\\/cefi.es\\\/en\\\/tienda\\\/publicaciones\\\/revista-comunicaciones\\\/revista-comunicaciones-no-66-mayo-agosto-2012\\\/\"]}]},{\"@type\":\"ImageObject\",\"inLanguage\":\"en-US\",\"@id\":\"https:\\\/\\\/cefi.es\\\/en\\\/tienda\\\/publicaciones\\\/revista-comunicaciones\\\/revista-comunicaciones-no-66-mayo-agosto-2012\\\/#primaryimage\",\"url\":\"https:\\\/\\\/cefi.es\\\/wp-contenido\\\/uploads\\\/2020\\\/01\\\/Portada_Comunicaciones_66.jpg\",\"contentUrl\":\"https:\\\/\\\/cefi.es\\\/wp-contenido\\\/uploads\\\/2020\\\/01\\\/Portada_Comunicaciones_66.jpg\",\"width\":377,\"height\":545},{\"@type\":\"BreadcrumbList\",\"@id\":\"https:\\\/\\\/cefi.es\\\/en\\\/tienda\\\/publicaciones\\\/revista-comunicaciones\\\/revista-comunicaciones-no-66-mayo-agosto-2012\\\/#breadcrumb\",\"itemListElement\":[{\"@type\":\"ListItem\",\"position\":1,\"name\":\"Home\",\"item\":\"https:\\\/\\\/cefi.es\\\/en\\\/\"},{\"@type\":\"ListItem\",\"position\":2,\"name\":\"Products\",\"item\":\"https:\\\/\\\/cefi.es\\\/en\\\/shop\\\/\"},{\"@type\":\"ListItem\",\"position\":3,\"name\":\"Revista Comunicaciones N\u00ba 66 (Mayo-Agosto 2012)\"}]},{\"@type\":\"WebSite\",\"@id\":\"https:\\\/\\\/cefi.es\\\/en\\\/#website\",\"url\":\"https:\\\/\\\/cefi.es\\\/en\\\/\",\"name\":\"Centro de estudios para el fomento de la investigaci\u00f3n\",\"description\":\"\",\"publisher\":{\"@id\":\"https:\\\/\\\/cefi.es\\\/en\\\/#organization\"},\"potentialAction\":[{\"@type\":\"SearchAction\",\"target\":{\"@type\":\"EntryPoint\",\"urlTemplate\":\"https:\\\/\\\/cefi.es\\\/en\\\/?s={search_term_string}\"},\"query-input\":{\"@type\":\"PropertyValueSpecification\",\"valueRequired\":true,\"valueName\":\"search_term_string\"}}],\"inLanguage\":\"en-US\"},{\"@type\":\"Organization\",\"@id\":\"https:\\\/\\\/cefi.es\\\/en\\\/#organization\",\"name\":\"Fundacion CeFi. Propiedad industrial e intelectual\",\"url\":\"https:\\\/\\\/cefi.es\\\/en\\\/\",\"logo\":{\"@type\":\"ImageObject\",\"inLanguage\":\"en-US\",\"@id\":\"https:\\\/\\\/cefi.es\\\/en\\\/#\\\/schema\\\/logo\\\/image\\\/\",\"url\":\"https:\\\/\\\/cefi.es\\\/wp-contenido\\\/uploads\\\/2019\\\/12\\\/cropped-favicon-3.png\",\"contentUrl\":\"https:\\\/\\\/cefi.es\\\/wp-contenido\\\/uploads\\\/2019\\\/12\\\/cropped-favicon-3.png\",\"width\":512,\"height\":512,\"caption\":\"Fundacion CeFi. Propiedad industrial e intelectual\"},\"image\":{\"@id\":\"https:\\\/\\\/cefi.es\\\/en\\\/#\\\/schema\\\/logo\\\/image\\\/\"}}]}<\/script>\n<!-- \/ Yoast SEO plugin. -->","yoast_head_json":{"title":"Revista Comunicaciones N\u00ba 66 (Mayo-Agosto 2012) - Centro de estudios para el fomento de la investigaci\u00f3n","robots":{"index":"index","follow":"follow","max-snippet":"max-snippet:-1","max-image-preview":"max-image-preview:large","max-video-preview":"max-video-preview:-1"},"canonical":"https:\/\/cefi.es\/en\/tienda\/publicaciones\/revista-comunicaciones\/revista-comunicaciones-no-66-mayo-agosto-2012\/","og_locale":"en_US","og_type":"article","og_title":"Revista Comunicaciones N\u00ba 66 (Mayo-Agosto 2012) - Centro de estudios para el fomento de la investigaci\u00f3n","og_description":"Tratamiento de datos personales. Satisfacci\u00f3n del inter\u00e9s leg\u00edtimo. Ley de Protecci\u00f3n de Datos. Sentencia Tribunal Supremo, de 8 de febrero de 2012. Sentencia TJUE, de 24 de noviembre de 2011. Jes\u00fas Rub\u00ed Navarrete Patentes farmac\u00e9uticas: a vueltas de nuevo con la eficacia de las traducciones revisadas. Fundaci\u00f3n CEFI El futuro del tratamiento judicial de la [&hellip;]","og_url":"https:\/\/cefi.es\/en\/tienda\/publicaciones\/revista-comunicaciones\/revista-comunicaciones-no-66-mayo-agosto-2012\/","og_site_name":"Centro de estudios para el fomento de la investigaci\u00f3n","article_modified_time":"2021-02-02T09:11:31+00:00","og_image":[{"width":377,"height":545,"url":"https:\/\/cefi.es\/wp-contenido\/uploads\/2020\/01\/Portada_Comunicaciones_66.jpg","type":"image\/jpeg"}],"twitter_card":"summary_large_image","twitter_misc":{"Est. reading time":"2 minutes"},"schema":{"@context":"https:\/\/schema.org","@graph":[{"@type":"WebPage","@id":"https:\/\/cefi.es\/en\/tienda\/publicaciones\/revista-comunicaciones\/revista-comunicaciones-no-66-mayo-agosto-2012\/","url":"https:\/\/cefi.es\/en\/tienda\/publicaciones\/revista-comunicaciones\/revista-comunicaciones-no-66-mayo-agosto-2012\/","name":"Revista Comunicaciones N\u00ba 66 (Mayo-Agosto 2012) - Centro de estudios para el fomento de la investigaci\u00f3n","isPartOf":{"@id":"https:\/\/cefi.es\/en\/#website"},"primaryImageOfPage":{"@id":"https:\/\/cefi.es\/en\/tienda\/publicaciones\/revista-comunicaciones\/revista-comunicaciones-no-66-mayo-agosto-2012\/#primaryimage"},"image":{"@id":"https:\/\/cefi.es\/en\/tienda\/publicaciones\/revista-comunicaciones\/revista-comunicaciones-no-66-mayo-agosto-2012\/#primaryimage"},"thumbnailUrl":"https:\/\/cefi.es\/wp-contenido\/uploads\/2020\/01\/Portada_Comunicaciones_66.jpg","datePublished":"2012-05-29T17:05:18+00:00","dateModified":"2021-02-02T09:11:31+00:00","breadcrumb":{"@id":"https:\/\/cefi.es\/en\/tienda\/publicaciones\/revista-comunicaciones\/revista-comunicaciones-no-66-mayo-agosto-2012\/#breadcrumb"},"inLanguage":"en-US","potentialAction":[{"@type":"ReadAction","target":["https:\/\/cefi.es\/en\/tienda\/publicaciones\/revista-comunicaciones\/revista-comunicaciones-no-66-mayo-agosto-2012\/"]}]},{"@type":"ImageObject","inLanguage":"en-US","@id":"https:\/\/cefi.es\/en\/tienda\/publicaciones\/revista-comunicaciones\/revista-comunicaciones-no-66-mayo-agosto-2012\/#primaryimage","url":"https:\/\/cefi.es\/wp-contenido\/uploads\/2020\/01\/Portada_Comunicaciones_66.jpg","contentUrl":"https:\/\/cefi.es\/wp-contenido\/uploads\/2020\/01\/Portada_Comunicaciones_66.jpg","width":377,"height":545},{"@type":"BreadcrumbList","@id":"https:\/\/cefi.es\/en\/tienda\/publicaciones\/revista-comunicaciones\/revista-comunicaciones-no-66-mayo-agosto-2012\/#breadcrumb","itemListElement":[{"@type":"ListItem","position":1,"name":"Home","item":"https:\/\/cefi.es\/en\/"},{"@type":"ListItem","position":2,"name":"Products","item":"https:\/\/cefi.es\/en\/shop\/"},{"@type":"ListItem","position":3,"name":"Revista Comunicaciones N\u00ba 66 (Mayo-Agosto 2012)"}]},{"@type":"WebSite","@id":"https:\/\/cefi.es\/en\/#website","url":"https:\/\/cefi.es\/en\/","name":"Centro de estudios para el fomento de la investigaci\u00f3n","description":"","publisher":{"@id":"https:\/\/cefi.es\/en\/#organization"},"potentialAction":[{"@type":"SearchAction","target":{"@type":"EntryPoint","urlTemplate":"https:\/\/cefi.es\/en\/?s={search_term_string}"},"query-input":{"@type":"PropertyValueSpecification","valueRequired":true,"valueName":"search_term_string"}}],"inLanguage":"en-US"},{"@type":"Organization","@id":"https:\/\/cefi.es\/en\/#organization","name":"Fundacion CeFi. Propiedad industrial e intelectual","url":"https:\/\/cefi.es\/en\/","logo":{"@type":"ImageObject","inLanguage":"en-US","@id":"https:\/\/cefi.es\/en\/#\/schema\/logo\/image\/","url":"https:\/\/cefi.es\/wp-contenido\/uploads\/2019\/12\/cropped-favicon-3.png","contentUrl":"https:\/\/cefi.es\/wp-contenido\/uploads\/2019\/12\/cropped-favicon-3.png","width":512,"height":512,"caption":"Fundacion CeFi. Propiedad industrial e intelectual"},"image":{"@id":"https:\/\/cefi.es\/en\/#\/schema\/logo\/image\/"}}]}},"_links":{"self":[{"href":"https:\/\/cefi.es\/en\/wp-json\/wp\/v2\/product\/5547","targetHints":{"allow":["GET"]}}],"collection":[{"href":"https:\/\/cefi.es\/en\/wp-json\/wp\/v2\/product"}],"about":[{"href":"https:\/\/cefi.es\/en\/wp-json\/wp\/v2\/types\/product"}],"version-history":[{"count":3,"href":"https:\/\/cefi.es\/en\/wp-json\/wp\/v2\/product\/5547\/revisions"}],"predecessor-version":[{"id":8612,"href":"https:\/\/cefi.es\/en\/wp-json\/wp\/v2\/product\/5547\/revisions\/8612"}],"wp:featuredmedia":[{"embeddable":true,"href":"https:\/\/cefi.es\/en\/wp-json\/wp\/v2\/media\/5318"}],"wp:attachment":[{"href":"https:\/\/cefi.es\/en\/wp-json\/wp\/v2\/media?parent=5547"}],"wp:term":[{"taxonomy":"product_brand","embeddable":true,"href":"https:\/\/cefi.es\/en\/wp-json\/wp\/v2\/product_brand?post=5547"},{"taxonomy":"product_cat","embeddable":true,"href":"https:\/\/cefi.es\/en\/wp-json\/wp\/v2\/product_cat?post=5547"},{"taxonomy":"product_tag","embeddable":true,"href":"https:\/\/cefi.es\/en\/wp-json\/wp\/v2\/product_tag?post=5547"}],"curies":[{"name":"wp","href":"https:\/\/api.w.org\/{rel}","templated":true}]}}