{"id":5523,"date":"2014-05-29T16:10:48","date_gmt":"2014-05-29T16:10:48","guid":{"rendered":"http:\/\/www.cefi.es\/?post_type=product&#038;p=5523"},"modified":"2021-02-02T10:11:32","modified_gmt":"2021-02-02T09:11:32","slug":"revista-comunicaciones-no-72-mayo-agosto-2014","status":"publish","type":"product","link":"https:\/\/cefi.es\/en\/tienda\/publicaciones\/revista-comunicaciones\/revista-comunicaciones-no-72-mayo-agosto-2014\/","title":{"rendered":"Revista Comunicaciones N\u00ba 72 <span>(Mayo-Agosto 2014)"},"content":{"rendered":"<p class=\"p1\">Normas sobre propiedad industrial presentes en el Anteproyecto de C\u00f3digo Mercantil.<br \/>\n<em>Francisco Javier Carri\u00f3n Garcia de Parada<\/em><\/p>\n<p class=\"p1\">El Derecho de la Competencia en el Anteproyecto de Ley de C\u00f3digo Mercantil.<br \/>\n<em>Helmut Brokelmann<\/em><\/p>\n<p class=\"p1\">El color como marca, Jazztel vs Orange.<br \/>\n<em>Laura Alonso Domingo<\/em><\/p>\n<p class=\"p1\">El derecho de uso previo en la Ley de Patentes y en el ADPIC.<br \/>\n<em>Juan A.Cuerva de Ca\u00f1as y Elena Raya Playa<\/em><\/p>\n<p class=\"p1\">La creaci\u00f3n de entidades de gesti\u00f3n de derechos de propiedad intelectual seg\u00fan la Ley de Garant\u00eda de la Unidad de Mercado y la Ley de Propiedad Intelectual.<br \/>\n<em>Blas A. Gonz\u00e1lez Navarro<\/em><\/p>\n<p class=\"p1\">La nueva normativa de telecomunicaciones y servicios de la sociedad de la informaci\u00f3n en la actividad publicitaria (Ley 9\/2014, de 9 de mayo).<br \/>\n<em>Paula Ortiz L\u00f3pez<\/em><\/p>\n<p class=\"p1\">Los intercambios de informaci\u00f3n entre competidores como infracci\u00f3n aut\u00f3noma del derecho de la competencia: una aproximaci\u00f3n a la pr\u00e1ctica de la autoridad espa\u00f1ola.<br \/>\n<em>Antonio Guerra Fern\u00e1ndez y Carmen Virg\u00f3s Mora<\/em><\/p>\n<p class=\"p1\">Cuestiones \u00e9ticas relativas al consentimiento informado de los sujetos que participan en ensayos cl\u00ednicos.<br \/>\n<em>Xisca Borr\u00e1s Pieri<\/em><\/p>\n","protected":false},"excerpt":{"rendered":"<p>Normas sobre propiedad industrial presentes en el Anteproyecto de C\u00f3digo Mercantil. Francisco Javier Carri\u00f3n Garcia de Parada El Derecho de la Competencia en el Anteproyecto de Ley de C\u00f3digo Mercantil. Helmut Brokelmann El color como marca, Jazztel vs Orange. Laura Alonso Domingo El derecho de uso previo en la Ley de Patentes y en el [&hellip;]<\/p>\n","protected":false},"featured_media":5330,"template":"","meta":{"_acf_changed":false},"product_brand":[],"product_cat":[24,50],"product_tag":[],"class_list":{"0":"post-5523","1":"product","2":"type-product","3":"status-publish","4":"has-post-thumbnail","6":"product_cat-revista-comunicaciones","7":"product_cat-publicaciones","9":"first","10":"instock","11":"taxable","12":"shipping-taxable","13":"purchasable","14":"product-type-variable","15":"has-default-attributes"},"acf":[],"yoast_head":"<!-- This site is optimized with the Yoast SEO plugin v27.3 - https:\/\/yoast.com\/product\/yoast-seo-wordpress\/ -->\n<title>Revista Comunicaciones N\u00ba 72 (Mayo-Agosto 2014) - Centro de estudios para el fomento de la investigaci\u00f3n<\/title>\n<meta name=\"robots\" content=\"index, follow, max-snippet:-1, max-image-preview:large, max-video-preview:-1\" \/>\n<link rel=\"canonical\" href=\"https:\/\/cefi.es\/en\/tienda\/publicaciones\/revista-comunicaciones\/revista-comunicaciones-no-72-mayo-agosto-2014\/\" \/>\n<meta property=\"og:locale\" content=\"en_US\" \/>\n<meta property=\"og:type\" content=\"article\" \/>\n<meta property=\"og:title\" content=\"Revista Comunicaciones N\u00ba 72 (Mayo-Agosto 2014) - Centro de estudios para el fomento de la investigaci\u00f3n\" \/>\n<meta property=\"og:description\" content=\"Normas sobre propiedad industrial presentes en el Anteproyecto de C\u00f3digo Mercantil. Francisco Javier Carri\u00f3n Garcia de Parada El Derecho de la Competencia en el Anteproyecto de Ley de C\u00f3digo Mercantil. Helmut Brokelmann El color como marca, Jazztel vs Orange. Laura Alonso Domingo El derecho de uso previo en la Ley de Patentes y en el [&hellip;]\" \/>\n<meta property=\"og:url\" content=\"https:\/\/cefi.es\/en\/tienda\/publicaciones\/revista-comunicaciones\/revista-comunicaciones-no-72-mayo-agosto-2014\/\" \/>\n<meta property=\"og:site_name\" content=\"Centro de estudios para el fomento de la investigaci\u00f3n\" \/>\n<meta property=\"article:modified_time\" content=\"2021-02-02T09:11:32+00:00\" \/>\n<meta property=\"og:image\" content=\"https:\/\/cefi.es\/wp-contenido\/uploads\/2020\/01\/Portada_Comunicaciones_72.jpg\" \/>\n\t<meta property=\"og:image:width\" content=\"303\" \/>\n\t<meta property=\"og:image:height\" content=\"438\" \/>\n\t<meta property=\"og:image:type\" content=\"image\/jpeg\" \/>\n<meta name=\"twitter:card\" content=\"summary_large_image\" \/>\n<meta name=\"twitter:label1\" content=\"Est. reading time\" \/>\n\t<meta name=\"twitter:data1\" content=\"1 minute\" \/>\n<script type=\"application\/ld+json\" class=\"yoast-schema-graph\">{\"@context\":\"https:\\\/\\\/schema.org\",\"@graph\":[{\"@type\":\"WebPage\",\"@id\":\"https:\\\/\\\/cefi.es\\\/en\\\/tienda\\\/publicaciones\\\/revista-comunicaciones\\\/revista-comunicaciones-no-72-mayo-agosto-2014\\\/\",\"url\":\"https:\\\/\\\/cefi.es\\\/en\\\/tienda\\\/publicaciones\\\/revista-comunicaciones\\\/revista-comunicaciones-no-72-mayo-agosto-2014\\\/\",\"name\":\"Revista Comunicaciones N\u00ba 72 (Mayo-Agosto 2014) - Centro de estudios para el fomento de la investigaci\u00f3n\",\"isPartOf\":{\"@id\":\"https:\\\/\\\/cefi.es\\\/en\\\/#website\"},\"primaryImageOfPage\":{\"@id\":\"https:\\\/\\\/cefi.es\\\/en\\\/tienda\\\/publicaciones\\\/revista-comunicaciones\\\/revista-comunicaciones-no-72-mayo-agosto-2014\\\/#primaryimage\"},\"image\":{\"@id\":\"https:\\\/\\\/cefi.es\\\/en\\\/tienda\\\/publicaciones\\\/revista-comunicaciones\\\/revista-comunicaciones-no-72-mayo-agosto-2014\\\/#primaryimage\"},\"thumbnailUrl\":\"https:\\\/\\\/cefi.es\\\/wp-contenido\\\/uploads\\\/2020\\\/01\\\/Portada_Comunicaciones_72.jpg\",\"datePublished\":\"2014-05-29T16:10:48+00:00\",\"dateModified\":\"2021-02-02T09:11:32+00:00\",\"breadcrumb\":{\"@id\":\"https:\\\/\\\/cefi.es\\\/en\\\/tienda\\\/publicaciones\\\/revista-comunicaciones\\\/revista-comunicaciones-no-72-mayo-agosto-2014\\\/#breadcrumb\"},\"inLanguage\":\"en-US\",\"potentialAction\":[{\"@type\":\"ReadAction\",\"target\":[\"https:\\\/\\\/cefi.es\\\/en\\\/tienda\\\/publicaciones\\\/revista-comunicaciones\\\/revista-comunicaciones-no-72-mayo-agosto-2014\\\/\"]}]},{\"@type\":\"ImageObject\",\"inLanguage\":\"en-US\",\"@id\":\"https:\\\/\\\/cefi.es\\\/en\\\/tienda\\\/publicaciones\\\/revista-comunicaciones\\\/revista-comunicaciones-no-72-mayo-agosto-2014\\\/#primaryimage\",\"url\":\"https:\\\/\\\/cefi.es\\\/wp-contenido\\\/uploads\\\/2020\\\/01\\\/Portada_Comunicaciones_72.jpg\",\"contentUrl\":\"https:\\\/\\\/cefi.es\\\/wp-contenido\\\/uploads\\\/2020\\\/01\\\/Portada_Comunicaciones_72.jpg\",\"width\":303,\"height\":438},{\"@type\":\"BreadcrumbList\",\"@id\":\"https:\\\/\\\/cefi.es\\\/en\\\/tienda\\\/publicaciones\\\/revista-comunicaciones\\\/revista-comunicaciones-no-72-mayo-agosto-2014\\\/#breadcrumb\",\"itemListElement\":[{\"@type\":\"ListItem\",\"position\":1,\"name\":\"Home\",\"item\":\"https:\\\/\\\/cefi.es\\\/en\\\/\"},{\"@type\":\"ListItem\",\"position\":2,\"name\":\"Products\",\"item\":\"https:\\\/\\\/cefi.es\\\/en\\\/shop\\\/\"},{\"@type\":\"ListItem\",\"position\":3,\"name\":\"Revista Comunicaciones N\u00ba 72 (Mayo-Agosto 2014)\"}]},{\"@type\":\"WebSite\",\"@id\":\"https:\\\/\\\/cefi.es\\\/en\\\/#website\",\"url\":\"https:\\\/\\\/cefi.es\\\/en\\\/\",\"name\":\"Centro de estudios para el fomento de la investigaci\u00f3n\",\"description\":\"\",\"publisher\":{\"@id\":\"https:\\\/\\\/cefi.es\\\/en\\\/#organization\"},\"potentialAction\":[{\"@type\":\"SearchAction\",\"target\":{\"@type\":\"EntryPoint\",\"urlTemplate\":\"https:\\\/\\\/cefi.es\\\/en\\\/?s={search_term_string}\"},\"query-input\":{\"@type\":\"PropertyValueSpecification\",\"valueRequired\":true,\"valueName\":\"search_term_string\"}}],\"inLanguage\":\"en-US\"},{\"@type\":\"Organization\",\"@id\":\"https:\\\/\\\/cefi.es\\\/en\\\/#organization\",\"name\":\"Fundacion CeFi. Propiedad industrial e intelectual\",\"url\":\"https:\\\/\\\/cefi.es\\\/en\\\/\",\"logo\":{\"@type\":\"ImageObject\",\"inLanguage\":\"en-US\",\"@id\":\"https:\\\/\\\/cefi.es\\\/en\\\/#\\\/schema\\\/logo\\\/image\\\/\",\"url\":\"https:\\\/\\\/cefi.es\\\/wp-contenido\\\/uploads\\\/2019\\\/12\\\/cropped-favicon-3.png\",\"contentUrl\":\"https:\\\/\\\/cefi.es\\\/wp-contenido\\\/uploads\\\/2019\\\/12\\\/cropped-favicon-3.png\",\"width\":512,\"height\":512,\"caption\":\"Fundacion CeFi. Propiedad industrial e intelectual\"},\"image\":{\"@id\":\"https:\\\/\\\/cefi.es\\\/en\\\/#\\\/schema\\\/logo\\\/image\\\/\"}}]}<\/script>\n<!-- \/ Yoast SEO plugin. -->","yoast_head_json":{"title":"Revista Comunicaciones N\u00ba 72 (Mayo-Agosto 2014) - Centro de estudios para el fomento de la investigaci\u00f3n","robots":{"index":"index","follow":"follow","max-snippet":"max-snippet:-1","max-image-preview":"max-image-preview:large","max-video-preview":"max-video-preview:-1"},"canonical":"https:\/\/cefi.es\/en\/tienda\/publicaciones\/revista-comunicaciones\/revista-comunicaciones-no-72-mayo-agosto-2014\/","og_locale":"en_US","og_type":"article","og_title":"Revista Comunicaciones N\u00ba 72 (Mayo-Agosto 2014) - Centro de estudios para el fomento de la investigaci\u00f3n","og_description":"Normas sobre propiedad industrial presentes en el Anteproyecto de C\u00f3digo Mercantil. Francisco Javier Carri\u00f3n Garcia de Parada El Derecho de la Competencia en el Anteproyecto de Ley de C\u00f3digo Mercantil. Helmut Brokelmann El color como marca, Jazztel vs Orange. Laura Alonso Domingo El derecho de uso previo en la Ley de Patentes y en el [&hellip;]","og_url":"https:\/\/cefi.es\/en\/tienda\/publicaciones\/revista-comunicaciones\/revista-comunicaciones-no-72-mayo-agosto-2014\/","og_site_name":"Centro de estudios para el fomento de la investigaci\u00f3n","article_modified_time":"2021-02-02T09:11:32+00:00","og_image":[{"width":303,"height":438,"url":"https:\/\/cefi.es\/wp-contenido\/uploads\/2020\/01\/Portada_Comunicaciones_72.jpg","type":"image\/jpeg"}],"twitter_card":"summary_large_image","twitter_misc":{"Est. reading time":"1 minute"},"schema":{"@context":"https:\/\/schema.org","@graph":[{"@type":"WebPage","@id":"https:\/\/cefi.es\/en\/tienda\/publicaciones\/revista-comunicaciones\/revista-comunicaciones-no-72-mayo-agosto-2014\/","url":"https:\/\/cefi.es\/en\/tienda\/publicaciones\/revista-comunicaciones\/revista-comunicaciones-no-72-mayo-agosto-2014\/","name":"Revista Comunicaciones N\u00ba 72 (Mayo-Agosto 2014) - Centro de estudios para el fomento de la investigaci\u00f3n","isPartOf":{"@id":"https:\/\/cefi.es\/en\/#website"},"primaryImageOfPage":{"@id":"https:\/\/cefi.es\/en\/tienda\/publicaciones\/revista-comunicaciones\/revista-comunicaciones-no-72-mayo-agosto-2014\/#primaryimage"},"image":{"@id":"https:\/\/cefi.es\/en\/tienda\/publicaciones\/revista-comunicaciones\/revista-comunicaciones-no-72-mayo-agosto-2014\/#primaryimage"},"thumbnailUrl":"https:\/\/cefi.es\/wp-contenido\/uploads\/2020\/01\/Portada_Comunicaciones_72.jpg","datePublished":"2014-05-29T16:10:48+00:00","dateModified":"2021-02-02T09:11:32+00:00","breadcrumb":{"@id":"https:\/\/cefi.es\/en\/tienda\/publicaciones\/revista-comunicaciones\/revista-comunicaciones-no-72-mayo-agosto-2014\/#breadcrumb"},"inLanguage":"en-US","potentialAction":[{"@type":"ReadAction","target":["https:\/\/cefi.es\/en\/tienda\/publicaciones\/revista-comunicaciones\/revista-comunicaciones-no-72-mayo-agosto-2014\/"]}]},{"@type":"ImageObject","inLanguage":"en-US","@id":"https:\/\/cefi.es\/en\/tienda\/publicaciones\/revista-comunicaciones\/revista-comunicaciones-no-72-mayo-agosto-2014\/#primaryimage","url":"https:\/\/cefi.es\/wp-contenido\/uploads\/2020\/01\/Portada_Comunicaciones_72.jpg","contentUrl":"https:\/\/cefi.es\/wp-contenido\/uploads\/2020\/01\/Portada_Comunicaciones_72.jpg","width":303,"height":438},{"@type":"BreadcrumbList","@id":"https:\/\/cefi.es\/en\/tienda\/publicaciones\/revista-comunicaciones\/revista-comunicaciones-no-72-mayo-agosto-2014\/#breadcrumb","itemListElement":[{"@type":"ListItem","position":1,"name":"Home","item":"https:\/\/cefi.es\/en\/"},{"@type":"ListItem","position":2,"name":"Products","item":"https:\/\/cefi.es\/en\/shop\/"},{"@type":"ListItem","position":3,"name":"Revista Comunicaciones N\u00ba 72 (Mayo-Agosto 2014)"}]},{"@type":"WebSite","@id":"https:\/\/cefi.es\/en\/#website","url":"https:\/\/cefi.es\/en\/","name":"Centro de estudios para el fomento de la investigaci\u00f3n","description":"","publisher":{"@id":"https:\/\/cefi.es\/en\/#organization"},"potentialAction":[{"@type":"SearchAction","target":{"@type":"EntryPoint","urlTemplate":"https:\/\/cefi.es\/en\/?s={search_term_string}"},"query-input":{"@type":"PropertyValueSpecification","valueRequired":true,"valueName":"search_term_string"}}],"inLanguage":"en-US"},{"@type":"Organization","@id":"https:\/\/cefi.es\/en\/#organization","name":"Fundacion CeFi. Propiedad industrial e intelectual","url":"https:\/\/cefi.es\/en\/","logo":{"@type":"ImageObject","inLanguage":"en-US","@id":"https:\/\/cefi.es\/en\/#\/schema\/logo\/image\/","url":"https:\/\/cefi.es\/wp-contenido\/uploads\/2019\/12\/cropped-favicon-3.png","contentUrl":"https:\/\/cefi.es\/wp-contenido\/uploads\/2019\/12\/cropped-favicon-3.png","width":512,"height":512,"caption":"Fundacion CeFi. Propiedad industrial e intelectual"},"image":{"@id":"https:\/\/cefi.es\/en\/#\/schema\/logo\/image\/"}}]}},"_links":{"self":[{"href":"https:\/\/cefi.es\/en\/wp-json\/wp\/v2\/product\/5523","targetHints":{"allow":["GET"]}}],"collection":[{"href":"https:\/\/cefi.es\/en\/wp-json\/wp\/v2\/product"}],"about":[{"href":"https:\/\/cefi.es\/en\/wp-json\/wp\/v2\/types\/product"}],"version-history":[{"count":3,"href":"https:\/\/cefi.es\/en\/wp-json\/wp\/v2\/product\/5523\/revisions"}],"predecessor-version":[{"id":8600,"href":"https:\/\/cefi.es\/en\/wp-json\/wp\/v2\/product\/5523\/revisions\/8600"}],"wp:featuredmedia":[{"embeddable":true,"href":"https:\/\/cefi.es\/en\/wp-json\/wp\/v2\/media\/5330"}],"wp:attachment":[{"href":"https:\/\/cefi.es\/en\/wp-json\/wp\/v2\/media?parent=5523"}],"wp:term":[{"taxonomy":"product_brand","embeddable":true,"href":"https:\/\/cefi.es\/en\/wp-json\/wp\/v2\/product_brand?post=5523"},{"taxonomy":"product_cat","embeddable":true,"href":"https:\/\/cefi.es\/en\/wp-json\/wp\/v2\/product_cat?post=5523"},{"taxonomy":"product_tag","embeddable":true,"href":"https:\/\/cefi.es\/en\/wp-json\/wp\/v2\/product_tag?post=5523"}],"curies":[{"name":"wp","href":"https:\/\/api.w.org\/{rel}","templated":true}]}}