{"id":5514,"date":"2015-01-29T16:07:35","date_gmt":"2015-01-29T16:07:35","guid":{"rendered":"http:\/\/www.cefi.es\/?post_type=product&#038;p=5514"},"modified":"2021-02-02T10:11:32","modified_gmt":"2021-02-02T09:11:32","slug":"revista-comunicaciones-no-74-enero-abril-2015-copia","status":"publish","type":"product","link":"https:\/\/cefi.es\/en\/tienda\/publicaciones\/revista-comunicaciones\/revista-comunicaciones-no-74-enero-abril-2015-copia\/","title":{"rendered":"Revista Comunicaciones N\u00ba 74 <span>(Enero-Abril 2015)"},"content":{"rendered":"<p class=\"p1\">An\u00e1lisis de los acuerdos de transferencia de tecnolog\u00eda conforme al Reglamento (UE) n\u00ba 316\/2014, de 21 de marzo de 2014.<br \/>\n<em>I\u00f1igo Igartua Arregui y Andrea D\u00edez de Ur\u00e9.<\/em><\/p>\n<p class=\"p1\">La desaparici\u00f3n de la denominada &#8220;inmunidad registral&#8221; en el Derecho de Marcas.<br \/>\n<em>Carlos Lema Devesa<\/em><\/p>\n<p class=\"p1\">La mediaci\u00f3n en materia de propiedad industrial.<br \/>\n<em>Marta Gonz\u00e1lez D\u00edaz<\/em><\/p>\n<p class=\"p1\">Conservar el registro de un nombre de dominio por la v\u00eda del art. 348 C\u00f3digo Civil. Algunas cuestiones a ra\u00edz de la sentencia de la Secci\u00f3n 11\u00aa de la AP de Madrid de 9 de diciembre de 2013.<br \/>\n<i>Jorge Oria Sousa Montes<\/i><\/p>\n<p class=\"p1\">Metamotores de b\u00fasqueda. Extracci\u00f3n y reutilizaci\u00f3n del contenido de una base de datos. Sentencia del Tribunal de Justicia de la Uni\u00f3n Europea (Sala Quinta), de 19 de diciembre de 2013, asunto C-202\/12 (Innoweb, BV contra Wegener ICT Media, BV y Wegener Mediaventions, BV).<br \/>\n<em>Jos\u00e9 Antonio Sanmart\u00edn<\/em><\/p>\n<p class=\"p1\">Publicidad il\u00edcita de medicamentos gen\u00e9ricos: el empleo de la marca ajena y el aprovechamiento de la reputaci\u00f3n del innovador.<br \/>\n<em>Alfonso Gallego Montoya y Blas Alberto Gonz\u00e1lez Navarro<\/em><\/p>\n<p class=\"p1\">Contenido de marca \/ &#8220;brand content&#8221;. Nueva forma de comunicaci\u00f3n.<br \/>\n<em>Ricardo P\u00e9rez-Solero Puig<\/em><\/p>\n<p class=\"p1\">An\u00e1lisis de la Directiva del Parlamento Europeo y del Consejo relativa a determinadas normas por las que se rigen las demandas por da\u00f1os y perjuicios por infracciones de las disposiciones del Derecho de la Competencia de los Estados miembros de la UE.<br \/>\n<em>Edurne Navarro Varona<\/em><\/p>\n<p class=\"p1\">La copia desleal de envases.<br \/>\n<em>Iv\u00e1n L. Sempere Massa<\/em><\/p>\n<p class=\"p1\">Los Colegios profesionales en el contexto de un mercado libre. \u00bfEn qu\u00e9 medida los colegios profesionales son compatibles con las exigencias del Derecho de Defensa de la Competencia? \u00bfResponde la reciente reforma a las necesidades existentes en este \u00e1mbito?<br \/>\n<em>Ana Mu\u00f1oz Pedraz<\/em><\/p>\n<p class=\"p1\">Patentabilidad y clonaci\u00f3n.<br \/>\n<em>Agust\u00edn Alconada Rodr\u00edguez<\/em><\/p>\n","protected":false},"excerpt":{"rendered":"<p>An\u00e1lisis de los acuerdos de transferencia de tecnolog\u00eda conforme al Reglamento (UE) n\u00ba 316\/2014, de 21 de marzo de 2014. I\u00f1igo Igartua Arregui y Andrea D\u00edez de Ur\u00e9. La desaparici\u00f3n de la denominada &#8220;inmunidad registral&#8221; en el Derecho de Marcas. Carlos Lema Devesa La mediaci\u00f3n en materia de propiedad industrial. Marta Gonz\u00e1lez D\u00edaz Conservar el [&hellip;]<\/p>\n","protected":false},"featured_media":5334,"template":"","meta":{"_acf_changed":false},"product_brand":[],"product_cat":[50,24],"product_tag":[],"class_list":{"0":"post-5514","1":"product","2":"type-product","3":"status-publish","4":"has-post-thumbnail","6":"product_cat-publicaciones","7":"product_cat-revista-comunicaciones","9":"first","10":"instock","11":"taxable","12":"shipping-taxable","13":"purchasable","14":"product-type-variable","15":"has-default-attributes"},"acf":[],"yoast_head":"<!-- This site is optimized with the Yoast SEO plugin v27.3 - https:\/\/yoast.com\/product\/yoast-seo-wordpress\/ -->\n<title>Revista Comunicaciones N\u00ba 74 (Enero-Abril 2015) - Centro de estudios para el fomento de la investigaci\u00f3n<\/title>\n<meta name=\"robots\" content=\"index, follow, max-snippet:-1, max-image-preview:large, max-video-preview:-1\" \/>\n<link rel=\"canonical\" href=\"https:\/\/cefi.es\/en\/tienda\/publicaciones\/revista-comunicaciones\/revista-comunicaciones-no-74-enero-abril-2015-copia\/\" \/>\n<meta property=\"og:locale\" content=\"en_US\" \/>\n<meta property=\"og:type\" content=\"article\" \/>\n<meta property=\"og:title\" content=\"Revista Comunicaciones N\u00ba 74 (Enero-Abril 2015) - Centro de estudios para el fomento de la investigaci\u00f3n\" \/>\n<meta property=\"og:description\" content=\"An\u00e1lisis de los acuerdos de transferencia de tecnolog\u00eda conforme al Reglamento (UE) n\u00ba 316\/2014, de 21 de marzo de 2014. I\u00f1igo Igartua Arregui y Andrea D\u00edez de Ur\u00e9. La desaparici\u00f3n de la denominada &#8220;inmunidad registral&#8221; en el Derecho de Marcas. Carlos Lema Devesa La mediaci\u00f3n en materia de propiedad industrial. Marta Gonz\u00e1lez D\u00edaz Conservar el [&hellip;]\" \/>\n<meta property=\"og:url\" content=\"https:\/\/cefi.es\/en\/tienda\/publicaciones\/revista-comunicaciones\/revista-comunicaciones-no-74-enero-abril-2015-copia\/\" \/>\n<meta property=\"og:site_name\" content=\"Centro de estudios para el fomento de la investigaci\u00f3n\" \/>\n<meta property=\"article:modified_time\" content=\"2021-02-02T09:11:32+00:00\" \/>\n<meta property=\"og:image\" content=\"https:\/\/cefi.es\/wp-contenido\/uploads\/2020\/01\/Portada_Comunicaciones_74.jpg\" \/>\n\t<meta property=\"og:image:width\" content=\"716\" \/>\n\t<meta property=\"og:image:height\" content=\"1035\" \/>\n\t<meta property=\"og:image:type\" content=\"image\/jpeg\" \/>\n<meta name=\"twitter:card\" content=\"summary_large_image\" \/>\n<meta name=\"twitter:label1\" content=\"Est. reading time\" \/>\n\t<meta name=\"twitter:data1\" content=\"2 minutes\" \/>\n<script type=\"application\/ld+json\" class=\"yoast-schema-graph\">{\"@context\":\"https:\\\/\\\/schema.org\",\"@graph\":[{\"@type\":\"WebPage\",\"@id\":\"https:\\\/\\\/cefi.es\\\/en\\\/tienda\\\/publicaciones\\\/revista-comunicaciones\\\/revista-comunicaciones-no-74-enero-abril-2015-copia\\\/\",\"url\":\"https:\\\/\\\/cefi.es\\\/en\\\/tienda\\\/publicaciones\\\/revista-comunicaciones\\\/revista-comunicaciones-no-74-enero-abril-2015-copia\\\/\",\"name\":\"Revista Comunicaciones N\u00ba 74 (Enero-Abril 2015) - Centro de estudios para el fomento de la investigaci\u00f3n\",\"isPartOf\":{\"@id\":\"https:\\\/\\\/cefi.es\\\/en\\\/#website\"},\"primaryImageOfPage\":{\"@id\":\"https:\\\/\\\/cefi.es\\\/en\\\/tienda\\\/publicaciones\\\/revista-comunicaciones\\\/revista-comunicaciones-no-74-enero-abril-2015-copia\\\/#primaryimage\"},\"image\":{\"@id\":\"https:\\\/\\\/cefi.es\\\/en\\\/tienda\\\/publicaciones\\\/revista-comunicaciones\\\/revista-comunicaciones-no-74-enero-abril-2015-copia\\\/#primaryimage\"},\"thumbnailUrl\":\"https:\\\/\\\/cefi.es\\\/wp-contenido\\\/uploads\\\/2020\\\/01\\\/Portada_Comunicaciones_74.jpg\",\"datePublished\":\"2015-01-29T16:07:35+00:00\",\"dateModified\":\"2021-02-02T09:11:32+00:00\",\"breadcrumb\":{\"@id\":\"https:\\\/\\\/cefi.es\\\/en\\\/tienda\\\/publicaciones\\\/revista-comunicaciones\\\/revista-comunicaciones-no-74-enero-abril-2015-copia\\\/#breadcrumb\"},\"inLanguage\":\"en-US\",\"potentialAction\":[{\"@type\":\"ReadAction\",\"target\":[\"https:\\\/\\\/cefi.es\\\/en\\\/tienda\\\/publicaciones\\\/revista-comunicaciones\\\/revista-comunicaciones-no-74-enero-abril-2015-copia\\\/\"]}]},{\"@type\":\"ImageObject\",\"inLanguage\":\"en-US\",\"@id\":\"https:\\\/\\\/cefi.es\\\/en\\\/tienda\\\/publicaciones\\\/revista-comunicaciones\\\/revista-comunicaciones-no-74-enero-abril-2015-copia\\\/#primaryimage\",\"url\":\"https:\\\/\\\/cefi.es\\\/wp-contenido\\\/uploads\\\/2020\\\/01\\\/Portada_Comunicaciones_74.jpg\",\"contentUrl\":\"https:\\\/\\\/cefi.es\\\/wp-contenido\\\/uploads\\\/2020\\\/01\\\/Portada_Comunicaciones_74.jpg\",\"width\":716,\"height\":1035},{\"@type\":\"BreadcrumbList\",\"@id\":\"https:\\\/\\\/cefi.es\\\/en\\\/tienda\\\/publicaciones\\\/revista-comunicaciones\\\/revista-comunicaciones-no-74-enero-abril-2015-copia\\\/#breadcrumb\",\"itemListElement\":[{\"@type\":\"ListItem\",\"position\":1,\"name\":\"Home\",\"item\":\"https:\\\/\\\/cefi.es\\\/en\\\/\"},{\"@type\":\"ListItem\",\"position\":2,\"name\":\"Products\",\"item\":\"https:\\\/\\\/cefi.es\\\/en\\\/shop\\\/\"},{\"@type\":\"ListItem\",\"position\":3,\"name\":\"Revista Comunicaciones N\u00ba 74 (Enero-Abril 2015)\"}]},{\"@type\":\"WebSite\",\"@id\":\"https:\\\/\\\/cefi.es\\\/en\\\/#website\",\"url\":\"https:\\\/\\\/cefi.es\\\/en\\\/\",\"name\":\"Centro de estudios para el fomento de la investigaci\u00f3n\",\"description\":\"\",\"publisher\":{\"@id\":\"https:\\\/\\\/cefi.es\\\/en\\\/#organization\"},\"potentialAction\":[{\"@type\":\"SearchAction\",\"target\":{\"@type\":\"EntryPoint\",\"urlTemplate\":\"https:\\\/\\\/cefi.es\\\/en\\\/?s={search_term_string}\"},\"query-input\":{\"@type\":\"PropertyValueSpecification\",\"valueRequired\":true,\"valueName\":\"search_term_string\"}}],\"inLanguage\":\"en-US\"},{\"@type\":\"Organization\",\"@id\":\"https:\\\/\\\/cefi.es\\\/en\\\/#organization\",\"name\":\"Fundacion CeFi. Propiedad industrial e intelectual\",\"url\":\"https:\\\/\\\/cefi.es\\\/en\\\/\",\"logo\":{\"@type\":\"ImageObject\",\"inLanguage\":\"en-US\",\"@id\":\"https:\\\/\\\/cefi.es\\\/en\\\/#\\\/schema\\\/logo\\\/image\\\/\",\"url\":\"https:\\\/\\\/cefi.es\\\/wp-contenido\\\/uploads\\\/2019\\\/12\\\/cropped-favicon-3.png\",\"contentUrl\":\"https:\\\/\\\/cefi.es\\\/wp-contenido\\\/uploads\\\/2019\\\/12\\\/cropped-favicon-3.png\",\"width\":512,\"height\":512,\"caption\":\"Fundacion CeFi. Propiedad industrial e intelectual\"},\"image\":{\"@id\":\"https:\\\/\\\/cefi.es\\\/en\\\/#\\\/schema\\\/logo\\\/image\\\/\"}}]}<\/script>\n<!-- \/ Yoast SEO plugin. -->","yoast_head_json":{"title":"Revista Comunicaciones N\u00ba 74 (Enero-Abril 2015) - Centro de estudios para el fomento de la investigaci\u00f3n","robots":{"index":"index","follow":"follow","max-snippet":"max-snippet:-1","max-image-preview":"max-image-preview:large","max-video-preview":"max-video-preview:-1"},"canonical":"https:\/\/cefi.es\/en\/tienda\/publicaciones\/revista-comunicaciones\/revista-comunicaciones-no-74-enero-abril-2015-copia\/","og_locale":"en_US","og_type":"article","og_title":"Revista Comunicaciones N\u00ba 74 (Enero-Abril 2015) - Centro de estudios para el fomento de la investigaci\u00f3n","og_description":"An\u00e1lisis de los acuerdos de transferencia de tecnolog\u00eda conforme al Reglamento (UE) n\u00ba 316\/2014, de 21 de marzo de 2014. I\u00f1igo Igartua Arregui y Andrea D\u00edez de Ur\u00e9. La desaparici\u00f3n de la denominada &#8220;inmunidad registral&#8221; en el Derecho de Marcas. Carlos Lema Devesa La mediaci\u00f3n en materia de propiedad industrial. Marta Gonz\u00e1lez D\u00edaz Conservar el [&hellip;]","og_url":"https:\/\/cefi.es\/en\/tienda\/publicaciones\/revista-comunicaciones\/revista-comunicaciones-no-74-enero-abril-2015-copia\/","og_site_name":"Centro de estudios para el fomento de la investigaci\u00f3n","article_modified_time":"2021-02-02T09:11:32+00:00","og_image":[{"width":716,"height":1035,"url":"https:\/\/cefi.es\/wp-contenido\/uploads\/2020\/01\/Portada_Comunicaciones_74.jpg","type":"image\/jpeg"}],"twitter_card":"summary_large_image","twitter_misc":{"Est. reading time":"2 minutes"},"schema":{"@context":"https:\/\/schema.org","@graph":[{"@type":"WebPage","@id":"https:\/\/cefi.es\/en\/tienda\/publicaciones\/revista-comunicaciones\/revista-comunicaciones-no-74-enero-abril-2015-copia\/","url":"https:\/\/cefi.es\/en\/tienda\/publicaciones\/revista-comunicaciones\/revista-comunicaciones-no-74-enero-abril-2015-copia\/","name":"Revista Comunicaciones N\u00ba 74 (Enero-Abril 2015) - Centro de estudios para el fomento de la investigaci\u00f3n","isPartOf":{"@id":"https:\/\/cefi.es\/en\/#website"},"primaryImageOfPage":{"@id":"https:\/\/cefi.es\/en\/tienda\/publicaciones\/revista-comunicaciones\/revista-comunicaciones-no-74-enero-abril-2015-copia\/#primaryimage"},"image":{"@id":"https:\/\/cefi.es\/en\/tienda\/publicaciones\/revista-comunicaciones\/revista-comunicaciones-no-74-enero-abril-2015-copia\/#primaryimage"},"thumbnailUrl":"https:\/\/cefi.es\/wp-contenido\/uploads\/2020\/01\/Portada_Comunicaciones_74.jpg","datePublished":"2015-01-29T16:07:35+00:00","dateModified":"2021-02-02T09:11:32+00:00","breadcrumb":{"@id":"https:\/\/cefi.es\/en\/tienda\/publicaciones\/revista-comunicaciones\/revista-comunicaciones-no-74-enero-abril-2015-copia\/#breadcrumb"},"inLanguage":"en-US","potentialAction":[{"@type":"ReadAction","target":["https:\/\/cefi.es\/en\/tienda\/publicaciones\/revista-comunicaciones\/revista-comunicaciones-no-74-enero-abril-2015-copia\/"]}]},{"@type":"ImageObject","inLanguage":"en-US","@id":"https:\/\/cefi.es\/en\/tienda\/publicaciones\/revista-comunicaciones\/revista-comunicaciones-no-74-enero-abril-2015-copia\/#primaryimage","url":"https:\/\/cefi.es\/wp-contenido\/uploads\/2020\/01\/Portada_Comunicaciones_74.jpg","contentUrl":"https:\/\/cefi.es\/wp-contenido\/uploads\/2020\/01\/Portada_Comunicaciones_74.jpg","width":716,"height":1035},{"@type":"BreadcrumbList","@id":"https:\/\/cefi.es\/en\/tienda\/publicaciones\/revista-comunicaciones\/revista-comunicaciones-no-74-enero-abril-2015-copia\/#breadcrumb","itemListElement":[{"@type":"ListItem","position":1,"name":"Home","item":"https:\/\/cefi.es\/en\/"},{"@type":"ListItem","position":2,"name":"Products","item":"https:\/\/cefi.es\/en\/shop\/"},{"@type":"ListItem","position":3,"name":"Revista Comunicaciones N\u00ba 74 (Enero-Abril 2015)"}]},{"@type":"WebSite","@id":"https:\/\/cefi.es\/en\/#website","url":"https:\/\/cefi.es\/en\/","name":"Centro de estudios para el fomento de la investigaci\u00f3n","description":"","publisher":{"@id":"https:\/\/cefi.es\/en\/#organization"},"potentialAction":[{"@type":"SearchAction","target":{"@type":"EntryPoint","urlTemplate":"https:\/\/cefi.es\/en\/?s={search_term_string}"},"query-input":{"@type":"PropertyValueSpecification","valueRequired":true,"valueName":"search_term_string"}}],"inLanguage":"en-US"},{"@type":"Organization","@id":"https:\/\/cefi.es\/en\/#organization","name":"Fundacion CeFi. Propiedad industrial e intelectual","url":"https:\/\/cefi.es\/en\/","logo":{"@type":"ImageObject","inLanguage":"en-US","@id":"https:\/\/cefi.es\/en\/#\/schema\/logo\/image\/","url":"https:\/\/cefi.es\/wp-contenido\/uploads\/2019\/12\/cropped-favicon-3.png","contentUrl":"https:\/\/cefi.es\/wp-contenido\/uploads\/2019\/12\/cropped-favicon-3.png","width":512,"height":512,"caption":"Fundacion CeFi. Propiedad industrial e intelectual"},"image":{"@id":"https:\/\/cefi.es\/en\/#\/schema\/logo\/image\/"}}]}},"_links":{"self":[{"href":"https:\/\/cefi.es\/en\/wp-json\/wp\/v2\/product\/5514","targetHints":{"allow":["GET"]}}],"collection":[{"href":"https:\/\/cefi.es\/en\/wp-json\/wp\/v2\/product"}],"about":[{"href":"https:\/\/cefi.es\/en\/wp-json\/wp\/v2\/types\/product"}],"version-history":[{"count":4,"href":"https:\/\/cefi.es\/en\/wp-json\/wp\/v2\/product\/5514\/revisions"}],"predecessor-version":[{"id":8596,"href":"https:\/\/cefi.es\/en\/wp-json\/wp\/v2\/product\/5514\/revisions\/8596"}],"wp:featuredmedia":[{"embeddable":true,"href":"https:\/\/cefi.es\/en\/wp-json\/wp\/v2\/media\/5334"}],"wp:attachment":[{"href":"https:\/\/cefi.es\/en\/wp-json\/wp\/v2\/media?parent=5514"}],"wp:term":[{"taxonomy":"product_brand","embeddable":true,"href":"https:\/\/cefi.es\/en\/wp-json\/wp\/v2\/product_brand?post=5514"},{"taxonomy":"product_cat","embeddable":true,"href":"https:\/\/cefi.es\/en\/wp-json\/wp\/v2\/product_cat?post=5514"},{"taxonomy":"product_tag","embeddable":true,"href":"https:\/\/cefi.es\/en\/wp-json\/wp\/v2\/product_tag?post=5514"}],"curies":[{"name":"wp","href":"https:\/\/api.w.org\/{rel}","templated":true}]}}