{"id":5510,"date":"2015-05-29T16:05:54","date_gmt":"2015-05-29T16:05:54","guid":{"rendered":"http:\/\/www.cefi.es\/?post_type=product&#038;p=5510"},"modified":"2021-02-02T10:11:32","modified_gmt":"2021-02-02T09:11:32","slug":"revista-comunicaciones-no-75-mayo-agosto-2015","status":"publish","type":"product","link":"https:\/\/cefi.es\/en\/tienda\/publicaciones\/revista-comunicaciones\/revista-comunicaciones-no-75-mayo-agosto-2015\/","title":{"rendered":"Revista Comunicaciones N\u00ba 75 <span>(Mayo-Agosto 2015)"},"content":{"rendered":"<p class=\"p1\">Ley 31\/2014, de 3 de diciembre, por la que se modifica la Ley de Sociedades de Capital para la mejora del gobierno corporativo: novedades en materia de r\u00e9gimen de gobierno de las sociedades no cotizadas.<br \/>\n<em>Teresa Paz-Ares Rodr\u00edguez<\/em><\/p>\n<p class=\"p1\">La Ley Concursal en constante evoluci\u00f3n: \u00faltimas reformas.<br \/>\n<em>Blas A. Gonz\u00e1lez Navarro<\/em><\/p>\n<p class=\"p1\">La responsabilidad penal de las personas jur\u00eddicas. Consideraciones particulares de las empresas farmac\u00e9uticas.<br \/>\n<em>Manuel de Torres Navarrete<\/em><\/p>\n<p class=\"p1\">Olv\u00eddame Google.<br \/>\n<em>Sonia Seb\u00e9 Mar\u00edn y Carlos D\u00edaz Cuadros<\/em><\/p>\n<p class=\"p1\">La desaparici\u00f3n de las marcas de cobertura en la pr\u00e1ctica espa\u00f1ola: comentario a la sentencia del Tribunal supremo (Sala 1\u00aa) de 14 de octubre de 2014 (Asunto Denso).<br \/>\n<em>Jorge Oria Sousa-Montes<\/em><\/p>\n<p class=\"p1\">Las sentencias del Tribunal de Justicia de 5 de mayo de 2015 sobre la patente europea con efecto unitario. \u00bf\u00daltimo pelda\u00f1o de una malventurada escalera o primer eslab\u00f3n de una novedosa cadena?<br \/>\n<em>Manuel Desantes Real<\/em><\/p>\n<p class=\"p1\">El &#8220;Caso Chesterton&#8221; o de la andadura de G.K. Chesterton por el tortuoso sendero de las disposiciones transitorias de la Ley de Propiedad Intelectual.<br \/>\n<em>Juan A. Cuerva de Ca\u00f1as<\/em><\/p>\n<p class=\"p1\">Reforma del Reglamento del Jurado de la Publicidad.<br \/>\n<em>Mercedes Corbal San Adri\u00e1n<\/em><\/p>\n<p class=\"p1\">Comentario a la sentencia de 29 de enero de 2015 del Tribunal Supremo. La potestad sancionadora de la autoridad administrativa de defensa de la competencia y su control jurisdiccional.<br \/>\n<em>Mercedes Pedraz Calvo<\/em><\/p>\n<p class=\"p1\">Las ineficiencias del sistema espa\u00f1ol de contrataci\u00f3n p\u00fablica: a prop\u00f3sito del informe de la CNMC, de 5 de febrero de 2015 y el Anteproyecto de Ley de contratros del sector p\u00fablico.<br \/>\n<em>Alberto Dorrego de Carlos y M\u00aa Soledad Lamora Castill\u00f3n<br \/>\n<\/em><br \/>\nInspecciones domiciliarias de competencia: saber qu\u00e9 se busca y qu\u00e9 se puede copiar.<br \/>\n<em>Jaime Rodr\u00edguez Ord\u00f3\u00f1ez<\/em><\/p>\n<p class=\"p1\">An\u00e1lisis desde el punto de vista de la competencia de la compensaci\u00f3n equitativa del nuevo art\u00edculo 32.2. Su car\u00e1cter irrenunciable.<br \/>\n<em>Roc\u00edo de Llobet Hern\u00e1ndez, Crisanto P\u00e9rez Abad y Vicente Arias M\u00e1iz<\/em><\/p>\n<p class=\"p1\">\u00c9tica y utilizaci\u00f3n de medicamentos en situaciones especiales.<br \/>\n<em>J.A. Bosch Gil, A. Agusti Escasany, I. Dan\u00e9s Carreras, C. Alerany Pardo, J. Mart\u00ednez Cutillas y J. Lloret Roca<\/em><\/p>\n","protected":false},"excerpt":{"rendered":"<p>Ley 31\/2014, de 3 de diciembre, por la que se modifica la Ley de Sociedades de Capital para la mejora del gobierno corporativo: novedades en materia de r\u00e9gimen de gobierno de las sociedades no cotizadas. Teresa Paz-Ares Rodr\u00edguez La Ley Concursal en constante evoluci\u00f3n: \u00faltimas reformas. Blas A. Gonz\u00e1lez Navarro La responsabilidad penal de las [&hellip;]<\/p>\n","protected":false},"featured_media":5336,"template":"","meta":{"_acf_changed":false},"product_brand":[],"product_cat":[50,24],"product_tag":[],"class_list":{"0":"post-5510","1":"product","2":"type-product","3":"status-publish","4":"has-post-thumbnail","6":"product_cat-publicaciones","7":"product_cat-revista-comunicaciones","9":"first","10":"instock","11":"taxable","12":"shipping-taxable","13":"purchasable","14":"product-type-variable","15":"has-default-attributes"},"acf":[],"yoast_head":"<!-- This site is optimized with the Yoast SEO plugin v27.3 - https:\/\/yoast.com\/product\/yoast-seo-wordpress\/ -->\n<title>Revista Comunicaciones N\u00ba 75 (Mayo-Agosto 2015) - Centro de estudios para el fomento de la investigaci\u00f3n<\/title>\n<meta name=\"robots\" content=\"index, follow, max-snippet:-1, max-image-preview:large, max-video-preview:-1\" \/>\n<link rel=\"canonical\" href=\"https:\/\/cefi.es\/en\/tienda\/publicaciones\/revista-comunicaciones\/revista-comunicaciones-no-75-mayo-agosto-2015\/\" \/>\n<meta property=\"og:locale\" content=\"en_US\" \/>\n<meta property=\"og:type\" content=\"article\" \/>\n<meta property=\"og:title\" content=\"Revista Comunicaciones N\u00ba 75 (Mayo-Agosto 2015) - Centro de estudios para el fomento de la investigaci\u00f3n\" \/>\n<meta property=\"og:description\" content=\"Ley 31\/2014, de 3 de diciembre, por la que se modifica la Ley de Sociedades de Capital para la mejora del gobierno corporativo: novedades en materia de r\u00e9gimen de gobierno de las sociedades no cotizadas. Teresa Paz-Ares Rodr\u00edguez La Ley Concursal en constante evoluci\u00f3n: \u00faltimas reformas. Blas A. Gonz\u00e1lez Navarro La responsabilidad penal de las [&hellip;]\" \/>\n<meta property=\"og:url\" content=\"https:\/\/cefi.es\/en\/tienda\/publicaciones\/revista-comunicaciones\/revista-comunicaciones-no-75-mayo-agosto-2015\/\" \/>\n<meta property=\"og:site_name\" content=\"Centro de estudios para el fomento de la investigaci\u00f3n\" \/>\n<meta property=\"article:modified_time\" content=\"2021-02-02T09:11:32+00:00\" \/>\n<meta property=\"og:image\" content=\"https:\/\/cefi.es\/wp-contenido\/uploads\/2020\/01\/Portada_Comunicaciones_75.jpg\" \/>\n\t<meta property=\"og:image:width\" content=\"716\" \/>\n\t<meta property=\"og:image:height\" content=\"1039\" \/>\n\t<meta property=\"og:image:type\" content=\"image\/jpeg\" \/>\n<meta name=\"twitter:card\" content=\"summary_large_image\" \/>\n<meta name=\"twitter:label1\" content=\"Est. reading time\" \/>\n\t<meta name=\"twitter:data1\" content=\"2 minutes\" \/>\n<script type=\"application\/ld+json\" class=\"yoast-schema-graph\">{\"@context\":\"https:\\\/\\\/schema.org\",\"@graph\":[{\"@type\":\"WebPage\",\"@id\":\"https:\\\/\\\/cefi.es\\\/en\\\/tienda\\\/publicaciones\\\/revista-comunicaciones\\\/revista-comunicaciones-no-75-mayo-agosto-2015\\\/\",\"url\":\"https:\\\/\\\/cefi.es\\\/en\\\/tienda\\\/publicaciones\\\/revista-comunicaciones\\\/revista-comunicaciones-no-75-mayo-agosto-2015\\\/\",\"name\":\"Revista Comunicaciones N\u00ba 75 (Mayo-Agosto 2015) - Centro de estudios para el fomento de la investigaci\u00f3n\",\"isPartOf\":{\"@id\":\"https:\\\/\\\/cefi.es\\\/en\\\/#website\"},\"primaryImageOfPage\":{\"@id\":\"https:\\\/\\\/cefi.es\\\/en\\\/tienda\\\/publicaciones\\\/revista-comunicaciones\\\/revista-comunicaciones-no-75-mayo-agosto-2015\\\/#primaryimage\"},\"image\":{\"@id\":\"https:\\\/\\\/cefi.es\\\/en\\\/tienda\\\/publicaciones\\\/revista-comunicaciones\\\/revista-comunicaciones-no-75-mayo-agosto-2015\\\/#primaryimage\"},\"thumbnailUrl\":\"https:\\\/\\\/cefi.es\\\/wp-contenido\\\/uploads\\\/2020\\\/01\\\/Portada_Comunicaciones_75.jpg\",\"datePublished\":\"2015-05-29T16:05:54+00:00\",\"dateModified\":\"2021-02-02T09:11:32+00:00\",\"breadcrumb\":{\"@id\":\"https:\\\/\\\/cefi.es\\\/en\\\/tienda\\\/publicaciones\\\/revista-comunicaciones\\\/revista-comunicaciones-no-75-mayo-agosto-2015\\\/#breadcrumb\"},\"inLanguage\":\"en-US\",\"potentialAction\":[{\"@type\":\"ReadAction\",\"target\":[\"https:\\\/\\\/cefi.es\\\/en\\\/tienda\\\/publicaciones\\\/revista-comunicaciones\\\/revista-comunicaciones-no-75-mayo-agosto-2015\\\/\"]}]},{\"@type\":\"ImageObject\",\"inLanguage\":\"en-US\",\"@id\":\"https:\\\/\\\/cefi.es\\\/en\\\/tienda\\\/publicaciones\\\/revista-comunicaciones\\\/revista-comunicaciones-no-75-mayo-agosto-2015\\\/#primaryimage\",\"url\":\"https:\\\/\\\/cefi.es\\\/wp-contenido\\\/uploads\\\/2020\\\/01\\\/Portada_Comunicaciones_75.jpg\",\"contentUrl\":\"https:\\\/\\\/cefi.es\\\/wp-contenido\\\/uploads\\\/2020\\\/01\\\/Portada_Comunicaciones_75.jpg\",\"width\":716,\"height\":1039},{\"@type\":\"BreadcrumbList\",\"@id\":\"https:\\\/\\\/cefi.es\\\/en\\\/tienda\\\/publicaciones\\\/revista-comunicaciones\\\/revista-comunicaciones-no-75-mayo-agosto-2015\\\/#breadcrumb\",\"itemListElement\":[{\"@type\":\"ListItem\",\"position\":1,\"name\":\"Home\",\"item\":\"https:\\\/\\\/cefi.es\\\/en\\\/\"},{\"@type\":\"ListItem\",\"position\":2,\"name\":\"Products\",\"item\":\"https:\\\/\\\/cefi.es\\\/en\\\/shop\\\/\"},{\"@type\":\"ListItem\",\"position\":3,\"name\":\"Revista Comunicaciones N\u00ba 75 (Mayo-Agosto 2015)\"}]},{\"@type\":\"WebSite\",\"@id\":\"https:\\\/\\\/cefi.es\\\/en\\\/#website\",\"url\":\"https:\\\/\\\/cefi.es\\\/en\\\/\",\"name\":\"Centro de estudios para el fomento de la investigaci\u00f3n\",\"description\":\"\",\"publisher\":{\"@id\":\"https:\\\/\\\/cefi.es\\\/en\\\/#organization\"},\"potentialAction\":[{\"@type\":\"SearchAction\",\"target\":{\"@type\":\"EntryPoint\",\"urlTemplate\":\"https:\\\/\\\/cefi.es\\\/en\\\/?s={search_term_string}\"},\"query-input\":{\"@type\":\"PropertyValueSpecification\",\"valueRequired\":true,\"valueName\":\"search_term_string\"}}],\"inLanguage\":\"en-US\"},{\"@type\":\"Organization\",\"@id\":\"https:\\\/\\\/cefi.es\\\/en\\\/#organization\",\"name\":\"Fundacion CeFi. Propiedad industrial e intelectual\",\"url\":\"https:\\\/\\\/cefi.es\\\/en\\\/\",\"logo\":{\"@type\":\"ImageObject\",\"inLanguage\":\"en-US\",\"@id\":\"https:\\\/\\\/cefi.es\\\/en\\\/#\\\/schema\\\/logo\\\/image\\\/\",\"url\":\"https:\\\/\\\/cefi.es\\\/wp-contenido\\\/uploads\\\/2019\\\/12\\\/cropped-favicon-3.png\",\"contentUrl\":\"https:\\\/\\\/cefi.es\\\/wp-contenido\\\/uploads\\\/2019\\\/12\\\/cropped-favicon-3.png\",\"width\":512,\"height\":512,\"caption\":\"Fundacion CeFi. Propiedad industrial e intelectual\"},\"image\":{\"@id\":\"https:\\\/\\\/cefi.es\\\/en\\\/#\\\/schema\\\/logo\\\/image\\\/\"}}]}<\/script>\n<!-- \/ Yoast SEO plugin. -->","yoast_head_json":{"title":"Revista Comunicaciones N\u00ba 75 (Mayo-Agosto 2015) - Centro de estudios para el fomento de la investigaci\u00f3n","robots":{"index":"index","follow":"follow","max-snippet":"max-snippet:-1","max-image-preview":"max-image-preview:large","max-video-preview":"max-video-preview:-1"},"canonical":"https:\/\/cefi.es\/en\/tienda\/publicaciones\/revista-comunicaciones\/revista-comunicaciones-no-75-mayo-agosto-2015\/","og_locale":"en_US","og_type":"article","og_title":"Revista Comunicaciones N\u00ba 75 (Mayo-Agosto 2015) - Centro de estudios para el fomento de la investigaci\u00f3n","og_description":"Ley 31\/2014, de 3 de diciembre, por la que se modifica la Ley de Sociedades de Capital para la mejora del gobierno corporativo: novedades en materia de r\u00e9gimen de gobierno de las sociedades no cotizadas. Teresa Paz-Ares Rodr\u00edguez La Ley Concursal en constante evoluci\u00f3n: \u00faltimas reformas. Blas A. Gonz\u00e1lez Navarro La responsabilidad penal de las [&hellip;]","og_url":"https:\/\/cefi.es\/en\/tienda\/publicaciones\/revista-comunicaciones\/revista-comunicaciones-no-75-mayo-agosto-2015\/","og_site_name":"Centro de estudios para el fomento de la investigaci\u00f3n","article_modified_time":"2021-02-02T09:11:32+00:00","og_image":[{"width":716,"height":1039,"url":"https:\/\/cefi.es\/wp-contenido\/uploads\/2020\/01\/Portada_Comunicaciones_75.jpg","type":"image\/jpeg"}],"twitter_card":"summary_large_image","twitter_misc":{"Est. reading time":"2 minutes"},"schema":{"@context":"https:\/\/schema.org","@graph":[{"@type":"WebPage","@id":"https:\/\/cefi.es\/en\/tienda\/publicaciones\/revista-comunicaciones\/revista-comunicaciones-no-75-mayo-agosto-2015\/","url":"https:\/\/cefi.es\/en\/tienda\/publicaciones\/revista-comunicaciones\/revista-comunicaciones-no-75-mayo-agosto-2015\/","name":"Revista Comunicaciones N\u00ba 75 (Mayo-Agosto 2015) - Centro de estudios para el fomento de la investigaci\u00f3n","isPartOf":{"@id":"https:\/\/cefi.es\/en\/#website"},"primaryImageOfPage":{"@id":"https:\/\/cefi.es\/en\/tienda\/publicaciones\/revista-comunicaciones\/revista-comunicaciones-no-75-mayo-agosto-2015\/#primaryimage"},"image":{"@id":"https:\/\/cefi.es\/en\/tienda\/publicaciones\/revista-comunicaciones\/revista-comunicaciones-no-75-mayo-agosto-2015\/#primaryimage"},"thumbnailUrl":"https:\/\/cefi.es\/wp-contenido\/uploads\/2020\/01\/Portada_Comunicaciones_75.jpg","datePublished":"2015-05-29T16:05:54+00:00","dateModified":"2021-02-02T09:11:32+00:00","breadcrumb":{"@id":"https:\/\/cefi.es\/en\/tienda\/publicaciones\/revista-comunicaciones\/revista-comunicaciones-no-75-mayo-agosto-2015\/#breadcrumb"},"inLanguage":"en-US","potentialAction":[{"@type":"ReadAction","target":["https:\/\/cefi.es\/en\/tienda\/publicaciones\/revista-comunicaciones\/revista-comunicaciones-no-75-mayo-agosto-2015\/"]}]},{"@type":"ImageObject","inLanguage":"en-US","@id":"https:\/\/cefi.es\/en\/tienda\/publicaciones\/revista-comunicaciones\/revista-comunicaciones-no-75-mayo-agosto-2015\/#primaryimage","url":"https:\/\/cefi.es\/wp-contenido\/uploads\/2020\/01\/Portada_Comunicaciones_75.jpg","contentUrl":"https:\/\/cefi.es\/wp-contenido\/uploads\/2020\/01\/Portada_Comunicaciones_75.jpg","width":716,"height":1039},{"@type":"BreadcrumbList","@id":"https:\/\/cefi.es\/en\/tienda\/publicaciones\/revista-comunicaciones\/revista-comunicaciones-no-75-mayo-agosto-2015\/#breadcrumb","itemListElement":[{"@type":"ListItem","position":1,"name":"Home","item":"https:\/\/cefi.es\/en\/"},{"@type":"ListItem","position":2,"name":"Products","item":"https:\/\/cefi.es\/en\/shop\/"},{"@type":"ListItem","position":3,"name":"Revista Comunicaciones N\u00ba 75 (Mayo-Agosto 2015)"}]},{"@type":"WebSite","@id":"https:\/\/cefi.es\/en\/#website","url":"https:\/\/cefi.es\/en\/","name":"Centro de estudios para el fomento de la investigaci\u00f3n","description":"","publisher":{"@id":"https:\/\/cefi.es\/en\/#organization"},"potentialAction":[{"@type":"SearchAction","target":{"@type":"EntryPoint","urlTemplate":"https:\/\/cefi.es\/en\/?s={search_term_string}"},"query-input":{"@type":"PropertyValueSpecification","valueRequired":true,"valueName":"search_term_string"}}],"inLanguage":"en-US"},{"@type":"Organization","@id":"https:\/\/cefi.es\/en\/#organization","name":"Fundacion CeFi. Propiedad industrial e intelectual","url":"https:\/\/cefi.es\/en\/","logo":{"@type":"ImageObject","inLanguage":"en-US","@id":"https:\/\/cefi.es\/en\/#\/schema\/logo\/image\/","url":"https:\/\/cefi.es\/wp-contenido\/uploads\/2019\/12\/cropped-favicon-3.png","contentUrl":"https:\/\/cefi.es\/wp-contenido\/uploads\/2019\/12\/cropped-favicon-3.png","width":512,"height":512,"caption":"Fundacion CeFi. Propiedad industrial e intelectual"},"image":{"@id":"https:\/\/cefi.es\/en\/#\/schema\/logo\/image\/"}}]}},"_links":{"self":[{"href":"https:\/\/cefi.es\/en\/wp-json\/wp\/v2\/product\/5510","targetHints":{"allow":["GET"]}}],"collection":[{"href":"https:\/\/cefi.es\/en\/wp-json\/wp\/v2\/product"}],"about":[{"href":"https:\/\/cefi.es\/en\/wp-json\/wp\/v2\/types\/product"}],"version-history":[{"count":3,"href":"https:\/\/cefi.es\/en\/wp-json\/wp\/v2\/product\/5510\/revisions"}],"predecessor-version":[{"id":8594,"href":"https:\/\/cefi.es\/en\/wp-json\/wp\/v2\/product\/5510\/revisions\/8594"}],"wp:featuredmedia":[{"embeddable":true,"href":"https:\/\/cefi.es\/en\/wp-json\/wp\/v2\/media\/5336"}],"wp:attachment":[{"href":"https:\/\/cefi.es\/en\/wp-json\/wp\/v2\/media?parent=5510"}],"wp:term":[{"taxonomy":"product_brand","embeddable":true,"href":"https:\/\/cefi.es\/en\/wp-json\/wp\/v2\/product_brand?post=5510"},{"taxonomy":"product_cat","embeddable":true,"href":"https:\/\/cefi.es\/en\/wp-json\/wp\/v2\/product_cat?post=5510"},{"taxonomy":"product_tag","embeddable":true,"href":"https:\/\/cefi.es\/en\/wp-json\/wp\/v2\/product_tag?post=5510"}],"curies":[{"name":"wp","href":"https:\/\/api.w.org\/{rel}","templated":true}]}}