{"id":5502,"date":"2016-01-29T16:02:53","date_gmt":"2016-01-29T16:02:53","guid":{"rendered":"http:\/\/www.cefi.es\/?post_type=product&#038;p=5502"},"modified":"2021-02-02T10:11:35","modified_gmt":"2021-02-02T09:11:35","slug":"revista-comunicaciones-no-77-enero-abril-2016","status":"publish","type":"product","link":"https:\/\/cefi.es\/en\/tienda\/publicaciones\/revista-comunicaciones\/revista-comunicaciones-no-77-enero-abril-2016\/","title":{"rendered":"Revista Comunicaciones N\u00ba 77 <span>(Enero-Abril 2016)"},"content":{"rendered":"<p class=\"p1\">Sobre los elementos estructurales de la responsabilidad penal de las personas jur\u00eddicas: reflexiones sobre las sentencias del Tribunal Supremo n\u00fameros 154\/2016 y 221\/2016 y sobre la Circular 1\/2016 de la Fiscal\u00eda General del Estado.<br \/>\n<em>Bernardo del Rosal Blasco<\/em><\/p>\n<p class=\"p1\">Medios telem\u00e1ticos y relaciones laborales: extensi\u00f3n y l\u00edmites de las facultades de control del empresario en la doctrina de los tribunales laborales.<br \/>\n<em>Salvador del Rey Guanter<\/em><\/p>\n<p class=\"p1\">Principales novedades en las nuevas leyes de procedimiento administrativo com\u00fan de las Administraciones P\u00fablicas, incidencia en el \u00e1mbito de la propiedad industrial.<br \/>\n<em>Jos\u00e9 Antonio Gil Celedonio y Silvia Navares Gonz\u00e1lez<\/em><\/p>\n<p class=\"p1\">La reforma del sistema europeo de marcas: principales modificaciones introducidas por el nuevo Reglamento de Marcas de la Uni\u00f3n Europea.<br \/>\n<em>David G\u00f3mez S\u00e1nchez<\/em><\/p>\n<p class=\"p1\">La indemnizaci\u00f3n de da\u00f1os y perjuicios en pleitos de patentes en Espa\u00f1a: conclusiones de un estudio emp\u00edrico.<br \/>\n<em>Elena Molina y Ondrej Vachta<\/em><\/p>\n<p class=\"p1\">Propiedad industrial en los siglos XV y XVI. La patente de invenci\u00f3n concedida en 1478 al Doctor Pedro Azloz &#8220;<em>inventor de algunos nuevos edificios y moliendas de moler pan&#8221;<\/em>.<br \/>\n<em>Sergio Bala\u00f1\u00e1 Vicente<\/em><\/p>\n<p class=\"p1\">Protocolo de los Juzgados Mercantiles de Barcelona con ocasi\u00f3n del Mobile World Congress 2016: protecci\u00f3n preventiva y cautelar de los derechos de propiedad intelectual e industrial en congresos y ferias profesionales.<br \/>\n<em>Daniel Irigoyen Fujiwara y Florencio Molina L\u00f3pez<\/em><\/p>\n<p class=\"p1\">La experiencia de la Agencia Espa\u00f1ola de Protecci\u00f3n de Datos (AEPD) en la aplicaci\u00f3n de la normativa sobre &#8220;cookies&#8221;.<br \/>\n<em>Jes\u00fas Rub\u00ed Navarrete<\/em><\/p>\n<p class=\"p1\">El proyecto de Directiva Comunitaria relativa a la protecci\u00f3n del saber hacer y la informaci\u00f3n empresarial no divulgada (secretos comerciales), contra su obtenci\u00f3n, utilizaci\u00f3n y divulgaci\u00f3n il\u00edcita.<br \/>\n<em>Ana Benet\u00f3 Santa Cruz y Laura Cach\u00f3n Marinel\u00b7lo<\/em><\/p>\n<p class=\"p1\">Los sistemas de\u00a0<em>compliance<\/em>\u00a0en el sector farmac\u00e9utico y sanitario: algunas pautas para su implantaci\u00f3n o revisi\u00f3n.<br \/>\n<em>Beatriz Cocina Arrieta<\/em><\/p>\n<p>&nbsp;<\/p>\n","protected":false},"excerpt":{"rendered":"<p>Sobre los elementos estructurales de la responsabilidad penal de las personas jur\u00eddicas: reflexiones sobre las sentencias del Tribunal Supremo n\u00fameros 154\/2016 y 221\/2016 y sobre la Circular 1\/2016 de la Fiscal\u00eda General del Estado. Bernardo del Rosal Blasco Medios telem\u00e1ticos y relaciones laborales: extensi\u00f3n y l\u00edmites de las facultades de control del empresario en la [&hellip;]<\/p>\n","protected":false},"featured_media":5340,"template":"","meta":{"_acf_changed":false},"product_brand":[],"product_cat":[24,50],"product_tag":[],"class_list":{"0":"post-5502","1":"product","2":"type-product","3":"status-publish","4":"has-post-thumbnail","6":"product_cat-revista-comunicaciones","7":"product_cat-publicaciones","9":"first","10":"instock","11":"taxable","12":"shipping-taxable","13":"purchasable","14":"product-type-variable","15":"has-default-attributes"},"acf":[],"yoast_head":"<!-- This site is optimized with the Yoast SEO plugin v27.3 - https:\/\/yoast.com\/product\/yoast-seo-wordpress\/ -->\n<title>Revista Comunicaciones N\u00ba 77 (Enero-Abril 2016) - Centro de estudios para el fomento de la investigaci\u00f3n<\/title>\n<meta name=\"robots\" content=\"index, follow, max-snippet:-1, max-image-preview:large, max-video-preview:-1\" \/>\n<link rel=\"canonical\" href=\"https:\/\/cefi.es\/en\/tienda\/publicaciones\/revista-comunicaciones\/revista-comunicaciones-no-77-enero-abril-2016\/\" \/>\n<meta property=\"og:locale\" content=\"en_US\" \/>\n<meta property=\"og:type\" content=\"article\" \/>\n<meta property=\"og:title\" content=\"Revista Comunicaciones N\u00ba 77 (Enero-Abril 2016) - Centro de estudios para el fomento de la investigaci\u00f3n\" \/>\n<meta property=\"og:description\" content=\"Sobre los elementos estructurales de la responsabilidad penal de las personas jur\u00eddicas: reflexiones sobre las sentencias del Tribunal Supremo n\u00fameros 154\/2016 y 221\/2016 y sobre la Circular 1\/2016 de la Fiscal\u00eda General del Estado. Bernardo del Rosal Blasco Medios telem\u00e1ticos y relaciones laborales: extensi\u00f3n y l\u00edmites de las facultades de control del empresario en la [&hellip;]\" \/>\n<meta property=\"og:url\" content=\"https:\/\/cefi.es\/en\/tienda\/publicaciones\/revista-comunicaciones\/revista-comunicaciones-no-77-enero-abril-2016\/\" \/>\n<meta property=\"og:site_name\" content=\"Centro de estudios para el fomento de la investigaci\u00f3n\" \/>\n<meta property=\"article:modified_time\" content=\"2021-02-02T09:11:35+00:00\" \/>\n<meta property=\"og:image\" content=\"https:\/\/cefi.es\/wp-contenido\/uploads\/2020\/01\/Portada_Comunicaciones_77.jpg\" \/>\n\t<meta property=\"og:image:width\" content=\"716\" \/>\n\t<meta property=\"og:image:height\" content=\"1036\" \/>\n\t<meta property=\"og:image:type\" content=\"image\/jpeg\" \/>\n<meta name=\"twitter:card\" content=\"summary_large_image\" \/>\n<meta name=\"twitter:label1\" content=\"Est. reading time\" \/>\n\t<meta name=\"twitter:data1\" content=\"2 minutes\" \/>\n<script type=\"application\/ld+json\" class=\"yoast-schema-graph\">{\"@context\":\"https:\\\/\\\/schema.org\",\"@graph\":[{\"@type\":\"WebPage\",\"@id\":\"https:\\\/\\\/cefi.es\\\/en\\\/tienda\\\/publicaciones\\\/revista-comunicaciones\\\/revista-comunicaciones-no-77-enero-abril-2016\\\/\",\"url\":\"https:\\\/\\\/cefi.es\\\/en\\\/tienda\\\/publicaciones\\\/revista-comunicaciones\\\/revista-comunicaciones-no-77-enero-abril-2016\\\/\",\"name\":\"Revista Comunicaciones N\u00ba 77 (Enero-Abril 2016) - Centro de estudios para el fomento de la investigaci\u00f3n\",\"isPartOf\":{\"@id\":\"https:\\\/\\\/cefi.es\\\/en\\\/#website\"},\"primaryImageOfPage\":{\"@id\":\"https:\\\/\\\/cefi.es\\\/en\\\/tienda\\\/publicaciones\\\/revista-comunicaciones\\\/revista-comunicaciones-no-77-enero-abril-2016\\\/#primaryimage\"},\"image\":{\"@id\":\"https:\\\/\\\/cefi.es\\\/en\\\/tienda\\\/publicaciones\\\/revista-comunicaciones\\\/revista-comunicaciones-no-77-enero-abril-2016\\\/#primaryimage\"},\"thumbnailUrl\":\"https:\\\/\\\/cefi.es\\\/wp-contenido\\\/uploads\\\/2020\\\/01\\\/Portada_Comunicaciones_77.jpg\",\"datePublished\":\"2016-01-29T16:02:53+00:00\",\"dateModified\":\"2021-02-02T09:11:35+00:00\",\"breadcrumb\":{\"@id\":\"https:\\\/\\\/cefi.es\\\/en\\\/tienda\\\/publicaciones\\\/revista-comunicaciones\\\/revista-comunicaciones-no-77-enero-abril-2016\\\/#breadcrumb\"},\"inLanguage\":\"en-US\",\"potentialAction\":[{\"@type\":\"ReadAction\",\"target\":[\"https:\\\/\\\/cefi.es\\\/en\\\/tienda\\\/publicaciones\\\/revista-comunicaciones\\\/revista-comunicaciones-no-77-enero-abril-2016\\\/\"]}]},{\"@type\":\"ImageObject\",\"inLanguage\":\"en-US\",\"@id\":\"https:\\\/\\\/cefi.es\\\/en\\\/tienda\\\/publicaciones\\\/revista-comunicaciones\\\/revista-comunicaciones-no-77-enero-abril-2016\\\/#primaryimage\",\"url\":\"https:\\\/\\\/cefi.es\\\/wp-contenido\\\/uploads\\\/2020\\\/01\\\/Portada_Comunicaciones_77.jpg\",\"contentUrl\":\"https:\\\/\\\/cefi.es\\\/wp-contenido\\\/uploads\\\/2020\\\/01\\\/Portada_Comunicaciones_77.jpg\",\"width\":716,\"height\":1036},{\"@type\":\"BreadcrumbList\",\"@id\":\"https:\\\/\\\/cefi.es\\\/en\\\/tienda\\\/publicaciones\\\/revista-comunicaciones\\\/revista-comunicaciones-no-77-enero-abril-2016\\\/#breadcrumb\",\"itemListElement\":[{\"@type\":\"ListItem\",\"position\":1,\"name\":\"Home\",\"item\":\"https:\\\/\\\/cefi.es\\\/en\\\/\"},{\"@type\":\"ListItem\",\"position\":2,\"name\":\"Products\",\"item\":\"https:\\\/\\\/cefi.es\\\/en\\\/shop\\\/\"},{\"@type\":\"ListItem\",\"position\":3,\"name\":\"Revista Comunicaciones N\u00ba 77 (Enero-Abril 2016)\"}]},{\"@type\":\"WebSite\",\"@id\":\"https:\\\/\\\/cefi.es\\\/en\\\/#website\",\"url\":\"https:\\\/\\\/cefi.es\\\/en\\\/\",\"name\":\"Centro de estudios para el fomento de la investigaci\u00f3n\",\"description\":\"\",\"publisher\":{\"@id\":\"https:\\\/\\\/cefi.es\\\/en\\\/#organization\"},\"potentialAction\":[{\"@type\":\"SearchAction\",\"target\":{\"@type\":\"EntryPoint\",\"urlTemplate\":\"https:\\\/\\\/cefi.es\\\/en\\\/?s={search_term_string}\"},\"query-input\":{\"@type\":\"PropertyValueSpecification\",\"valueRequired\":true,\"valueName\":\"search_term_string\"}}],\"inLanguage\":\"en-US\"},{\"@type\":\"Organization\",\"@id\":\"https:\\\/\\\/cefi.es\\\/en\\\/#organization\",\"name\":\"Fundacion CeFi. Propiedad industrial e intelectual\",\"url\":\"https:\\\/\\\/cefi.es\\\/en\\\/\",\"logo\":{\"@type\":\"ImageObject\",\"inLanguage\":\"en-US\",\"@id\":\"https:\\\/\\\/cefi.es\\\/en\\\/#\\\/schema\\\/logo\\\/image\\\/\",\"url\":\"https:\\\/\\\/cefi.es\\\/wp-contenido\\\/uploads\\\/2019\\\/12\\\/cropped-favicon-3.png\",\"contentUrl\":\"https:\\\/\\\/cefi.es\\\/wp-contenido\\\/uploads\\\/2019\\\/12\\\/cropped-favicon-3.png\",\"width\":512,\"height\":512,\"caption\":\"Fundacion CeFi. Propiedad industrial e intelectual\"},\"image\":{\"@id\":\"https:\\\/\\\/cefi.es\\\/en\\\/#\\\/schema\\\/logo\\\/image\\\/\"}}]}<\/script>\n<!-- \/ Yoast SEO plugin. -->","yoast_head_json":{"title":"Revista Comunicaciones N\u00ba 77 (Enero-Abril 2016) - Centro de estudios para el fomento de la investigaci\u00f3n","robots":{"index":"index","follow":"follow","max-snippet":"max-snippet:-1","max-image-preview":"max-image-preview:large","max-video-preview":"max-video-preview:-1"},"canonical":"https:\/\/cefi.es\/en\/tienda\/publicaciones\/revista-comunicaciones\/revista-comunicaciones-no-77-enero-abril-2016\/","og_locale":"en_US","og_type":"article","og_title":"Revista Comunicaciones N\u00ba 77 (Enero-Abril 2016) - Centro de estudios para el fomento de la investigaci\u00f3n","og_description":"Sobre los elementos estructurales de la responsabilidad penal de las personas jur\u00eddicas: reflexiones sobre las sentencias del Tribunal Supremo n\u00fameros 154\/2016 y 221\/2016 y sobre la Circular 1\/2016 de la Fiscal\u00eda General del Estado. Bernardo del Rosal Blasco Medios telem\u00e1ticos y relaciones laborales: extensi\u00f3n y l\u00edmites de las facultades de control del empresario en la [&hellip;]","og_url":"https:\/\/cefi.es\/en\/tienda\/publicaciones\/revista-comunicaciones\/revista-comunicaciones-no-77-enero-abril-2016\/","og_site_name":"Centro de estudios para el fomento de la investigaci\u00f3n","article_modified_time":"2021-02-02T09:11:35+00:00","og_image":[{"width":716,"height":1036,"url":"https:\/\/cefi.es\/wp-contenido\/uploads\/2020\/01\/Portada_Comunicaciones_77.jpg","type":"image\/jpeg"}],"twitter_card":"summary_large_image","twitter_misc":{"Est. reading time":"2 minutes"},"schema":{"@context":"https:\/\/schema.org","@graph":[{"@type":"WebPage","@id":"https:\/\/cefi.es\/en\/tienda\/publicaciones\/revista-comunicaciones\/revista-comunicaciones-no-77-enero-abril-2016\/","url":"https:\/\/cefi.es\/en\/tienda\/publicaciones\/revista-comunicaciones\/revista-comunicaciones-no-77-enero-abril-2016\/","name":"Revista Comunicaciones N\u00ba 77 (Enero-Abril 2016) - Centro de estudios para el fomento de la investigaci\u00f3n","isPartOf":{"@id":"https:\/\/cefi.es\/en\/#website"},"primaryImageOfPage":{"@id":"https:\/\/cefi.es\/en\/tienda\/publicaciones\/revista-comunicaciones\/revista-comunicaciones-no-77-enero-abril-2016\/#primaryimage"},"image":{"@id":"https:\/\/cefi.es\/en\/tienda\/publicaciones\/revista-comunicaciones\/revista-comunicaciones-no-77-enero-abril-2016\/#primaryimage"},"thumbnailUrl":"https:\/\/cefi.es\/wp-contenido\/uploads\/2020\/01\/Portada_Comunicaciones_77.jpg","datePublished":"2016-01-29T16:02:53+00:00","dateModified":"2021-02-02T09:11:35+00:00","breadcrumb":{"@id":"https:\/\/cefi.es\/en\/tienda\/publicaciones\/revista-comunicaciones\/revista-comunicaciones-no-77-enero-abril-2016\/#breadcrumb"},"inLanguage":"en-US","potentialAction":[{"@type":"ReadAction","target":["https:\/\/cefi.es\/en\/tienda\/publicaciones\/revista-comunicaciones\/revista-comunicaciones-no-77-enero-abril-2016\/"]}]},{"@type":"ImageObject","inLanguage":"en-US","@id":"https:\/\/cefi.es\/en\/tienda\/publicaciones\/revista-comunicaciones\/revista-comunicaciones-no-77-enero-abril-2016\/#primaryimage","url":"https:\/\/cefi.es\/wp-contenido\/uploads\/2020\/01\/Portada_Comunicaciones_77.jpg","contentUrl":"https:\/\/cefi.es\/wp-contenido\/uploads\/2020\/01\/Portada_Comunicaciones_77.jpg","width":716,"height":1036},{"@type":"BreadcrumbList","@id":"https:\/\/cefi.es\/en\/tienda\/publicaciones\/revista-comunicaciones\/revista-comunicaciones-no-77-enero-abril-2016\/#breadcrumb","itemListElement":[{"@type":"ListItem","position":1,"name":"Home","item":"https:\/\/cefi.es\/en\/"},{"@type":"ListItem","position":2,"name":"Products","item":"https:\/\/cefi.es\/en\/shop\/"},{"@type":"ListItem","position":3,"name":"Revista Comunicaciones N\u00ba 77 (Enero-Abril 2016)"}]},{"@type":"WebSite","@id":"https:\/\/cefi.es\/en\/#website","url":"https:\/\/cefi.es\/en\/","name":"Centro de estudios para el fomento de la investigaci\u00f3n","description":"","publisher":{"@id":"https:\/\/cefi.es\/en\/#organization"},"potentialAction":[{"@type":"SearchAction","target":{"@type":"EntryPoint","urlTemplate":"https:\/\/cefi.es\/en\/?s={search_term_string}"},"query-input":{"@type":"PropertyValueSpecification","valueRequired":true,"valueName":"search_term_string"}}],"inLanguage":"en-US"},{"@type":"Organization","@id":"https:\/\/cefi.es\/en\/#organization","name":"Fundacion CeFi. Propiedad industrial e intelectual","url":"https:\/\/cefi.es\/en\/","logo":{"@type":"ImageObject","inLanguage":"en-US","@id":"https:\/\/cefi.es\/en\/#\/schema\/logo\/image\/","url":"https:\/\/cefi.es\/wp-contenido\/uploads\/2019\/12\/cropped-favicon-3.png","contentUrl":"https:\/\/cefi.es\/wp-contenido\/uploads\/2019\/12\/cropped-favicon-3.png","width":512,"height":512,"caption":"Fundacion CeFi. Propiedad industrial e intelectual"},"image":{"@id":"https:\/\/cefi.es\/en\/#\/schema\/logo\/image\/"}}]}},"_links":{"self":[{"href":"https:\/\/cefi.es\/en\/wp-json\/wp\/v2\/product\/5502","targetHints":{"allow":["GET"]}}],"collection":[{"href":"https:\/\/cefi.es\/en\/wp-json\/wp\/v2\/product"}],"about":[{"href":"https:\/\/cefi.es\/en\/wp-json\/wp\/v2\/types\/product"}],"version-history":[{"count":3,"href":"https:\/\/cefi.es\/en\/wp-json\/wp\/v2\/product\/5502\/revisions"}],"predecessor-version":[{"id":8590,"href":"https:\/\/cefi.es\/en\/wp-json\/wp\/v2\/product\/5502\/revisions\/8590"}],"wp:featuredmedia":[{"embeddable":true,"href":"https:\/\/cefi.es\/en\/wp-json\/wp\/v2\/media\/5340"}],"wp:attachment":[{"href":"https:\/\/cefi.es\/en\/wp-json\/wp\/v2\/media?parent=5502"}],"wp:term":[{"taxonomy":"product_brand","embeddable":true,"href":"https:\/\/cefi.es\/en\/wp-json\/wp\/v2\/product_brand?post=5502"},{"taxonomy":"product_cat","embeddable":true,"href":"https:\/\/cefi.es\/en\/wp-json\/wp\/v2\/product_cat?post=5502"},{"taxonomy":"product_tag","embeddable":true,"href":"https:\/\/cefi.es\/en\/wp-json\/wp\/v2\/product_tag?post=5502"}],"curies":[{"name":"wp","href":"https:\/\/api.w.org\/{rel}","templated":true}]}}