{"id":5498,"date":"2016-05-29T16:01:25","date_gmt":"2016-05-29T16:01:25","guid":{"rendered":"http:\/\/www.cefi.es\/?post_type=product&#038;p=5498"},"modified":"2021-02-02T10:11:35","modified_gmt":"2021-02-02T09:11:35","slug":"revista-comunicaciones-no-78-mayo-agosto-2016","status":"publish","type":"product","link":"https:\/\/cefi.es\/en\/tienda\/publicaciones\/revista-comunicaciones\/revista-comunicaciones-no-78-mayo-agosto-2016\/","title":{"rendered":"Revista Comunicaciones N\u00ba 78 <span>(Mayo-Agosto 2016)"},"content":{"rendered":"<p class=\"p1\">El medicamento en los Tribunales en el a\u00f1o 2015.<br \/>\n<em>Jordi Faus Santasusana y Merc\u00e9 Maresma Casellas<\/em><\/p>\n<p class=\"p1\">El reto de la morosidad de las Comunidades Aut\u00f3nomas: an\u00e1lisis de las medidas adoptadas durante cuatro a\u00f1os de legislatura.<br \/>\n<em>Irene Fern\u00e1ndez Puyol<\/em><\/p>\n<p class=\"p1\">En torno a la facultad del titular de un derecho de exclusiva de impedir cautelarmente la exhibici\u00f3n de productos infractores en ferias comerciales: comentario del auto del juzgado de lo mercantil n\u00famero 1 de Barcelona de 22 de febrero de 2016.<br \/>\n<em>Josep Montefusco Monferrer<\/em><\/p>\n<p class=\"p1\">Sobre el \u00e1mbito de protecci\u00f3n de las patentes y la relevancia del efecto t\u00e9cnico. Comentario de la sentencia de la Audiencia Provincial de Barcelona (secci\u00f3n 15\u00aa.) 3\/2016 de 7 de enero de 2016, rollo 443\/2014 en el caso Gamesa v. Aloys Wobben.<br \/>\n<em>\u00c1lvaro Vel\u00e1zquez S\u00e1iz<\/em><\/p>\n<p class=\"p1\">Sentencia del Tribunal de Justicia (Sala Primera) de 16 de septiembre de 2015: caso Kit-Kat. La registrabilidad de la forma de un producto impuesta por la naturaleza del mismo y la necesaria para obtener un resultado t\u00e9cnico.<br \/>\n<em>Jose Antonio Hern\u00e1ndez<\/em><\/p>\n<p class=\"p1\">La protecci\u00f3n de las denominaciones de origen contra los supuestos de evocaci\u00f3n: los casos &#8220;Mejill\u00f3n de Galicia&#8221; y &#8220;Champim&#8221;.<br \/>\n<em>\u00c1ngel Garc\u00eda Vidal<\/em><\/p>\n<p class=\"p1\">La problem\u00e1tica jur\u00eddica planteada por el uso de ad blockers en internet: \u00bfamenaza u oportunidad para redefinir el modelo de publicidad on-line?.<em>Adri\u00e1n Crespo Velasco, Juan Cuerva De Ca\u00f1as, Josep Montefusco Monferrer<\/em><\/p>\n<p class=\"p1\">Mercado digital \u00fanico y la propuesta de Reglamento de portabilidad transfronteriza de servicios de contenidos en l\u00ednea.<br \/>\n<em>Vicente Arias M\u00e1iz<\/em><\/p>\n<p class=\"p1\">El empleo de la marca ajena en la promoci\u00f3n del medicamento gen\u00e9rico y el aprovechamiento de la reputaci\u00f3n del innovador.<br \/>\n<em>Blas A. Gonz\u00e1lez Navarro<\/em><\/p>\n<p class=\"p1\">El nuevo enfoque de la CNMC sobre las sanciones a representantes legales y miembros de \u00f3rganos de direcci\u00f3n de las empresas por infracciones de la normas de defensa de la competencia.<br \/>\n<em>Borja Mart\u00ednez del Corral<\/em><\/p>\n","protected":false},"excerpt":{"rendered":"<p>El medicamento en los Tribunales en el a\u00f1o 2015. Jordi Faus Santasusana y Merc\u00e9 Maresma Casellas El reto de la morosidad de las Comunidades Aut\u00f3nomas: an\u00e1lisis de las medidas adoptadas durante cuatro a\u00f1os de legislatura. Irene Fern\u00e1ndez Puyol En torno a la facultad del titular de un derecho de exclusiva de impedir cautelarmente la exhibici\u00f3n [&hellip;]<\/p>\n","protected":false},"featured_media":5342,"template":"","meta":{"_acf_changed":false},"product_brand":[],"product_cat":[24,50],"product_tag":[],"class_list":{"0":"post-5498","1":"product","2":"type-product","3":"status-publish","4":"has-post-thumbnail","6":"product_cat-revista-comunicaciones","7":"product_cat-publicaciones","9":"first","10":"instock","11":"taxable","12":"shipping-taxable","13":"purchasable","14":"product-type-variable","15":"has-default-attributes"},"acf":[],"yoast_head":"<!-- This site is optimized with the Yoast SEO plugin v27.3 - https:\/\/yoast.com\/product\/yoast-seo-wordpress\/ -->\n<title>Revista Comunicaciones N\u00ba 78 (Mayo-Agosto 2016) - Centro de estudios para el fomento de la investigaci\u00f3n<\/title>\n<meta name=\"robots\" content=\"index, follow, max-snippet:-1, max-image-preview:large, max-video-preview:-1\" \/>\n<link rel=\"canonical\" href=\"https:\/\/cefi.es\/en\/tienda\/publicaciones\/revista-comunicaciones\/revista-comunicaciones-no-78-mayo-agosto-2016\/\" \/>\n<meta property=\"og:locale\" content=\"en_US\" \/>\n<meta property=\"og:type\" content=\"article\" \/>\n<meta property=\"og:title\" content=\"Revista Comunicaciones N\u00ba 78 (Mayo-Agosto 2016) - Centro de estudios para el fomento de la investigaci\u00f3n\" \/>\n<meta property=\"og:description\" content=\"El medicamento en los Tribunales en el a\u00f1o 2015. Jordi Faus Santasusana y Merc\u00e9 Maresma Casellas El reto de la morosidad de las Comunidades Aut\u00f3nomas: an\u00e1lisis de las medidas adoptadas durante cuatro a\u00f1os de legislatura. Irene Fern\u00e1ndez Puyol En torno a la facultad del titular de un derecho de exclusiva de impedir cautelarmente la exhibici\u00f3n [&hellip;]\" \/>\n<meta property=\"og:url\" content=\"https:\/\/cefi.es\/en\/tienda\/publicaciones\/revista-comunicaciones\/revista-comunicaciones-no-78-mayo-agosto-2016\/\" \/>\n<meta property=\"og:site_name\" content=\"Centro de estudios para el fomento de la investigaci\u00f3n\" \/>\n<meta property=\"article:modified_time\" content=\"2021-02-02T09:11:35+00:00\" \/>\n<meta property=\"og:image\" content=\"https:\/\/cefi.es\/wp-contenido\/uploads\/2020\/01\/Portada_Comunicaciones_78.jpg\" \/>\n\t<meta property=\"og:image:width\" content=\"716\" \/>\n\t<meta property=\"og:image:height\" content=\"1034\" \/>\n\t<meta property=\"og:image:type\" content=\"image\/jpeg\" \/>\n<meta name=\"twitter:card\" content=\"summary_large_image\" \/>\n<meta name=\"twitter:label1\" content=\"Est. reading time\" \/>\n\t<meta name=\"twitter:data1\" content=\"2 minutes\" \/>\n<script type=\"application\/ld+json\" class=\"yoast-schema-graph\">{\"@context\":\"https:\\\/\\\/schema.org\",\"@graph\":[{\"@type\":\"WebPage\",\"@id\":\"https:\\\/\\\/cefi.es\\\/en\\\/tienda\\\/publicaciones\\\/revista-comunicaciones\\\/revista-comunicaciones-no-78-mayo-agosto-2016\\\/\",\"url\":\"https:\\\/\\\/cefi.es\\\/en\\\/tienda\\\/publicaciones\\\/revista-comunicaciones\\\/revista-comunicaciones-no-78-mayo-agosto-2016\\\/\",\"name\":\"Revista Comunicaciones N\u00ba 78 (Mayo-Agosto 2016) - Centro de estudios para el fomento de la investigaci\u00f3n\",\"isPartOf\":{\"@id\":\"https:\\\/\\\/cefi.es\\\/en\\\/#website\"},\"primaryImageOfPage\":{\"@id\":\"https:\\\/\\\/cefi.es\\\/en\\\/tienda\\\/publicaciones\\\/revista-comunicaciones\\\/revista-comunicaciones-no-78-mayo-agosto-2016\\\/#primaryimage\"},\"image\":{\"@id\":\"https:\\\/\\\/cefi.es\\\/en\\\/tienda\\\/publicaciones\\\/revista-comunicaciones\\\/revista-comunicaciones-no-78-mayo-agosto-2016\\\/#primaryimage\"},\"thumbnailUrl\":\"https:\\\/\\\/cefi.es\\\/wp-contenido\\\/uploads\\\/2020\\\/01\\\/Portada_Comunicaciones_78.jpg\",\"datePublished\":\"2016-05-29T16:01:25+00:00\",\"dateModified\":\"2021-02-02T09:11:35+00:00\",\"breadcrumb\":{\"@id\":\"https:\\\/\\\/cefi.es\\\/en\\\/tienda\\\/publicaciones\\\/revista-comunicaciones\\\/revista-comunicaciones-no-78-mayo-agosto-2016\\\/#breadcrumb\"},\"inLanguage\":\"en-US\",\"potentialAction\":[{\"@type\":\"ReadAction\",\"target\":[\"https:\\\/\\\/cefi.es\\\/en\\\/tienda\\\/publicaciones\\\/revista-comunicaciones\\\/revista-comunicaciones-no-78-mayo-agosto-2016\\\/\"]}]},{\"@type\":\"ImageObject\",\"inLanguage\":\"en-US\",\"@id\":\"https:\\\/\\\/cefi.es\\\/en\\\/tienda\\\/publicaciones\\\/revista-comunicaciones\\\/revista-comunicaciones-no-78-mayo-agosto-2016\\\/#primaryimage\",\"url\":\"https:\\\/\\\/cefi.es\\\/wp-contenido\\\/uploads\\\/2020\\\/01\\\/Portada_Comunicaciones_78.jpg\",\"contentUrl\":\"https:\\\/\\\/cefi.es\\\/wp-contenido\\\/uploads\\\/2020\\\/01\\\/Portada_Comunicaciones_78.jpg\",\"width\":716,\"height\":1034},{\"@type\":\"BreadcrumbList\",\"@id\":\"https:\\\/\\\/cefi.es\\\/en\\\/tienda\\\/publicaciones\\\/revista-comunicaciones\\\/revista-comunicaciones-no-78-mayo-agosto-2016\\\/#breadcrumb\",\"itemListElement\":[{\"@type\":\"ListItem\",\"position\":1,\"name\":\"Home\",\"item\":\"https:\\\/\\\/cefi.es\\\/en\\\/\"},{\"@type\":\"ListItem\",\"position\":2,\"name\":\"Products\",\"item\":\"https:\\\/\\\/cefi.es\\\/en\\\/shop\\\/\"},{\"@type\":\"ListItem\",\"position\":3,\"name\":\"Revista Comunicaciones N\u00ba 78 (Mayo-Agosto 2016)\"}]},{\"@type\":\"WebSite\",\"@id\":\"https:\\\/\\\/cefi.es\\\/en\\\/#website\",\"url\":\"https:\\\/\\\/cefi.es\\\/en\\\/\",\"name\":\"Centro de estudios para el fomento de la investigaci\u00f3n\",\"description\":\"\",\"publisher\":{\"@id\":\"https:\\\/\\\/cefi.es\\\/en\\\/#organization\"},\"potentialAction\":[{\"@type\":\"SearchAction\",\"target\":{\"@type\":\"EntryPoint\",\"urlTemplate\":\"https:\\\/\\\/cefi.es\\\/en\\\/?s={search_term_string}\"},\"query-input\":{\"@type\":\"PropertyValueSpecification\",\"valueRequired\":true,\"valueName\":\"search_term_string\"}}],\"inLanguage\":\"en-US\"},{\"@type\":\"Organization\",\"@id\":\"https:\\\/\\\/cefi.es\\\/en\\\/#organization\",\"name\":\"Fundacion CeFi. Propiedad industrial e intelectual\",\"url\":\"https:\\\/\\\/cefi.es\\\/en\\\/\",\"logo\":{\"@type\":\"ImageObject\",\"inLanguage\":\"en-US\",\"@id\":\"https:\\\/\\\/cefi.es\\\/en\\\/#\\\/schema\\\/logo\\\/image\\\/\",\"url\":\"https:\\\/\\\/cefi.es\\\/wp-contenido\\\/uploads\\\/2019\\\/12\\\/cropped-favicon-3.png\",\"contentUrl\":\"https:\\\/\\\/cefi.es\\\/wp-contenido\\\/uploads\\\/2019\\\/12\\\/cropped-favicon-3.png\",\"width\":512,\"height\":512,\"caption\":\"Fundacion CeFi. Propiedad industrial e intelectual\"},\"image\":{\"@id\":\"https:\\\/\\\/cefi.es\\\/en\\\/#\\\/schema\\\/logo\\\/image\\\/\"}}]}<\/script>\n<!-- \/ Yoast SEO plugin. -->","yoast_head_json":{"title":"Revista Comunicaciones N\u00ba 78 (Mayo-Agosto 2016) - Centro de estudios para el fomento de la investigaci\u00f3n","robots":{"index":"index","follow":"follow","max-snippet":"max-snippet:-1","max-image-preview":"max-image-preview:large","max-video-preview":"max-video-preview:-1"},"canonical":"https:\/\/cefi.es\/en\/tienda\/publicaciones\/revista-comunicaciones\/revista-comunicaciones-no-78-mayo-agosto-2016\/","og_locale":"en_US","og_type":"article","og_title":"Revista Comunicaciones N\u00ba 78 (Mayo-Agosto 2016) - Centro de estudios para el fomento de la investigaci\u00f3n","og_description":"El medicamento en los Tribunales en el a\u00f1o 2015. Jordi Faus Santasusana y Merc\u00e9 Maresma Casellas El reto de la morosidad de las Comunidades Aut\u00f3nomas: an\u00e1lisis de las medidas adoptadas durante cuatro a\u00f1os de legislatura. Irene Fern\u00e1ndez Puyol En torno a la facultad del titular de un derecho de exclusiva de impedir cautelarmente la exhibici\u00f3n [&hellip;]","og_url":"https:\/\/cefi.es\/en\/tienda\/publicaciones\/revista-comunicaciones\/revista-comunicaciones-no-78-mayo-agosto-2016\/","og_site_name":"Centro de estudios para el fomento de la investigaci\u00f3n","article_modified_time":"2021-02-02T09:11:35+00:00","og_image":[{"width":716,"height":1034,"url":"https:\/\/cefi.es\/wp-contenido\/uploads\/2020\/01\/Portada_Comunicaciones_78.jpg","type":"image\/jpeg"}],"twitter_card":"summary_large_image","twitter_misc":{"Est. reading time":"2 minutes"},"schema":{"@context":"https:\/\/schema.org","@graph":[{"@type":"WebPage","@id":"https:\/\/cefi.es\/en\/tienda\/publicaciones\/revista-comunicaciones\/revista-comunicaciones-no-78-mayo-agosto-2016\/","url":"https:\/\/cefi.es\/en\/tienda\/publicaciones\/revista-comunicaciones\/revista-comunicaciones-no-78-mayo-agosto-2016\/","name":"Revista Comunicaciones N\u00ba 78 (Mayo-Agosto 2016) - Centro de estudios para el fomento de la investigaci\u00f3n","isPartOf":{"@id":"https:\/\/cefi.es\/en\/#website"},"primaryImageOfPage":{"@id":"https:\/\/cefi.es\/en\/tienda\/publicaciones\/revista-comunicaciones\/revista-comunicaciones-no-78-mayo-agosto-2016\/#primaryimage"},"image":{"@id":"https:\/\/cefi.es\/en\/tienda\/publicaciones\/revista-comunicaciones\/revista-comunicaciones-no-78-mayo-agosto-2016\/#primaryimage"},"thumbnailUrl":"https:\/\/cefi.es\/wp-contenido\/uploads\/2020\/01\/Portada_Comunicaciones_78.jpg","datePublished":"2016-05-29T16:01:25+00:00","dateModified":"2021-02-02T09:11:35+00:00","breadcrumb":{"@id":"https:\/\/cefi.es\/en\/tienda\/publicaciones\/revista-comunicaciones\/revista-comunicaciones-no-78-mayo-agosto-2016\/#breadcrumb"},"inLanguage":"en-US","potentialAction":[{"@type":"ReadAction","target":["https:\/\/cefi.es\/en\/tienda\/publicaciones\/revista-comunicaciones\/revista-comunicaciones-no-78-mayo-agosto-2016\/"]}]},{"@type":"ImageObject","inLanguage":"en-US","@id":"https:\/\/cefi.es\/en\/tienda\/publicaciones\/revista-comunicaciones\/revista-comunicaciones-no-78-mayo-agosto-2016\/#primaryimage","url":"https:\/\/cefi.es\/wp-contenido\/uploads\/2020\/01\/Portada_Comunicaciones_78.jpg","contentUrl":"https:\/\/cefi.es\/wp-contenido\/uploads\/2020\/01\/Portada_Comunicaciones_78.jpg","width":716,"height":1034},{"@type":"BreadcrumbList","@id":"https:\/\/cefi.es\/en\/tienda\/publicaciones\/revista-comunicaciones\/revista-comunicaciones-no-78-mayo-agosto-2016\/#breadcrumb","itemListElement":[{"@type":"ListItem","position":1,"name":"Home","item":"https:\/\/cefi.es\/en\/"},{"@type":"ListItem","position":2,"name":"Products","item":"https:\/\/cefi.es\/en\/shop\/"},{"@type":"ListItem","position":3,"name":"Revista Comunicaciones N\u00ba 78 (Mayo-Agosto 2016)"}]},{"@type":"WebSite","@id":"https:\/\/cefi.es\/en\/#website","url":"https:\/\/cefi.es\/en\/","name":"Centro de estudios para el fomento de la investigaci\u00f3n","description":"","publisher":{"@id":"https:\/\/cefi.es\/en\/#organization"},"potentialAction":[{"@type":"SearchAction","target":{"@type":"EntryPoint","urlTemplate":"https:\/\/cefi.es\/en\/?s={search_term_string}"},"query-input":{"@type":"PropertyValueSpecification","valueRequired":true,"valueName":"search_term_string"}}],"inLanguage":"en-US"},{"@type":"Organization","@id":"https:\/\/cefi.es\/en\/#organization","name":"Fundacion CeFi. Propiedad industrial e intelectual","url":"https:\/\/cefi.es\/en\/","logo":{"@type":"ImageObject","inLanguage":"en-US","@id":"https:\/\/cefi.es\/en\/#\/schema\/logo\/image\/","url":"https:\/\/cefi.es\/wp-contenido\/uploads\/2019\/12\/cropped-favicon-3.png","contentUrl":"https:\/\/cefi.es\/wp-contenido\/uploads\/2019\/12\/cropped-favicon-3.png","width":512,"height":512,"caption":"Fundacion CeFi. Propiedad industrial e intelectual"},"image":{"@id":"https:\/\/cefi.es\/en\/#\/schema\/logo\/image\/"}}]}},"_links":{"self":[{"href":"https:\/\/cefi.es\/en\/wp-json\/wp\/v2\/product\/5498","targetHints":{"allow":["GET"]}}],"collection":[{"href":"https:\/\/cefi.es\/en\/wp-json\/wp\/v2\/product"}],"about":[{"href":"https:\/\/cefi.es\/en\/wp-json\/wp\/v2\/types\/product"}],"version-history":[{"count":3,"href":"https:\/\/cefi.es\/en\/wp-json\/wp\/v2\/product\/5498\/revisions"}],"predecessor-version":[{"id":8588,"href":"https:\/\/cefi.es\/en\/wp-json\/wp\/v2\/product\/5498\/revisions\/8588"}],"wp:featuredmedia":[{"embeddable":true,"href":"https:\/\/cefi.es\/en\/wp-json\/wp\/v2\/media\/5342"}],"wp:attachment":[{"href":"https:\/\/cefi.es\/en\/wp-json\/wp\/v2\/media?parent=5498"}],"wp:term":[{"taxonomy":"product_brand","embeddable":true,"href":"https:\/\/cefi.es\/en\/wp-json\/wp\/v2\/product_brand?post=5498"},{"taxonomy":"product_cat","embeddable":true,"href":"https:\/\/cefi.es\/en\/wp-json\/wp\/v2\/product_cat?post=5498"},{"taxonomy":"product_tag","embeddable":true,"href":"https:\/\/cefi.es\/en\/wp-json\/wp\/v2\/product_tag?post=5498"}],"curies":[{"name":"wp","href":"https:\/\/api.w.org\/{rel}","templated":true}]}}