{"id":5494,"date":"2016-09-29T15:59:41","date_gmt":"2016-09-29T15:59:41","guid":{"rendered":"http:\/\/www.cefi.es\/?post_type=product&#038;p=5494"},"modified":"2021-02-02T10:11:35","modified_gmt":"2021-02-02T09:11:35","slug":"revista-comunicaciones-no-79-septiembre-diciembre-2016","status":"publish","type":"product","link":"https:\/\/cefi.es\/en\/tienda\/publicaciones\/revista-comunicaciones\/revista-comunicaciones-no-79-septiembre-diciembre-2016\/","title":{"rendered":"Revista Comunicaciones N\u00ba 79 <span>(Septiembre-Diciembre 2016)"},"content":{"rendered":"<p class=\"p1\">La sentencia del TJUE sobre el modelo de la CNMC y el requisito de independencia de sus consejeros.<br \/>\n<em>Helmut Brokelmann<\/em><\/p>\n<p class=\"p1\">Historia de una heterodoxia espa\u00f1ola: comentario a la Sentencia del Tribunal Supremo (Sala de lo Civil) de 20 de mayo de 2016 en el asunto &#8220;Quetiapina de liberaci\u00f3n prolongada&#8221;.<br \/>\n<em>Adri\u00e1n Crespo Velasco<\/em><\/p>\n<p class=\"p1\">Reventa de software en soporte material s\u00ed, pero s\u00f3lo si el soporte es original: comentario a la Sentencia del Tribunal de Justicia (Sala Tercera) de la Uni\u00f3n Europea de 12 de octubre de 2016 (C-166\/15).<br \/>\n<em>Juan A. Cuerva de Ca\u00f1as<\/em><\/p>\n<p class=\"p1\">Vulneraci\u00f3n de la propiedad intelectual por enlazar con un sitio web en el que se incluye una obra ajena protegida.\u00a0 Comentario a la Sentencia del Tribunal de Justicia de 8 de septiembre del 2016, en el asunto C160\/15, GS Media BV y Sanoma Media Netherlands BV, Playboy Enterprises International Inc., Britt Geertruida Dekker.<br \/>\n<em>\u00c1ngel Garc\u00eda Vidal<\/em><\/p>\n<p class=\"p1\">La promoci\u00f3n publicitaria en la descarga de aplicaciones (PS\/00646\/2015).<br \/>\n<em>Jes\u00fas Rub\u00ed Navarrete<\/em><\/p>\n<p class=\"p1\">Medicamentos veterinarios: publicidad, descuentos y otras cuestiones legales candentes.<br \/>\n<em>Francisco Javier Carri\u00f3n Garc\u00eda de Parada y Eduardo Buitr\u00f3n Patuel<\/em><\/p>\n<p class=\"p1\">Pay-for-delay en el asunto Lundbeck: el Tribunal General de la UE confirma que las compensaciones que impliquen aplazar la comercializaci\u00f3n de productos competidores es objetivamente un il\u00edcito concurrencial.<br \/>\n<em>Irene Moreno-Tapia y Carlos Alberto Ruiz<\/em><\/p>\n<p class=\"p1\">La caducidad de los procedimientos sancionadores por pr\u00e1cticas restrictivas de la competencia en Espa\u00f1a: comentario a la sentencia del Tribunal Supremo de 26 de julio de 2016, \u201cMarval\u201d.\u00bfPuede la Administraci\u00f3n ser sancionada por infringir el Derecho de la competencia cuando no act\u00faa como empresa?<br \/>\n<em>Jaime Rodr\u00edguez Ord\u00f3\u00f1ez y Luc\u00eda \u00c1lvarez Ib\u00e1\u00f1ez<\/em><\/p>\n<p>\u00bfPuede la Administraci\u00f3n ser sancionada por infringir el Derecho de<br \/>\nla competencia cuando no act\u00faa como empresa?<br \/>\n<em>Alfonso Rinc\u00f3n Garc\u00eda Loygorri y Antonio V\u00e1zquez Carde\u00f1oso<\/em><\/p>\n<p class=\"p1\">La autorregulaci\u00f3n en el sector IT como forma de combatir la propagaci\u00f3n del discurso del odio a trav\u00e9s de Internet.<br \/>\n<em>Jes\u00fas Mu\u00f1oz-Delgado M\u00e9rida<\/em><\/p>\n<p class=\"p1\">Brocol\u00ed II y Tomate II: hac\u00eda un sistema europeo de protecci\u00f3n dual (patentes y obtenciones vegetales).<br \/>\n<em>Javier Guillem Carrau<\/em><\/p>\n","protected":false},"excerpt":{"rendered":"<p>La sentencia del TJUE sobre el modelo de la CNMC y el requisito de independencia de sus consejeros. Helmut Brokelmann Historia de una heterodoxia espa\u00f1ola: comentario a la Sentencia del Tribunal Supremo (Sala de lo Civil) de 20 de mayo de 2016 en el asunto &#8220;Quetiapina de liberaci\u00f3n prolongada&#8221;. Adri\u00e1n Crespo Velasco Reventa de software [&hellip;]<\/p>\n","protected":false},"featured_media":5344,"template":"","meta":{"_acf_changed":false},"product_brand":[],"product_cat":[50,24],"product_tag":[],"class_list":{"0":"post-5494","1":"product","2":"type-product","3":"status-publish","4":"has-post-thumbnail","6":"product_cat-publicaciones","7":"product_cat-revista-comunicaciones","9":"first","10":"instock","11":"taxable","12":"shipping-taxable","13":"purchasable","14":"product-type-variable","15":"has-default-attributes"},"acf":[],"yoast_head":"<!-- This site is optimized with the Yoast SEO plugin v27.3 - https:\/\/yoast.com\/product\/yoast-seo-wordpress\/ -->\n<title>Revista Comunicaciones N\u00ba 79 (Septiembre-Diciembre 2016) - Centro de estudios para el fomento de la investigaci\u00f3n<\/title>\n<meta name=\"robots\" content=\"index, follow, max-snippet:-1, max-image-preview:large, max-video-preview:-1\" \/>\n<link rel=\"canonical\" href=\"https:\/\/cefi.es\/en\/tienda\/publicaciones\/revista-comunicaciones\/revista-comunicaciones-no-79-septiembre-diciembre-2016\/\" \/>\n<meta property=\"og:locale\" content=\"en_US\" \/>\n<meta property=\"og:type\" content=\"article\" \/>\n<meta property=\"og:title\" content=\"Revista Comunicaciones N\u00ba 79 (Septiembre-Diciembre 2016) - Centro de estudios para el fomento de la investigaci\u00f3n\" \/>\n<meta property=\"og:description\" content=\"La sentencia del TJUE sobre el modelo de la CNMC y el requisito de independencia de sus consejeros. Helmut Brokelmann Historia de una heterodoxia espa\u00f1ola: comentario a la Sentencia del Tribunal Supremo (Sala de lo Civil) de 20 de mayo de 2016 en el asunto &#8220;Quetiapina de liberaci\u00f3n prolongada&#8221;. Adri\u00e1n Crespo Velasco Reventa de software [&hellip;]\" \/>\n<meta property=\"og:url\" content=\"https:\/\/cefi.es\/en\/tienda\/publicaciones\/revista-comunicaciones\/revista-comunicaciones-no-79-septiembre-diciembre-2016\/\" \/>\n<meta property=\"og:site_name\" content=\"Centro de estudios para el fomento de la investigaci\u00f3n\" \/>\n<meta property=\"article:modified_time\" content=\"2021-02-02T09:11:35+00:00\" \/>\n<meta property=\"og:image\" content=\"https:\/\/cefi.es\/wp-contenido\/uploads\/2020\/01\/Portada_Comunicaciones_79.jpg\" \/>\n\t<meta property=\"og:image:width\" content=\"717\" \/>\n\t<meta property=\"og:image:height\" content=\"1040\" \/>\n\t<meta property=\"og:image:type\" content=\"image\/jpeg\" \/>\n<meta name=\"twitter:card\" content=\"summary_large_image\" \/>\n<meta name=\"twitter:label1\" content=\"Est. reading time\" \/>\n\t<meta name=\"twitter:data1\" content=\"2 minutes\" \/>\n<script type=\"application\/ld+json\" class=\"yoast-schema-graph\">{\"@context\":\"https:\\\/\\\/schema.org\",\"@graph\":[{\"@type\":\"WebPage\",\"@id\":\"https:\\\/\\\/cefi.es\\\/en\\\/tienda\\\/publicaciones\\\/revista-comunicaciones\\\/revista-comunicaciones-no-79-septiembre-diciembre-2016\\\/\",\"url\":\"https:\\\/\\\/cefi.es\\\/en\\\/tienda\\\/publicaciones\\\/revista-comunicaciones\\\/revista-comunicaciones-no-79-septiembre-diciembre-2016\\\/\",\"name\":\"Revista Comunicaciones N\u00ba 79 (Septiembre-Diciembre 2016) - Centro de estudios para el fomento de la investigaci\u00f3n\",\"isPartOf\":{\"@id\":\"https:\\\/\\\/cefi.es\\\/en\\\/#website\"},\"primaryImageOfPage\":{\"@id\":\"https:\\\/\\\/cefi.es\\\/en\\\/tienda\\\/publicaciones\\\/revista-comunicaciones\\\/revista-comunicaciones-no-79-septiembre-diciembre-2016\\\/#primaryimage\"},\"image\":{\"@id\":\"https:\\\/\\\/cefi.es\\\/en\\\/tienda\\\/publicaciones\\\/revista-comunicaciones\\\/revista-comunicaciones-no-79-septiembre-diciembre-2016\\\/#primaryimage\"},\"thumbnailUrl\":\"https:\\\/\\\/cefi.es\\\/wp-contenido\\\/uploads\\\/2020\\\/01\\\/Portada_Comunicaciones_79.jpg\",\"datePublished\":\"2016-09-29T15:59:41+00:00\",\"dateModified\":\"2021-02-02T09:11:35+00:00\",\"breadcrumb\":{\"@id\":\"https:\\\/\\\/cefi.es\\\/en\\\/tienda\\\/publicaciones\\\/revista-comunicaciones\\\/revista-comunicaciones-no-79-septiembre-diciembre-2016\\\/#breadcrumb\"},\"inLanguage\":\"en-US\",\"potentialAction\":[{\"@type\":\"ReadAction\",\"target\":[\"https:\\\/\\\/cefi.es\\\/en\\\/tienda\\\/publicaciones\\\/revista-comunicaciones\\\/revista-comunicaciones-no-79-septiembre-diciembre-2016\\\/\"]}]},{\"@type\":\"ImageObject\",\"inLanguage\":\"en-US\",\"@id\":\"https:\\\/\\\/cefi.es\\\/en\\\/tienda\\\/publicaciones\\\/revista-comunicaciones\\\/revista-comunicaciones-no-79-septiembre-diciembre-2016\\\/#primaryimage\",\"url\":\"https:\\\/\\\/cefi.es\\\/wp-contenido\\\/uploads\\\/2020\\\/01\\\/Portada_Comunicaciones_79.jpg\",\"contentUrl\":\"https:\\\/\\\/cefi.es\\\/wp-contenido\\\/uploads\\\/2020\\\/01\\\/Portada_Comunicaciones_79.jpg\",\"width\":717,\"height\":1040},{\"@type\":\"BreadcrumbList\",\"@id\":\"https:\\\/\\\/cefi.es\\\/en\\\/tienda\\\/publicaciones\\\/revista-comunicaciones\\\/revista-comunicaciones-no-79-septiembre-diciembre-2016\\\/#breadcrumb\",\"itemListElement\":[{\"@type\":\"ListItem\",\"position\":1,\"name\":\"Home\",\"item\":\"https:\\\/\\\/cefi.es\\\/en\\\/\"},{\"@type\":\"ListItem\",\"position\":2,\"name\":\"Products\",\"item\":\"https:\\\/\\\/cefi.es\\\/en\\\/shop\\\/\"},{\"@type\":\"ListItem\",\"position\":3,\"name\":\"Revista Comunicaciones N\u00ba 79 (Septiembre-Diciembre 2016)\"}]},{\"@type\":\"WebSite\",\"@id\":\"https:\\\/\\\/cefi.es\\\/en\\\/#website\",\"url\":\"https:\\\/\\\/cefi.es\\\/en\\\/\",\"name\":\"Centro de estudios para el fomento de la investigaci\u00f3n\",\"description\":\"\",\"publisher\":{\"@id\":\"https:\\\/\\\/cefi.es\\\/en\\\/#organization\"},\"potentialAction\":[{\"@type\":\"SearchAction\",\"target\":{\"@type\":\"EntryPoint\",\"urlTemplate\":\"https:\\\/\\\/cefi.es\\\/en\\\/?s={search_term_string}\"},\"query-input\":{\"@type\":\"PropertyValueSpecification\",\"valueRequired\":true,\"valueName\":\"search_term_string\"}}],\"inLanguage\":\"en-US\"},{\"@type\":\"Organization\",\"@id\":\"https:\\\/\\\/cefi.es\\\/en\\\/#organization\",\"name\":\"Fundacion CeFi. Propiedad industrial e intelectual\",\"url\":\"https:\\\/\\\/cefi.es\\\/en\\\/\",\"logo\":{\"@type\":\"ImageObject\",\"inLanguage\":\"en-US\",\"@id\":\"https:\\\/\\\/cefi.es\\\/en\\\/#\\\/schema\\\/logo\\\/image\\\/\",\"url\":\"https:\\\/\\\/cefi.es\\\/wp-contenido\\\/uploads\\\/2019\\\/12\\\/cropped-favicon-3.png\",\"contentUrl\":\"https:\\\/\\\/cefi.es\\\/wp-contenido\\\/uploads\\\/2019\\\/12\\\/cropped-favicon-3.png\",\"width\":512,\"height\":512,\"caption\":\"Fundacion CeFi. Propiedad industrial e intelectual\"},\"image\":{\"@id\":\"https:\\\/\\\/cefi.es\\\/en\\\/#\\\/schema\\\/logo\\\/image\\\/\"}}]}<\/script>\n<!-- \/ Yoast SEO plugin. -->","yoast_head_json":{"title":"Revista Comunicaciones N\u00ba 79 (Septiembre-Diciembre 2016) - Centro de estudios para el fomento de la investigaci\u00f3n","robots":{"index":"index","follow":"follow","max-snippet":"max-snippet:-1","max-image-preview":"max-image-preview:large","max-video-preview":"max-video-preview:-1"},"canonical":"https:\/\/cefi.es\/en\/tienda\/publicaciones\/revista-comunicaciones\/revista-comunicaciones-no-79-septiembre-diciembre-2016\/","og_locale":"en_US","og_type":"article","og_title":"Revista Comunicaciones N\u00ba 79 (Septiembre-Diciembre 2016) - Centro de estudios para el fomento de la investigaci\u00f3n","og_description":"La sentencia del TJUE sobre el modelo de la CNMC y el requisito de independencia de sus consejeros. Helmut Brokelmann Historia de una heterodoxia espa\u00f1ola: comentario a la Sentencia del Tribunal Supremo (Sala de lo Civil) de 20 de mayo de 2016 en el asunto &#8220;Quetiapina de liberaci\u00f3n prolongada&#8221;. Adri\u00e1n Crespo Velasco Reventa de software [&hellip;]","og_url":"https:\/\/cefi.es\/en\/tienda\/publicaciones\/revista-comunicaciones\/revista-comunicaciones-no-79-septiembre-diciembre-2016\/","og_site_name":"Centro de estudios para el fomento de la investigaci\u00f3n","article_modified_time":"2021-02-02T09:11:35+00:00","og_image":[{"width":717,"height":1040,"url":"https:\/\/cefi.es\/wp-contenido\/uploads\/2020\/01\/Portada_Comunicaciones_79.jpg","type":"image\/jpeg"}],"twitter_card":"summary_large_image","twitter_misc":{"Est. reading time":"2 minutes"},"schema":{"@context":"https:\/\/schema.org","@graph":[{"@type":"WebPage","@id":"https:\/\/cefi.es\/en\/tienda\/publicaciones\/revista-comunicaciones\/revista-comunicaciones-no-79-septiembre-diciembre-2016\/","url":"https:\/\/cefi.es\/en\/tienda\/publicaciones\/revista-comunicaciones\/revista-comunicaciones-no-79-septiembre-diciembre-2016\/","name":"Revista Comunicaciones N\u00ba 79 (Septiembre-Diciembre 2016) - Centro de estudios para el fomento de la investigaci\u00f3n","isPartOf":{"@id":"https:\/\/cefi.es\/en\/#website"},"primaryImageOfPage":{"@id":"https:\/\/cefi.es\/en\/tienda\/publicaciones\/revista-comunicaciones\/revista-comunicaciones-no-79-septiembre-diciembre-2016\/#primaryimage"},"image":{"@id":"https:\/\/cefi.es\/en\/tienda\/publicaciones\/revista-comunicaciones\/revista-comunicaciones-no-79-septiembre-diciembre-2016\/#primaryimage"},"thumbnailUrl":"https:\/\/cefi.es\/wp-contenido\/uploads\/2020\/01\/Portada_Comunicaciones_79.jpg","datePublished":"2016-09-29T15:59:41+00:00","dateModified":"2021-02-02T09:11:35+00:00","breadcrumb":{"@id":"https:\/\/cefi.es\/en\/tienda\/publicaciones\/revista-comunicaciones\/revista-comunicaciones-no-79-septiembre-diciembre-2016\/#breadcrumb"},"inLanguage":"en-US","potentialAction":[{"@type":"ReadAction","target":["https:\/\/cefi.es\/en\/tienda\/publicaciones\/revista-comunicaciones\/revista-comunicaciones-no-79-septiembre-diciembre-2016\/"]}]},{"@type":"ImageObject","inLanguage":"en-US","@id":"https:\/\/cefi.es\/en\/tienda\/publicaciones\/revista-comunicaciones\/revista-comunicaciones-no-79-septiembre-diciembre-2016\/#primaryimage","url":"https:\/\/cefi.es\/wp-contenido\/uploads\/2020\/01\/Portada_Comunicaciones_79.jpg","contentUrl":"https:\/\/cefi.es\/wp-contenido\/uploads\/2020\/01\/Portada_Comunicaciones_79.jpg","width":717,"height":1040},{"@type":"BreadcrumbList","@id":"https:\/\/cefi.es\/en\/tienda\/publicaciones\/revista-comunicaciones\/revista-comunicaciones-no-79-septiembre-diciembre-2016\/#breadcrumb","itemListElement":[{"@type":"ListItem","position":1,"name":"Home","item":"https:\/\/cefi.es\/en\/"},{"@type":"ListItem","position":2,"name":"Products","item":"https:\/\/cefi.es\/en\/shop\/"},{"@type":"ListItem","position":3,"name":"Revista Comunicaciones N\u00ba 79 (Septiembre-Diciembre 2016)"}]},{"@type":"WebSite","@id":"https:\/\/cefi.es\/en\/#website","url":"https:\/\/cefi.es\/en\/","name":"Centro de estudios para el fomento de la investigaci\u00f3n","description":"","publisher":{"@id":"https:\/\/cefi.es\/en\/#organization"},"potentialAction":[{"@type":"SearchAction","target":{"@type":"EntryPoint","urlTemplate":"https:\/\/cefi.es\/en\/?s={search_term_string}"},"query-input":{"@type":"PropertyValueSpecification","valueRequired":true,"valueName":"search_term_string"}}],"inLanguage":"en-US"},{"@type":"Organization","@id":"https:\/\/cefi.es\/en\/#organization","name":"Fundacion CeFi. Propiedad industrial e intelectual","url":"https:\/\/cefi.es\/en\/","logo":{"@type":"ImageObject","inLanguage":"en-US","@id":"https:\/\/cefi.es\/en\/#\/schema\/logo\/image\/","url":"https:\/\/cefi.es\/wp-contenido\/uploads\/2019\/12\/cropped-favicon-3.png","contentUrl":"https:\/\/cefi.es\/wp-contenido\/uploads\/2019\/12\/cropped-favicon-3.png","width":512,"height":512,"caption":"Fundacion CeFi. Propiedad industrial e intelectual"},"image":{"@id":"https:\/\/cefi.es\/en\/#\/schema\/logo\/image\/"}}]}},"_links":{"self":[{"href":"https:\/\/cefi.es\/en\/wp-json\/wp\/v2\/product\/5494","targetHints":{"allow":["GET"]}}],"collection":[{"href":"https:\/\/cefi.es\/en\/wp-json\/wp\/v2\/product"}],"about":[{"href":"https:\/\/cefi.es\/en\/wp-json\/wp\/v2\/types\/product"}],"version-history":[{"count":3,"href":"https:\/\/cefi.es\/en\/wp-json\/wp\/v2\/product\/5494\/revisions"}],"predecessor-version":[{"id":8586,"href":"https:\/\/cefi.es\/en\/wp-json\/wp\/v2\/product\/5494\/revisions\/8586"}],"wp:featuredmedia":[{"embeddable":true,"href":"https:\/\/cefi.es\/en\/wp-json\/wp\/v2\/media\/5344"}],"wp:attachment":[{"href":"https:\/\/cefi.es\/en\/wp-json\/wp\/v2\/media?parent=5494"}],"wp:term":[{"taxonomy":"product_brand","embeddable":true,"href":"https:\/\/cefi.es\/en\/wp-json\/wp\/v2\/product_brand?post=5494"},{"taxonomy":"product_cat","embeddable":true,"href":"https:\/\/cefi.es\/en\/wp-json\/wp\/v2\/product_cat?post=5494"},{"taxonomy":"product_tag","embeddable":true,"href":"https:\/\/cefi.es\/en\/wp-json\/wp\/v2\/product_tag?post=5494"}],"curies":[{"name":"wp","href":"https:\/\/api.w.org\/{rel}","templated":true}]}}