{"id":5490,"date":"2017-01-29T15:58:12","date_gmt":"2017-01-29T15:58:12","guid":{"rendered":"http:\/\/www.cefi.es\/?post_type=product&#038;p=5490"},"modified":"2021-02-02T10:11:35","modified_gmt":"2021-02-02T09:11:35","slug":"revista-comunicaciones-no-80-enero-abril-2017","status":"publish","type":"product","link":"https:\/\/cefi.es\/en\/tienda\/publicaciones\/revista-comunicaciones\/revista-comunicaciones-no-80-enero-abril-2017\/","title":{"rendered":"Revista Comunicaciones N\u00ba 80 <span>(Enero-Abril 2017)"},"content":{"rendered":"<p class=\"p1\">La Resoluci\u00f3n de la CNMC de 19 de enero de 2017. Confirmaci\u00f3n de la legalidad de los sistemas de precio libre y la improcedencia de aplicar la doctrina Glaxo.<br \/>\n<em>Teresa Paz-Ares y Beatriz Cocina Arrieta<\/em><\/p>\n<p class=\"p1\">El medicamento en los Tribunales &#8211; A\u00f1o 2016.<br \/>\n<em>Jordi Faus Santasusana, Merc\u00e8 Maresma Casellas y Laura Marqu\u00e8s Mas<\/em><\/p>\n<p class=\"p1\">El sector farmac\u00e9utico y el derecho a la protecci\u00f3n de datos: nuevo Reglamento Europeo.<br \/>\n<em>Ana L\u00f3pez Carrascal<\/em><\/p>\n<p class=\"p1\">El Convenio de la Patente Europea: 40 a\u00f1os desde la Conferencia Diplom\u00e1tica de Munich.<br \/>\n<em>Francisco Javier Garc\u00eda Carri\u00f3n y Eduardo Buitr\u00f3n de Vega Patruel<\/em><\/p>\n<p class=\"p1\">La vulgarizaci\u00f3n de la marca o como llegar a perder un monopolio legal y remedios para evitarlo.<br \/>\n<em>David G\u00f3mez S\u00e1nchez<\/em><\/p>\n<p class=\"p1\">Medidas cautelares con inspecci\u00f3n previa y su interpretaci\u00f3n por los Juzgados de lo Mercantil de Barcelona en el marco del Mobile Wold Congress.<br \/>\n<em>Luis Fern\u00e1ndez-Novoa Valladares<\/em><\/p>\n<p class=\"p1\">Competencia por conexidad y litigios en materia de infracci\u00f3n de modelos industriales registrados. Comentario a la Sentencia del Tribunal Supremo (Sala Civil, Secci\u00f3n 1\u00aa) de 10 de enero de 2017.<br \/>\n<em>Rafael Arenas Garc\u00eda<\/em><\/p>\n<p class=\"p1\">Breves notas sobre la protecci\u00f3n de las bases de datos por la v\u00eda del derecho de autor a ra\u00edz de la Sentencia del Tribunal Supremo 64\/2017, de 2 de febrero de 2017.<br \/>\n<em>Juan A. Cuerva de Ca\u00f1as<\/em><\/p>\n<p class=\"p1\">La regulaci\u00f3n y control de la publicidad de medicamentos y productos sanitarios: hacia su futura autorregulaci\u00f3n.<br \/>\n<em>Jos\u00e9 Ignacio Vega Labella<\/em><\/p>\n<p class=\"p1\">El Reglamento de ejecuci\u00f3n de la nueva Ley de Patentes . Propiedad industrial y derecho antimonopolio.<br \/>\n<em>Jos\u00e9 Cabrera Rodr\u00edguez<\/em><\/p>\n<p class=\"p1\">La sentencia \u201cDocMorris 2\u201d: El TFUE se opone a una norma nacional que proh\u00edbe dar descuentos en las ventas por Internet de medicamentos sujetos a receta m\u00e9dica.<br \/>\n<em>Helmut Brokelmann<\/em><\/p>\n<p class=\"p1\">\u201cBig Data\u201d en el \u00e1mbito sanitario. El informe preliminar del IBC.<br \/>\n<em>Beatriz Cocina Arrieta<\/em><\/p>\n<p class=\"p1\">Las c\u00e9lulas troncales: aspectos cient\u00edficos y \u00e9ticos y su regulaci\u00f3n en Espa\u00f1a.<br \/>\n<em>Paula \u00c1lvarez Rodr\u00edguez<\/em><\/p>\n","protected":false},"excerpt":{"rendered":"<p>La Resoluci\u00f3n de la CNMC de 19 de enero de 2017. Confirmaci\u00f3n de la legalidad de los sistemas de precio libre y la improcedencia de aplicar la doctrina Glaxo. Teresa Paz-Ares y Beatriz Cocina Arrieta El medicamento en los Tribunales &#8211; A\u00f1o 2016. Jordi Faus Santasusana, Merc\u00e8 Maresma Casellas y Laura Marqu\u00e8s Mas El sector [&hellip;]<\/p>\n","protected":false},"featured_media":5346,"template":"","meta":{"_acf_changed":false},"product_brand":[],"product_cat":[24,50],"product_tag":[],"class_list":{"0":"post-5490","1":"product","2":"type-product","3":"status-publish","4":"has-post-thumbnail","6":"product_cat-revista-comunicaciones","7":"product_cat-publicaciones","9":"first","10":"instock","11":"taxable","12":"shipping-taxable","13":"purchasable","14":"product-type-variable","15":"has-default-attributes"},"acf":[],"yoast_head":"<!-- This site is optimized with the Yoast SEO plugin v27.3 - https:\/\/yoast.com\/product\/yoast-seo-wordpress\/ -->\n<title>Revista Comunicaciones N\u00ba 80 (Enero-Abril 2017) - Centro de estudios para el fomento de la investigaci\u00f3n<\/title>\n<meta name=\"robots\" content=\"index, follow, max-snippet:-1, max-image-preview:large, max-video-preview:-1\" \/>\n<link rel=\"canonical\" href=\"https:\/\/cefi.es\/en\/tienda\/publicaciones\/revista-comunicaciones\/revista-comunicaciones-no-80-enero-abril-2017\/\" \/>\n<meta property=\"og:locale\" content=\"en_US\" \/>\n<meta property=\"og:type\" content=\"article\" \/>\n<meta property=\"og:title\" content=\"Revista Comunicaciones N\u00ba 80 (Enero-Abril 2017) - Centro de estudios para el fomento de la investigaci\u00f3n\" \/>\n<meta property=\"og:description\" content=\"La Resoluci\u00f3n de la CNMC de 19 de enero de 2017. Confirmaci\u00f3n de la legalidad de los sistemas de precio libre y la improcedencia de aplicar la doctrina Glaxo. Teresa Paz-Ares y Beatriz Cocina Arrieta El medicamento en los Tribunales &#8211; A\u00f1o 2016. Jordi Faus Santasusana, Merc\u00e8 Maresma Casellas y Laura Marqu\u00e8s Mas El sector [&hellip;]\" \/>\n<meta property=\"og:url\" content=\"https:\/\/cefi.es\/en\/tienda\/publicaciones\/revista-comunicaciones\/revista-comunicaciones-no-80-enero-abril-2017\/\" \/>\n<meta property=\"og:site_name\" content=\"Centro de estudios para el fomento de la investigaci\u00f3n\" \/>\n<meta property=\"article:modified_time\" content=\"2021-02-02T09:11:35+00:00\" \/>\n<meta property=\"og:image\" content=\"https:\/\/cefi.es\/wp-contenido\/uploads\/2020\/01\/Portada_Comunicaciones_80.jpg\" \/>\n\t<meta property=\"og:image:width\" content=\"892\" \/>\n\t<meta property=\"og:image:height\" content=\"1291\" \/>\n\t<meta property=\"og:image:type\" content=\"image\/jpeg\" \/>\n<meta name=\"twitter:card\" content=\"summary_large_image\" \/>\n<meta name=\"twitter:label1\" content=\"Est. reading time\" \/>\n\t<meta name=\"twitter:data1\" content=\"2 minutes\" \/>\n<script type=\"application\/ld+json\" class=\"yoast-schema-graph\">{\"@context\":\"https:\\\/\\\/schema.org\",\"@graph\":[{\"@type\":\"WebPage\",\"@id\":\"https:\\\/\\\/cefi.es\\\/en\\\/tienda\\\/publicaciones\\\/revista-comunicaciones\\\/revista-comunicaciones-no-80-enero-abril-2017\\\/\",\"url\":\"https:\\\/\\\/cefi.es\\\/en\\\/tienda\\\/publicaciones\\\/revista-comunicaciones\\\/revista-comunicaciones-no-80-enero-abril-2017\\\/\",\"name\":\"Revista Comunicaciones N\u00ba 80 (Enero-Abril 2017) - Centro de estudios para el fomento de la investigaci\u00f3n\",\"isPartOf\":{\"@id\":\"https:\\\/\\\/cefi.es\\\/en\\\/#website\"},\"primaryImageOfPage\":{\"@id\":\"https:\\\/\\\/cefi.es\\\/en\\\/tienda\\\/publicaciones\\\/revista-comunicaciones\\\/revista-comunicaciones-no-80-enero-abril-2017\\\/#primaryimage\"},\"image\":{\"@id\":\"https:\\\/\\\/cefi.es\\\/en\\\/tienda\\\/publicaciones\\\/revista-comunicaciones\\\/revista-comunicaciones-no-80-enero-abril-2017\\\/#primaryimage\"},\"thumbnailUrl\":\"https:\\\/\\\/cefi.es\\\/wp-contenido\\\/uploads\\\/2020\\\/01\\\/Portada_Comunicaciones_80.jpg\",\"datePublished\":\"2017-01-29T15:58:12+00:00\",\"dateModified\":\"2021-02-02T09:11:35+00:00\",\"breadcrumb\":{\"@id\":\"https:\\\/\\\/cefi.es\\\/en\\\/tienda\\\/publicaciones\\\/revista-comunicaciones\\\/revista-comunicaciones-no-80-enero-abril-2017\\\/#breadcrumb\"},\"inLanguage\":\"en-US\",\"potentialAction\":[{\"@type\":\"ReadAction\",\"target\":[\"https:\\\/\\\/cefi.es\\\/en\\\/tienda\\\/publicaciones\\\/revista-comunicaciones\\\/revista-comunicaciones-no-80-enero-abril-2017\\\/\"]}]},{\"@type\":\"ImageObject\",\"inLanguage\":\"en-US\",\"@id\":\"https:\\\/\\\/cefi.es\\\/en\\\/tienda\\\/publicaciones\\\/revista-comunicaciones\\\/revista-comunicaciones-no-80-enero-abril-2017\\\/#primaryimage\",\"url\":\"https:\\\/\\\/cefi.es\\\/wp-contenido\\\/uploads\\\/2020\\\/01\\\/Portada_Comunicaciones_80.jpg\",\"contentUrl\":\"https:\\\/\\\/cefi.es\\\/wp-contenido\\\/uploads\\\/2020\\\/01\\\/Portada_Comunicaciones_80.jpg\",\"width\":892,\"height\":1291},{\"@type\":\"BreadcrumbList\",\"@id\":\"https:\\\/\\\/cefi.es\\\/en\\\/tienda\\\/publicaciones\\\/revista-comunicaciones\\\/revista-comunicaciones-no-80-enero-abril-2017\\\/#breadcrumb\",\"itemListElement\":[{\"@type\":\"ListItem\",\"position\":1,\"name\":\"Home\",\"item\":\"https:\\\/\\\/cefi.es\\\/en\\\/\"},{\"@type\":\"ListItem\",\"position\":2,\"name\":\"Products\",\"item\":\"https:\\\/\\\/cefi.es\\\/en\\\/shop\\\/\"},{\"@type\":\"ListItem\",\"position\":3,\"name\":\"Revista Comunicaciones N\u00ba 80 (Enero-Abril 2017)\"}]},{\"@type\":\"WebSite\",\"@id\":\"https:\\\/\\\/cefi.es\\\/en\\\/#website\",\"url\":\"https:\\\/\\\/cefi.es\\\/en\\\/\",\"name\":\"Centro de estudios para el fomento de la investigaci\u00f3n\",\"description\":\"\",\"publisher\":{\"@id\":\"https:\\\/\\\/cefi.es\\\/en\\\/#organization\"},\"potentialAction\":[{\"@type\":\"SearchAction\",\"target\":{\"@type\":\"EntryPoint\",\"urlTemplate\":\"https:\\\/\\\/cefi.es\\\/en\\\/?s={search_term_string}\"},\"query-input\":{\"@type\":\"PropertyValueSpecification\",\"valueRequired\":true,\"valueName\":\"search_term_string\"}}],\"inLanguage\":\"en-US\"},{\"@type\":\"Organization\",\"@id\":\"https:\\\/\\\/cefi.es\\\/en\\\/#organization\",\"name\":\"Fundacion CeFi. Propiedad industrial e intelectual\",\"url\":\"https:\\\/\\\/cefi.es\\\/en\\\/\",\"logo\":{\"@type\":\"ImageObject\",\"inLanguage\":\"en-US\",\"@id\":\"https:\\\/\\\/cefi.es\\\/en\\\/#\\\/schema\\\/logo\\\/image\\\/\",\"url\":\"https:\\\/\\\/cefi.es\\\/wp-contenido\\\/uploads\\\/2019\\\/12\\\/cropped-favicon-3.png\",\"contentUrl\":\"https:\\\/\\\/cefi.es\\\/wp-contenido\\\/uploads\\\/2019\\\/12\\\/cropped-favicon-3.png\",\"width\":512,\"height\":512,\"caption\":\"Fundacion CeFi. Propiedad industrial e intelectual\"},\"image\":{\"@id\":\"https:\\\/\\\/cefi.es\\\/en\\\/#\\\/schema\\\/logo\\\/image\\\/\"}}]}<\/script>\n<!-- \/ Yoast SEO plugin. -->","yoast_head_json":{"title":"Revista Comunicaciones N\u00ba 80 (Enero-Abril 2017) - Centro de estudios para el fomento de la investigaci\u00f3n","robots":{"index":"index","follow":"follow","max-snippet":"max-snippet:-1","max-image-preview":"max-image-preview:large","max-video-preview":"max-video-preview:-1"},"canonical":"https:\/\/cefi.es\/en\/tienda\/publicaciones\/revista-comunicaciones\/revista-comunicaciones-no-80-enero-abril-2017\/","og_locale":"en_US","og_type":"article","og_title":"Revista Comunicaciones N\u00ba 80 (Enero-Abril 2017) - Centro de estudios para el fomento de la investigaci\u00f3n","og_description":"La Resoluci\u00f3n de la CNMC de 19 de enero de 2017. Confirmaci\u00f3n de la legalidad de los sistemas de precio libre y la improcedencia de aplicar la doctrina Glaxo. Teresa Paz-Ares y Beatriz Cocina Arrieta El medicamento en los Tribunales &#8211; A\u00f1o 2016. Jordi Faus Santasusana, Merc\u00e8 Maresma Casellas y Laura Marqu\u00e8s Mas El sector [&hellip;]","og_url":"https:\/\/cefi.es\/en\/tienda\/publicaciones\/revista-comunicaciones\/revista-comunicaciones-no-80-enero-abril-2017\/","og_site_name":"Centro de estudios para el fomento de la investigaci\u00f3n","article_modified_time":"2021-02-02T09:11:35+00:00","og_image":[{"width":892,"height":1291,"url":"https:\/\/cefi.es\/wp-contenido\/uploads\/2020\/01\/Portada_Comunicaciones_80.jpg","type":"image\/jpeg"}],"twitter_card":"summary_large_image","twitter_misc":{"Est. reading time":"2 minutes"},"schema":{"@context":"https:\/\/schema.org","@graph":[{"@type":"WebPage","@id":"https:\/\/cefi.es\/en\/tienda\/publicaciones\/revista-comunicaciones\/revista-comunicaciones-no-80-enero-abril-2017\/","url":"https:\/\/cefi.es\/en\/tienda\/publicaciones\/revista-comunicaciones\/revista-comunicaciones-no-80-enero-abril-2017\/","name":"Revista Comunicaciones N\u00ba 80 (Enero-Abril 2017) - Centro de estudios para el fomento de la investigaci\u00f3n","isPartOf":{"@id":"https:\/\/cefi.es\/en\/#website"},"primaryImageOfPage":{"@id":"https:\/\/cefi.es\/en\/tienda\/publicaciones\/revista-comunicaciones\/revista-comunicaciones-no-80-enero-abril-2017\/#primaryimage"},"image":{"@id":"https:\/\/cefi.es\/en\/tienda\/publicaciones\/revista-comunicaciones\/revista-comunicaciones-no-80-enero-abril-2017\/#primaryimage"},"thumbnailUrl":"https:\/\/cefi.es\/wp-contenido\/uploads\/2020\/01\/Portada_Comunicaciones_80.jpg","datePublished":"2017-01-29T15:58:12+00:00","dateModified":"2021-02-02T09:11:35+00:00","breadcrumb":{"@id":"https:\/\/cefi.es\/en\/tienda\/publicaciones\/revista-comunicaciones\/revista-comunicaciones-no-80-enero-abril-2017\/#breadcrumb"},"inLanguage":"en-US","potentialAction":[{"@type":"ReadAction","target":["https:\/\/cefi.es\/en\/tienda\/publicaciones\/revista-comunicaciones\/revista-comunicaciones-no-80-enero-abril-2017\/"]}]},{"@type":"ImageObject","inLanguage":"en-US","@id":"https:\/\/cefi.es\/en\/tienda\/publicaciones\/revista-comunicaciones\/revista-comunicaciones-no-80-enero-abril-2017\/#primaryimage","url":"https:\/\/cefi.es\/wp-contenido\/uploads\/2020\/01\/Portada_Comunicaciones_80.jpg","contentUrl":"https:\/\/cefi.es\/wp-contenido\/uploads\/2020\/01\/Portada_Comunicaciones_80.jpg","width":892,"height":1291},{"@type":"BreadcrumbList","@id":"https:\/\/cefi.es\/en\/tienda\/publicaciones\/revista-comunicaciones\/revista-comunicaciones-no-80-enero-abril-2017\/#breadcrumb","itemListElement":[{"@type":"ListItem","position":1,"name":"Home","item":"https:\/\/cefi.es\/en\/"},{"@type":"ListItem","position":2,"name":"Products","item":"https:\/\/cefi.es\/en\/shop\/"},{"@type":"ListItem","position":3,"name":"Revista Comunicaciones N\u00ba 80 (Enero-Abril 2017)"}]},{"@type":"WebSite","@id":"https:\/\/cefi.es\/en\/#website","url":"https:\/\/cefi.es\/en\/","name":"Centro de estudios para el fomento de la investigaci\u00f3n","description":"","publisher":{"@id":"https:\/\/cefi.es\/en\/#organization"},"potentialAction":[{"@type":"SearchAction","target":{"@type":"EntryPoint","urlTemplate":"https:\/\/cefi.es\/en\/?s={search_term_string}"},"query-input":{"@type":"PropertyValueSpecification","valueRequired":true,"valueName":"search_term_string"}}],"inLanguage":"en-US"},{"@type":"Organization","@id":"https:\/\/cefi.es\/en\/#organization","name":"Fundacion CeFi. Propiedad industrial e intelectual","url":"https:\/\/cefi.es\/en\/","logo":{"@type":"ImageObject","inLanguage":"en-US","@id":"https:\/\/cefi.es\/en\/#\/schema\/logo\/image\/","url":"https:\/\/cefi.es\/wp-contenido\/uploads\/2019\/12\/cropped-favicon-3.png","contentUrl":"https:\/\/cefi.es\/wp-contenido\/uploads\/2019\/12\/cropped-favicon-3.png","width":512,"height":512,"caption":"Fundacion CeFi. Propiedad industrial e intelectual"},"image":{"@id":"https:\/\/cefi.es\/en\/#\/schema\/logo\/image\/"}}]}},"_links":{"self":[{"href":"https:\/\/cefi.es\/en\/wp-json\/wp\/v2\/product\/5490","targetHints":{"allow":["GET"]}}],"collection":[{"href":"https:\/\/cefi.es\/en\/wp-json\/wp\/v2\/product"}],"about":[{"href":"https:\/\/cefi.es\/en\/wp-json\/wp\/v2\/types\/product"}],"version-history":[{"count":3,"href":"https:\/\/cefi.es\/en\/wp-json\/wp\/v2\/product\/5490\/revisions"}],"predecessor-version":[{"id":8584,"href":"https:\/\/cefi.es\/en\/wp-json\/wp\/v2\/product\/5490\/revisions\/8584"}],"wp:featuredmedia":[{"embeddable":true,"href":"https:\/\/cefi.es\/en\/wp-json\/wp\/v2\/media\/5346"}],"wp:attachment":[{"href":"https:\/\/cefi.es\/en\/wp-json\/wp\/v2\/media?parent=5490"}],"wp:term":[{"taxonomy":"product_brand","embeddable":true,"href":"https:\/\/cefi.es\/en\/wp-json\/wp\/v2\/product_brand?post=5490"},{"taxonomy":"product_cat","embeddable":true,"href":"https:\/\/cefi.es\/en\/wp-json\/wp\/v2\/product_cat?post=5490"},{"taxonomy":"product_tag","embeddable":true,"href":"https:\/\/cefi.es\/en\/wp-json\/wp\/v2\/product_tag?post=5490"}],"curies":[{"name":"wp","href":"https:\/\/api.w.org\/{rel}","templated":true}]}}