{"id":5482,"date":"2017-09-29T15:55:49","date_gmt":"2017-09-29T15:55:49","guid":{"rendered":"http:\/\/www.cefi.es\/?post_type=product&#038;p=5482"},"modified":"2021-02-02T10:11:35","modified_gmt":"2021-02-02T09:11:35","slug":"revista-comunicaciones-no-82-septiembre-diciembre-2017","status":"publish","type":"product","link":"https:\/\/cefi.es\/en\/tienda\/publicaciones\/revista-comunicaciones\/revista-comunicaciones-no-82-septiembre-diciembre-2017\/","title":{"rendered":"Revista Comunicaciones N\u00ba 82 <span>(Septiembre-Diciembre 2017)"},"content":{"rendered":"<p class=\"p1\">La resoluci\u00f3n de la Agencia Espa\u00f1ola de Protecci\u00f3n de Datos sobre la pol\u00edtica de privacidad de Facebook.<br \/>\n<em>Jes\u00fas Rub\u00ed Navarrete<\/em><\/p>\n<p class=\"p1\">El nuevo c\u00f3digo \u00e9tico del sector de tecnolog\u00eda sanitaria.<br \/>\n<em>Beatriz Cocina Arrieta<\/em><\/p>\n<p class=\"p1\">El sector farmac\u00e9utico y la nueva Ley de Contratos del Sector P\u00fablico.<br \/>\n<em>Germ\u00e1n Alonso- Alegre Fern\u00e1ndez de Valderrama<\/em><\/p>\n<p class=\"p1\">Novedades en materia de medidas cautelares transfronterizas.<br \/>\n<em>Francisco Javier Carri\u00f3n Garc\u00eda de Parada y Eduardo Buitr\u00f3n de Vega<\/em><br \/>\n<em>Patuel<\/em><\/p>\n<p class=\"p1\">Hablar ahora o callar para siempre: las b\u00fasquedas de anterioridades para instar la nulidad de patente deben ser exhaustivas porque los juzgados de patentes interpretan que s\u00f3lo hay una oportunidad \u00bfo no? la controvertida aplicaci\u00f3n de la regla de la preclusi\u00f3n del art. 400 de la Ley de Enjuiciamiento Civil a un ulterior procedimiento de nulidad de patente. (Comentario al Auto 26\/2017, de 21 de marzo de 2017 de la Secci\u00f3n 15.\u00aa de la Audiencia Provincial de Barcelona y (a una referencia) al posterior Auto de 12 de Julio de 2017).<br \/>\n<em>\u00c1lvaro Vel\u00e1zquez Saiz<\/em><\/p>\n<p class=\"p1\">Los nuevos Reglamentos de productos sanitarios.<br \/>\n<em>Irene Fern\u00e1ndez Puyol<\/em><\/p>\n<p class=\"p1\">Cu\u00e1ndo un edificio es propiedad intelectual.<br \/>\n<em>Sara de Rom\u00e1n P\u00e9rez<\/em><\/p>\n<p class=\"p1\">Sentencia del Tribunal de Justicia de la Uni\u00f3n Europea de 14 de junio de 2017 (C-610\/15): the Pirate Bay es en realidad el arrecife en que ha escollado el barco pirata.<br \/>\n<em>Juan A. Cuerva de Ca\u00f1as<\/em><\/p>\n<p class=\"p1\">Desarrollos recientes en materia de abuso de posici\u00f3n dominante en el sector farmac\u00e9utico.<br \/>\n<em>Alfonso Guti\u00e9rrez Hern\u00e1ndez y Pablo Solano D\u00edaz<br \/>\n<\/em><\/p>\n<p>Una d\u00e9cada de la vigencia de la Ley 15\/2007 de Defensa de la Competencia: balance de su aplicaci\u00f3n y vientos de reforma.<br \/>\n<em>\u00c1ngel Vald\u00e9s Burgui y Pastor Antonio Ca\u00f1as<\/em><\/p>\n","protected":false},"excerpt":{"rendered":"<p>La resoluci\u00f3n de la Agencia Espa\u00f1ola de Protecci\u00f3n de Datos sobre la pol\u00edtica de privacidad de Facebook. Jes\u00fas Rub\u00ed Navarrete El nuevo c\u00f3digo \u00e9tico del sector de tecnolog\u00eda sanitaria. Beatriz Cocina Arrieta El sector farmac\u00e9utico y la nueva Ley de Contratos del Sector P\u00fablico. Germ\u00e1n Alonso- Alegre Fern\u00e1ndez de Valderrama Novedades en materia de medidas [&hellip;]<\/p>\n","protected":false},"featured_media":5350,"template":"","meta":{"_acf_changed":false},"product_brand":[],"product_cat":[50,24],"product_tag":[],"class_list":{"0":"post-5482","1":"product","2":"type-product","3":"status-publish","4":"has-post-thumbnail","6":"product_cat-publicaciones","7":"product_cat-revista-comunicaciones","9":"first","10":"instock","11":"taxable","12":"shipping-taxable","13":"purchasable","14":"product-type-variable","15":"has-default-attributes"},"acf":[],"yoast_head":"<!-- This site is optimized with the Yoast SEO plugin v27.3 - https:\/\/yoast.com\/product\/yoast-seo-wordpress\/ -->\n<title>Revista Comunicaciones N\u00ba 82 (Septiembre-Diciembre 2017) - Centro de estudios para el fomento de la investigaci\u00f3n<\/title>\n<meta name=\"robots\" content=\"index, follow, max-snippet:-1, max-image-preview:large, max-video-preview:-1\" \/>\n<link rel=\"canonical\" href=\"https:\/\/cefi.es\/en\/tienda\/publicaciones\/revista-comunicaciones\/revista-comunicaciones-no-82-septiembre-diciembre-2017\/\" \/>\n<meta property=\"og:locale\" content=\"en_US\" \/>\n<meta property=\"og:type\" content=\"article\" \/>\n<meta property=\"og:title\" content=\"Revista Comunicaciones N\u00ba 82 (Septiembre-Diciembre 2017) - Centro de estudios para el fomento de la investigaci\u00f3n\" \/>\n<meta property=\"og:description\" content=\"La resoluci\u00f3n de la Agencia Espa\u00f1ola de Protecci\u00f3n de Datos sobre la pol\u00edtica de privacidad de Facebook. Jes\u00fas Rub\u00ed Navarrete El nuevo c\u00f3digo \u00e9tico del sector de tecnolog\u00eda sanitaria. Beatriz Cocina Arrieta El sector farmac\u00e9utico y la nueva Ley de Contratos del Sector P\u00fablico. Germ\u00e1n Alonso- Alegre Fern\u00e1ndez de Valderrama Novedades en materia de medidas [&hellip;]\" \/>\n<meta property=\"og:url\" content=\"https:\/\/cefi.es\/en\/tienda\/publicaciones\/revista-comunicaciones\/revista-comunicaciones-no-82-septiembre-diciembre-2017\/\" \/>\n<meta property=\"og:site_name\" content=\"Centro de estudios para el fomento de la investigaci\u00f3n\" \/>\n<meta property=\"article:modified_time\" content=\"2021-02-02T09:11:35+00:00\" \/>\n<meta property=\"og:image\" content=\"https:\/\/cefi.es\/wp-contenido\/uploads\/2020\/01\/Portada_Comunicaciones_82.jpg\" \/>\n\t<meta property=\"og:image:width\" content=\"892\" \/>\n\t<meta property=\"og:image:height\" content=\"1285\" \/>\n\t<meta property=\"og:image:type\" content=\"image\/jpeg\" \/>\n<meta name=\"twitter:card\" content=\"summary_large_image\" \/>\n<meta name=\"twitter:label1\" content=\"Est. reading time\" \/>\n\t<meta name=\"twitter:data1\" content=\"1 minute\" \/>\n<script type=\"application\/ld+json\" class=\"yoast-schema-graph\">{\"@context\":\"https:\\\/\\\/schema.org\",\"@graph\":[{\"@type\":\"WebPage\",\"@id\":\"https:\\\/\\\/cefi.es\\\/en\\\/tienda\\\/publicaciones\\\/revista-comunicaciones\\\/revista-comunicaciones-no-82-septiembre-diciembre-2017\\\/\",\"url\":\"https:\\\/\\\/cefi.es\\\/en\\\/tienda\\\/publicaciones\\\/revista-comunicaciones\\\/revista-comunicaciones-no-82-septiembre-diciembre-2017\\\/\",\"name\":\"Revista Comunicaciones N\u00ba 82 (Septiembre-Diciembre 2017) - Centro de estudios para el fomento de la investigaci\u00f3n\",\"isPartOf\":{\"@id\":\"https:\\\/\\\/cefi.es\\\/en\\\/#website\"},\"primaryImageOfPage\":{\"@id\":\"https:\\\/\\\/cefi.es\\\/en\\\/tienda\\\/publicaciones\\\/revista-comunicaciones\\\/revista-comunicaciones-no-82-septiembre-diciembre-2017\\\/#primaryimage\"},\"image\":{\"@id\":\"https:\\\/\\\/cefi.es\\\/en\\\/tienda\\\/publicaciones\\\/revista-comunicaciones\\\/revista-comunicaciones-no-82-septiembre-diciembre-2017\\\/#primaryimage\"},\"thumbnailUrl\":\"https:\\\/\\\/cefi.es\\\/wp-contenido\\\/uploads\\\/2020\\\/01\\\/Portada_Comunicaciones_82.jpg\",\"datePublished\":\"2017-09-29T15:55:49+00:00\",\"dateModified\":\"2021-02-02T09:11:35+00:00\",\"breadcrumb\":{\"@id\":\"https:\\\/\\\/cefi.es\\\/en\\\/tienda\\\/publicaciones\\\/revista-comunicaciones\\\/revista-comunicaciones-no-82-septiembre-diciembre-2017\\\/#breadcrumb\"},\"inLanguage\":\"en-US\",\"potentialAction\":[{\"@type\":\"ReadAction\",\"target\":[\"https:\\\/\\\/cefi.es\\\/en\\\/tienda\\\/publicaciones\\\/revista-comunicaciones\\\/revista-comunicaciones-no-82-septiembre-diciembre-2017\\\/\"]}]},{\"@type\":\"ImageObject\",\"inLanguage\":\"en-US\",\"@id\":\"https:\\\/\\\/cefi.es\\\/en\\\/tienda\\\/publicaciones\\\/revista-comunicaciones\\\/revista-comunicaciones-no-82-septiembre-diciembre-2017\\\/#primaryimage\",\"url\":\"https:\\\/\\\/cefi.es\\\/wp-contenido\\\/uploads\\\/2020\\\/01\\\/Portada_Comunicaciones_82.jpg\",\"contentUrl\":\"https:\\\/\\\/cefi.es\\\/wp-contenido\\\/uploads\\\/2020\\\/01\\\/Portada_Comunicaciones_82.jpg\",\"width\":892,\"height\":1285},{\"@type\":\"BreadcrumbList\",\"@id\":\"https:\\\/\\\/cefi.es\\\/en\\\/tienda\\\/publicaciones\\\/revista-comunicaciones\\\/revista-comunicaciones-no-82-septiembre-diciembre-2017\\\/#breadcrumb\",\"itemListElement\":[{\"@type\":\"ListItem\",\"position\":1,\"name\":\"Home\",\"item\":\"https:\\\/\\\/cefi.es\\\/en\\\/\"},{\"@type\":\"ListItem\",\"position\":2,\"name\":\"Products\",\"item\":\"https:\\\/\\\/cefi.es\\\/en\\\/shop\\\/\"},{\"@type\":\"ListItem\",\"position\":3,\"name\":\"Revista Comunicaciones N\u00ba 82 (Septiembre-Diciembre 2017)\"}]},{\"@type\":\"WebSite\",\"@id\":\"https:\\\/\\\/cefi.es\\\/en\\\/#website\",\"url\":\"https:\\\/\\\/cefi.es\\\/en\\\/\",\"name\":\"Centro de estudios para el fomento de la investigaci\u00f3n\",\"description\":\"\",\"publisher\":{\"@id\":\"https:\\\/\\\/cefi.es\\\/en\\\/#organization\"},\"potentialAction\":[{\"@type\":\"SearchAction\",\"target\":{\"@type\":\"EntryPoint\",\"urlTemplate\":\"https:\\\/\\\/cefi.es\\\/en\\\/?s={search_term_string}\"},\"query-input\":{\"@type\":\"PropertyValueSpecification\",\"valueRequired\":true,\"valueName\":\"search_term_string\"}}],\"inLanguage\":\"en-US\"},{\"@type\":\"Organization\",\"@id\":\"https:\\\/\\\/cefi.es\\\/en\\\/#organization\",\"name\":\"Fundacion CeFi. Propiedad industrial e intelectual\",\"url\":\"https:\\\/\\\/cefi.es\\\/en\\\/\",\"logo\":{\"@type\":\"ImageObject\",\"inLanguage\":\"en-US\",\"@id\":\"https:\\\/\\\/cefi.es\\\/en\\\/#\\\/schema\\\/logo\\\/image\\\/\",\"url\":\"https:\\\/\\\/cefi.es\\\/wp-contenido\\\/uploads\\\/2019\\\/12\\\/cropped-favicon-3.png\",\"contentUrl\":\"https:\\\/\\\/cefi.es\\\/wp-contenido\\\/uploads\\\/2019\\\/12\\\/cropped-favicon-3.png\",\"width\":512,\"height\":512,\"caption\":\"Fundacion CeFi. Propiedad industrial e intelectual\"},\"image\":{\"@id\":\"https:\\\/\\\/cefi.es\\\/en\\\/#\\\/schema\\\/logo\\\/image\\\/\"}}]}<\/script>\n<!-- \/ Yoast SEO plugin. -->","yoast_head_json":{"title":"Revista Comunicaciones N\u00ba 82 (Septiembre-Diciembre 2017) - Centro de estudios para el fomento de la investigaci\u00f3n","robots":{"index":"index","follow":"follow","max-snippet":"max-snippet:-1","max-image-preview":"max-image-preview:large","max-video-preview":"max-video-preview:-1"},"canonical":"https:\/\/cefi.es\/en\/tienda\/publicaciones\/revista-comunicaciones\/revista-comunicaciones-no-82-septiembre-diciembre-2017\/","og_locale":"en_US","og_type":"article","og_title":"Revista Comunicaciones N\u00ba 82 (Septiembre-Diciembre 2017) - Centro de estudios para el fomento de la investigaci\u00f3n","og_description":"La resoluci\u00f3n de la Agencia Espa\u00f1ola de Protecci\u00f3n de Datos sobre la pol\u00edtica de privacidad de Facebook. Jes\u00fas Rub\u00ed Navarrete El nuevo c\u00f3digo \u00e9tico del sector de tecnolog\u00eda sanitaria. Beatriz Cocina Arrieta El sector farmac\u00e9utico y la nueva Ley de Contratos del Sector P\u00fablico. Germ\u00e1n Alonso- Alegre Fern\u00e1ndez de Valderrama Novedades en materia de medidas [&hellip;]","og_url":"https:\/\/cefi.es\/en\/tienda\/publicaciones\/revista-comunicaciones\/revista-comunicaciones-no-82-septiembre-diciembre-2017\/","og_site_name":"Centro de estudios para el fomento de la investigaci\u00f3n","article_modified_time":"2021-02-02T09:11:35+00:00","og_image":[{"width":892,"height":1285,"url":"https:\/\/cefi.es\/wp-contenido\/uploads\/2020\/01\/Portada_Comunicaciones_82.jpg","type":"image\/jpeg"}],"twitter_card":"summary_large_image","twitter_misc":{"Est. reading time":"1 minute"},"schema":{"@context":"https:\/\/schema.org","@graph":[{"@type":"WebPage","@id":"https:\/\/cefi.es\/en\/tienda\/publicaciones\/revista-comunicaciones\/revista-comunicaciones-no-82-septiembre-diciembre-2017\/","url":"https:\/\/cefi.es\/en\/tienda\/publicaciones\/revista-comunicaciones\/revista-comunicaciones-no-82-septiembre-diciembre-2017\/","name":"Revista Comunicaciones N\u00ba 82 (Septiembre-Diciembre 2017) - Centro de estudios para el fomento de la investigaci\u00f3n","isPartOf":{"@id":"https:\/\/cefi.es\/en\/#website"},"primaryImageOfPage":{"@id":"https:\/\/cefi.es\/en\/tienda\/publicaciones\/revista-comunicaciones\/revista-comunicaciones-no-82-septiembre-diciembre-2017\/#primaryimage"},"image":{"@id":"https:\/\/cefi.es\/en\/tienda\/publicaciones\/revista-comunicaciones\/revista-comunicaciones-no-82-septiembre-diciembre-2017\/#primaryimage"},"thumbnailUrl":"https:\/\/cefi.es\/wp-contenido\/uploads\/2020\/01\/Portada_Comunicaciones_82.jpg","datePublished":"2017-09-29T15:55:49+00:00","dateModified":"2021-02-02T09:11:35+00:00","breadcrumb":{"@id":"https:\/\/cefi.es\/en\/tienda\/publicaciones\/revista-comunicaciones\/revista-comunicaciones-no-82-septiembre-diciembre-2017\/#breadcrumb"},"inLanguage":"en-US","potentialAction":[{"@type":"ReadAction","target":["https:\/\/cefi.es\/en\/tienda\/publicaciones\/revista-comunicaciones\/revista-comunicaciones-no-82-septiembre-diciembre-2017\/"]}]},{"@type":"ImageObject","inLanguage":"en-US","@id":"https:\/\/cefi.es\/en\/tienda\/publicaciones\/revista-comunicaciones\/revista-comunicaciones-no-82-septiembre-diciembre-2017\/#primaryimage","url":"https:\/\/cefi.es\/wp-contenido\/uploads\/2020\/01\/Portada_Comunicaciones_82.jpg","contentUrl":"https:\/\/cefi.es\/wp-contenido\/uploads\/2020\/01\/Portada_Comunicaciones_82.jpg","width":892,"height":1285},{"@type":"BreadcrumbList","@id":"https:\/\/cefi.es\/en\/tienda\/publicaciones\/revista-comunicaciones\/revista-comunicaciones-no-82-septiembre-diciembre-2017\/#breadcrumb","itemListElement":[{"@type":"ListItem","position":1,"name":"Home","item":"https:\/\/cefi.es\/en\/"},{"@type":"ListItem","position":2,"name":"Products","item":"https:\/\/cefi.es\/en\/shop\/"},{"@type":"ListItem","position":3,"name":"Revista Comunicaciones N\u00ba 82 (Septiembre-Diciembre 2017)"}]},{"@type":"WebSite","@id":"https:\/\/cefi.es\/en\/#website","url":"https:\/\/cefi.es\/en\/","name":"Centro de estudios para el fomento de la investigaci\u00f3n","description":"","publisher":{"@id":"https:\/\/cefi.es\/en\/#organization"},"potentialAction":[{"@type":"SearchAction","target":{"@type":"EntryPoint","urlTemplate":"https:\/\/cefi.es\/en\/?s={search_term_string}"},"query-input":{"@type":"PropertyValueSpecification","valueRequired":true,"valueName":"search_term_string"}}],"inLanguage":"en-US"},{"@type":"Organization","@id":"https:\/\/cefi.es\/en\/#organization","name":"Fundacion CeFi. Propiedad industrial e intelectual","url":"https:\/\/cefi.es\/en\/","logo":{"@type":"ImageObject","inLanguage":"en-US","@id":"https:\/\/cefi.es\/en\/#\/schema\/logo\/image\/","url":"https:\/\/cefi.es\/wp-contenido\/uploads\/2019\/12\/cropped-favicon-3.png","contentUrl":"https:\/\/cefi.es\/wp-contenido\/uploads\/2019\/12\/cropped-favicon-3.png","width":512,"height":512,"caption":"Fundacion CeFi. Propiedad industrial e intelectual"},"image":{"@id":"https:\/\/cefi.es\/en\/#\/schema\/logo\/image\/"}}]}},"_links":{"self":[{"href":"https:\/\/cefi.es\/en\/wp-json\/wp\/v2\/product\/5482","targetHints":{"allow":["GET"]}}],"collection":[{"href":"https:\/\/cefi.es\/en\/wp-json\/wp\/v2\/product"}],"about":[{"href":"https:\/\/cefi.es\/en\/wp-json\/wp\/v2\/types\/product"}],"version-history":[{"count":5,"href":"https:\/\/cefi.es\/en\/wp-json\/wp\/v2\/product\/5482\/revisions"}],"predecessor-version":[{"id":8577,"href":"https:\/\/cefi.es\/en\/wp-json\/wp\/v2\/product\/5482\/revisions\/8577"}],"wp:featuredmedia":[{"embeddable":true,"href":"https:\/\/cefi.es\/en\/wp-json\/wp\/v2\/media\/5350"}],"wp:attachment":[{"href":"https:\/\/cefi.es\/en\/wp-json\/wp\/v2\/media?parent=5482"}],"wp:term":[{"taxonomy":"product_brand","embeddable":true,"href":"https:\/\/cefi.es\/en\/wp-json\/wp\/v2\/product_brand?post=5482"},{"taxonomy":"product_cat","embeddable":true,"href":"https:\/\/cefi.es\/en\/wp-json\/wp\/v2\/product_cat?post=5482"},{"taxonomy":"product_tag","embeddable":true,"href":"https:\/\/cefi.es\/en\/wp-json\/wp\/v2\/product_tag?post=5482"}],"curies":[{"name":"wp","href":"https:\/\/api.w.org\/{rel}","templated":true}]}}