{"id":5478,"date":"2018-01-29T15:54:07","date_gmt":"2018-01-29T14:54:07","guid":{"rendered":"http:\/\/www.cefi.es\/?post_type=product&#038;p=5478"},"modified":"2021-12-30T10:11:06","modified_gmt":"2021-12-30T09:11:06","slug":"revista-comunicaciones-no-83-enero-abril-2018","status":"publish","type":"product","link":"https:\/\/cefi.es\/en\/tienda\/publicaciones\/revista-comunicaciones\/revista-comunicaciones-no-83-enero-abril-2018\/","title":{"rendered":"Revista Comunicaciones N\u00ba 83 <span>(Enero-Abril 2018)"},"content":{"rendered":"<p class=\"p1\">El Reglamento General de Protecci\u00f3n de Datos en la industria farmac\u00e9utica.<br \/>\n<em>Paz Mart\u00edn \u00c1lvarez<\/em><\/p>\n<p class=\"p1\">El medicamento en los Tribunales 2017.<br \/>\n<em>Jordi Faus Santasusana, Juan Su\u00e1rez Fern\u00e1ndez, Merc\u00e8 Maresma Casellas, <\/em><em>Laura Marqu\u00e8s Mas, Llu\u00eds Alcover LLubi\u00e0, Juan Mart\u00ednez Su\u00e1rez<\/em><\/p>\n<p>Sobre el momento en el que nace el derecho a reclamar los da\u00f1os y perjuicios causados por la adopci\u00f3n de medidas cautelares.<br \/>\n<em>Luis Fern\u00e1ndez -Novoa Valladares<\/em><\/p>\n<p class=\"p1\">Caso \u201cIncyte\u201d: el Tribunal de Justicia de la Uni\u00f3n Europea respalda el derecho a rectificar las fechas de expiraci\u00f3n de los certificados complementarios de protecci\u00f3n incorrectamente determinadas.<br \/>\n<em>Josep Montefusco Monferrer<\/em><\/p>\n<p class=\"p1\">La sentencia de 9 de abril de 2018 del Juzgado de lo Mercantil n\u00ba 8 de Barcelona dictada en el caso \u201cSchweppes\u201d, tras la Sentencia del Tribunal de Justicia de la Uni\u00f3n Europea, de 20 de diciembre de 2017 Aplicaci\u00f3n del principio del agotamiento del derecho de marca a un particular supuesto de marcas de origen com\u00fan o paralelas m\u00e1s de 20 a\u00f1os despu\u00e9s de la \u201cSentencia Ideal Standard\u201d.<br \/>\n<em>M\u00f3nica Esteve Sanz<\/em><\/p>\n<p class=\"p1\">Reflexiones sobre la protecci\u00f3n jur\u00eddica de las bases de datos. Auto del Tribunal Supremo de fecha 31 de enero de 2018.<br \/>\n<em>Francisco Javier Carri\u00f3n Garc\u00eda de Parada y Mar\u00eda Reguera G\u00f3mez<\/em><\/p>\n<p class=\"p1\">Un an\u00e1lisis somero del fen\u00f3meno de los &#8220;influencers&#8221; desde la perspectiva de la Ley General Publicitaria y la Ley de Competencia Desleal.<br \/>\n<em>Jose Carlos Erdozain<\/em><\/p>\n<p class=\"p1\">Precios excesivos: el marco jur\u00eddico actual.<br \/>\n<em>Irene Moreno-Tapia Rivas<\/em><\/p>\n<p class=\"p1\">Revisi\u00f3n judicial de la aplicaci\u00f3n por parte de la CNMC del concepto de infracci\u00f3n \u00fanica y continuada.<br \/>\n<em>Antonio Mart\u00ednez S\u00e1nchez y Aixa Pol Cabezas<\/em><\/p>\n<p class=\"p1\"><em>&#8220;Fake news&#8221;<br \/>\nRicardo G\u00f3mez-Barreda de la G\u00e1ndara<br \/>\n<\/em><\/p>\n","protected":false},"excerpt":{"rendered":"<p>El Reglamento General de Protecci\u00f3n de Datos en la industria farmac\u00e9utica. Paz Mart\u00edn \u00c1lvarez El medicamento en los Tribunales 2017. Jordi Faus Santasusana, Juan Su\u00e1rez Fern\u00e1ndez, Merc\u00e8 Maresma Casellas, Laura Marqu\u00e8s Mas, Llu\u00eds Alcover LLubi\u00e0, Juan Mart\u00ednez Su\u00e1rez Sobre el momento en el que nace el derecho a reclamar los da\u00f1os y perjuicios causados por [&hellip;]<\/p>\n","protected":false},"featured_media":5352,"template":"","meta":{"_acf_changed":false},"product_brand":[],"product_cat":[24,50],"product_tag":[],"class_list":{"0":"post-5478","1":"product","2":"type-product","3":"status-publish","4":"has-post-thumbnail","6":"product_cat-revista-comunicaciones","7":"product_cat-publicaciones","9":"first","10":"instock","11":"taxable","12":"shipping-taxable","13":"purchasable","14":"product-type-variable","15":"has-default-attributes"},"acf":[],"yoast_head":"<!-- This site is optimized with the Yoast SEO plugin v27.3 - https:\/\/yoast.com\/product\/yoast-seo-wordpress\/ -->\n<title>Revista Comunicaciones N\u00ba 83 (Enero-Abril 2018) - Centro de estudios para el fomento de la investigaci\u00f3n<\/title>\n<meta name=\"robots\" content=\"index, follow, max-snippet:-1, max-image-preview:large, max-video-preview:-1\" \/>\n<link rel=\"canonical\" href=\"https:\/\/cefi.es\/en\/tienda\/publicaciones\/revista-comunicaciones\/revista-comunicaciones-no-83-enero-abril-2018\/\" \/>\n<meta property=\"og:locale\" content=\"en_US\" \/>\n<meta property=\"og:type\" content=\"article\" \/>\n<meta property=\"og:title\" content=\"Revista Comunicaciones N\u00ba 83 (Enero-Abril 2018) - Centro de estudios para el fomento de la investigaci\u00f3n\" \/>\n<meta property=\"og:description\" content=\"El Reglamento General de Protecci\u00f3n de Datos en la industria farmac\u00e9utica. Paz Mart\u00edn \u00c1lvarez El medicamento en los Tribunales 2017. Jordi Faus Santasusana, Juan Su\u00e1rez Fern\u00e1ndez, Merc\u00e8 Maresma Casellas, Laura Marqu\u00e8s Mas, Llu\u00eds Alcover LLubi\u00e0, Juan Mart\u00ednez Su\u00e1rez Sobre el momento en el que nace el derecho a reclamar los da\u00f1os y perjuicios causados por [&hellip;]\" \/>\n<meta property=\"og:url\" content=\"https:\/\/cefi.es\/en\/tienda\/publicaciones\/revista-comunicaciones\/revista-comunicaciones-no-83-enero-abril-2018\/\" \/>\n<meta property=\"og:site_name\" content=\"Centro de estudios para el fomento de la investigaci\u00f3n\" \/>\n<meta property=\"article:modified_time\" content=\"2021-12-30T09:11:06+00:00\" \/>\n<meta property=\"og:image\" content=\"https:\/\/cefi.es\/wp-contenido\/uploads\/2020\/01\/Portada_Comunicaciones_83.jpg\" \/>\n\t<meta property=\"og:image:width\" content=\"719\" \/>\n\t<meta property=\"og:image:height\" content=\"1026\" \/>\n\t<meta property=\"og:image:type\" content=\"image\/jpeg\" \/>\n<meta name=\"twitter:card\" content=\"summary_large_image\" \/>\n<meta name=\"twitter:label1\" content=\"Est. reading time\" \/>\n\t<meta name=\"twitter:data1\" content=\"1 minute\" \/>\n<script type=\"application\/ld+json\" class=\"yoast-schema-graph\">{\"@context\":\"https:\\\/\\\/schema.org\",\"@graph\":[{\"@type\":\"WebPage\",\"@id\":\"https:\\\/\\\/cefi.es\\\/en\\\/tienda\\\/publicaciones\\\/revista-comunicaciones\\\/revista-comunicaciones-no-83-enero-abril-2018\\\/\",\"url\":\"https:\\\/\\\/cefi.es\\\/en\\\/tienda\\\/publicaciones\\\/revista-comunicaciones\\\/revista-comunicaciones-no-83-enero-abril-2018\\\/\",\"name\":\"Revista Comunicaciones N\u00ba 83 (Enero-Abril 2018) - Centro de estudios para el fomento de la investigaci\u00f3n\",\"isPartOf\":{\"@id\":\"https:\\\/\\\/cefi.es\\\/en\\\/#website\"},\"primaryImageOfPage\":{\"@id\":\"https:\\\/\\\/cefi.es\\\/en\\\/tienda\\\/publicaciones\\\/revista-comunicaciones\\\/revista-comunicaciones-no-83-enero-abril-2018\\\/#primaryimage\"},\"image\":{\"@id\":\"https:\\\/\\\/cefi.es\\\/en\\\/tienda\\\/publicaciones\\\/revista-comunicaciones\\\/revista-comunicaciones-no-83-enero-abril-2018\\\/#primaryimage\"},\"thumbnailUrl\":\"https:\\\/\\\/cefi.es\\\/wp-contenido\\\/uploads\\\/2020\\\/01\\\/Portada_Comunicaciones_83.jpg\",\"datePublished\":\"2018-01-29T14:54:07+00:00\",\"dateModified\":\"2021-12-30T09:11:06+00:00\",\"breadcrumb\":{\"@id\":\"https:\\\/\\\/cefi.es\\\/en\\\/tienda\\\/publicaciones\\\/revista-comunicaciones\\\/revista-comunicaciones-no-83-enero-abril-2018\\\/#breadcrumb\"},\"inLanguage\":\"en-US\",\"potentialAction\":[{\"@type\":\"ReadAction\",\"target\":[\"https:\\\/\\\/cefi.es\\\/en\\\/tienda\\\/publicaciones\\\/revista-comunicaciones\\\/revista-comunicaciones-no-83-enero-abril-2018\\\/\"]}]},{\"@type\":\"ImageObject\",\"inLanguage\":\"en-US\",\"@id\":\"https:\\\/\\\/cefi.es\\\/en\\\/tienda\\\/publicaciones\\\/revista-comunicaciones\\\/revista-comunicaciones-no-83-enero-abril-2018\\\/#primaryimage\",\"url\":\"https:\\\/\\\/cefi.es\\\/wp-contenido\\\/uploads\\\/2020\\\/01\\\/Portada_Comunicaciones_83.jpg\",\"contentUrl\":\"https:\\\/\\\/cefi.es\\\/wp-contenido\\\/uploads\\\/2020\\\/01\\\/Portada_Comunicaciones_83.jpg\",\"width\":719,\"height\":1026},{\"@type\":\"BreadcrumbList\",\"@id\":\"https:\\\/\\\/cefi.es\\\/en\\\/tienda\\\/publicaciones\\\/revista-comunicaciones\\\/revista-comunicaciones-no-83-enero-abril-2018\\\/#breadcrumb\",\"itemListElement\":[{\"@type\":\"ListItem\",\"position\":1,\"name\":\"Home\",\"item\":\"https:\\\/\\\/cefi.es\\\/en\\\/\"},{\"@type\":\"ListItem\",\"position\":2,\"name\":\"Products\",\"item\":\"https:\\\/\\\/cefi.es\\\/en\\\/shop\\\/\"},{\"@type\":\"ListItem\",\"position\":3,\"name\":\"Revista Comunicaciones N\u00ba 83 (Enero-Abril 2018)\"}]},{\"@type\":\"WebSite\",\"@id\":\"https:\\\/\\\/cefi.es\\\/en\\\/#website\",\"url\":\"https:\\\/\\\/cefi.es\\\/en\\\/\",\"name\":\"Centro de estudios para el fomento de la investigaci\u00f3n\",\"description\":\"\",\"publisher\":{\"@id\":\"https:\\\/\\\/cefi.es\\\/en\\\/#organization\"},\"potentialAction\":[{\"@type\":\"SearchAction\",\"target\":{\"@type\":\"EntryPoint\",\"urlTemplate\":\"https:\\\/\\\/cefi.es\\\/en\\\/?s={search_term_string}\"},\"query-input\":{\"@type\":\"PropertyValueSpecification\",\"valueRequired\":true,\"valueName\":\"search_term_string\"}}],\"inLanguage\":\"en-US\"},{\"@type\":\"Organization\",\"@id\":\"https:\\\/\\\/cefi.es\\\/en\\\/#organization\",\"name\":\"Fundacion CeFi. Propiedad industrial e intelectual\",\"url\":\"https:\\\/\\\/cefi.es\\\/en\\\/\",\"logo\":{\"@type\":\"ImageObject\",\"inLanguage\":\"en-US\",\"@id\":\"https:\\\/\\\/cefi.es\\\/en\\\/#\\\/schema\\\/logo\\\/image\\\/\",\"url\":\"https:\\\/\\\/cefi.es\\\/wp-contenido\\\/uploads\\\/2019\\\/12\\\/cropped-favicon-3.png\",\"contentUrl\":\"https:\\\/\\\/cefi.es\\\/wp-contenido\\\/uploads\\\/2019\\\/12\\\/cropped-favicon-3.png\",\"width\":512,\"height\":512,\"caption\":\"Fundacion CeFi. Propiedad industrial e intelectual\"},\"image\":{\"@id\":\"https:\\\/\\\/cefi.es\\\/en\\\/#\\\/schema\\\/logo\\\/image\\\/\"}}]}<\/script>\n<!-- \/ Yoast SEO plugin. -->","yoast_head_json":{"title":"Revista Comunicaciones N\u00ba 83 (Enero-Abril 2018) - Centro de estudios para el fomento de la investigaci\u00f3n","robots":{"index":"index","follow":"follow","max-snippet":"max-snippet:-1","max-image-preview":"max-image-preview:large","max-video-preview":"max-video-preview:-1"},"canonical":"https:\/\/cefi.es\/en\/tienda\/publicaciones\/revista-comunicaciones\/revista-comunicaciones-no-83-enero-abril-2018\/","og_locale":"en_US","og_type":"article","og_title":"Revista Comunicaciones N\u00ba 83 (Enero-Abril 2018) - Centro de estudios para el fomento de la investigaci\u00f3n","og_description":"El Reglamento General de Protecci\u00f3n de Datos en la industria farmac\u00e9utica. Paz Mart\u00edn \u00c1lvarez El medicamento en los Tribunales 2017. Jordi Faus Santasusana, Juan Su\u00e1rez Fern\u00e1ndez, Merc\u00e8 Maresma Casellas, Laura Marqu\u00e8s Mas, Llu\u00eds Alcover LLubi\u00e0, Juan Mart\u00ednez Su\u00e1rez Sobre el momento en el que nace el derecho a reclamar los da\u00f1os y perjuicios causados por [&hellip;]","og_url":"https:\/\/cefi.es\/en\/tienda\/publicaciones\/revista-comunicaciones\/revista-comunicaciones-no-83-enero-abril-2018\/","og_site_name":"Centro de estudios para el fomento de la investigaci\u00f3n","article_modified_time":"2021-12-30T09:11:06+00:00","og_image":[{"width":719,"height":1026,"url":"https:\/\/cefi.es\/wp-contenido\/uploads\/2020\/01\/Portada_Comunicaciones_83.jpg","type":"image\/jpeg"}],"twitter_card":"summary_large_image","twitter_misc":{"Est. reading time":"1 minute"},"schema":{"@context":"https:\/\/schema.org","@graph":[{"@type":"WebPage","@id":"https:\/\/cefi.es\/en\/tienda\/publicaciones\/revista-comunicaciones\/revista-comunicaciones-no-83-enero-abril-2018\/","url":"https:\/\/cefi.es\/en\/tienda\/publicaciones\/revista-comunicaciones\/revista-comunicaciones-no-83-enero-abril-2018\/","name":"Revista Comunicaciones N\u00ba 83 (Enero-Abril 2018) - Centro de estudios para el fomento de la investigaci\u00f3n","isPartOf":{"@id":"https:\/\/cefi.es\/en\/#website"},"primaryImageOfPage":{"@id":"https:\/\/cefi.es\/en\/tienda\/publicaciones\/revista-comunicaciones\/revista-comunicaciones-no-83-enero-abril-2018\/#primaryimage"},"image":{"@id":"https:\/\/cefi.es\/en\/tienda\/publicaciones\/revista-comunicaciones\/revista-comunicaciones-no-83-enero-abril-2018\/#primaryimage"},"thumbnailUrl":"https:\/\/cefi.es\/wp-contenido\/uploads\/2020\/01\/Portada_Comunicaciones_83.jpg","datePublished":"2018-01-29T14:54:07+00:00","dateModified":"2021-12-30T09:11:06+00:00","breadcrumb":{"@id":"https:\/\/cefi.es\/en\/tienda\/publicaciones\/revista-comunicaciones\/revista-comunicaciones-no-83-enero-abril-2018\/#breadcrumb"},"inLanguage":"en-US","potentialAction":[{"@type":"ReadAction","target":["https:\/\/cefi.es\/en\/tienda\/publicaciones\/revista-comunicaciones\/revista-comunicaciones-no-83-enero-abril-2018\/"]}]},{"@type":"ImageObject","inLanguage":"en-US","@id":"https:\/\/cefi.es\/en\/tienda\/publicaciones\/revista-comunicaciones\/revista-comunicaciones-no-83-enero-abril-2018\/#primaryimage","url":"https:\/\/cefi.es\/wp-contenido\/uploads\/2020\/01\/Portada_Comunicaciones_83.jpg","contentUrl":"https:\/\/cefi.es\/wp-contenido\/uploads\/2020\/01\/Portada_Comunicaciones_83.jpg","width":719,"height":1026},{"@type":"BreadcrumbList","@id":"https:\/\/cefi.es\/en\/tienda\/publicaciones\/revista-comunicaciones\/revista-comunicaciones-no-83-enero-abril-2018\/#breadcrumb","itemListElement":[{"@type":"ListItem","position":1,"name":"Home","item":"https:\/\/cefi.es\/en\/"},{"@type":"ListItem","position":2,"name":"Products","item":"https:\/\/cefi.es\/en\/shop\/"},{"@type":"ListItem","position":3,"name":"Revista Comunicaciones N\u00ba 83 (Enero-Abril 2018)"}]},{"@type":"WebSite","@id":"https:\/\/cefi.es\/en\/#website","url":"https:\/\/cefi.es\/en\/","name":"Centro de estudios para el fomento de la investigaci\u00f3n","description":"","publisher":{"@id":"https:\/\/cefi.es\/en\/#organization"},"potentialAction":[{"@type":"SearchAction","target":{"@type":"EntryPoint","urlTemplate":"https:\/\/cefi.es\/en\/?s={search_term_string}"},"query-input":{"@type":"PropertyValueSpecification","valueRequired":true,"valueName":"search_term_string"}}],"inLanguage":"en-US"},{"@type":"Organization","@id":"https:\/\/cefi.es\/en\/#organization","name":"Fundacion CeFi. Propiedad industrial e intelectual","url":"https:\/\/cefi.es\/en\/","logo":{"@type":"ImageObject","inLanguage":"en-US","@id":"https:\/\/cefi.es\/en\/#\/schema\/logo\/image\/","url":"https:\/\/cefi.es\/wp-contenido\/uploads\/2019\/12\/cropped-favicon-3.png","contentUrl":"https:\/\/cefi.es\/wp-contenido\/uploads\/2019\/12\/cropped-favicon-3.png","width":512,"height":512,"caption":"Fundacion CeFi. Propiedad industrial e intelectual"},"image":{"@id":"https:\/\/cefi.es\/en\/#\/schema\/logo\/image\/"}}]}},"_links":{"self":[{"href":"https:\/\/cefi.es\/en\/wp-json\/wp\/v2\/product\/5478","targetHints":{"allow":["GET"]}}],"collection":[{"href":"https:\/\/cefi.es\/en\/wp-json\/wp\/v2\/product"}],"about":[{"href":"https:\/\/cefi.es\/en\/wp-json\/wp\/v2\/types\/product"}],"version-history":[{"count":5,"href":"https:\/\/cefi.es\/en\/wp-json\/wp\/v2\/product\/5478\/revisions"}],"predecessor-version":[{"id":9934,"href":"https:\/\/cefi.es\/en\/wp-json\/wp\/v2\/product\/5478\/revisions\/9934"}],"wp:featuredmedia":[{"embeddable":true,"href":"https:\/\/cefi.es\/en\/wp-json\/wp\/v2\/media\/5352"}],"wp:attachment":[{"href":"https:\/\/cefi.es\/en\/wp-json\/wp\/v2\/media?parent=5478"}],"wp:term":[{"taxonomy":"product_brand","embeddable":true,"href":"https:\/\/cefi.es\/en\/wp-json\/wp\/v2\/product_brand?post=5478"},{"taxonomy":"product_cat","embeddable":true,"href":"https:\/\/cefi.es\/en\/wp-json\/wp\/v2\/product_cat?post=5478"},{"taxonomy":"product_tag","embeddable":true,"href":"https:\/\/cefi.es\/en\/wp-json\/wp\/v2\/product_tag?post=5478"}],"curies":[{"name":"wp","href":"https:\/\/api.w.org\/{rel}","templated":true}]}}