{"id":5474,"date":"2018-11-29T15:50:38","date_gmt":"2018-11-29T14:50:38","guid":{"rendered":"http:\/\/www.cefi.es\/?post_type=product&#038;p=5474"},"modified":"2021-12-30T10:11:06","modified_gmt":"2021-12-30T09:11:06","slug":"revista-comunicaciones-no-84-mayo-agosto-2018","status":"publish","type":"product","link":"https:\/\/cefi.es\/en\/tienda\/publicaciones\/revista-comunicaciones\/revista-comunicaciones-no-84-mayo-agosto-2018\/","title":{"rendered":"Revista Comunicaciones N\u00ba 84 <span>(Mayo-Agosto 2018)"},"content":{"rendered":"<p class=\"p1\">La <em>&#8220;excepci\u00f3n para la fabricaci\u00f3n<\/em>&#8221; propuesta por la Comisi\u00f3n de la Uni\u00f3n Europea y el Acuerdo ADPIC.<br \/>\n<em>Miquel Monta\u00f1\u00e1 Mora<\/em><\/p>\n<p class=\"p1\">Secretos empresariales. Cuestiones relevantes de la Directiva y del Proyecto de Ley.<br \/>\n<em>Borja S\u00e1inz de Aja Tirapu y Est\u00edbaliz Peinado Iribar<\/em><\/p>\n<p class=\"p1\">La <em>&#8220;doctrina de los equivalentes&#8221;<\/em> en Espa\u00f1a un a\u00f1o despu\u00e9s la Sentencia del Tribunal Supremo del Reino Unido de 12 de julio de 2017.<br \/>\n<em>Isabel Carulla<\/em><\/p>\n<p class=\"p1\">Las reivindicaciones de tipo suizo no est\u00e1n afectadas por la reserva espa\u00f1ola al Convenio de la Patente Europea: comentario del Auto de la Secci\u00f3n 15\u00aa de la Audiencia Provincial de Barcelona de 16 de mayo de 2018 (caso rosuvastatina).<br \/>\n<em>Manel Santilari Barnach<\/em><\/p>\n<p class=\"p1\">Caso Louboutin: el color como marca en la industria de la moda.<br \/>\n<em>N\u00faria Porxas Roig y Lidia Vidal Vallma\u00f1a<\/em><\/p>\n<p class=\"p1\">Se completa la reforma de la gesti\u00f3n colectiva de derechos de propiedad intelectual.<br \/>\n<em>Iban D\u00edez L\u00f3pez<\/em><\/p>\n<p class=\"p1\">Publicidad e informaci\u00f3n sobre medicamentos: una frontera difusa.<br \/>\n<em>Montiano Monteagudo Monedero y Francisco Javier Garc\u00eda<\/em><\/p>\n<p class=\"p1\">Ernst &amp; Young: primera sentencia del TJUE sobre el alcance de la prohibici\u00f3n del\u00a0<em>&#8220;gun-jumping&#8221;<\/em>\u00a0en procesos de concentraci\u00f3n de empresas.<br \/>\n<em>Helmut Brokelmann<\/em><\/p>\n","protected":false},"excerpt":{"rendered":"<p>La &#8220;excepci\u00f3n para la fabricaci\u00f3n&#8221; propuesta por la Comisi\u00f3n de la Uni\u00f3n Europea y el Acuerdo ADPIC. Miquel Monta\u00f1\u00e1 Mora Secretos empresariales. Cuestiones relevantes de la Directiva y del Proyecto de Ley. Borja S\u00e1inz de Aja Tirapu y Est\u00edbaliz Peinado Iribar La &#8220;doctrina de los equivalentes&#8221; en Espa\u00f1a un a\u00f1o despu\u00e9s la Sentencia del Tribunal [&hellip;]<\/p>\n","protected":false},"featured_media":5354,"template":"","meta":{"_acf_changed":false},"product_brand":[],"product_cat":[50,24],"product_tag":[],"class_list":{"0":"post-5474","1":"product","2":"type-product","3":"status-publish","4":"has-post-thumbnail","6":"product_cat-publicaciones","7":"product_cat-revista-comunicaciones","9":"first","10":"instock","11":"taxable","12":"shipping-taxable","13":"purchasable","14":"product-type-variable","15":"has-default-attributes"},"acf":[],"yoast_head":"<!-- This site is optimized with the Yoast SEO plugin v27.3 - https:\/\/yoast.com\/product\/yoast-seo-wordpress\/ -->\n<title>Revista Comunicaciones N\u00ba 84 (Mayo-Agosto 2018) - Centro de estudios para el fomento de la investigaci\u00f3n<\/title>\n<meta name=\"robots\" content=\"index, follow, max-snippet:-1, max-image-preview:large, max-video-preview:-1\" \/>\n<link rel=\"canonical\" href=\"https:\/\/cefi.es\/en\/tienda\/publicaciones\/revista-comunicaciones\/revista-comunicaciones-no-84-mayo-agosto-2018\/\" \/>\n<meta property=\"og:locale\" content=\"en_US\" \/>\n<meta property=\"og:type\" content=\"article\" \/>\n<meta property=\"og:title\" content=\"Revista Comunicaciones N\u00ba 84 (Mayo-Agosto 2018) - Centro de estudios para el fomento de la investigaci\u00f3n\" \/>\n<meta property=\"og:description\" content=\"La &#8220;excepci\u00f3n para la fabricaci\u00f3n&#8221; propuesta por la Comisi\u00f3n de la Uni\u00f3n Europea y el Acuerdo ADPIC. Miquel Monta\u00f1\u00e1 Mora Secretos empresariales. Cuestiones relevantes de la Directiva y del Proyecto de Ley. Borja S\u00e1inz de Aja Tirapu y Est\u00edbaliz Peinado Iribar La &#8220;doctrina de los equivalentes&#8221; en Espa\u00f1a un a\u00f1o despu\u00e9s la Sentencia del Tribunal [&hellip;]\" \/>\n<meta property=\"og:url\" content=\"https:\/\/cefi.es\/en\/tienda\/publicaciones\/revista-comunicaciones\/revista-comunicaciones-no-84-mayo-agosto-2018\/\" \/>\n<meta property=\"og:site_name\" content=\"Centro de estudios para el fomento de la investigaci\u00f3n\" \/>\n<meta property=\"article:modified_time\" content=\"2021-12-30T09:11:06+00:00\" \/>\n<meta property=\"og:image\" content=\"https:\/\/cefi.es\/wp-contenido\/uploads\/2020\/01\/Portada_Comunicaciones_84.jpg\" \/>\n\t<meta property=\"og:image:width\" content=\"719\" \/>\n\t<meta property=\"og:image:height\" content=\"1037\" \/>\n\t<meta property=\"og:image:type\" content=\"image\/jpeg\" \/>\n<meta name=\"twitter:card\" content=\"summary_large_image\" \/>\n<meta name=\"twitter:label1\" content=\"Est. reading time\" \/>\n\t<meta name=\"twitter:data1\" content=\"1 minute\" \/>\n<script type=\"application\/ld+json\" class=\"yoast-schema-graph\">{\"@context\":\"https:\\\/\\\/schema.org\",\"@graph\":[{\"@type\":\"WebPage\",\"@id\":\"https:\\\/\\\/cefi.es\\\/en\\\/tienda\\\/publicaciones\\\/revista-comunicaciones\\\/revista-comunicaciones-no-84-mayo-agosto-2018\\\/\",\"url\":\"https:\\\/\\\/cefi.es\\\/en\\\/tienda\\\/publicaciones\\\/revista-comunicaciones\\\/revista-comunicaciones-no-84-mayo-agosto-2018\\\/\",\"name\":\"Revista Comunicaciones N\u00ba 84 (Mayo-Agosto 2018) - Centro de estudios para el fomento de la investigaci\u00f3n\",\"isPartOf\":{\"@id\":\"https:\\\/\\\/cefi.es\\\/en\\\/#website\"},\"primaryImageOfPage\":{\"@id\":\"https:\\\/\\\/cefi.es\\\/en\\\/tienda\\\/publicaciones\\\/revista-comunicaciones\\\/revista-comunicaciones-no-84-mayo-agosto-2018\\\/#primaryimage\"},\"image\":{\"@id\":\"https:\\\/\\\/cefi.es\\\/en\\\/tienda\\\/publicaciones\\\/revista-comunicaciones\\\/revista-comunicaciones-no-84-mayo-agosto-2018\\\/#primaryimage\"},\"thumbnailUrl\":\"https:\\\/\\\/cefi.es\\\/wp-contenido\\\/uploads\\\/2020\\\/01\\\/Portada_Comunicaciones_84.jpg\",\"datePublished\":\"2018-11-29T14:50:38+00:00\",\"dateModified\":\"2021-12-30T09:11:06+00:00\",\"breadcrumb\":{\"@id\":\"https:\\\/\\\/cefi.es\\\/en\\\/tienda\\\/publicaciones\\\/revista-comunicaciones\\\/revista-comunicaciones-no-84-mayo-agosto-2018\\\/#breadcrumb\"},\"inLanguage\":\"en-US\",\"potentialAction\":[{\"@type\":\"ReadAction\",\"target\":[\"https:\\\/\\\/cefi.es\\\/en\\\/tienda\\\/publicaciones\\\/revista-comunicaciones\\\/revista-comunicaciones-no-84-mayo-agosto-2018\\\/\"]}]},{\"@type\":\"ImageObject\",\"inLanguage\":\"en-US\",\"@id\":\"https:\\\/\\\/cefi.es\\\/en\\\/tienda\\\/publicaciones\\\/revista-comunicaciones\\\/revista-comunicaciones-no-84-mayo-agosto-2018\\\/#primaryimage\",\"url\":\"https:\\\/\\\/cefi.es\\\/wp-contenido\\\/uploads\\\/2020\\\/01\\\/Portada_Comunicaciones_84.jpg\",\"contentUrl\":\"https:\\\/\\\/cefi.es\\\/wp-contenido\\\/uploads\\\/2020\\\/01\\\/Portada_Comunicaciones_84.jpg\",\"width\":719,\"height\":1037},{\"@type\":\"BreadcrumbList\",\"@id\":\"https:\\\/\\\/cefi.es\\\/en\\\/tienda\\\/publicaciones\\\/revista-comunicaciones\\\/revista-comunicaciones-no-84-mayo-agosto-2018\\\/#breadcrumb\",\"itemListElement\":[{\"@type\":\"ListItem\",\"position\":1,\"name\":\"Home\",\"item\":\"https:\\\/\\\/cefi.es\\\/en\\\/\"},{\"@type\":\"ListItem\",\"position\":2,\"name\":\"Products\",\"item\":\"https:\\\/\\\/cefi.es\\\/en\\\/shop\\\/\"},{\"@type\":\"ListItem\",\"position\":3,\"name\":\"Revista Comunicaciones N\u00ba 84 (Mayo-Agosto 2018)\"}]},{\"@type\":\"WebSite\",\"@id\":\"https:\\\/\\\/cefi.es\\\/en\\\/#website\",\"url\":\"https:\\\/\\\/cefi.es\\\/en\\\/\",\"name\":\"Centro de estudios para el fomento de la investigaci\u00f3n\",\"description\":\"\",\"publisher\":{\"@id\":\"https:\\\/\\\/cefi.es\\\/en\\\/#organization\"},\"potentialAction\":[{\"@type\":\"SearchAction\",\"target\":{\"@type\":\"EntryPoint\",\"urlTemplate\":\"https:\\\/\\\/cefi.es\\\/en\\\/?s={search_term_string}\"},\"query-input\":{\"@type\":\"PropertyValueSpecification\",\"valueRequired\":true,\"valueName\":\"search_term_string\"}}],\"inLanguage\":\"en-US\"},{\"@type\":\"Organization\",\"@id\":\"https:\\\/\\\/cefi.es\\\/en\\\/#organization\",\"name\":\"Fundacion CeFi. Propiedad industrial e intelectual\",\"url\":\"https:\\\/\\\/cefi.es\\\/en\\\/\",\"logo\":{\"@type\":\"ImageObject\",\"inLanguage\":\"en-US\",\"@id\":\"https:\\\/\\\/cefi.es\\\/en\\\/#\\\/schema\\\/logo\\\/image\\\/\",\"url\":\"https:\\\/\\\/cefi.es\\\/wp-contenido\\\/uploads\\\/2019\\\/12\\\/cropped-favicon-3.png\",\"contentUrl\":\"https:\\\/\\\/cefi.es\\\/wp-contenido\\\/uploads\\\/2019\\\/12\\\/cropped-favicon-3.png\",\"width\":512,\"height\":512,\"caption\":\"Fundacion CeFi. Propiedad industrial e intelectual\"},\"image\":{\"@id\":\"https:\\\/\\\/cefi.es\\\/en\\\/#\\\/schema\\\/logo\\\/image\\\/\"}}]}<\/script>\n<!-- \/ Yoast SEO plugin. -->","yoast_head_json":{"title":"Revista Comunicaciones N\u00ba 84 (Mayo-Agosto 2018) - Centro de estudios para el fomento de la investigaci\u00f3n","robots":{"index":"index","follow":"follow","max-snippet":"max-snippet:-1","max-image-preview":"max-image-preview:large","max-video-preview":"max-video-preview:-1"},"canonical":"https:\/\/cefi.es\/en\/tienda\/publicaciones\/revista-comunicaciones\/revista-comunicaciones-no-84-mayo-agosto-2018\/","og_locale":"en_US","og_type":"article","og_title":"Revista Comunicaciones N\u00ba 84 (Mayo-Agosto 2018) - Centro de estudios para el fomento de la investigaci\u00f3n","og_description":"La &#8220;excepci\u00f3n para la fabricaci\u00f3n&#8221; propuesta por la Comisi\u00f3n de la Uni\u00f3n Europea y el Acuerdo ADPIC. Miquel Monta\u00f1\u00e1 Mora Secretos empresariales. Cuestiones relevantes de la Directiva y del Proyecto de Ley. Borja S\u00e1inz de Aja Tirapu y Est\u00edbaliz Peinado Iribar La &#8220;doctrina de los equivalentes&#8221; en Espa\u00f1a un a\u00f1o despu\u00e9s la Sentencia del Tribunal [&hellip;]","og_url":"https:\/\/cefi.es\/en\/tienda\/publicaciones\/revista-comunicaciones\/revista-comunicaciones-no-84-mayo-agosto-2018\/","og_site_name":"Centro de estudios para el fomento de la investigaci\u00f3n","article_modified_time":"2021-12-30T09:11:06+00:00","og_image":[{"width":719,"height":1037,"url":"https:\/\/cefi.es\/wp-contenido\/uploads\/2020\/01\/Portada_Comunicaciones_84.jpg","type":"image\/jpeg"}],"twitter_card":"summary_large_image","twitter_misc":{"Est. reading time":"1 minute"},"schema":{"@context":"https:\/\/schema.org","@graph":[{"@type":"WebPage","@id":"https:\/\/cefi.es\/en\/tienda\/publicaciones\/revista-comunicaciones\/revista-comunicaciones-no-84-mayo-agosto-2018\/","url":"https:\/\/cefi.es\/en\/tienda\/publicaciones\/revista-comunicaciones\/revista-comunicaciones-no-84-mayo-agosto-2018\/","name":"Revista Comunicaciones N\u00ba 84 (Mayo-Agosto 2018) - Centro de estudios para el fomento de la investigaci\u00f3n","isPartOf":{"@id":"https:\/\/cefi.es\/en\/#website"},"primaryImageOfPage":{"@id":"https:\/\/cefi.es\/en\/tienda\/publicaciones\/revista-comunicaciones\/revista-comunicaciones-no-84-mayo-agosto-2018\/#primaryimage"},"image":{"@id":"https:\/\/cefi.es\/en\/tienda\/publicaciones\/revista-comunicaciones\/revista-comunicaciones-no-84-mayo-agosto-2018\/#primaryimage"},"thumbnailUrl":"https:\/\/cefi.es\/wp-contenido\/uploads\/2020\/01\/Portada_Comunicaciones_84.jpg","datePublished":"2018-11-29T14:50:38+00:00","dateModified":"2021-12-30T09:11:06+00:00","breadcrumb":{"@id":"https:\/\/cefi.es\/en\/tienda\/publicaciones\/revista-comunicaciones\/revista-comunicaciones-no-84-mayo-agosto-2018\/#breadcrumb"},"inLanguage":"en-US","potentialAction":[{"@type":"ReadAction","target":["https:\/\/cefi.es\/en\/tienda\/publicaciones\/revista-comunicaciones\/revista-comunicaciones-no-84-mayo-agosto-2018\/"]}]},{"@type":"ImageObject","inLanguage":"en-US","@id":"https:\/\/cefi.es\/en\/tienda\/publicaciones\/revista-comunicaciones\/revista-comunicaciones-no-84-mayo-agosto-2018\/#primaryimage","url":"https:\/\/cefi.es\/wp-contenido\/uploads\/2020\/01\/Portada_Comunicaciones_84.jpg","contentUrl":"https:\/\/cefi.es\/wp-contenido\/uploads\/2020\/01\/Portada_Comunicaciones_84.jpg","width":719,"height":1037},{"@type":"BreadcrumbList","@id":"https:\/\/cefi.es\/en\/tienda\/publicaciones\/revista-comunicaciones\/revista-comunicaciones-no-84-mayo-agosto-2018\/#breadcrumb","itemListElement":[{"@type":"ListItem","position":1,"name":"Home","item":"https:\/\/cefi.es\/en\/"},{"@type":"ListItem","position":2,"name":"Products","item":"https:\/\/cefi.es\/en\/shop\/"},{"@type":"ListItem","position":3,"name":"Revista Comunicaciones N\u00ba 84 (Mayo-Agosto 2018)"}]},{"@type":"WebSite","@id":"https:\/\/cefi.es\/en\/#website","url":"https:\/\/cefi.es\/en\/","name":"Centro de estudios para el fomento de la investigaci\u00f3n","description":"","publisher":{"@id":"https:\/\/cefi.es\/en\/#organization"},"potentialAction":[{"@type":"SearchAction","target":{"@type":"EntryPoint","urlTemplate":"https:\/\/cefi.es\/en\/?s={search_term_string}"},"query-input":{"@type":"PropertyValueSpecification","valueRequired":true,"valueName":"search_term_string"}}],"inLanguage":"en-US"},{"@type":"Organization","@id":"https:\/\/cefi.es\/en\/#organization","name":"Fundacion CeFi. Propiedad industrial e intelectual","url":"https:\/\/cefi.es\/en\/","logo":{"@type":"ImageObject","inLanguage":"en-US","@id":"https:\/\/cefi.es\/en\/#\/schema\/logo\/image\/","url":"https:\/\/cefi.es\/wp-contenido\/uploads\/2019\/12\/cropped-favicon-3.png","contentUrl":"https:\/\/cefi.es\/wp-contenido\/uploads\/2019\/12\/cropped-favicon-3.png","width":512,"height":512,"caption":"Fundacion CeFi. Propiedad industrial e intelectual"},"image":{"@id":"https:\/\/cefi.es\/en\/#\/schema\/logo\/image\/"}}]}},"_links":{"self":[{"href":"https:\/\/cefi.es\/en\/wp-json\/wp\/v2\/product\/5474","targetHints":{"allow":["GET"]}}],"collection":[{"href":"https:\/\/cefi.es\/en\/wp-json\/wp\/v2\/product"}],"about":[{"href":"https:\/\/cefi.es\/en\/wp-json\/wp\/v2\/types\/product"}],"version-history":[{"count":5,"href":"https:\/\/cefi.es\/en\/wp-json\/wp\/v2\/product\/5474\/revisions"}],"predecessor-version":[{"id":8573,"href":"https:\/\/cefi.es\/en\/wp-json\/wp\/v2\/product\/5474\/revisions\/8573"}],"wp:featuredmedia":[{"embeddable":true,"href":"https:\/\/cefi.es\/en\/wp-json\/wp\/v2\/media\/5354"}],"wp:attachment":[{"href":"https:\/\/cefi.es\/en\/wp-json\/wp\/v2\/media?parent=5474"}],"wp:term":[{"taxonomy":"product_brand","embeddable":true,"href":"https:\/\/cefi.es\/en\/wp-json\/wp\/v2\/product_brand?post=5474"},{"taxonomy":"product_cat","embeddable":true,"href":"https:\/\/cefi.es\/en\/wp-json\/wp\/v2\/product_cat?post=5474"},{"taxonomy":"product_tag","embeddable":true,"href":"https:\/\/cefi.es\/en\/wp-json\/wp\/v2\/product_tag?post=5474"}],"curies":[{"name":"wp","href":"https:\/\/api.w.org\/{rel}","templated":true}]}}