{"id":5470,"date":"2018-09-30T15:47:40","date_gmt":"2018-09-30T14:47:40","guid":{"rendered":"http:\/\/www.cefi.es\/?post_type=product&#038;p=5470"},"modified":"2021-12-30T10:11:06","modified_gmt":"2021-12-30T09:11:06","slug":"revista-comunicaciones-no-85-septiembre-diciembre-2018","status":"publish","type":"product","link":"https:\/\/cefi.es\/en\/tienda\/publicaciones\/revista-comunicaciones\/revista-comunicaciones-no-85-septiembre-diciembre-2018\/","title":{"rendered":"Revista Comunicaciones N\u00ba 85 <span>(Septiembre-Diciembre 2018)"},"content":{"rendered":"<p>Novedades de la LOPD en la investigaci\u00f3n en salud.<br \/>\n<em>Jesus Rub\u00ed Navarrete<\/em><\/p>\n<p>El marco de actuaci\u00f3n de un programa de compliance en el sector farmac\u00e9utico. Un ejemplo pr\u00e1ctico.<br \/>\n<em>Juan Ignacio Canosa Sevillano<\/em><\/p>\n<p>La protecci\u00f3n jur\u00eddica conferida a la innovaci\u00f3n incremental farmac\u00e9utica: \u00bfpresunci\u00f3n de culpabilidad?.<br \/>\n<em>Josep Montefusco Monferrer<\/em><\/p>\n<p>A vueltas con el <em>\u201cexport manufacturing waiver\u201d<\/em> posibilidad de medidas cautelares.<br \/>\n<em>Blas A. Gonz\u00e1lez Navarro<\/em><\/p>\n<p>Los conceptos de usuario informado y grado de libertad del dise\u00f1ador en materia de dise\u00f1o industrial y de singularidad competitiva en materia de competencia desleal. An\u00e1lisis de la Sentencia del Tribunal Supremo de 5 de mayo de 2017 y repercusi\u00f3n posterior.<br \/>\n<em>Carmen Amor Cordero y Mar Conde Nogueira<\/em><\/p>\n<p>EL TJUE extiende el derecho de marca a la prohibici\u00f3n de importar productos a los que se ha retirado previamente la marca &#8211; Sentencia del TJUE de 25 de julio de 2018, Asunto C-129\/17, Mitsubishi.<br \/>\n<em>M\u00f3nica Esteve Sanz<\/em><\/p>\n<p>Ciberseguridad. Introducci\u00f3n al Real Decreto-Ley 12\/2018 de seguridad de las redes y sistemas de informaci\u00f3n.<br \/>\n<em>Alexander Bernalal Quintana y Mar\u00eda Berlanga Robles<\/em><\/p>\n<p>La sentencia EAEPC\/Comisi\u00f3n: \u00bfel \u00faltimo acto de la saga Glaxo?<br \/>\n<em>Mariarosaria Ganino<\/em><\/p>\n<p>Resoluci\u00f3n de la CNMC de 30 de agosto de 2018: legalidad de los sistemas de precio libre al amparo de la libertad de empresa.<br \/>\n<em>Teresa Paz-Ares Rodr\u00edguez y Santiago Puente Arana<\/em><\/p>\n<p>Asunto Avastin\/Lucentis: la difusi\u00f3n por parte de competidores de informaci\u00f3n enga\u00f1osa sobre la utilizaci\u00f3n \u201coff label\u201d de un medicamento puede suponer una restricci\u00f3n de la competencia por objeto.<br \/>\n<em>Daniel Arribas Gonz\u00e1lez<\/em><\/p>\n<p>Competencia y eficiencia en la contrataci\u00f3n p\u00fablica: la realidad y el deseo.<br \/>\n<em>Jorge Nieto Rueda<\/em><\/p>\n<p>Elementos esenciales de un Programa Anticorrupci\u00f3n empresarial.<br \/>\n<em>Diego Pol Longo y Gemma Marc\u00e9 Brians\u00f3<\/em><\/p>\n","protected":false},"excerpt":{"rendered":"<p>Novedades de la LOPD en la investigaci\u00f3n en salud. Jesus Rub\u00ed Navarrete El marco de actuaci\u00f3n de un programa de compliance en el sector farmac\u00e9utico. Un ejemplo pr\u00e1ctico. Juan Ignacio Canosa Sevillano La protecci\u00f3n jur\u00eddica conferida a la innovaci\u00f3n incremental farmac\u00e9utica: \u00bfpresunci\u00f3n de culpabilidad?. Josep Montefusco Monferrer A vueltas con el \u201cexport manufacturing waiver\u201d posibilidad [&hellip;]<\/p>\n","protected":false},"featured_media":5356,"template":"","meta":{"_acf_changed":false},"product_brand":[],"product_cat":[24,50],"product_tag":[],"class_list":{"0":"post-5470","1":"product","2":"type-product","3":"status-publish","4":"has-post-thumbnail","6":"product_cat-revista-comunicaciones","7":"product_cat-publicaciones","9":"first","10":"instock","11":"taxable","12":"shipping-taxable","13":"purchasable","14":"product-type-variable","15":"has-default-attributes"},"acf":[],"yoast_head":"<!-- This site is optimized with the Yoast SEO plugin v27.3 - https:\/\/yoast.com\/product\/yoast-seo-wordpress\/ -->\n<title>Revista Comunicaciones N\u00ba 85 (Septiembre-Diciembre 2018) - Centro de estudios para el fomento de la investigaci\u00f3n<\/title>\n<meta name=\"robots\" content=\"index, follow, max-snippet:-1, max-image-preview:large, max-video-preview:-1\" \/>\n<link rel=\"canonical\" href=\"https:\/\/cefi.es\/en\/tienda\/publicaciones\/revista-comunicaciones\/revista-comunicaciones-no-85-septiembre-diciembre-2018\/\" \/>\n<meta property=\"og:locale\" content=\"en_US\" \/>\n<meta property=\"og:type\" content=\"article\" \/>\n<meta property=\"og:title\" content=\"Revista Comunicaciones N\u00ba 85 (Septiembre-Diciembre 2018) - Centro de estudios para el fomento de la investigaci\u00f3n\" \/>\n<meta property=\"og:description\" content=\"Novedades de la LOPD en la investigaci\u00f3n en salud. Jesus Rub\u00ed Navarrete El marco de actuaci\u00f3n de un programa de compliance en el sector farmac\u00e9utico. Un ejemplo pr\u00e1ctico. Juan Ignacio Canosa Sevillano La protecci\u00f3n jur\u00eddica conferida a la innovaci\u00f3n incremental farmac\u00e9utica: \u00bfpresunci\u00f3n de culpabilidad?. Josep Montefusco Monferrer A vueltas con el \u201cexport manufacturing waiver\u201d posibilidad [&hellip;]\" \/>\n<meta property=\"og:url\" content=\"https:\/\/cefi.es\/en\/tienda\/publicaciones\/revista-comunicaciones\/revista-comunicaciones-no-85-septiembre-diciembre-2018\/\" \/>\n<meta property=\"og:site_name\" content=\"Centro de estudios para el fomento de la investigaci\u00f3n\" \/>\n<meta property=\"article:modified_time\" content=\"2021-12-30T09:11:06+00:00\" \/>\n<meta property=\"og:image\" content=\"https:\/\/cefi.es\/wp-contenido\/uploads\/2020\/01\/Portada_Comunicaciones_85.jpg\" \/>\n\t<meta property=\"og:image:width\" content=\"886\" \/>\n\t<meta property=\"og:image:height\" content=\"1293\" \/>\n\t<meta property=\"og:image:type\" content=\"image\/jpeg\" \/>\n<meta name=\"twitter:card\" content=\"summary_large_image\" \/>\n<meta name=\"twitter:label1\" content=\"Est. reading time\" \/>\n\t<meta name=\"twitter:data1\" content=\"1 minute\" \/>\n<script type=\"application\/ld+json\" class=\"yoast-schema-graph\">{\"@context\":\"https:\\\/\\\/schema.org\",\"@graph\":[{\"@type\":\"WebPage\",\"@id\":\"https:\\\/\\\/cefi.es\\\/en\\\/tienda\\\/publicaciones\\\/revista-comunicaciones\\\/revista-comunicaciones-no-85-septiembre-diciembre-2018\\\/\",\"url\":\"https:\\\/\\\/cefi.es\\\/en\\\/tienda\\\/publicaciones\\\/revista-comunicaciones\\\/revista-comunicaciones-no-85-septiembre-diciembre-2018\\\/\",\"name\":\"Revista Comunicaciones N\u00ba 85 (Septiembre-Diciembre 2018) - Centro de estudios para el fomento de la investigaci\u00f3n\",\"isPartOf\":{\"@id\":\"https:\\\/\\\/cefi.es\\\/en\\\/#website\"},\"primaryImageOfPage\":{\"@id\":\"https:\\\/\\\/cefi.es\\\/en\\\/tienda\\\/publicaciones\\\/revista-comunicaciones\\\/revista-comunicaciones-no-85-septiembre-diciembre-2018\\\/#primaryimage\"},\"image\":{\"@id\":\"https:\\\/\\\/cefi.es\\\/en\\\/tienda\\\/publicaciones\\\/revista-comunicaciones\\\/revista-comunicaciones-no-85-septiembre-diciembre-2018\\\/#primaryimage\"},\"thumbnailUrl\":\"https:\\\/\\\/cefi.es\\\/wp-contenido\\\/uploads\\\/2020\\\/01\\\/Portada_Comunicaciones_85.jpg\",\"datePublished\":\"2018-09-30T14:47:40+00:00\",\"dateModified\":\"2021-12-30T09:11:06+00:00\",\"breadcrumb\":{\"@id\":\"https:\\\/\\\/cefi.es\\\/en\\\/tienda\\\/publicaciones\\\/revista-comunicaciones\\\/revista-comunicaciones-no-85-septiembre-diciembre-2018\\\/#breadcrumb\"},\"inLanguage\":\"en-US\",\"potentialAction\":[{\"@type\":\"ReadAction\",\"target\":[\"https:\\\/\\\/cefi.es\\\/en\\\/tienda\\\/publicaciones\\\/revista-comunicaciones\\\/revista-comunicaciones-no-85-septiembre-diciembre-2018\\\/\"]}]},{\"@type\":\"ImageObject\",\"inLanguage\":\"en-US\",\"@id\":\"https:\\\/\\\/cefi.es\\\/en\\\/tienda\\\/publicaciones\\\/revista-comunicaciones\\\/revista-comunicaciones-no-85-septiembre-diciembre-2018\\\/#primaryimage\",\"url\":\"https:\\\/\\\/cefi.es\\\/wp-contenido\\\/uploads\\\/2020\\\/01\\\/Portada_Comunicaciones_85.jpg\",\"contentUrl\":\"https:\\\/\\\/cefi.es\\\/wp-contenido\\\/uploads\\\/2020\\\/01\\\/Portada_Comunicaciones_85.jpg\",\"width\":886,\"height\":1293},{\"@type\":\"BreadcrumbList\",\"@id\":\"https:\\\/\\\/cefi.es\\\/en\\\/tienda\\\/publicaciones\\\/revista-comunicaciones\\\/revista-comunicaciones-no-85-septiembre-diciembre-2018\\\/#breadcrumb\",\"itemListElement\":[{\"@type\":\"ListItem\",\"position\":1,\"name\":\"Home\",\"item\":\"https:\\\/\\\/cefi.es\\\/en\\\/\"},{\"@type\":\"ListItem\",\"position\":2,\"name\":\"Products\",\"item\":\"https:\\\/\\\/cefi.es\\\/en\\\/shop\\\/\"},{\"@type\":\"ListItem\",\"position\":3,\"name\":\"Revista Comunicaciones N\u00ba 85 (Septiembre-Diciembre 2018)\"}]},{\"@type\":\"WebSite\",\"@id\":\"https:\\\/\\\/cefi.es\\\/en\\\/#website\",\"url\":\"https:\\\/\\\/cefi.es\\\/en\\\/\",\"name\":\"Centro de estudios para el fomento de la investigaci\u00f3n\",\"description\":\"\",\"publisher\":{\"@id\":\"https:\\\/\\\/cefi.es\\\/en\\\/#organization\"},\"potentialAction\":[{\"@type\":\"SearchAction\",\"target\":{\"@type\":\"EntryPoint\",\"urlTemplate\":\"https:\\\/\\\/cefi.es\\\/en\\\/?s={search_term_string}\"},\"query-input\":{\"@type\":\"PropertyValueSpecification\",\"valueRequired\":true,\"valueName\":\"search_term_string\"}}],\"inLanguage\":\"en-US\"},{\"@type\":\"Organization\",\"@id\":\"https:\\\/\\\/cefi.es\\\/en\\\/#organization\",\"name\":\"Fundacion CeFi. Propiedad industrial e intelectual\",\"url\":\"https:\\\/\\\/cefi.es\\\/en\\\/\",\"logo\":{\"@type\":\"ImageObject\",\"inLanguage\":\"en-US\",\"@id\":\"https:\\\/\\\/cefi.es\\\/en\\\/#\\\/schema\\\/logo\\\/image\\\/\",\"url\":\"https:\\\/\\\/cefi.es\\\/wp-contenido\\\/uploads\\\/2019\\\/12\\\/cropped-favicon-3.png\",\"contentUrl\":\"https:\\\/\\\/cefi.es\\\/wp-contenido\\\/uploads\\\/2019\\\/12\\\/cropped-favicon-3.png\",\"width\":512,\"height\":512,\"caption\":\"Fundacion CeFi. Propiedad industrial e intelectual\"},\"image\":{\"@id\":\"https:\\\/\\\/cefi.es\\\/en\\\/#\\\/schema\\\/logo\\\/image\\\/\"}}]}<\/script>\n<!-- \/ Yoast SEO plugin. -->","yoast_head_json":{"title":"Revista Comunicaciones N\u00ba 85 (Septiembre-Diciembre 2018) - Centro de estudios para el fomento de la investigaci\u00f3n","robots":{"index":"index","follow":"follow","max-snippet":"max-snippet:-1","max-image-preview":"max-image-preview:large","max-video-preview":"max-video-preview:-1"},"canonical":"https:\/\/cefi.es\/en\/tienda\/publicaciones\/revista-comunicaciones\/revista-comunicaciones-no-85-septiembre-diciembre-2018\/","og_locale":"en_US","og_type":"article","og_title":"Revista Comunicaciones N\u00ba 85 (Septiembre-Diciembre 2018) - Centro de estudios para el fomento de la investigaci\u00f3n","og_description":"Novedades de la LOPD en la investigaci\u00f3n en salud. Jesus Rub\u00ed Navarrete El marco de actuaci\u00f3n de un programa de compliance en el sector farmac\u00e9utico. Un ejemplo pr\u00e1ctico. Juan Ignacio Canosa Sevillano La protecci\u00f3n jur\u00eddica conferida a la innovaci\u00f3n incremental farmac\u00e9utica: \u00bfpresunci\u00f3n de culpabilidad?. Josep Montefusco Monferrer A vueltas con el \u201cexport manufacturing waiver\u201d posibilidad [&hellip;]","og_url":"https:\/\/cefi.es\/en\/tienda\/publicaciones\/revista-comunicaciones\/revista-comunicaciones-no-85-septiembre-diciembre-2018\/","og_site_name":"Centro de estudios para el fomento de la investigaci\u00f3n","article_modified_time":"2021-12-30T09:11:06+00:00","og_image":[{"width":886,"height":1293,"url":"https:\/\/cefi.es\/wp-contenido\/uploads\/2020\/01\/Portada_Comunicaciones_85.jpg","type":"image\/jpeg"}],"twitter_card":"summary_large_image","twitter_misc":{"Est. reading time":"1 minute"},"schema":{"@context":"https:\/\/schema.org","@graph":[{"@type":"WebPage","@id":"https:\/\/cefi.es\/en\/tienda\/publicaciones\/revista-comunicaciones\/revista-comunicaciones-no-85-septiembre-diciembre-2018\/","url":"https:\/\/cefi.es\/en\/tienda\/publicaciones\/revista-comunicaciones\/revista-comunicaciones-no-85-septiembre-diciembre-2018\/","name":"Revista Comunicaciones N\u00ba 85 (Septiembre-Diciembre 2018) - Centro de estudios para el fomento de la investigaci\u00f3n","isPartOf":{"@id":"https:\/\/cefi.es\/en\/#website"},"primaryImageOfPage":{"@id":"https:\/\/cefi.es\/en\/tienda\/publicaciones\/revista-comunicaciones\/revista-comunicaciones-no-85-septiembre-diciembre-2018\/#primaryimage"},"image":{"@id":"https:\/\/cefi.es\/en\/tienda\/publicaciones\/revista-comunicaciones\/revista-comunicaciones-no-85-septiembre-diciembre-2018\/#primaryimage"},"thumbnailUrl":"https:\/\/cefi.es\/wp-contenido\/uploads\/2020\/01\/Portada_Comunicaciones_85.jpg","datePublished":"2018-09-30T14:47:40+00:00","dateModified":"2021-12-30T09:11:06+00:00","breadcrumb":{"@id":"https:\/\/cefi.es\/en\/tienda\/publicaciones\/revista-comunicaciones\/revista-comunicaciones-no-85-septiembre-diciembre-2018\/#breadcrumb"},"inLanguage":"en-US","potentialAction":[{"@type":"ReadAction","target":["https:\/\/cefi.es\/en\/tienda\/publicaciones\/revista-comunicaciones\/revista-comunicaciones-no-85-septiembre-diciembre-2018\/"]}]},{"@type":"ImageObject","inLanguage":"en-US","@id":"https:\/\/cefi.es\/en\/tienda\/publicaciones\/revista-comunicaciones\/revista-comunicaciones-no-85-septiembre-diciembre-2018\/#primaryimage","url":"https:\/\/cefi.es\/wp-contenido\/uploads\/2020\/01\/Portada_Comunicaciones_85.jpg","contentUrl":"https:\/\/cefi.es\/wp-contenido\/uploads\/2020\/01\/Portada_Comunicaciones_85.jpg","width":886,"height":1293},{"@type":"BreadcrumbList","@id":"https:\/\/cefi.es\/en\/tienda\/publicaciones\/revista-comunicaciones\/revista-comunicaciones-no-85-septiembre-diciembre-2018\/#breadcrumb","itemListElement":[{"@type":"ListItem","position":1,"name":"Home","item":"https:\/\/cefi.es\/en\/"},{"@type":"ListItem","position":2,"name":"Products","item":"https:\/\/cefi.es\/en\/shop\/"},{"@type":"ListItem","position":3,"name":"Revista Comunicaciones N\u00ba 85 (Septiembre-Diciembre 2018)"}]},{"@type":"WebSite","@id":"https:\/\/cefi.es\/en\/#website","url":"https:\/\/cefi.es\/en\/","name":"Centro de estudios para el fomento de la investigaci\u00f3n","description":"","publisher":{"@id":"https:\/\/cefi.es\/en\/#organization"},"potentialAction":[{"@type":"SearchAction","target":{"@type":"EntryPoint","urlTemplate":"https:\/\/cefi.es\/en\/?s={search_term_string}"},"query-input":{"@type":"PropertyValueSpecification","valueRequired":true,"valueName":"search_term_string"}}],"inLanguage":"en-US"},{"@type":"Organization","@id":"https:\/\/cefi.es\/en\/#organization","name":"Fundacion CeFi. Propiedad industrial e intelectual","url":"https:\/\/cefi.es\/en\/","logo":{"@type":"ImageObject","inLanguage":"en-US","@id":"https:\/\/cefi.es\/en\/#\/schema\/logo\/image\/","url":"https:\/\/cefi.es\/wp-contenido\/uploads\/2019\/12\/cropped-favicon-3.png","contentUrl":"https:\/\/cefi.es\/wp-contenido\/uploads\/2019\/12\/cropped-favicon-3.png","width":512,"height":512,"caption":"Fundacion CeFi. Propiedad industrial e intelectual"},"image":{"@id":"https:\/\/cefi.es\/en\/#\/schema\/logo\/image\/"}}]}},"_links":{"self":[{"href":"https:\/\/cefi.es\/en\/wp-json\/wp\/v2\/product\/5470","targetHints":{"allow":["GET"]}}],"collection":[{"href":"https:\/\/cefi.es\/en\/wp-json\/wp\/v2\/product"}],"about":[{"href":"https:\/\/cefi.es\/en\/wp-json\/wp\/v2\/types\/product"}],"version-history":[{"count":4,"href":"https:\/\/cefi.es\/en\/wp-json\/wp\/v2\/product\/5470\/revisions"}],"predecessor-version":[{"id":9931,"href":"https:\/\/cefi.es\/en\/wp-json\/wp\/v2\/product\/5470\/revisions\/9931"}],"wp:featuredmedia":[{"embeddable":true,"href":"https:\/\/cefi.es\/en\/wp-json\/wp\/v2\/media\/5356"}],"wp:attachment":[{"href":"https:\/\/cefi.es\/en\/wp-json\/wp\/v2\/media?parent=5470"}],"wp:term":[{"taxonomy":"product_brand","embeddable":true,"href":"https:\/\/cefi.es\/en\/wp-json\/wp\/v2\/product_brand?post=5470"},{"taxonomy":"product_cat","embeddable":true,"href":"https:\/\/cefi.es\/en\/wp-json\/wp\/v2\/product_cat?post=5470"},{"taxonomy":"product_tag","embeddable":true,"href":"https:\/\/cefi.es\/en\/wp-json\/wp\/v2\/product_tag?post=5470"}],"curies":[{"name":"wp","href":"https:\/\/api.w.org\/{rel}","templated":true}]}}