{"id":5466,"date":"2019-01-29T15:46:10","date_gmt":"2019-01-29T14:46:10","guid":{"rendered":"http:\/\/www.cefi.es\/?post_type=product&#038;p=5466"},"modified":"2025-06-04T09:09:18","modified_gmt":"2025-06-04T08:09:18","slug":"revista-comunicaciones-no-86-enero-abril-2019","status":"publish","type":"product","link":"https:\/\/cefi.es\/en\/tienda\/publicaciones\/revista-comunicaciones\/revista-comunicaciones-no-86-enero-abril-2019\/","title":{"rendered":"Revista Comunicaciones N\u00ba 86 <span>(Enero-Abril 2019)"},"content":{"rendered":"<p>Novedades sobre la investigaci\u00f3n sanitaria: el Dictamen 3\/2019 del Comit\u00e9 Europeo de Protecci\u00f3n de Datos.<br \/>\n<em>Jes\u00fas Rub\u00ed Navarrete<\/em><\/p>\n<p>La reforma del Reglamento CCP y la excepci\u00f3n de fabricaci\u00f3n para la exportaci\u00f3n. Estado de la cuesti\u00f3n.<br \/>\n<em>Francisco Javier (Kiko) Carri\u00f3n Garc\u00eda de Parada y Eduardo<\/em><br \/>\n<em>Buitr\u00f3n Patuel<\/em><\/p>\n<p>Cuestiones abiertas sobre la aplicaci\u00f3n de los requisitos para la concesi\u00f3n de Certificados Complementarios de Protecci\u00f3n: la protecci\u00f3n del producto por la patente de base y la primera autorizaci\u00f3n de comercializaci\u00f3n.<br \/>\n<em>Laura Cantero Rangel y \u00c1lvaro Vel\u00e1zquez Saiz<\/em><\/p>\n<p>Propuesta de una nueva categor\u00eda de inventor para el sistema de patentes espa\u00f1ol. El &#8220;inventor artificial&#8221;.<br \/>\n<em>Luz S\u00e1nchez Garc\u00eda<\/em><\/p>\n<p>El Real Decreto-ley 23\/2018, de 21 de diciembre. Novedades de la reforma de la Ley 17\/2001, de Marcas.<br \/>\n<em>Jos\u00e9 Antonio Moreno Campos y Javier Gonz\u00e1lez Fern\u00e1ndez-Pacheco<\/em><\/p>\n<p>Derecho de distribuci\u00f3n. Venta, oferta de venta y almacenamiento para la venta: comentario a la Sentencia del Tribunal de Justicia (Sala Cuarta) de la Uni\u00f3n Europea de 19 de diciembre de 2018 (C-572\/17; caso Syed).<br \/>\n<em>Juan A. Cuerva de Ca\u00f1as<\/em><\/p>\n<p>La elaboraci\u00f3n de perfiles en el contexto del marketing personalizado.<br \/>\n<em>Laia Reyes Rico<\/em><\/p>\n<p>La sentencia Servier\u00a0\u00a0del TGUE: cortapisas a la Comisi\u00f3n en el sector farmac\u00e9utico.<br \/>\n<em>Helmut Brokelmann y Mariarosaria Ganino<\/em><\/p>\n<p>Informe de la Comisi\u00f3n Europea: aplicaci\u00f3n de las normas de competencia en el sector farmac\u00e9utico (2009-2017). Competencia en innovaci\u00f3n.<br \/>\n<em>Daniel Arribas Gonz\u00e1lez<\/em><\/p>\n<p>La Directiva ECN+: armonizaci\u00f3n de los poderes de las autoridades nacionales para una aplicaci\u00f3n m\u00e1s efectiva del Derecho europeo de defensa de la competencia.<br \/>\n<em>Rais Amils Arnal<\/em><\/p>\n<p>El nuevo marco normativo europeo sobre protecci\u00f3n de datos personales y el estatuto de las muestras biol\u00f3gicas humanas y de los biobancos para investigaci\u00f3n biom\u00e9dica.<br \/>\n<em>Carlos M. Romeo Casabona<\/em><\/p>\n","protected":false},"excerpt":{"rendered":"<p>Novedades sobre la investigaci\u00f3n sanitaria: el Dictamen 3\/2019 del Comit\u00e9 Europeo de Protecci\u00f3n de Datos. Jes\u00fas Rub\u00ed Navarrete La reforma del Reglamento CCP y la excepci\u00f3n de fabricaci\u00f3n para la exportaci\u00f3n. Estado de la cuesti\u00f3n. Francisco Javier (Kiko) Carri\u00f3n Garc\u00eda de Parada y Eduardo Buitr\u00f3n Patuel Cuestiones abiertas sobre la aplicaci\u00f3n de los requisitos para [&hellip;]<\/p>\n","protected":false},"featured_media":5358,"template":"","meta":{"_acf_changed":false},"product_brand":[],"product_cat":[24,50],"product_tag":[],"class_list":{"0":"post-5466","1":"product","2":"type-product","3":"status-publish","4":"has-post-thumbnail","6":"product_cat-revista-comunicaciones","7":"product_cat-publicaciones","9":"first","10":"instock","11":"taxable","12":"shipping-taxable","13":"purchasable","14":"product-type-variable","15":"has-default-attributes"},"acf":[],"yoast_head":"<!-- This site is optimized with the Yoast SEO plugin v27.3 - https:\/\/yoast.com\/product\/yoast-seo-wordpress\/ -->\n<title>Revista Comunicaciones N\u00ba 86 (Enero-Abril 2019) - Centro de estudios para el fomento de la investigaci\u00f3n<\/title>\n<meta name=\"robots\" content=\"index, follow, max-snippet:-1, max-image-preview:large, max-video-preview:-1\" \/>\n<link rel=\"canonical\" href=\"https:\/\/cefi.es\/en\/tienda\/publicaciones\/revista-comunicaciones\/revista-comunicaciones-no-86-enero-abril-2019\/\" \/>\n<meta property=\"og:locale\" content=\"en_US\" \/>\n<meta property=\"og:type\" content=\"article\" \/>\n<meta property=\"og:title\" content=\"Revista Comunicaciones N\u00ba 86 (Enero-Abril 2019) - Centro de estudios para el fomento de la investigaci\u00f3n\" \/>\n<meta property=\"og:description\" content=\"Novedades sobre la investigaci\u00f3n sanitaria: el Dictamen 3\/2019 del Comit\u00e9 Europeo de Protecci\u00f3n de Datos. Jes\u00fas Rub\u00ed Navarrete La reforma del Reglamento CCP y la excepci\u00f3n de fabricaci\u00f3n para la exportaci\u00f3n. Estado de la cuesti\u00f3n. Francisco Javier (Kiko) Carri\u00f3n Garc\u00eda de Parada y Eduardo Buitr\u00f3n Patuel Cuestiones abiertas sobre la aplicaci\u00f3n de los requisitos para [&hellip;]\" \/>\n<meta property=\"og:url\" content=\"https:\/\/cefi.es\/en\/tienda\/publicaciones\/revista-comunicaciones\/revista-comunicaciones-no-86-enero-abril-2019\/\" \/>\n<meta property=\"og:site_name\" content=\"Centro de estudios para el fomento de la investigaci\u00f3n\" \/>\n<meta property=\"article:modified_time\" content=\"2025-06-04T08:09:18+00:00\" \/>\n<meta property=\"og:image\" content=\"https:\/\/cefi.es\/wp-contenido\/uploads\/2020\/01\/Portada_Comunicaciones_86.jpg\" \/>\n\t<meta property=\"og:image:width\" content=\"905\" \/>\n\t<meta property=\"og:image:height\" content=\"1292\" \/>\n\t<meta property=\"og:image:type\" content=\"image\/jpeg\" \/>\n<meta name=\"twitter:card\" content=\"summary_large_image\" \/>\n<meta name=\"twitter:label1\" content=\"Est. reading time\" \/>\n\t<meta name=\"twitter:data1\" content=\"2 minutes\" \/>\n<script type=\"application\/ld+json\" class=\"yoast-schema-graph\">{\"@context\":\"https:\\\/\\\/schema.org\",\"@graph\":[{\"@type\":\"WebPage\",\"@id\":\"https:\\\/\\\/cefi.es\\\/en\\\/tienda\\\/publicaciones\\\/revista-comunicaciones\\\/revista-comunicaciones-no-86-enero-abril-2019\\\/\",\"url\":\"https:\\\/\\\/cefi.es\\\/en\\\/tienda\\\/publicaciones\\\/revista-comunicaciones\\\/revista-comunicaciones-no-86-enero-abril-2019\\\/\",\"name\":\"Revista Comunicaciones N\u00ba 86 (Enero-Abril 2019) - Centro de estudios para el fomento de la investigaci\u00f3n\",\"isPartOf\":{\"@id\":\"https:\\\/\\\/cefi.es\\\/en\\\/#website\"},\"primaryImageOfPage\":{\"@id\":\"https:\\\/\\\/cefi.es\\\/en\\\/tienda\\\/publicaciones\\\/revista-comunicaciones\\\/revista-comunicaciones-no-86-enero-abril-2019\\\/#primaryimage\"},\"image\":{\"@id\":\"https:\\\/\\\/cefi.es\\\/en\\\/tienda\\\/publicaciones\\\/revista-comunicaciones\\\/revista-comunicaciones-no-86-enero-abril-2019\\\/#primaryimage\"},\"thumbnailUrl\":\"https:\\\/\\\/cefi.es\\\/wp-contenido\\\/uploads\\\/2020\\\/01\\\/Portada_Comunicaciones_86.jpg\",\"datePublished\":\"2019-01-29T14:46:10+00:00\",\"dateModified\":\"2025-06-04T08:09:18+00:00\",\"breadcrumb\":{\"@id\":\"https:\\\/\\\/cefi.es\\\/en\\\/tienda\\\/publicaciones\\\/revista-comunicaciones\\\/revista-comunicaciones-no-86-enero-abril-2019\\\/#breadcrumb\"},\"inLanguage\":\"en-US\",\"potentialAction\":[{\"@type\":\"ReadAction\",\"target\":[\"https:\\\/\\\/cefi.es\\\/en\\\/tienda\\\/publicaciones\\\/revista-comunicaciones\\\/revista-comunicaciones-no-86-enero-abril-2019\\\/\"]}]},{\"@type\":\"ImageObject\",\"inLanguage\":\"en-US\",\"@id\":\"https:\\\/\\\/cefi.es\\\/en\\\/tienda\\\/publicaciones\\\/revista-comunicaciones\\\/revista-comunicaciones-no-86-enero-abril-2019\\\/#primaryimage\",\"url\":\"https:\\\/\\\/cefi.es\\\/wp-contenido\\\/uploads\\\/2020\\\/01\\\/Portada_Comunicaciones_86.jpg\",\"contentUrl\":\"https:\\\/\\\/cefi.es\\\/wp-contenido\\\/uploads\\\/2020\\\/01\\\/Portada_Comunicaciones_86.jpg\",\"width\":905,\"height\":1292},{\"@type\":\"BreadcrumbList\",\"@id\":\"https:\\\/\\\/cefi.es\\\/en\\\/tienda\\\/publicaciones\\\/revista-comunicaciones\\\/revista-comunicaciones-no-86-enero-abril-2019\\\/#breadcrumb\",\"itemListElement\":[{\"@type\":\"ListItem\",\"position\":1,\"name\":\"Home\",\"item\":\"https:\\\/\\\/cefi.es\\\/en\\\/\"},{\"@type\":\"ListItem\",\"position\":2,\"name\":\"Products\",\"item\":\"https:\\\/\\\/cefi.es\\\/en\\\/shop\\\/\"},{\"@type\":\"ListItem\",\"position\":3,\"name\":\"Revista Comunicaciones N\u00ba 86 (Enero-Abril 2019)\"}]},{\"@type\":\"WebSite\",\"@id\":\"https:\\\/\\\/cefi.es\\\/en\\\/#website\",\"url\":\"https:\\\/\\\/cefi.es\\\/en\\\/\",\"name\":\"Centro de estudios para el fomento de la investigaci\u00f3n\",\"description\":\"\",\"publisher\":{\"@id\":\"https:\\\/\\\/cefi.es\\\/en\\\/#organization\"},\"potentialAction\":[{\"@type\":\"SearchAction\",\"target\":{\"@type\":\"EntryPoint\",\"urlTemplate\":\"https:\\\/\\\/cefi.es\\\/en\\\/?s={search_term_string}\"},\"query-input\":{\"@type\":\"PropertyValueSpecification\",\"valueRequired\":true,\"valueName\":\"search_term_string\"}}],\"inLanguage\":\"en-US\"},{\"@type\":\"Organization\",\"@id\":\"https:\\\/\\\/cefi.es\\\/en\\\/#organization\",\"name\":\"Fundacion CeFi. Propiedad industrial e intelectual\",\"url\":\"https:\\\/\\\/cefi.es\\\/en\\\/\",\"logo\":{\"@type\":\"ImageObject\",\"inLanguage\":\"en-US\",\"@id\":\"https:\\\/\\\/cefi.es\\\/en\\\/#\\\/schema\\\/logo\\\/image\\\/\",\"url\":\"https:\\\/\\\/cefi.es\\\/wp-contenido\\\/uploads\\\/2019\\\/12\\\/cropped-favicon-3.png\",\"contentUrl\":\"https:\\\/\\\/cefi.es\\\/wp-contenido\\\/uploads\\\/2019\\\/12\\\/cropped-favicon-3.png\",\"width\":512,\"height\":512,\"caption\":\"Fundacion CeFi. Propiedad industrial e intelectual\"},\"image\":{\"@id\":\"https:\\\/\\\/cefi.es\\\/en\\\/#\\\/schema\\\/logo\\\/image\\\/\"}}]}<\/script>\n<!-- \/ Yoast SEO plugin. -->","yoast_head_json":{"title":"Revista Comunicaciones N\u00ba 86 (Enero-Abril 2019) - Centro de estudios para el fomento de la investigaci\u00f3n","robots":{"index":"index","follow":"follow","max-snippet":"max-snippet:-1","max-image-preview":"max-image-preview:large","max-video-preview":"max-video-preview:-1"},"canonical":"https:\/\/cefi.es\/en\/tienda\/publicaciones\/revista-comunicaciones\/revista-comunicaciones-no-86-enero-abril-2019\/","og_locale":"en_US","og_type":"article","og_title":"Revista Comunicaciones N\u00ba 86 (Enero-Abril 2019) - Centro de estudios para el fomento de la investigaci\u00f3n","og_description":"Novedades sobre la investigaci\u00f3n sanitaria: el Dictamen 3\/2019 del Comit\u00e9 Europeo de Protecci\u00f3n de Datos. Jes\u00fas Rub\u00ed Navarrete La reforma del Reglamento CCP y la excepci\u00f3n de fabricaci\u00f3n para la exportaci\u00f3n. Estado de la cuesti\u00f3n. Francisco Javier (Kiko) Carri\u00f3n Garc\u00eda de Parada y Eduardo Buitr\u00f3n Patuel Cuestiones abiertas sobre la aplicaci\u00f3n de los requisitos para [&hellip;]","og_url":"https:\/\/cefi.es\/en\/tienda\/publicaciones\/revista-comunicaciones\/revista-comunicaciones-no-86-enero-abril-2019\/","og_site_name":"Centro de estudios para el fomento de la investigaci\u00f3n","article_modified_time":"2025-06-04T08:09:18+00:00","og_image":[{"width":905,"height":1292,"url":"https:\/\/cefi.es\/wp-contenido\/uploads\/2020\/01\/Portada_Comunicaciones_86.jpg","type":"image\/jpeg"}],"twitter_card":"summary_large_image","twitter_misc":{"Est. reading time":"2 minutes"},"schema":{"@context":"https:\/\/schema.org","@graph":[{"@type":"WebPage","@id":"https:\/\/cefi.es\/en\/tienda\/publicaciones\/revista-comunicaciones\/revista-comunicaciones-no-86-enero-abril-2019\/","url":"https:\/\/cefi.es\/en\/tienda\/publicaciones\/revista-comunicaciones\/revista-comunicaciones-no-86-enero-abril-2019\/","name":"Revista Comunicaciones N\u00ba 86 (Enero-Abril 2019) - Centro de estudios para el fomento de la investigaci\u00f3n","isPartOf":{"@id":"https:\/\/cefi.es\/en\/#website"},"primaryImageOfPage":{"@id":"https:\/\/cefi.es\/en\/tienda\/publicaciones\/revista-comunicaciones\/revista-comunicaciones-no-86-enero-abril-2019\/#primaryimage"},"image":{"@id":"https:\/\/cefi.es\/en\/tienda\/publicaciones\/revista-comunicaciones\/revista-comunicaciones-no-86-enero-abril-2019\/#primaryimage"},"thumbnailUrl":"https:\/\/cefi.es\/wp-contenido\/uploads\/2020\/01\/Portada_Comunicaciones_86.jpg","datePublished":"2019-01-29T14:46:10+00:00","dateModified":"2025-06-04T08:09:18+00:00","breadcrumb":{"@id":"https:\/\/cefi.es\/en\/tienda\/publicaciones\/revista-comunicaciones\/revista-comunicaciones-no-86-enero-abril-2019\/#breadcrumb"},"inLanguage":"en-US","potentialAction":[{"@type":"ReadAction","target":["https:\/\/cefi.es\/en\/tienda\/publicaciones\/revista-comunicaciones\/revista-comunicaciones-no-86-enero-abril-2019\/"]}]},{"@type":"ImageObject","inLanguage":"en-US","@id":"https:\/\/cefi.es\/en\/tienda\/publicaciones\/revista-comunicaciones\/revista-comunicaciones-no-86-enero-abril-2019\/#primaryimage","url":"https:\/\/cefi.es\/wp-contenido\/uploads\/2020\/01\/Portada_Comunicaciones_86.jpg","contentUrl":"https:\/\/cefi.es\/wp-contenido\/uploads\/2020\/01\/Portada_Comunicaciones_86.jpg","width":905,"height":1292},{"@type":"BreadcrumbList","@id":"https:\/\/cefi.es\/en\/tienda\/publicaciones\/revista-comunicaciones\/revista-comunicaciones-no-86-enero-abril-2019\/#breadcrumb","itemListElement":[{"@type":"ListItem","position":1,"name":"Home","item":"https:\/\/cefi.es\/en\/"},{"@type":"ListItem","position":2,"name":"Products","item":"https:\/\/cefi.es\/en\/shop\/"},{"@type":"ListItem","position":3,"name":"Revista Comunicaciones N\u00ba 86 (Enero-Abril 2019)"}]},{"@type":"WebSite","@id":"https:\/\/cefi.es\/en\/#website","url":"https:\/\/cefi.es\/en\/","name":"Centro de estudios para el fomento de la investigaci\u00f3n","description":"","publisher":{"@id":"https:\/\/cefi.es\/en\/#organization"},"potentialAction":[{"@type":"SearchAction","target":{"@type":"EntryPoint","urlTemplate":"https:\/\/cefi.es\/en\/?s={search_term_string}"},"query-input":{"@type":"PropertyValueSpecification","valueRequired":true,"valueName":"search_term_string"}}],"inLanguage":"en-US"},{"@type":"Organization","@id":"https:\/\/cefi.es\/en\/#organization","name":"Fundacion CeFi. Propiedad industrial e intelectual","url":"https:\/\/cefi.es\/en\/","logo":{"@type":"ImageObject","inLanguage":"en-US","@id":"https:\/\/cefi.es\/en\/#\/schema\/logo\/image\/","url":"https:\/\/cefi.es\/wp-contenido\/uploads\/2019\/12\/cropped-favicon-3.png","contentUrl":"https:\/\/cefi.es\/wp-contenido\/uploads\/2019\/12\/cropped-favicon-3.png","width":512,"height":512,"caption":"Fundacion CeFi. Propiedad industrial e intelectual"},"image":{"@id":"https:\/\/cefi.es\/en\/#\/schema\/logo\/image\/"}}]}},"_links":{"self":[{"href":"https:\/\/cefi.es\/en\/wp-json\/wp\/v2\/product\/5466","targetHints":{"allow":["GET"]}}],"collection":[{"href":"https:\/\/cefi.es\/en\/wp-json\/wp\/v2\/product"}],"about":[{"href":"https:\/\/cefi.es\/en\/wp-json\/wp\/v2\/types\/product"}],"version-history":[{"count":4,"href":"https:\/\/cefi.es\/en\/wp-json\/wp\/v2\/product\/5466\/revisions"}],"predecessor-version":[{"id":9926,"href":"https:\/\/cefi.es\/en\/wp-json\/wp\/v2\/product\/5466\/revisions\/9926"}],"wp:featuredmedia":[{"embeddable":true,"href":"https:\/\/cefi.es\/en\/wp-json\/wp\/v2\/media\/5358"}],"wp:attachment":[{"href":"https:\/\/cefi.es\/en\/wp-json\/wp\/v2\/media?parent=5466"}],"wp:term":[{"taxonomy":"product_brand","embeddable":true,"href":"https:\/\/cefi.es\/en\/wp-json\/wp\/v2\/product_brand?post=5466"},{"taxonomy":"product_cat","embeddable":true,"href":"https:\/\/cefi.es\/en\/wp-json\/wp\/v2\/product_cat?post=5466"},{"taxonomy":"product_tag","embeddable":true,"href":"https:\/\/cefi.es\/en\/wp-json\/wp\/v2\/product_tag?post=5466"}],"curies":[{"name":"wp","href":"https:\/\/api.w.org\/{rel}","templated":true}]}}