{"id":5106,"date":"2006-07-29T14:41:26","date_gmt":"2006-07-29T14:41:26","guid":{"rendered":"http:\/\/www.cefi.es\/?post_type=product&#038;p=5106"},"modified":"2021-02-02T10:11:36","modified_gmt":"2021-02-02T09:11:36","slug":"revista-cuadernos-no-18-ano-2006","status":"publish","type":"product","link":"https:\/\/cefi.es\/en\/tienda\/publicaciones\/revista-cuadernos\/revista-cuadernos-no-18-ano-2006\/","title":{"rendered":"Revista Cuadernos N\u00ba 18 <span>(A\u00f1o 2006)"},"content":{"rendered":"<p>Comentarios respecto a las innovaciones gal\u00e9nicas de inter\u00e9s terap\u00e9utico.<br \/>\n<em>Pilar Vila Villar<\/em><\/p>\n<p>Desabastecimiento de medicamentos y comercio paralelo.<br \/>\n<em>Emili Esteve Salas<\/em><\/p>\n<p>La unidad del objeto de la patente europea y la reserva hecha por Espa\u00f1a, ex-art. 167.2.A) del &#8220;Convenio de la Patente Europea&#8221;, al adherirse al mismo.<br \/>\n<em>Jos\u00e9 Antonio Hern\u00e1ndez Rodr\u00edguez<\/em><\/p>\n<p>Foro Farmac\u00e9utico de Alto Nivel. La contribuci\u00f3n de la industria farmac\u00e9utica a mejorar la competitividad europea.<\/p>\n<p>Presentaci\u00f3n del estudio &#8220;Una d\u00e9cada del Acuerdo ADPIC. Avances en la protecci\u00f3n de la innovaci\u00f3n&#8221;.<br \/>\n<em>Fundaci\u00f3n CEFI<\/em><\/p>\n<p>Pharmaceutical Forum. First Progress Report, 29th of September 2006.<\/p>\n<p>High Level Pharmaceutical Forum.<br \/>\n<em>Brian Ager<\/em><\/p>\n<p>Pharmaceutical Forum Conclusions .<\/p>\n<p>Resoluci\u00f3n Legislativa del Parlamento Europeo sobre la Posici\u00f3n Com\u00fan del Consejo con vistas a la adopci\u00f3n del Reglamento del Parlamento Europeo y del Consejo sobre medicamentos para uso pedi\u00e1trico y por el que se modifican el Reglamento (CEE) n\u00ba 1768\/92, La Directiva 2001\/20\/CE, la Directiva 2001\/83\/CE y el Reglamento (CE) n\u00ba 726\/2004 (15763\/3\/2005-C6-0087\/2006-2004\/0217(COD))(Procedimiento de codecisi\u00f3n: segunda lectura).<\/p>\n<p>Joint European Commission\/EMEA document: Priorities for implementation of the Regulation on Medicinal Products for paediatric use (based on Common Position of the Council amended by second reading agreement): September 2006.<\/p>\n","protected":false},"excerpt":{"rendered":"<p>Comentarios respecto a las innovaciones gal\u00e9nicas de inter\u00e9s terap\u00e9utico. Pilar Vila Villar Desabastecimiento de medicamentos y comercio paralelo. Emili Esteve Salas La unidad del objeto de la patente europea y la reserva hecha por Espa\u00f1a, ex-art. 167.2.A) del &#8220;Convenio de la Patente Europea&#8221;, al adherirse al mismo. Jos\u00e9 Antonio Hern\u00e1ndez Rodr\u00edguez Foro Farmac\u00e9utico de Alto [&hellip;]<\/p>\n","protected":false},"featured_media":4494,"template":"","meta":{"_acf_changed":false},"product_brand":[],"product_cat":[44,50],"product_tag":[],"class_list":{"0":"post-5106","1":"product","2":"type-product","3":"status-publish","4":"has-post-thumbnail","6":"product_cat-revista-cuadernos","7":"product_cat-publicaciones","9":"first","10":"instock","11":"taxable","12":"shipping-taxable","13":"purchasable","14":"product-type-variable","15":"has-default-attributes"},"acf":[],"yoast_head":"<!-- This site is optimized with the Yoast SEO plugin v27.3 - https:\/\/yoast.com\/product\/yoast-seo-wordpress\/ -->\n<title>Revista Cuadernos N\u00ba 18 (A\u00f1o 2006) - Centro de estudios para el fomento de la investigaci\u00f3n<\/title>\n<meta name=\"robots\" content=\"index, follow, max-snippet:-1, max-image-preview:large, max-video-preview:-1\" \/>\n<link rel=\"canonical\" href=\"https:\/\/cefi.es\/en\/tienda\/publicaciones\/revista-cuadernos\/revista-cuadernos-no-18-ano-2006\/\" \/>\n<meta property=\"og:locale\" content=\"en_US\" \/>\n<meta property=\"og:type\" content=\"article\" \/>\n<meta property=\"og:title\" content=\"Revista Cuadernos N\u00ba 18 (A\u00f1o 2006) - Centro de estudios para el fomento de la investigaci\u00f3n\" \/>\n<meta property=\"og:description\" content=\"Comentarios respecto a las innovaciones gal\u00e9nicas de inter\u00e9s terap\u00e9utico. Pilar Vila Villar Desabastecimiento de medicamentos y comercio paralelo. Emili Esteve Salas La unidad del objeto de la patente europea y la reserva hecha por Espa\u00f1a, ex-art. 167.2.A) del &#8220;Convenio de la Patente Europea&#8221;, al adherirse al mismo. Jos\u00e9 Antonio Hern\u00e1ndez Rodr\u00edguez Foro Farmac\u00e9utico de Alto [&hellip;]\" \/>\n<meta property=\"og:url\" content=\"https:\/\/cefi.es\/en\/tienda\/publicaciones\/revista-cuadernos\/revista-cuadernos-no-18-ano-2006\/\" \/>\n<meta property=\"og:site_name\" content=\"Centro de estudios para el fomento de la investigaci\u00f3n\" \/>\n<meta property=\"article:modified_time\" content=\"2021-02-02T09:11:36+00:00\" \/>\n<meta property=\"og:image\" content=\"https:\/\/cefi.es\/wp-contenido\/uploads\/2019\/10\/Portada_Cuadernos_18.jpg\" \/>\n\t<meta property=\"og:image:width\" content=\"350\" \/>\n\t<meta property=\"og:image:height\" content=\"494\" \/>\n\t<meta property=\"og:image:type\" content=\"image\/jpeg\" \/>\n<meta name=\"twitter:card\" content=\"summary_large_image\" \/>\n<meta name=\"twitter:label1\" content=\"Est. reading time\" \/>\n\t<meta name=\"twitter:data1\" content=\"1 minute\" \/>\n<script type=\"application\/ld+json\" class=\"yoast-schema-graph\">{\"@context\":\"https:\\\/\\\/schema.org\",\"@graph\":[{\"@type\":\"WebPage\",\"@id\":\"https:\\\/\\\/cefi.es\\\/en\\\/tienda\\\/publicaciones\\\/revista-cuadernos\\\/revista-cuadernos-no-18-ano-2006\\\/\",\"url\":\"https:\\\/\\\/cefi.es\\\/en\\\/tienda\\\/publicaciones\\\/revista-cuadernos\\\/revista-cuadernos-no-18-ano-2006\\\/\",\"name\":\"Revista Cuadernos N\u00ba 18 (A\u00f1o 2006) - Centro de estudios para el fomento de la investigaci\u00f3n\",\"isPartOf\":{\"@id\":\"https:\\\/\\\/cefi.es\\\/en\\\/#website\"},\"primaryImageOfPage\":{\"@id\":\"https:\\\/\\\/cefi.es\\\/en\\\/tienda\\\/publicaciones\\\/revista-cuadernos\\\/revista-cuadernos-no-18-ano-2006\\\/#primaryimage\"},\"image\":{\"@id\":\"https:\\\/\\\/cefi.es\\\/en\\\/tienda\\\/publicaciones\\\/revista-cuadernos\\\/revista-cuadernos-no-18-ano-2006\\\/#primaryimage\"},\"thumbnailUrl\":\"https:\\\/\\\/cefi.es\\\/wp-contenido\\\/uploads\\\/2019\\\/10\\\/Portada_Cuadernos_18.jpg\",\"datePublished\":\"2006-07-29T14:41:26+00:00\",\"dateModified\":\"2021-02-02T09:11:36+00:00\",\"breadcrumb\":{\"@id\":\"https:\\\/\\\/cefi.es\\\/en\\\/tienda\\\/publicaciones\\\/revista-cuadernos\\\/revista-cuadernos-no-18-ano-2006\\\/#breadcrumb\"},\"inLanguage\":\"en-US\",\"potentialAction\":[{\"@type\":\"ReadAction\",\"target\":[\"https:\\\/\\\/cefi.es\\\/en\\\/tienda\\\/publicaciones\\\/revista-cuadernos\\\/revista-cuadernos-no-18-ano-2006\\\/\"]}]},{\"@type\":\"ImageObject\",\"inLanguage\":\"en-US\",\"@id\":\"https:\\\/\\\/cefi.es\\\/en\\\/tienda\\\/publicaciones\\\/revista-cuadernos\\\/revista-cuadernos-no-18-ano-2006\\\/#primaryimage\",\"url\":\"https:\\\/\\\/cefi.es\\\/wp-contenido\\\/uploads\\\/2019\\\/10\\\/Portada_Cuadernos_18.jpg\",\"contentUrl\":\"https:\\\/\\\/cefi.es\\\/wp-contenido\\\/uploads\\\/2019\\\/10\\\/Portada_Cuadernos_18.jpg\",\"width\":350,\"height\":494},{\"@type\":\"BreadcrumbList\",\"@id\":\"https:\\\/\\\/cefi.es\\\/en\\\/tienda\\\/publicaciones\\\/revista-cuadernos\\\/revista-cuadernos-no-18-ano-2006\\\/#breadcrumb\",\"itemListElement\":[{\"@type\":\"ListItem\",\"position\":1,\"name\":\"Home\",\"item\":\"https:\\\/\\\/cefi.es\\\/en\\\/\"},{\"@type\":\"ListItem\",\"position\":2,\"name\":\"Products\",\"item\":\"https:\\\/\\\/cefi.es\\\/en\\\/shop\\\/\"},{\"@type\":\"ListItem\",\"position\":3,\"name\":\"Revista Cuadernos N\u00ba 18 (A\u00f1o 2006)\"}]},{\"@type\":\"WebSite\",\"@id\":\"https:\\\/\\\/cefi.es\\\/en\\\/#website\",\"url\":\"https:\\\/\\\/cefi.es\\\/en\\\/\",\"name\":\"Centro de estudios para el fomento de la investigaci\u00f3n\",\"description\":\"\",\"publisher\":{\"@id\":\"https:\\\/\\\/cefi.es\\\/en\\\/#organization\"},\"potentialAction\":[{\"@type\":\"SearchAction\",\"target\":{\"@type\":\"EntryPoint\",\"urlTemplate\":\"https:\\\/\\\/cefi.es\\\/en\\\/?s={search_term_string}\"},\"query-input\":{\"@type\":\"PropertyValueSpecification\",\"valueRequired\":true,\"valueName\":\"search_term_string\"}}],\"inLanguage\":\"en-US\"},{\"@type\":\"Organization\",\"@id\":\"https:\\\/\\\/cefi.es\\\/en\\\/#organization\",\"name\":\"Fundacion CeFi. Propiedad industrial e intelectual\",\"url\":\"https:\\\/\\\/cefi.es\\\/en\\\/\",\"logo\":{\"@type\":\"ImageObject\",\"inLanguage\":\"en-US\",\"@id\":\"https:\\\/\\\/cefi.es\\\/en\\\/#\\\/schema\\\/logo\\\/image\\\/\",\"url\":\"https:\\\/\\\/cefi.es\\\/wp-contenido\\\/uploads\\\/2019\\\/12\\\/cropped-favicon-3.png\",\"contentUrl\":\"https:\\\/\\\/cefi.es\\\/wp-contenido\\\/uploads\\\/2019\\\/12\\\/cropped-favicon-3.png\",\"width\":512,\"height\":512,\"caption\":\"Fundacion CeFi. Propiedad industrial e intelectual\"},\"image\":{\"@id\":\"https:\\\/\\\/cefi.es\\\/en\\\/#\\\/schema\\\/logo\\\/image\\\/\"}}]}<\/script>\n<!-- \/ Yoast SEO plugin. -->","yoast_head_json":{"title":"Revista Cuadernos N\u00ba 18 (A\u00f1o 2006) - Centro de estudios para el fomento de la investigaci\u00f3n","robots":{"index":"index","follow":"follow","max-snippet":"max-snippet:-1","max-image-preview":"max-image-preview:large","max-video-preview":"max-video-preview:-1"},"canonical":"https:\/\/cefi.es\/en\/tienda\/publicaciones\/revista-cuadernos\/revista-cuadernos-no-18-ano-2006\/","og_locale":"en_US","og_type":"article","og_title":"Revista Cuadernos N\u00ba 18 (A\u00f1o 2006) - Centro de estudios para el fomento de la investigaci\u00f3n","og_description":"Comentarios respecto a las innovaciones gal\u00e9nicas de inter\u00e9s terap\u00e9utico. Pilar Vila Villar Desabastecimiento de medicamentos y comercio paralelo. Emili Esteve Salas La unidad del objeto de la patente europea y la reserva hecha por Espa\u00f1a, ex-art. 167.2.A) del &#8220;Convenio de la Patente Europea&#8221;, al adherirse al mismo. Jos\u00e9 Antonio Hern\u00e1ndez Rodr\u00edguez Foro Farmac\u00e9utico de Alto [&hellip;]","og_url":"https:\/\/cefi.es\/en\/tienda\/publicaciones\/revista-cuadernos\/revista-cuadernos-no-18-ano-2006\/","og_site_name":"Centro de estudios para el fomento de la investigaci\u00f3n","article_modified_time":"2021-02-02T09:11:36+00:00","og_image":[{"width":350,"height":494,"url":"https:\/\/cefi.es\/wp-contenido\/uploads\/2019\/10\/Portada_Cuadernos_18.jpg","type":"image\/jpeg"}],"twitter_card":"summary_large_image","twitter_misc":{"Est. reading time":"1 minute"},"schema":{"@context":"https:\/\/schema.org","@graph":[{"@type":"WebPage","@id":"https:\/\/cefi.es\/en\/tienda\/publicaciones\/revista-cuadernos\/revista-cuadernos-no-18-ano-2006\/","url":"https:\/\/cefi.es\/en\/tienda\/publicaciones\/revista-cuadernos\/revista-cuadernos-no-18-ano-2006\/","name":"Revista Cuadernos N\u00ba 18 (A\u00f1o 2006) - Centro de estudios para el fomento de la investigaci\u00f3n","isPartOf":{"@id":"https:\/\/cefi.es\/en\/#website"},"primaryImageOfPage":{"@id":"https:\/\/cefi.es\/en\/tienda\/publicaciones\/revista-cuadernos\/revista-cuadernos-no-18-ano-2006\/#primaryimage"},"image":{"@id":"https:\/\/cefi.es\/en\/tienda\/publicaciones\/revista-cuadernos\/revista-cuadernos-no-18-ano-2006\/#primaryimage"},"thumbnailUrl":"https:\/\/cefi.es\/wp-contenido\/uploads\/2019\/10\/Portada_Cuadernos_18.jpg","datePublished":"2006-07-29T14:41:26+00:00","dateModified":"2021-02-02T09:11:36+00:00","breadcrumb":{"@id":"https:\/\/cefi.es\/en\/tienda\/publicaciones\/revista-cuadernos\/revista-cuadernos-no-18-ano-2006\/#breadcrumb"},"inLanguage":"en-US","potentialAction":[{"@type":"ReadAction","target":["https:\/\/cefi.es\/en\/tienda\/publicaciones\/revista-cuadernos\/revista-cuadernos-no-18-ano-2006\/"]}]},{"@type":"ImageObject","inLanguage":"en-US","@id":"https:\/\/cefi.es\/en\/tienda\/publicaciones\/revista-cuadernos\/revista-cuadernos-no-18-ano-2006\/#primaryimage","url":"https:\/\/cefi.es\/wp-contenido\/uploads\/2019\/10\/Portada_Cuadernos_18.jpg","contentUrl":"https:\/\/cefi.es\/wp-contenido\/uploads\/2019\/10\/Portada_Cuadernos_18.jpg","width":350,"height":494},{"@type":"BreadcrumbList","@id":"https:\/\/cefi.es\/en\/tienda\/publicaciones\/revista-cuadernos\/revista-cuadernos-no-18-ano-2006\/#breadcrumb","itemListElement":[{"@type":"ListItem","position":1,"name":"Home","item":"https:\/\/cefi.es\/en\/"},{"@type":"ListItem","position":2,"name":"Products","item":"https:\/\/cefi.es\/en\/shop\/"},{"@type":"ListItem","position":3,"name":"Revista Cuadernos N\u00ba 18 (A\u00f1o 2006)"}]},{"@type":"WebSite","@id":"https:\/\/cefi.es\/en\/#website","url":"https:\/\/cefi.es\/en\/","name":"Centro de estudios para el fomento de la investigaci\u00f3n","description":"","publisher":{"@id":"https:\/\/cefi.es\/en\/#organization"},"potentialAction":[{"@type":"SearchAction","target":{"@type":"EntryPoint","urlTemplate":"https:\/\/cefi.es\/en\/?s={search_term_string}"},"query-input":{"@type":"PropertyValueSpecification","valueRequired":true,"valueName":"search_term_string"}}],"inLanguage":"en-US"},{"@type":"Organization","@id":"https:\/\/cefi.es\/en\/#organization","name":"Fundacion CeFi. Propiedad industrial e intelectual","url":"https:\/\/cefi.es\/en\/","logo":{"@type":"ImageObject","inLanguage":"en-US","@id":"https:\/\/cefi.es\/en\/#\/schema\/logo\/image\/","url":"https:\/\/cefi.es\/wp-contenido\/uploads\/2019\/12\/cropped-favicon-3.png","contentUrl":"https:\/\/cefi.es\/wp-contenido\/uploads\/2019\/12\/cropped-favicon-3.png","width":512,"height":512,"caption":"Fundacion CeFi. Propiedad industrial e intelectual"},"image":{"@id":"https:\/\/cefi.es\/en\/#\/schema\/logo\/image\/"}}]}},"_links":{"self":[{"href":"https:\/\/cefi.es\/en\/wp-json\/wp\/v2\/product\/5106","targetHints":{"allow":["GET"]}}],"collection":[{"href":"https:\/\/cefi.es\/en\/wp-json\/wp\/v2\/product"}],"about":[{"href":"https:\/\/cefi.es\/en\/wp-json\/wp\/v2\/types\/product"}],"version-history":[{"count":3,"href":"https:\/\/cefi.es\/en\/wp-json\/wp\/v2\/product\/5106\/revisions"}],"predecessor-version":[{"id":8947,"href":"https:\/\/cefi.es\/en\/wp-json\/wp\/v2\/product\/5106\/revisions\/8947"}],"wp:featuredmedia":[{"embeddable":true,"href":"https:\/\/cefi.es\/en\/wp-json\/wp\/v2\/media\/4494"}],"wp:attachment":[{"href":"https:\/\/cefi.es\/en\/wp-json\/wp\/v2\/media?parent=5106"}],"wp:term":[{"taxonomy":"product_brand","embeddable":true,"href":"https:\/\/cefi.es\/en\/wp-json\/wp\/v2\/product_brand?post=5106"},{"taxonomy":"product_cat","embeddable":true,"href":"https:\/\/cefi.es\/en\/wp-json\/wp\/v2\/product_cat?post=5106"},{"taxonomy":"product_tag","embeddable":true,"href":"https:\/\/cefi.es\/en\/wp-json\/wp\/v2\/product_tag?post=5106"}],"curies":[{"name":"wp","href":"https:\/\/api.w.org\/{rel}","templated":true}]}}