{"id":5052,"date":"2009-10-29T13:25:55","date_gmt":"2009-10-29T13:25:55","guid":{"rendered":"http:\/\/www.cefi.es\/?post_type=product&#038;p=5052"},"modified":"2021-02-02T10:11:39","modified_gmt":"2021-02-02T09:11:39","slug":"revista-cuadernos-no-31-ano-2009","status":"publish","type":"product","link":"https:\/\/cefi.es\/en\/tienda\/publicaciones\/revista-cuadernos\/revista-cuadernos-no-31-ano-2009\/","title":{"rendered":"Revista Cuadernos N\u00ba 31  <span>(A\u00f1o 2009)"},"content":{"rendered":"<p>La sentencia del Tribunal de Justicia en el asunto GSK Espa\u00f1a.<br \/>\n<em>Helmut Brokelmann y Mariarosaria Ganino<\/em><\/p>\n<p>Nueva confirmaci\u00f3n de la legalidad de las nuevas pol\u00edticas comerciales implantadas por determinados laboratorios multinacionales en Espa\u00f1a: la Resoluci\u00f3n de la CNC de 14 de septiembre de 2009.<br \/>\n<em>Teresa Paz-Ares y Beatriz Cocina<\/em><\/p>\n<p>El medicamento y la legislaci\u00f3n de responsabilidad por producto defectuoso.<br \/>\n<em>Francisco Javier Carri\u00f3n Garc\u00eda de Parada<\/em><\/p>\n<p>La disponibilidad de medicamentos en situaciones especiales.<br \/>\n<em>M\u00aa Luisa Osuna P\u00e1ez y Jorge Moncl\u00fas<\/em><\/p>\n<p>El C\u00f3digo Tipo de Farmaindustria de Protecci\u00f3n de Datos Personales en el \u00e1mbito de la investigaci\u00f3n cl\u00ednica y la farmacovigilancia.<br \/>\n<em>Jes\u00fas Rub\u00ed Navarrete<\/em><\/p>\n","protected":false},"excerpt":{"rendered":"<p>La sentencia del Tribunal de Justicia en el asunto GSK Espa\u00f1a. Helmut Brokelmann y Mariarosaria Ganino Nueva confirmaci\u00f3n de la legalidad de las nuevas pol\u00edticas comerciales implantadas por determinados laboratorios multinacionales en Espa\u00f1a: la Resoluci\u00f3n de la CNC de 14 de septiembre de 2009. Teresa Paz-Ares y Beatriz Cocina El medicamento y la legislaci\u00f3n de [&hellip;]<\/p>\n","protected":false},"featured_media":4520,"template":"","meta":{"_acf_changed":false},"product_brand":[],"product_cat":[44,50],"product_tag":[],"class_list":{"0":"post-5052","1":"product","2":"type-product","3":"status-publish","4":"has-post-thumbnail","6":"product_cat-revista-cuadernos","7":"product_cat-publicaciones","9":"first","10":"instock","11":"taxable","12":"shipping-taxable","13":"purchasable","14":"product-type-variable","15":"has-default-attributes"},"acf":[],"yoast_head":"<!-- This site is optimized with the Yoast SEO plugin v27.3 - https:\/\/yoast.com\/product\/yoast-seo-wordpress\/ -->\n<title>Revista Cuadernos N\u00ba 31 (A\u00f1o 2009) - Centro de estudios para el fomento de la investigaci\u00f3n<\/title>\n<meta name=\"robots\" content=\"index, follow, max-snippet:-1, max-image-preview:large, max-video-preview:-1\" \/>\n<link rel=\"canonical\" href=\"https:\/\/cefi.es\/en\/tienda\/publicaciones\/revista-cuadernos\/revista-cuadernos-no-31-ano-2009\/\" \/>\n<meta property=\"og:locale\" content=\"en_US\" \/>\n<meta property=\"og:type\" content=\"article\" \/>\n<meta property=\"og:title\" content=\"Revista Cuadernos N\u00ba 31 (A\u00f1o 2009) - Centro de estudios para el fomento de la investigaci\u00f3n\" \/>\n<meta property=\"og:description\" content=\"La sentencia del Tribunal de Justicia en el asunto GSK Espa\u00f1a. Helmut Brokelmann y Mariarosaria Ganino Nueva confirmaci\u00f3n de la legalidad de las nuevas pol\u00edticas comerciales implantadas por determinados laboratorios multinacionales en Espa\u00f1a: la Resoluci\u00f3n de la CNC de 14 de septiembre de 2009. Teresa Paz-Ares y Beatriz Cocina El medicamento y la legislaci\u00f3n de [&hellip;]\" \/>\n<meta property=\"og:url\" content=\"https:\/\/cefi.es\/en\/tienda\/publicaciones\/revista-cuadernos\/revista-cuadernos-no-31-ano-2009\/\" \/>\n<meta property=\"og:site_name\" content=\"Centro de estudios para el fomento de la investigaci\u00f3n\" \/>\n<meta property=\"article:modified_time\" content=\"2021-02-02T09:11:39+00:00\" \/>\n<meta property=\"og:image\" content=\"https:\/\/cefi.es\/wp-contenido\/uploads\/2019\/10\/Portada_Cuadernos_31.jpg\" \/>\n\t<meta property=\"og:image:width\" content=\"350\" \/>\n\t<meta property=\"og:image:height\" content=\"494\" \/>\n\t<meta property=\"og:image:type\" content=\"image\/jpeg\" \/>\n<meta name=\"twitter:card\" content=\"summary_large_image\" \/>\n<meta name=\"twitter:label1\" content=\"Est. reading time\" \/>\n\t<meta name=\"twitter:data1\" content=\"1 minute\" \/>\n<script type=\"application\/ld+json\" class=\"yoast-schema-graph\">{\"@context\":\"https:\\\/\\\/schema.org\",\"@graph\":[{\"@type\":\"WebPage\",\"@id\":\"https:\\\/\\\/cefi.es\\\/en\\\/tienda\\\/publicaciones\\\/revista-cuadernos\\\/revista-cuadernos-no-31-ano-2009\\\/\",\"url\":\"https:\\\/\\\/cefi.es\\\/en\\\/tienda\\\/publicaciones\\\/revista-cuadernos\\\/revista-cuadernos-no-31-ano-2009\\\/\",\"name\":\"Revista Cuadernos N\u00ba 31 (A\u00f1o 2009) - Centro de estudios para el fomento de la investigaci\u00f3n\",\"isPartOf\":{\"@id\":\"https:\\\/\\\/cefi.es\\\/en\\\/#website\"},\"primaryImageOfPage\":{\"@id\":\"https:\\\/\\\/cefi.es\\\/en\\\/tienda\\\/publicaciones\\\/revista-cuadernos\\\/revista-cuadernos-no-31-ano-2009\\\/#primaryimage\"},\"image\":{\"@id\":\"https:\\\/\\\/cefi.es\\\/en\\\/tienda\\\/publicaciones\\\/revista-cuadernos\\\/revista-cuadernos-no-31-ano-2009\\\/#primaryimage\"},\"thumbnailUrl\":\"https:\\\/\\\/cefi.es\\\/wp-contenido\\\/uploads\\\/2019\\\/10\\\/Portada_Cuadernos_31.jpg\",\"datePublished\":\"2009-10-29T13:25:55+00:00\",\"dateModified\":\"2021-02-02T09:11:39+00:00\",\"breadcrumb\":{\"@id\":\"https:\\\/\\\/cefi.es\\\/en\\\/tienda\\\/publicaciones\\\/revista-cuadernos\\\/revista-cuadernos-no-31-ano-2009\\\/#breadcrumb\"},\"inLanguage\":\"en-US\",\"potentialAction\":[{\"@type\":\"ReadAction\",\"target\":[\"https:\\\/\\\/cefi.es\\\/en\\\/tienda\\\/publicaciones\\\/revista-cuadernos\\\/revista-cuadernos-no-31-ano-2009\\\/\"]}]},{\"@type\":\"ImageObject\",\"inLanguage\":\"en-US\",\"@id\":\"https:\\\/\\\/cefi.es\\\/en\\\/tienda\\\/publicaciones\\\/revista-cuadernos\\\/revista-cuadernos-no-31-ano-2009\\\/#primaryimage\",\"url\":\"https:\\\/\\\/cefi.es\\\/wp-contenido\\\/uploads\\\/2019\\\/10\\\/Portada_Cuadernos_31.jpg\",\"contentUrl\":\"https:\\\/\\\/cefi.es\\\/wp-contenido\\\/uploads\\\/2019\\\/10\\\/Portada_Cuadernos_31.jpg\",\"width\":350,\"height\":494},{\"@type\":\"BreadcrumbList\",\"@id\":\"https:\\\/\\\/cefi.es\\\/en\\\/tienda\\\/publicaciones\\\/revista-cuadernos\\\/revista-cuadernos-no-31-ano-2009\\\/#breadcrumb\",\"itemListElement\":[{\"@type\":\"ListItem\",\"position\":1,\"name\":\"Home\",\"item\":\"https:\\\/\\\/cefi.es\\\/en\\\/\"},{\"@type\":\"ListItem\",\"position\":2,\"name\":\"Products\",\"item\":\"https:\\\/\\\/cefi.es\\\/en\\\/shop\\\/\"},{\"@type\":\"ListItem\",\"position\":3,\"name\":\"Revista Cuadernos N\u00ba 31 (A\u00f1o 2009)\"}]},{\"@type\":\"WebSite\",\"@id\":\"https:\\\/\\\/cefi.es\\\/en\\\/#website\",\"url\":\"https:\\\/\\\/cefi.es\\\/en\\\/\",\"name\":\"Centro de estudios para el fomento de la investigaci\u00f3n\",\"description\":\"\",\"publisher\":{\"@id\":\"https:\\\/\\\/cefi.es\\\/en\\\/#organization\"},\"potentialAction\":[{\"@type\":\"SearchAction\",\"target\":{\"@type\":\"EntryPoint\",\"urlTemplate\":\"https:\\\/\\\/cefi.es\\\/en\\\/?s={search_term_string}\"},\"query-input\":{\"@type\":\"PropertyValueSpecification\",\"valueRequired\":true,\"valueName\":\"search_term_string\"}}],\"inLanguage\":\"en-US\"},{\"@type\":\"Organization\",\"@id\":\"https:\\\/\\\/cefi.es\\\/en\\\/#organization\",\"name\":\"Fundacion CeFi. Propiedad industrial e intelectual\",\"url\":\"https:\\\/\\\/cefi.es\\\/en\\\/\",\"logo\":{\"@type\":\"ImageObject\",\"inLanguage\":\"en-US\",\"@id\":\"https:\\\/\\\/cefi.es\\\/en\\\/#\\\/schema\\\/logo\\\/image\\\/\",\"url\":\"https:\\\/\\\/cefi.es\\\/wp-contenido\\\/uploads\\\/2019\\\/12\\\/cropped-favicon-3.png\",\"contentUrl\":\"https:\\\/\\\/cefi.es\\\/wp-contenido\\\/uploads\\\/2019\\\/12\\\/cropped-favicon-3.png\",\"width\":512,\"height\":512,\"caption\":\"Fundacion CeFi. Propiedad industrial e intelectual\"},\"image\":{\"@id\":\"https:\\\/\\\/cefi.es\\\/en\\\/#\\\/schema\\\/logo\\\/image\\\/\"}}]}<\/script>\n<!-- \/ Yoast SEO plugin. -->","yoast_head_json":{"title":"Revista Cuadernos N\u00ba 31 (A\u00f1o 2009) - Centro de estudios para el fomento de la investigaci\u00f3n","robots":{"index":"index","follow":"follow","max-snippet":"max-snippet:-1","max-image-preview":"max-image-preview:large","max-video-preview":"max-video-preview:-1"},"canonical":"https:\/\/cefi.es\/en\/tienda\/publicaciones\/revista-cuadernos\/revista-cuadernos-no-31-ano-2009\/","og_locale":"en_US","og_type":"article","og_title":"Revista Cuadernos N\u00ba 31 (A\u00f1o 2009) - Centro de estudios para el fomento de la investigaci\u00f3n","og_description":"La sentencia del Tribunal de Justicia en el asunto GSK Espa\u00f1a. Helmut Brokelmann y Mariarosaria Ganino Nueva confirmaci\u00f3n de la legalidad de las nuevas pol\u00edticas comerciales implantadas por determinados laboratorios multinacionales en Espa\u00f1a: la Resoluci\u00f3n de la CNC de 14 de septiembre de 2009. Teresa Paz-Ares y Beatriz Cocina El medicamento y la legislaci\u00f3n de [&hellip;]","og_url":"https:\/\/cefi.es\/en\/tienda\/publicaciones\/revista-cuadernos\/revista-cuadernos-no-31-ano-2009\/","og_site_name":"Centro de estudios para el fomento de la investigaci\u00f3n","article_modified_time":"2021-02-02T09:11:39+00:00","og_image":[{"width":350,"height":494,"url":"https:\/\/cefi.es\/wp-contenido\/uploads\/2019\/10\/Portada_Cuadernos_31.jpg","type":"image\/jpeg"}],"twitter_card":"summary_large_image","twitter_misc":{"Est. reading time":"1 minute"},"schema":{"@context":"https:\/\/schema.org","@graph":[{"@type":"WebPage","@id":"https:\/\/cefi.es\/en\/tienda\/publicaciones\/revista-cuadernos\/revista-cuadernos-no-31-ano-2009\/","url":"https:\/\/cefi.es\/en\/tienda\/publicaciones\/revista-cuadernos\/revista-cuadernos-no-31-ano-2009\/","name":"Revista Cuadernos N\u00ba 31 (A\u00f1o 2009) - Centro de estudios para el fomento de la investigaci\u00f3n","isPartOf":{"@id":"https:\/\/cefi.es\/en\/#website"},"primaryImageOfPage":{"@id":"https:\/\/cefi.es\/en\/tienda\/publicaciones\/revista-cuadernos\/revista-cuadernos-no-31-ano-2009\/#primaryimage"},"image":{"@id":"https:\/\/cefi.es\/en\/tienda\/publicaciones\/revista-cuadernos\/revista-cuadernos-no-31-ano-2009\/#primaryimage"},"thumbnailUrl":"https:\/\/cefi.es\/wp-contenido\/uploads\/2019\/10\/Portada_Cuadernos_31.jpg","datePublished":"2009-10-29T13:25:55+00:00","dateModified":"2021-02-02T09:11:39+00:00","breadcrumb":{"@id":"https:\/\/cefi.es\/en\/tienda\/publicaciones\/revista-cuadernos\/revista-cuadernos-no-31-ano-2009\/#breadcrumb"},"inLanguage":"en-US","potentialAction":[{"@type":"ReadAction","target":["https:\/\/cefi.es\/en\/tienda\/publicaciones\/revista-cuadernos\/revista-cuadernos-no-31-ano-2009\/"]}]},{"@type":"ImageObject","inLanguage":"en-US","@id":"https:\/\/cefi.es\/en\/tienda\/publicaciones\/revista-cuadernos\/revista-cuadernos-no-31-ano-2009\/#primaryimage","url":"https:\/\/cefi.es\/wp-contenido\/uploads\/2019\/10\/Portada_Cuadernos_31.jpg","contentUrl":"https:\/\/cefi.es\/wp-contenido\/uploads\/2019\/10\/Portada_Cuadernos_31.jpg","width":350,"height":494},{"@type":"BreadcrumbList","@id":"https:\/\/cefi.es\/en\/tienda\/publicaciones\/revista-cuadernos\/revista-cuadernos-no-31-ano-2009\/#breadcrumb","itemListElement":[{"@type":"ListItem","position":1,"name":"Home","item":"https:\/\/cefi.es\/en\/"},{"@type":"ListItem","position":2,"name":"Products","item":"https:\/\/cefi.es\/en\/shop\/"},{"@type":"ListItem","position":3,"name":"Revista Cuadernos N\u00ba 31 (A\u00f1o 2009)"}]},{"@type":"WebSite","@id":"https:\/\/cefi.es\/en\/#website","url":"https:\/\/cefi.es\/en\/","name":"Centro de estudios para el fomento de la investigaci\u00f3n","description":"","publisher":{"@id":"https:\/\/cefi.es\/en\/#organization"},"potentialAction":[{"@type":"SearchAction","target":{"@type":"EntryPoint","urlTemplate":"https:\/\/cefi.es\/en\/?s={search_term_string}"},"query-input":{"@type":"PropertyValueSpecification","valueRequired":true,"valueName":"search_term_string"}}],"inLanguage":"en-US"},{"@type":"Organization","@id":"https:\/\/cefi.es\/en\/#organization","name":"Fundacion CeFi. Propiedad industrial e intelectual","url":"https:\/\/cefi.es\/en\/","logo":{"@type":"ImageObject","inLanguage":"en-US","@id":"https:\/\/cefi.es\/en\/#\/schema\/logo\/image\/","url":"https:\/\/cefi.es\/wp-contenido\/uploads\/2019\/12\/cropped-favicon-3.png","contentUrl":"https:\/\/cefi.es\/wp-contenido\/uploads\/2019\/12\/cropped-favicon-3.png","width":512,"height":512,"caption":"Fundacion CeFi. Propiedad industrial e intelectual"},"image":{"@id":"https:\/\/cefi.es\/en\/#\/schema\/logo\/image\/"}}]}},"_links":{"self":[{"href":"https:\/\/cefi.es\/en\/wp-json\/wp\/v2\/product\/5052","targetHints":{"allow":["GET"]}}],"collection":[{"href":"https:\/\/cefi.es\/en\/wp-json\/wp\/v2\/product"}],"about":[{"href":"https:\/\/cefi.es\/en\/wp-json\/wp\/v2\/types\/product"}],"version-history":[{"count":3,"href":"https:\/\/cefi.es\/en\/wp-json\/wp\/v2\/product\/5052\/revisions"}],"predecessor-version":[{"id":8921,"href":"https:\/\/cefi.es\/en\/wp-json\/wp\/v2\/product\/5052\/revisions\/8921"}],"wp:featuredmedia":[{"embeddable":true,"href":"https:\/\/cefi.es\/en\/wp-json\/wp\/v2\/media\/4520"}],"wp:attachment":[{"href":"https:\/\/cefi.es\/en\/wp-json\/wp\/v2\/media?parent=5052"}],"wp:term":[{"taxonomy":"product_brand","embeddable":true,"href":"https:\/\/cefi.es\/en\/wp-json\/wp\/v2\/product_brand?post=5052"},{"taxonomy":"product_cat","embeddable":true,"href":"https:\/\/cefi.es\/en\/wp-json\/wp\/v2\/product_cat?post=5052"},{"taxonomy":"product_tag","embeddable":true,"href":"https:\/\/cefi.es\/en\/wp-json\/wp\/v2\/product_tag?post=5052"}],"curies":[{"name":"wp","href":"https:\/\/api.w.org\/{rel}","templated":true}]}}