{"id":4916,"date":"2014-01-29T11:36:03","date_gmt":"2014-01-29T11:36:03","guid":{"rendered":"http:\/\/www.cefi.es\/?post_type=product&#038;p=4916"},"modified":"2021-02-02T10:11:43","modified_gmt":"2021-02-02T09:11:43","slug":"revista-cuadernos-no-48-enero-marzo-2014","status":"publish","type":"product","link":"https:\/\/cefi.es\/en\/tienda\/publicaciones\/revista-cuadernos\/revista-cuadernos-no-48-enero-marzo-2014\/","title":{"rendered":"Revista Cuadernos N\u00ba 48  <span>(Enero-Marzo 2014)"},"content":{"rendered":"<p>Estimaci\u00f3n del precio de la licencia hipot\u00e9tica de una patente farmac\u00e9utica infringida al final de su vida legal. Los da\u00f1os econ\u00f3micos m\u00e1s all\u00e1 del periodo de infracci\u00f3n.<br \/>\n<em>Eusebi Nomen Calvet<\/em><\/p>\n<p>La transparencia en la interrelaci\u00f3n entre la industria farmac\u00e9utica y los profesionales sanitarios.<br \/>\n<em>Montserrat Llopart Baker, Ariadna Casanueva de la Cruz y Sara Kamo Mora<\/em><\/p>\n<p>Administraci\u00f3n de medicamentos en dosis o pautas de administraci\u00f3n diferentes a las estipuladas en su ficha t\u00e9cnica.<br \/>\n<em>Xavier Moliner Bernades y Juan Su\u00e1rez Fern\u00e1ndez<\/em><\/p>\n<p>El sector farmac\u00e9utico, razones para su potencial exclusi\u00f3n de aplicaci\u00f3n del art\u00edculo 101.1 (v\u00eda 101.3) TFUE y 1.1 Ley de Defensa de la Competencia (v\u00eda 1.3).<br \/>\n<em>Alfonso Gallego Montoya<\/em><\/p>\n<p>Real Decreto 782\/2013, de 11 de octubre, sobre distribuci\u00f3n de medicamentos de uso humano.<br \/>\n<em>Teresa Mercadal Menchaca<\/em><\/p>\n<p>Real Decreto 870\/2013, de 8 de noviembre, por el que se regula la venta a distancia al p\u00fablico, a trav\u00e9s de sitios web, de medicamentos de uso humano no sujetos a prescripci\u00f3n m\u00e9dica: breve rese\u00f1a normativa.<br \/>\n<em>Noelia de Miguel S\u00e1nchez<\/em><\/p>\n","protected":false},"excerpt":{"rendered":"<p>Estimaci\u00f3n del precio de la licencia hipot\u00e9tica de una patente farmac\u00e9utica infringida al final de su vida legal. Los da\u00f1os econ\u00f3micos m\u00e1s all\u00e1 del periodo de infracci\u00f3n. Eusebi Nomen Calvet La transparencia en la interrelaci\u00f3n entre la industria farmac\u00e9utica y los profesionales sanitarios. Montserrat Llopart Baker, Ariadna Casanueva de la Cruz y Sara Kamo Mora [&hellip;]<\/p>\n","protected":false},"featured_media":4554,"template":"","meta":{"_acf_changed":false},"product_brand":[],"product_cat":[44,50],"product_tag":[],"class_list":{"0":"post-4916","1":"product","2":"type-product","3":"status-publish","4":"has-post-thumbnail","6":"product_cat-revista-cuadernos","7":"product_cat-publicaciones","9":"first","10":"instock","11":"taxable","12":"shipping-taxable","13":"purchasable","14":"product-type-variable","15":"has-default-attributes"},"acf":[],"yoast_head":"<!-- This site is optimized with the Yoast SEO plugin v27.3 - https:\/\/yoast.com\/product\/yoast-seo-wordpress\/ -->\n<title>Revista Cuadernos N\u00ba 48 (Enero-Marzo 2014) - Centro de estudios para el fomento de la investigaci\u00f3n<\/title>\n<meta name=\"robots\" content=\"index, follow, max-snippet:-1, max-image-preview:large, max-video-preview:-1\" \/>\n<link rel=\"canonical\" href=\"https:\/\/cefi.es\/en\/tienda\/publicaciones\/revista-cuadernos\/revista-cuadernos-no-48-enero-marzo-2014\/\" \/>\n<meta property=\"og:locale\" content=\"en_US\" \/>\n<meta property=\"og:type\" content=\"article\" \/>\n<meta property=\"og:title\" content=\"Revista Cuadernos N\u00ba 48 (Enero-Marzo 2014) - Centro de estudios para el fomento de la investigaci\u00f3n\" \/>\n<meta property=\"og:description\" content=\"Estimaci\u00f3n del precio de la licencia hipot\u00e9tica de una patente farmac\u00e9utica infringida al final de su vida legal. Los da\u00f1os econ\u00f3micos m\u00e1s all\u00e1 del periodo de infracci\u00f3n. Eusebi Nomen Calvet La transparencia en la interrelaci\u00f3n entre la industria farmac\u00e9utica y los profesionales sanitarios. Montserrat Llopart Baker, Ariadna Casanueva de la Cruz y Sara Kamo Mora [&hellip;]\" \/>\n<meta property=\"og:url\" content=\"https:\/\/cefi.es\/en\/tienda\/publicaciones\/revista-cuadernos\/revista-cuadernos-no-48-enero-marzo-2014\/\" \/>\n<meta property=\"og:site_name\" content=\"Centro de estudios para el fomento de la investigaci\u00f3n\" \/>\n<meta property=\"article:modified_time\" content=\"2021-02-02T09:11:43+00:00\" \/>\n<meta property=\"og:image\" content=\"https:\/\/cefi.es\/wp-contenido\/uploads\/2019\/10\/Portada_Cuadernos_48.jpg\" \/>\n\t<meta property=\"og:image:width\" content=\"350\" \/>\n\t<meta property=\"og:image:height\" content=\"494\" \/>\n\t<meta property=\"og:image:type\" content=\"image\/jpeg\" \/>\n<meta name=\"twitter:card\" content=\"summary_large_image\" \/>\n<meta name=\"twitter:label1\" content=\"Est. reading time\" \/>\n\t<meta name=\"twitter:data1\" content=\"1 minute\" \/>\n<script type=\"application\/ld+json\" class=\"yoast-schema-graph\">{\"@context\":\"https:\\\/\\\/schema.org\",\"@graph\":[{\"@type\":\"WebPage\",\"@id\":\"https:\\\/\\\/cefi.es\\\/en\\\/tienda\\\/publicaciones\\\/revista-cuadernos\\\/revista-cuadernos-no-48-enero-marzo-2014\\\/\",\"url\":\"https:\\\/\\\/cefi.es\\\/en\\\/tienda\\\/publicaciones\\\/revista-cuadernos\\\/revista-cuadernos-no-48-enero-marzo-2014\\\/\",\"name\":\"Revista Cuadernos N\u00ba 48 (Enero-Marzo 2014) - Centro de estudios para el fomento de la investigaci\u00f3n\",\"isPartOf\":{\"@id\":\"https:\\\/\\\/cefi.es\\\/en\\\/#website\"},\"primaryImageOfPage\":{\"@id\":\"https:\\\/\\\/cefi.es\\\/en\\\/tienda\\\/publicaciones\\\/revista-cuadernos\\\/revista-cuadernos-no-48-enero-marzo-2014\\\/#primaryimage\"},\"image\":{\"@id\":\"https:\\\/\\\/cefi.es\\\/en\\\/tienda\\\/publicaciones\\\/revista-cuadernos\\\/revista-cuadernos-no-48-enero-marzo-2014\\\/#primaryimage\"},\"thumbnailUrl\":\"https:\\\/\\\/cefi.es\\\/wp-contenido\\\/uploads\\\/2019\\\/10\\\/Portada_Cuadernos_48.jpg\",\"datePublished\":\"2014-01-29T11:36:03+00:00\",\"dateModified\":\"2021-02-02T09:11:43+00:00\",\"breadcrumb\":{\"@id\":\"https:\\\/\\\/cefi.es\\\/en\\\/tienda\\\/publicaciones\\\/revista-cuadernos\\\/revista-cuadernos-no-48-enero-marzo-2014\\\/#breadcrumb\"},\"inLanguage\":\"en-US\",\"potentialAction\":[{\"@type\":\"ReadAction\",\"target\":[\"https:\\\/\\\/cefi.es\\\/en\\\/tienda\\\/publicaciones\\\/revista-cuadernos\\\/revista-cuadernos-no-48-enero-marzo-2014\\\/\"]}]},{\"@type\":\"ImageObject\",\"inLanguage\":\"en-US\",\"@id\":\"https:\\\/\\\/cefi.es\\\/en\\\/tienda\\\/publicaciones\\\/revista-cuadernos\\\/revista-cuadernos-no-48-enero-marzo-2014\\\/#primaryimage\",\"url\":\"https:\\\/\\\/cefi.es\\\/wp-contenido\\\/uploads\\\/2019\\\/10\\\/Portada_Cuadernos_48.jpg\",\"contentUrl\":\"https:\\\/\\\/cefi.es\\\/wp-contenido\\\/uploads\\\/2019\\\/10\\\/Portada_Cuadernos_48.jpg\",\"width\":350,\"height\":494},{\"@type\":\"BreadcrumbList\",\"@id\":\"https:\\\/\\\/cefi.es\\\/en\\\/tienda\\\/publicaciones\\\/revista-cuadernos\\\/revista-cuadernos-no-48-enero-marzo-2014\\\/#breadcrumb\",\"itemListElement\":[{\"@type\":\"ListItem\",\"position\":1,\"name\":\"Home\",\"item\":\"https:\\\/\\\/cefi.es\\\/en\\\/\"},{\"@type\":\"ListItem\",\"position\":2,\"name\":\"Products\",\"item\":\"https:\\\/\\\/cefi.es\\\/en\\\/shop\\\/\"},{\"@type\":\"ListItem\",\"position\":3,\"name\":\"Revista Cuadernos N\u00ba 48 (Enero-Marzo 2014)\"}]},{\"@type\":\"WebSite\",\"@id\":\"https:\\\/\\\/cefi.es\\\/en\\\/#website\",\"url\":\"https:\\\/\\\/cefi.es\\\/en\\\/\",\"name\":\"Centro de estudios para el fomento de la investigaci\u00f3n\",\"description\":\"\",\"publisher\":{\"@id\":\"https:\\\/\\\/cefi.es\\\/en\\\/#organization\"},\"potentialAction\":[{\"@type\":\"SearchAction\",\"target\":{\"@type\":\"EntryPoint\",\"urlTemplate\":\"https:\\\/\\\/cefi.es\\\/en\\\/?s={search_term_string}\"},\"query-input\":{\"@type\":\"PropertyValueSpecification\",\"valueRequired\":true,\"valueName\":\"search_term_string\"}}],\"inLanguage\":\"en-US\"},{\"@type\":\"Organization\",\"@id\":\"https:\\\/\\\/cefi.es\\\/en\\\/#organization\",\"name\":\"Fundacion CeFi. Propiedad industrial e intelectual\",\"url\":\"https:\\\/\\\/cefi.es\\\/en\\\/\",\"logo\":{\"@type\":\"ImageObject\",\"inLanguage\":\"en-US\",\"@id\":\"https:\\\/\\\/cefi.es\\\/en\\\/#\\\/schema\\\/logo\\\/image\\\/\",\"url\":\"https:\\\/\\\/cefi.es\\\/wp-contenido\\\/uploads\\\/2019\\\/12\\\/cropped-favicon-3.png\",\"contentUrl\":\"https:\\\/\\\/cefi.es\\\/wp-contenido\\\/uploads\\\/2019\\\/12\\\/cropped-favicon-3.png\",\"width\":512,\"height\":512,\"caption\":\"Fundacion CeFi. Propiedad industrial e intelectual\"},\"image\":{\"@id\":\"https:\\\/\\\/cefi.es\\\/en\\\/#\\\/schema\\\/logo\\\/image\\\/\"}}]}<\/script>\n<!-- \/ Yoast SEO plugin. -->","yoast_head_json":{"title":"Revista Cuadernos N\u00ba 48 (Enero-Marzo 2014) - Centro de estudios para el fomento de la investigaci\u00f3n","robots":{"index":"index","follow":"follow","max-snippet":"max-snippet:-1","max-image-preview":"max-image-preview:large","max-video-preview":"max-video-preview:-1"},"canonical":"https:\/\/cefi.es\/en\/tienda\/publicaciones\/revista-cuadernos\/revista-cuadernos-no-48-enero-marzo-2014\/","og_locale":"en_US","og_type":"article","og_title":"Revista Cuadernos N\u00ba 48 (Enero-Marzo 2014) - Centro de estudios para el fomento de la investigaci\u00f3n","og_description":"Estimaci\u00f3n del precio de la licencia hipot\u00e9tica de una patente farmac\u00e9utica infringida al final de su vida legal. Los da\u00f1os econ\u00f3micos m\u00e1s all\u00e1 del periodo de infracci\u00f3n. Eusebi Nomen Calvet La transparencia en la interrelaci\u00f3n entre la industria farmac\u00e9utica y los profesionales sanitarios. Montserrat Llopart Baker, Ariadna Casanueva de la Cruz y Sara Kamo Mora [&hellip;]","og_url":"https:\/\/cefi.es\/en\/tienda\/publicaciones\/revista-cuadernos\/revista-cuadernos-no-48-enero-marzo-2014\/","og_site_name":"Centro de estudios para el fomento de la investigaci\u00f3n","article_modified_time":"2021-02-02T09:11:43+00:00","og_image":[{"width":350,"height":494,"url":"https:\/\/cefi.es\/wp-contenido\/uploads\/2019\/10\/Portada_Cuadernos_48.jpg","type":"image\/jpeg"}],"twitter_card":"summary_large_image","twitter_misc":{"Est. reading time":"1 minute"},"schema":{"@context":"https:\/\/schema.org","@graph":[{"@type":"WebPage","@id":"https:\/\/cefi.es\/en\/tienda\/publicaciones\/revista-cuadernos\/revista-cuadernos-no-48-enero-marzo-2014\/","url":"https:\/\/cefi.es\/en\/tienda\/publicaciones\/revista-cuadernos\/revista-cuadernos-no-48-enero-marzo-2014\/","name":"Revista Cuadernos N\u00ba 48 (Enero-Marzo 2014) - Centro de estudios para el fomento de la investigaci\u00f3n","isPartOf":{"@id":"https:\/\/cefi.es\/en\/#website"},"primaryImageOfPage":{"@id":"https:\/\/cefi.es\/en\/tienda\/publicaciones\/revista-cuadernos\/revista-cuadernos-no-48-enero-marzo-2014\/#primaryimage"},"image":{"@id":"https:\/\/cefi.es\/en\/tienda\/publicaciones\/revista-cuadernos\/revista-cuadernos-no-48-enero-marzo-2014\/#primaryimage"},"thumbnailUrl":"https:\/\/cefi.es\/wp-contenido\/uploads\/2019\/10\/Portada_Cuadernos_48.jpg","datePublished":"2014-01-29T11:36:03+00:00","dateModified":"2021-02-02T09:11:43+00:00","breadcrumb":{"@id":"https:\/\/cefi.es\/en\/tienda\/publicaciones\/revista-cuadernos\/revista-cuadernos-no-48-enero-marzo-2014\/#breadcrumb"},"inLanguage":"en-US","potentialAction":[{"@type":"ReadAction","target":["https:\/\/cefi.es\/en\/tienda\/publicaciones\/revista-cuadernos\/revista-cuadernos-no-48-enero-marzo-2014\/"]}]},{"@type":"ImageObject","inLanguage":"en-US","@id":"https:\/\/cefi.es\/en\/tienda\/publicaciones\/revista-cuadernos\/revista-cuadernos-no-48-enero-marzo-2014\/#primaryimage","url":"https:\/\/cefi.es\/wp-contenido\/uploads\/2019\/10\/Portada_Cuadernos_48.jpg","contentUrl":"https:\/\/cefi.es\/wp-contenido\/uploads\/2019\/10\/Portada_Cuadernos_48.jpg","width":350,"height":494},{"@type":"BreadcrumbList","@id":"https:\/\/cefi.es\/en\/tienda\/publicaciones\/revista-cuadernos\/revista-cuadernos-no-48-enero-marzo-2014\/#breadcrumb","itemListElement":[{"@type":"ListItem","position":1,"name":"Home","item":"https:\/\/cefi.es\/en\/"},{"@type":"ListItem","position":2,"name":"Products","item":"https:\/\/cefi.es\/en\/shop\/"},{"@type":"ListItem","position":3,"name":"Revista Cuadernos N\u00ba 48 (Enero-Marzo 2014)"}]},{"@type":"WebSite","@id":"https:\/\/cefi.es\/en\/#website","url":"https:\/\/cefi.es\/en\/","name":"Centro de estudios para el fomento de la investigaci\u00f3n","description":"","publisher":{"@id":"https:\/\/cefi.es\/en\/#organization"},"potentialAction":[{"@type":"SearchAction","target":{"@type":"EntryPoint","urlTemplate":"https:\/\/cefi.es\/en\/?s={search_term_string}"},"query-input":{"@type":"PropertyValueSpecification","valueRequired":true,"valueName":"search_term_string"}}],"inLanguage":"en-US"},{"@type":"Organization","@id":"https:\/\/cefi.es\/en\/#organization","name":"Fundacion CeFi. Propiedad industrial e intelectual","url":"https:\/\/cefi.es\/en\/","logo":{"@type":"ImageObject","inLanguage":"en-US","@id":"https:\/\/cefi.es\/en\/#\/schema\/logo\/image\/","url":"https:\/\/cefi.es\/wp-contenido\/uploads\/2019\/12\/cropped-favicon-3.png","contentUrl":"https:\/\/cefi.es\/wp-contenido\/uploads\/2019\/12\/cropped-favicon-3.png","width":512,"height":512,"caption":"Fundacion CeFi. Propiedad industrial e intelectual"},"image":{"@id":"https:\/\/cefi.es\/en\/#\/schema\/logo\/image\/"}}]}},"_links":{"self":[{"href":"https:\/\/cefi.es\/en\/wp-json\/wp\/v2\/product\/4916","targetHints":{"allow":["GET"]}}],"collection":[{"href":"https:\/\/cefi.es\/en\/wp-json\/wp\/v2\/product"}],"about":[{"href":"https:\/\/cefi.es\/en\/wp-json\/wp\/v2\/types\/product"}],"version-history":[{"count":3,"href":"https:\/\/cefi.es\/en\/wp-json\/wp\/v2\/product\/4916\/revisions"}],"predecessor-version":[{"id":8887,"href":"https:\/\/cefi.es\/en\/wp-json\/wp\/v2\/product\/4916\/revisions\/8887"}],"wp:featuredmedia":[{"embeddable":true,"href":"https:\/\/cefi.es\/en\/wp-json\/wp\/v2\/media\/4554"}],"wp:attachment":[{"href":"https:\/\/cefi.es\/en\/wp-json\/wp\/v2\/media?parent=4916"}],"wp:term":[{"taxonomy":"product_brand","embeddable":true,"href":"https:\/\/cefi.es\/en\/wp-json\/wp\/v2\/product_brand?post=4916"},{"taxonomy":"product_cat","embeddable":true,"href":"https:\/\/cefi.es\/en\/wp-json\/wp\/v2\/product_cat?post=4916"},{"taxonomy":"product_tag","embeddable":true,"href":"https:\/\/cefi.es\/en\/wp-json\/wp\/v2\/product_tag?post=4916"}],"curies":[{"name":"wp","href":"https:\/\/api.w.org\/{rel}","templated":true}]}}