{"id":4835,"date":"2016-04-29T09:35:39","date_gmt":"2016-04-29T09:35:39","guid":{"rendered":"http:\/\/www.cefi.es\/?post_type=product&#038;p=4835"},"modified":"2021-02-02T10:11:43","modified_gmt":"2021-02-02T09:11:43","slug":"revista-cuadernos-numero-57-abril-junio-2016","status":"publish","type":"product","link":"https:\/\/cefi.es\/en\/tienda\/publicaciones\/revista-cuadernos\/revista-cuadernos-numero-57-abril-junio-2016\/","title":{"rendered":"Revista Cuadernos N\u00ba 57 <span>(Abril-Junio 2016)"},"content":{"rendered":"<p>Las competencias sobre dispensaci\u00f3n de medicamentos: la sentencia del Tribunal Supremo de 2 de marzo de 2016.<br \/>\n<em>\u00c1ngel Vald\u00e9s Burgui y Lucas Blanque Rey<\/em><\/p>\n<p>Las medidas de racionalizaci\u00f3n del gasto farmac\u00e9utico adoptadas por las Comunidades Aut\u00f3nomas: los programas de sustituci\u00f3n generalizada de prescripci\u00f3n y su control jurisdiccional. Novedades jurisprudenciales.<br \/>\n<em>Alberto Dorrego de Carlos<\/em><\/p>\n<p>La exclusi\u00f3n de medicamentos de los sistemas de prescripci\u00f3n electr\u00f3nica como medio para reducir su consumo: comentario a las Sentencias del Tribunal Superior de Justicia de Castilla-La Mancha de 1 de febrero y 29 de febrero de 2016.<br \/>\n<em>Jos\u00e9 Miguel Fat\u00e1s Monforte<\/em><\/p>\n<p>El inter\u00e9s leg\u00edtimo en materia de protecci\u00f3n de datos personales en las obligaciones de transparencia del nuevo sistema de autorregulaci\u00f3n de la industria farmac\u00e9utica.<br \/>\n<em>Helena Zamora Vicente de Vera<\/em><\/p>\n<p>Algunas implicaciones de la Ley de Procedimiento Administrativo. Tramitaci\u00f3n electr\u00f3nica y firma electr\u00f3nica.<br \/>\n<em>Germ\u00e1n Alonso-Alegre Fern\u00e1ndez de Valderrama<\/em><\/p>\n<p>El incumplimiento de la obligaci\u00f3n de pago en operaciones comerciales.<br \/>\n<em>Alfonso Arroyo D\u00edez y Juan Irala Tihista<\/em><\/p>\n<p>XIV Curso de Derecho Farmac\u00e9utico.<br \/>\n<em>Fundaci\u00f3n CEFI<\/em><\/p>\n","protected":false},"excerpt":{"rendered":"<p>Las competencias sobre dispensaci\u00f3n de medicamentos: la sentencia del Tribunal Supremo de 2 de marzo de 2016. \u00c1ngel Vald\u00e9s Burgui y Lucas Blanque Rey Las medidas de racionalizaci\u00f3n del gasto farmac\u00e9utico adoptadas por las Comunidades Aut\u00f3nomas: los programas de sustituci\u00f3n generalizada de prescripci\u00f3n y su control jurisdiccional. Novedades jurisprudenciales. Alberto Dorrego de Carlos La exclusi\u00f3n [&hellip;]<\/p>\n","protected":false},"featured_media":4572,"template":"","meta":{"_acf_changed":false},"product_brand":[],"product_cat":[44,50],"product_tag":[],"class_list":{"0":"post-4835","1":"product","2":"type-product","3":"status-publish","4":"has-post-thumbnail","6":"product_cat-revista-cuadernos","7":"product_cat-publicaciones","9":"first","10":"instock","11":"taxable","12":"shipping-taxable","13":"purchasable","14":"product-type-variable","15":"has-default-attributes"},"acf":[],"yoast_head":"<!-- This site is optimized with the Yoast SEO plugin v27.3 - https:\/\/yoast.com\/product\/yoast-seo-wordpress\/ -->\n<title>Revista Cuadernos N\u00ba 57 (Abril-Junio 2016) - Centro de estudios para el fomento de la investigaci\u00f3n<\/title>\n<meta name=\"robots\" content=\"index, follow, max-snippet:-1, max-image-preview:large, max-video-preview:-1\" \/>\n<link rel=\"canonical\" href=\"https:\/\/cefi.es\/en\/tienda\/publicaciones\/revista-cuadernos\/revista-cuadernos-numero-57-abril-junio-2016\/\" \/>\n<meta property=\"og:locale\" content=\"en_US\" \/>\n<meta property=\"og:type\" content=\"article\" \/>\n<meta property=\"og:title\" content=\"Revista Cuadernos N\u00ba 57 (Abril-Junio 2016) - Centro de estudios para el fomento de la investigaci\u00f3n\" \/>\n<meta property=\"og:description\" content=\"Las competencias sobre dispensaci\u00f3n de medicamentos: la sentencia del Tribunal Supremo de 2 de marzo de 2016. \u00c1ngel Vald\u00e9s Burgui y Lucas Blanque Rey Las medidas de racionalizaci\u00f3n del gasto farmac\u00e9utico adoptadas por las Comunidades Aut\u00f3nomas: los programas de sustituci\u00f3n generalizada de prescripci\u00f3n y su control jurisdiccional. Novedades jurisprudenciales. Alberto Dorrego de Carlos La exclusi\u00f3n [&hellip;]\" \/>\n<meta property=\"og:url\" content=\"https:\/\/cefi.es\/en\/tienda\/publicaciones\/revista-cuadernos\/revista-cuadernos-numero-57-abril-junio-2016\/\" \/>\n<meta property=\"og:site_name\" content=\"Centro de estudios para el fomento de la investigaci\u00f3n\" \/>\n<meta property=\"article:modified_time\" content=\"2021-02-02T09:11:43+00:00\" \/>\n<meta property=\"og:image\" content=\"https:\/\/cefi.es\/wp-contenido\/uploads\/2019\/10\/Portada_Cuadernos_57.jpg\" \/>\n\t<meta property=\"og:image:width\" content=\"682\" \/>\n\t<meta property=\"og:image:height\" content=\"961\" \/>\n\t<meta property=\"og:image:type\" content=\"image\/jpeg\" \/>\n<meta name=\"twitter:card\" content=\"summary_large_image\" \/>\n<meta name=\"twitter:label1\" content=\"Est. reading time\" \/>\n\t<meta name=\"twitter:data1\" content=\"1 minute\" \/>\n<script type=\"application\/ld+json\" class=\"yoast-schema-graph\">{\"@context\":\"https:\\\/\\\/schema.org\",\"@graph\":[{\"@type\":\"WebPage\",\"@id\":\"https:\\\/\\\/cefi.es\\\/en\\\/tienda\\\/publicaciones\\\/revista-cuadernos\\\/revista-cuadernos-numero-57-abril-junio-2016\\\/\",\"url\":\"https:\\\/\\\/cefi.es\\\/en\\\/tienda\\\/publicaciones\\\/revista-cuadernos\\\/revista-cuadernos-numero-57-abril-junio-2016\\\/\",\"name\":\"Revista Cuadernos N\u00ba 57 (Abril-Junio 2016) - Centro de estudios para el fomento de la investigaci\u00f3n\",\"isPartOf\":{\"@id\":\"https:\\\/\\\/cefi.es\\\/en\\\/#website\"},\"primaryImageOfPage\":{\"@id\":\"https:\\\/\\\/cefi.es\\\/en\\\/tienda\\\/publicaciones\\\/revista-cuadernos\\\/revista-cuadernos-numero-57-abril-junio-2016\\\/#primaryimage\"},\"image\":{\"@id\":\"https:\\\/\\\/cefi.es\\\/en\\\/tienda\\\/publicaciones\\\/revista-cuadernos\\\/revista-cuadernos-numero-57-abril-junio-2016\\\/#primaryimage\"},\"thumbnailUrl\":\"https:\\\/\\\/cefi.es\\\/wp-contenido\\\/uploads\\\/2019\\\/10\\\/Portada_Cuadernos_57.jpg\",\"datePublished\":\"2016-04-29T09:35:39+00:00\",\"dateModified\":\"2021-02-02T09:11:43+00:00\",\"breadcrumb\":{\"@id\":\"https:\\\/\\\/cefi.es\\\/en\\\/tienda\\\/publicaciones\\\/revista-cuadernos\\\/revista-cuadernos-numero-57-abril-junio-2016\\\/#breadcrumb\"},\"inLanguage\":\"en-US\",\"potentialAction\":[{\"@type\":\"ReadAction\",\"target\":[\"https:\\\/\\\/cefi.es\\\/en\\\/tienda\\\/publicaciones\\\/revista-cuadernos\\\/revista-cuadernos-numero-57-abril-junio-2016\\\/\"]}]},{\"@type\":\"ImageObject\",\"inLanguage\":\"en-US\",\"@id\":\"https:\\\/\\\/cefi.es\\\/en\\\/tienda\\\/publicaciones\\\/revista-cuadernos\\\/revista-cuadernos-numero-57-abril-junio-2016\\\/#primaryimage\",\"url\":\"https:\\\/\\\/cefi.es\\\/wp-contenido\\\/uploads\\\/2019\\\/10\\\/Portada_Cuadernos_57.jpg\",\"contentUrl\":\"https:\\\/\\\/cefi.es\\\/wp-contenido\\\/uploads\\\/2019\\\/10\\\/Portada_Cuadernos_57.jpg\",\"width\":682,\"height\":961},{\"@type\":\"BreadcrumbList\",\"@id\":\"https:\\\/\\\/cefi.es\\\/en\\\/tienda\\\/publicaciones\\\/revista-cuadernos\\\/revista-cuadernos-numero-57-abril-junio-2016\\\/#breadcrumb\",\"itemListElement\":[{\"@type\":\"ListItem\",\"position\":1,\"name\":\"Home\",\"item\":\"https:\\\/\\\/cefi.es\\\/en\\\/\"},{\"@type\":\"ListItem\",\"position\":2,\"name\":\"Products\",\"item\":\"https:\\\/\\\/cefi.es\\\/en\\\/shop\\\/\"},{\"@type\":\"ListItem\",\"position\":3,\"name\":\"Revista Cuadernos N\u00ba 57 (Abril-Junio 2016)\"}]},{\"@type\":\"WebSite\",\"@id\":\"https:\\\/\\\/cefi.es\\\/en\\\/#website\",\"url\":\"https:\\\/\\\/cefi.es\\\/en\\\/\",\"name\":\"Centro de estudios para el fomento de la investigaci\u00f3n\",\"description\":\"\",\"publisher\":{\"@id\":\"https:\\\/\\\/cefi.es\\\/en\\\/#organization\"},\"potentialAction\":[{\"@type\":\"SearchAction\",\"target\":{\"@type\":\"EntryPoint\",\"urlTemplate\":\"https:\\\/\\\/cefi.es\\\/en\\\/?s={search_term_string}\"},\"query-input\":{\"@type\":\"PropertyValueSpecification\",\"valueRequired\":true,\"valueName\":\"search_term_string\"}}],\"inLanguage\":\"en-US\"},{\"@type\":\"Organization\",\"@id\":\"https:\\\/\\\/cefi.es\\\/en\\\/#organization\",\"name\":\"Fundacion CeFi. Propiedad industrial e intelectual\",\"url\":\"https:\\\/\\\/cefi.es\\\/en\\\/\",\"logo\":{\"@type\":\"ImageObject\",\"inLanguage\":\"en-US\",\"@id\":\"https:\\\/\\\/cefi.es\\\/en\\\/#\\\/schema\\\/logo\\\/image\\\/\",\"url\":\"https:\\\/\\\/cefi.es\\\/wp-contenido\\\/uploads\\\/2019\\\/12\\\/cropped-favicon-3.png\",\"contentUrl\":\"https:\\\/\\\/cefi.es\\\/wp-contenido\\\/uploads\\\/2019\\\/12\\\/cropped-favicon-3.png\",\"width\":512,\"height\":512,\"caption\":\"Fundacion CeFi. Propiedad industrial e intelectual\"},\"image\":{\"@id\":\"https:\\\/\\\/cefi.es\\\/en\\\/#\\\/schema\\\/logo\\\/image\\\/\"}}]}<\/script>\n<!-- \/ Yoast SEO plugin. -->","yoast_head_json":{"title":"Revista Cuadernos N\u00ba 57 (Abril-Junio 2016) - Centro de estudios para el fomento de la investigaci\u00f3n","robots":{"index":"index","follow":"follow","max-snippet":"max-snippet:-1","max-image-preview":"max-image-preview:large","max-video-preview":"max-video-preview:-1"},"canonical":"https:\/\/cefi.es\/en\/tienda\/publicaciones\/revista-cuadernos\/revista-cuadernos-numero-57-abril-junio-2016\/","og_locale":"en_US","og_type":"article","og_title":"Revista Cuadernos N\u00ba 57 (Abril-Junio 2016) - Centro de estudios para el fomento de la investigaci\u00f3n","og_description":"Las competencias sobre dispensaci\u00f3n de medicamentos: la sentencia del Tribunal Supremo de 2 de marzo de 2016. \u00c1ngel Vald\u00e9s Burgui y Lucas Blanque Rey Las medidas de racionalizaci\u00f3n del gasto farmac\u00e9utico adoptadas por las Comunidades Aut\u00f3nomas: los programas de sustituci\u00f3n generalizada de prescripci\u00f3n y su control jurisdiccional. Novedades jurisprudenciales. Alberto Dorrego de Carlos La exclusi\u00f3n [&hellip;]","og_url":"https:\/\/cefi.es\/en\/tienda\/publicaciones\/revista-cuadernos\/revista-cuadernos-numero-57-abril-junio-2016\/","og_site_name":"Centro de estudios para el fomento de la investigaci\u00f3n","article_modified_time":"2021-02-02T09:11:43+00:00","og_image":[{"width":682,"height":961,"url":"https:\/\/cefi.es\/wp-contenido\/uploads\/2019\/10\/Portada_Cuadernos_57.jpg","type":"image\/jpeg"}],"twitter_card":"summary_large_image","twitter_misc":{"Est. reading time":"1 minute"},"schema":{"@context":"https:\/\/schema.org","@graph":[{"@type":"WebPage","@id":"https:\/\/cefi.es\/en\/tienda\/publicaciones\/revista-cuadernos\/revista-cuadernos-numero-57-abril-junio-2016\/","url":"https:\/\/cefi.es\/en\/tienda\/publicaciones\/revista-cuadernos\/revista-cuadernos-numero-57-abril-junio-2016\/","name":"Revista Cuadernos N\u00ba 57 (Abril-Junio 2016) - Centro de estudios para el fomento de la investigaci\u00f3n","isPartOf":{"@id":"https:\/\/cefi.es\/en\/#website"},"primaryImageOfPage":{"@id":"https:\/\/cefi.es\/en\/tienda\/publicaciones\/revista-cuadernos\/revista-cuadernos-numero-57-abril-junio-2016\/#primaryimage"},"image":{"@id":"https:\/\/cefi.es\/en\/tienda\/publicaciones\/revista-cuadernos\/revista-cuadernos-numero-57-abril-junio-2016\/#primaryimage"},"thumbnailUrl":"https:\/\/cefi.es\/wp-contenido\/uploads\/2019\/10\/Portada_Cuadernos_57.jpg","datePublished":"2016-04-29T09:35:39+00:00","dateModified":"2021-02-02T09:11:43+00:00","breadcrumb":{"@id":"https:\/\/cefi.es\/en\/tienda\/publicaciones\/revista-cuadernos\/revista-cuadernos-numero-57-abril-junio-2016\/#breadcrumb"},"inLanguage":"en-US","potentialAction":[{"@type":"ReadAction","target":["https:\/\/cefi.es\/en\/tienda\/publicaciones\/revista-cuadernos\/revista-cuadernos-numero-57-abril-junio-2016\/"]}]},{"@type":"ImageObject","inLanguage":"en-US","@id":"https:\/\/cefi.es\/en\/tienda\/publicaciones\/revista-cuadernos\/revista-cuadernos-numero-57-abril-junio-2016\/#primaryimage","url":"https:\/\/cefi.es\/wp-contenido\/uploads\/2019\/10\/Portada_Cuadernos_57.jpg","contentUrl":"https:\/\/cefi.es\/wp-contenido\/uploads\/2019\/10\/Portada_Cuadernos_57.jpg","width":682,"height":961},{"@type":"BreadcrumbList","@id":"https:\/\/cefi.es\/en\/tienda\/publicaciones\/revista-cuadernos\/revista-cuadernos-numero-57-abril-junio-2016\/#breadcrumb","itemListElement":[{"@type":"ListItem","position":1,"name":"Home","item":"https:\/\/cefi.es\/en\/"},{"@type":"ListItem","position":2,"name":"Products","item":"https:\/\/cefi.es\/en\/shop\/"},{"@type":"ListItem","position":3,"name":"Revista Cuadernos N\u00ba 57 (Abril-Junio 2016)"}]},{"@type":"WebSite","@id":"https:\/\/cefi.es\/en\/#website","url":"https:\/\/cefi.es\/en\/","name":"Centro de estudios para el fomento de la investigaci\u00f3n","description":"","publisher":{"@id":"https:\/\/cefi.es\/en\/#organization"},"potentialAction":[{"@type":"SearchAction","target":{"@type":"EntryPoint","urlTemplate":"https:\/\/cefi.es\/en\/?s={search_term_string}"},"query-input":{"@type":"PropertyValueSpecification","valueRequired":true,"valueName":"search_term_string"}}],"inLanguage":"en-US"},{"@type":"Organization","@id":"https:\/\/cefi.es\/en\/#organization","name":"Fundacion CeFi. Propiedad industrial e intelectual","url":"https:\/\/cefi.es\/en\/","logo":{"@type":"ImageObject","inLanguage":"en-US","@id":"https:\/\/cefi.es\/en\/#\/schema\/logo\/image\/","url":"https:\/\/cefi.es\/wp-contenido\/uploads\/2019\/12\/cropped-favicon-3.png","contentUrl":"https:\/\/cefi.es\/wp-contenido\/uploads\/2019\/12\/cropped-favicon-3.png","width":512,"height":512,"caption":"Fundacion CeFi. Propiedad industrial e intelectual"},"image":{"@id":"https:\/\/cefi.es\/en\/#\/schema\/logo\/image\/"}}]}},"_links":{"self":[{"href":"https:\/\/cefi.es\/en\/wp-json\/wp\/v2\/product\/4835","targetHints":{"allow":["GET"]}}],"collection":[{"href":"https:\/\/cefi.es\/en\/wp-json\/wp\/v2\/product"}],"about":[{"href":"https:\/\/cefi.es\/en\/wp-json\/wp\/v2\/types\/product"}],"version-history":[{"count":4,"href":"https:\/\/cefi.es\/en\/wp-json\/wp\/v2\/product\/4835\/revisions"}],"predecessor-version":[{"id":8868,"href":"https:\/\/cefi.es\/en\/wp-json\/wp\/v2\/product\/4835\/revisions\/8868"}],"wp:featuredmedia":[{"embeddable":true,"href":"https:\/\/cefi.es\/en\/wp-json\/wp\/v2\/media\/4572"}],"wp:attachment":[{"href":"https:\/\/cefi.es\/en\/wp-json\/wp\/v2\/media?parent=4835"}],"wp:term":[{"taxonomy":"product_brand","embeddable":true,"href":"https:\/\/cefi.es\/en\/wp-json\/wp\/v2\/product_brand?post=4835"},{"taxonomy":"product_cat","embeddable":true,"href":"https:\/\/cefi.es\/en\/wp-json\/wp\/v2\/product_cat?post=4835"},{"taxonomy":"product_tag","embeddable":true,"href":"https:\/\/cefi.es\/en\/wp-json\/wp\/v2\/product_tag?post=4835"}],"curies":[{"name":"wp","href":"https:\/\/api.w.org\/{rel}","templated":true}]}}