{"id":4809,"date":"2017-10-29T09:24:13","date_gmt":"2017-10-29T08:24:13","guid":{"rendered":"http:\/\/www.cefi.es\/?post_type=product&#038;p=4809"},"modified":"2021-02-02T09:51:10","modified_gmt":"2021-02-02T08:51:10","slug":"revista-cuadernos-numero-63-octubre-diciembre-2017","status":"publish","type":"product","link":"https:\/\/cefi.es\/en\/tienda\/publicaciones\/revista-cuadernos\/revista-cuadernos-numero-63-octubre-diciembre-2017\/","title":{"rendered":"Revista Cuadernos N\u00ba 63  <span>(Octubre-Diciembre 2017)"},"content":{"rendered":"<p>Programas de apoyo a pacientes e industria farmac\u00e9utica: entre la sostenibilidad del sistema sanitario y la autonom\u00eda del paciente.<br \/>\n<em>Noelia de Miguel S\u00e1nchez<\/em><\/p>\n<p>La firma electr\u00f3nica: nueva exigencia en las relaciones con las Administraciones P\u00fablicas.<br \/>\n<em>Ra\u00fal P\u00e9rez de Ar\u00e9valo Ramos<\/em><\/p>\n<p>El sector farmac\u00e9utico y la nueva Ley de Contratos del Sector P\u00fablico.<br \/>\n<em>Germ\u00e1n Alonso-Alegre Fern\u00e1ndez de Valderrama<\/em><\/p>\n<p>Manipulaci\u00f3n y uso de medicamentos en condiciones diferentes a las estipuladas en su ficha t\u00e9cnica.<br \/>\n<em>Xavier Moliner Bernades y Juan Suarez Fern\u00e1ndez<\/em><\/p>\n<p>XV Curso de Derecho Farmac\u00e9utico<br \/>\n<em>Fundaci\u00f3n CEFI<\/em><\/p>\n","protected":false},"excerpt":{"rendered":"<p>Programas de apoyo a pacientes e industria farmac\u00e9utica: entre la sostenibilidad del sistema sanitario y la autonom\u00eda del paciente. Noelia de Miguel S\u00e1nchez La firma electr\u00f3nica: nueva exigencia en las relaciones con las Administraciones P\u00fablicas. Ra\u00fal P\u00e9rez de Ar\u00e9valo Ramos El sector farmac\u00e9utico y la nueva Ley de Contratos del Sector P\u00fablico. Germ\u00e1n Alonso-Alegre Fern\u00e1ndez [&hellip;]<\/p>\n","protected":false},"featured_media":4584,"template":"","meta":{"_acf_changed":false},"product_brand":[],"product_cat":[44,50],"product_tag":[],"class_list":{"0":"post-4809","1":"product","2":"type-product","3":"status-publish","4":"has-post-thumbnail","6":"product_cat-revista-cuadernos","7":"product_cat-publicaciones","9":"first","10":"instock","11":"taxable","12":"shipping-taxable","13":"purchasable","14":"product-type-variable","15":"has-default-attributes"},"acf":[],"yoast_head":"<!-- This site is optimized with the Yoast SEO plugin v27.3 - https:\/\/yoast.com\/product\/yoast-seo-wordpress\/ -->\n<title>Revista Cuadernos N\u00ba 63 (Octubre-Diciembre 2017) - Centro de estudios para el fomento de la investigaci\u00f3n<\/title>\n<meta name=\"robots\" content=\"index, follow, max-snippet:-1, max-image-preview:large, max-video-preview:-1\" \/>\n<link rel=\"canonical\" href=\"https:\/\/cefi.es\/en\/tienda\/publicaciones\/revista-cuadernos\/revista-cuadernos-numero-63-octubre-diciembre-2017\/\" \/>\n<meta property=\"og:locale\" content=\"en_US\" \/>\n<meta property=\"og:type\" content=\"article\" \/>\n<meta property=\"og:title\" content=\"Revista Cuadernos N\u00ba 63 (Octubre-Diciembre 2017) - Centro de estudios para el fomento de la investigaci\u00f3n\" \/>\n<meta property=\"og:description\" content=\"Programas de apoyo a pacientes e industria farmac\u00e9utica: entre la sostenibilidad del sistema sanitario y la autonom\u00eda del paciente. Noelia de Miguel S\u00e1nchez La firma electr\u00f3nica: nueva exigencia en las relaciones con las Administraciones P\u00fablicas. Ra\u00fal P\u00e9rez de Ar\u00e9valo Ramos El sector farmac\u00e9utico y la nueva Ley de Contratos del Sector P\u00fablico. Germ\u00e1n Alonso-Alegre Fern\u00e1ndez [&hellip;]\" \/>\n<meta property=\"og:url\" content=\"https:\/\/cefi.es\/en\/tienda\/publicaciones\/revista-cuadernos\/revista-cuadernos-numero-63-octubre-diciembre-2017\/\" \/>\n<meta property=\"og:site_name\" content=\"Centro de estudios para el fomento de la investigaci\u00f3n\" \/>\n<meta property=\"article:modified_time\" content=\"2021-02-02T08:51:10+00:00\" \/>\n<meta property=\"og:image\" content=\"https:\/\/cefi.es\/wp-contenido\/uploads\/2019\/10\/Portada_Cuadernos_63.jpg\" \/>\n\t<meta property=\"og:image:width\" content=\"1129\" \/>\n\t<meta property=\"og:image:height\" content=\"1595\" \/>\n\t<meta property=\"og:image:type\" content=\"image\/jpeg\" \/>\n<meta name=\"twitter:card\" content=\"summary_large_image\" \/>\n<meta name=\"twitter:label1\" content=\"Est. reading time\" \/>\n\t<meta name=\"twitter:data1\" content=\"1 minute\" \/>\n<script type=\"application\/ld+json\" class=\"yoast-schema-graph\">{\"@context\":\"https:\\\/\\\/schema.org\",\"@graph\":[{\"@type\":\"WebPage\",\"@id\":\"https:\\\/\\\/cefi.es\\\/en\\\/tienda\\\/publicaciones\\\/revista-cuadernos\\\/revista-cuadernos-numero-63-octubre-diciembre-2017\\\/\",\"url\":\"https:\\\/\\\/cefi.es\\\/en\\\/tienda\\\/publicaciones\\\/revista-cuadernos\\\/revista-cuadernos-numero-63-octubre-diciembre-2017\\\/\",\"name\":\"Revista Cuadernos N\u00ba 63 (Octubre-Diciembre 2017) - Centro de estudios para el fomento de la investigaci\u00f3n\",\"isPartOf\":{\"@id\":\"https:\\\/\\\/cefi.es\\\/en\\\/#website\"},\"primaryImageOfPage\":{\"@id\":\"https:\\\/\\\/cefi.es\\\/en\\\/tienda\\\/publicaciones\\\/revista-cuadernos\\\/revista-cuadernos-numero-63-octubre-diciembre-2017\\\/#primaryimage\"},\"image\":{\"@id\":\"https:\\\/\\\/cefi.es\\\/en\\\/tienda\\\/publicaciones\\\/revista-cuadernos\\\/revista-cuadernos-numero-63-octubre-diciembre-2017\\\/#primaryimage\"},\"thumbnailUrl\":\"https:\\\/\\\/cefi.es\\\/wp-contenido\\\/uploads\\\/2019\\\/10\\\/Portada_Cuadernos_63.jpg\",\"datePublished\":\"2017-10-29T08:24:13+00:00\",\"dateModified\":\"2021-02-02T08:51:10+00:00\",\"breadcrumb\":{\"@id\":\"https:\\\/\\\/cefi.es\\\/en\\\/tienda\\\/publicaciones\\\/revista-cuadernos\\\/revista-cuadernos-numero-63-octubre-diciembre-2017\\\/#breadcrumb\"},\"inLanguage\":\"en-US\",\"potentialAction\":[{\"@type\":\"ReadAction\",\"target\":[\"https:\\\/\\\/cefi.es\\\/en\\\/tienda\\\/publicaciones\\\/revista-cuadernos\\\/revista-cuadernos-numero-63-octubre-diciembre-2017\\\/\"]}]},{\"@type\":\"ImageObject\",\"inLanguage\":\"en-US\",\"@id\":\"https:\\\/\\\/cefi.es\\\/en\\\/tienda\\\/publicaciones\\\/revista-cuadernos\\\/revista-cuadernos-numero-63-octubre-diciembre-2017\\\/#primaryimage\",\"url\":\"https:\\\/\\\/cefi.es\\\/wp-contenido\\\/uploads\\\/2019\\\/10\\\/Portada_Cuadernos_63.jpg\",\"contentUrl\":\"https:\\\/\\\/cefi.es\\\/wp-contenido\\\/uploads\\\/2019\\\/10\\\/Portada_Cuadernos_63.jpg\",\"width\":1129,\"height\":1595},{\"@type\":\"BreadcrumbList\",\"@id\":\"https:\\\/\\\/cefi.es\\\/en\\\/tienda\\\/publicaciones\\\/revista-cuadernos\\\/revista-cuadernos-numero-63-octubre-diciembre-2017\\\/#breadcrumb\",\"itemListElement\":[{\"@type\":\"ListItem\",\"position\":1,\"name\":\"Home\",\"item\":\"https:\\\/\\\/cefi.es\\\/en\\\/\"},{\"@type\":\"ListItem\",\"position\":2,\"name\":\"Products\",\"item\":\"https:\\\/\\\/cefi.es\\\/en\\\/shop\\\/\"},{\"@type\":\"ListItem\",\"position\":3,\"name\":\"Revista Cuadernos N\u00ba 63 (Octubre-Diciembre 2017)\"}]},{\"@type\":\"WebSite\",\"@id\":\"https:\\\/\\\/cefi.es\\\/en\\\/#website\",\"url\":\"https:\\\/\\\/cefi.es\\\/en\\\/\",\"name\":\"Centro de estudios para el fomento de la investigaci\u00f3n\",\"description\":\"\",\"publisher\":{\"@id\":\"https:\\\/\\\/cefi.es\\\/en\\\/#organization\"},\"potentialAction\":[{\"@type\":\"SearchAction\",\"target\":{\"@type\":\"EntryPoint\",\"urlTemplate\":\"https:\\\/\\\/cefi.es\\\/en\\\/?s={search_term_string}\"},\"query-input\":{\"@type\":\"PropertyValueSpecification\",\"valueRequired\":true,\"valueName\":\"search_term_string\"}}],\"inLanguage\":\"en-US\"},{\"@type\":\"Organization\",\"@id\":\"https:\\\/\\\/cefi.es\\\/en\\\/#organization\",\"name\":\"Fundacion CeFi. Propiedad industrial e intelectual\",\"url\":\"https:\\\/\\\/cefi.es\\\/en\\\/\",\"logo\":{\"@type\":\"ImageObject\",\"inLanguage\":\"en-US\",\"@id\":\"https:\\\/\\\/cefi.es\\\/en\\\/#\\\/schema\\\/logo\\\/image\\\/\",\"url\":\"https:\\\/\\\/cefi.es\\\/wp-contenido\\\/uploads\\\/2019\\\/12\\\/cropped-favicon-3.png\",\"contentUrl\":\"https:\\\/\\\/cefi.es\\\/wp-contenido\\\/uploads\\\/2019\\\/12\\\/cropped-favicon-3.png\",\"width\":512,\"height\":512,\"caption\":\"Fundacion CeFi. Propiedad industrial e intelectual\"},\"image\":{\"@id\":\"https:\\\/\\\/cefi.es\\\/en\\\/#\\\/schema\\\/logo\\\/image\\\/\"}}]}<\/script>\n<!-- \/ Yoast SEO plugin. -->","yoast_head_json":{"title":"Revista Cuadernos N\u00ba 63 (Octubre-Diciembre 2017) - Centro de estudios para el fomento de la investigaci\u00f3n","robots":{"index":"index","follow":"follow","max-snippet":"max-snippet:-1","max-image-preview":"max-image-preview:large","max-video-preview":"max-video-preview:-1"},"canonical":"https:\/\/cefi.es\/en\/tienda\/publicaciones\/revista-cuadernos\/revista-cuadernos-numero-63-octubre-diciembre-2017\/","og_locale":"en_US","og_type":"article","og_title":"Revista Cuadernos N\u00ba 63 (Octubre-Diciembre 2017) - Centro de estudios para el fomento de la investigaci\u00f3n","og_description":"Programas de apoyo a pacientes e industria farmac\u00e9utica: entre la sostenibilidad del sistema sanitario y la autonom\u00eda del paciente. Noelia de Miguel S\u00e1nchez La firma electr\u00f3nica: nueva exigencia en las relaciones con las Administraciones P\u00fablicas. Ra\u00fal P\u00e9rez de Ar\u00e9valo Ramos El sector farmac\u00e9utico y la nueva Ley de Contratos del Sector P\u00fablico. Germ\u00e1n Alonso-Alegre Fern\u00e1ndez [&hellip;]","og_url":"https:\/\/cefi.es\/en\/tienda\/publicaciones\/revista-cuadernos\/revista-cuadernos-numero-63-octubre-diciembre-2017\/","og_site_name":"Centro de estudios para el fomento de la investigaci\u00f3n","article_modified_time":"2021-02-02T08:51:10+00:00","og_image":[{"width":1129,"height":1595,"url":"https:\/\/cefi.es\/wp-contenido\/uploads\/2019\/10\/Portada_Cuadernos_63.jpg","type":"image\/jpeg"}],"twitter_card":"summary_large_image","twitter_misc":{"Est. reading time":"1 minute"},"schema":{"@context":"https:\/\/schema.org","@graph":[{"@type":"WebPage","@id":"https:\/\/cefi.es\/en\/tienda\/publicaciones\/revista-cuadernos\/revista-cuadernos-numero-63-octubre-diciembre-2017\/","url":"https:\/\/cefi.es\/en\/tienda\/publicaciones\/revista-cuadernos\/revista-cuadernos-numero-63-octubre-diciembre-2017\/","name":"Revista Cuadernos N\u00ba 63 (Octubre-Diciembre 2017) - Centro de estudios para el fomento de la investigaci\u00f3n","isPartOf":{"@id":"https:\/\/cefi.es\/en\/#website"},"primaryImageOfPage":{"@id":"https:\/\/cefi.es\/en\/tienda\/publicaciones\/revista-cuadernos\/revista-cuadernos-numero-63-octubre-diciembre-2017\/#primaryimage"},"image":{"@id":"https:\/\/cefi.es\/en\/tienda\/publicaciones\/revista-cuadernos\/revista-cuadernos-numero-63-octubre-diciembre-2017\/#primaryimage"},"thumbnailUrl":"https:\/\/cefi.es\/wp-contenido\/uploads\/2019\/10\/Portada_Cuadernos_63.jpg","datePublished":"2017-10-29T08:24:13+00:00","dateModified":"2021-02-02T08:51:10+00:00","breadcrumb":{"@id":"https:\/\/cefi.es\/en\/tienda\/publicaciones\/revista-cuadernos\/revista-cuadernos-numero-63-octubre-diciembre-2017\/#breadcrumb"},"inLanguage":"en-US","potentialAction":[{"@type":"ReadAction","target":["https:\/\/cefi.es\/en\/tienda\/publicaciones\/revista-cuadernos\/revista-cuadernos-numero-63-octubre-diciembre-2017\/"]}]},{"@type":"ImageObject","inLanguage":"en-US","@id":"https:\/\/cefi.es\/en\/tienda\/publicaciones\/revista-cuadernos\/revista-cuadernos-numero-63-octubre-diciembre-2017\/#primaryimage","url":"https:\/\/cefi.es\/wp-contenido\/uploads\/2019\/10\/Portada_Cuadernos_63.jpg","contentUrl":"https:\/\/cefi.es\/wp-contenido\/uploads\/2019\/10\/Portada_Cuadernos_63.jpg","width":1129,"height":1595},{"@type":"BreadcrumbList","@id":"https:\/\/cefi.es\/en\/tienda\/publicaciones\/revista-cuadernos\/revista-cuadernos-numero-63-octubre-diciembre-2017\/#breadcrumb","itemListElement":[{"@type":"ListItem","position":1,"name":"Home","item":"https:\/\/cefi.es\/en\/"},{"@type":"ListItem","position":2,"name":"Products","item":"https:\/\/cefi.es\/en\/shop\/"},{"@type":"ListItem","position":3,"name":"Revista Cuadernos N\u00ba 63 (Octubre-Diciembre 2017)"}]},{"@type":"WebSite","@id":"https:\/\/cefi.es\/en\/#website","url":"https:\/\/cefi.es\/en\/","name":"Centro de estudios para el fomento de la investigaci\u00f3n","description":"","publisher":{"@id":"https:\/\/cefi.es\/en\/#organization"},"potentialAction":[{"@type":"SearchAction","target":{"@type":"EntryPoint","urlTemplate":"https:\/\/cefi.es\/en\/?s={search_term_string}"},"query-input":{"@type":"PropertyValueSpecification","valueRequired":true,"valueName":"search_term_string"}}],"inLanguage":"en-US"},{"@type":"Organization","@id":"https:\/\/cefi.es\/en\/#organization","name":"Fundacion CeFi. Propiedad industrial e intelectual","url":"https:\/\/cefi.es\/en\/","logo":{"@type":"ImageObject","inLanguage":"en-US","@id":"https:\/\/cefi.es\/en\/#\/schema\/logo\/image\/","url":"https:\/\/cefi.es\/wp-contenido\/uploads\/2019\/12\/cropped-favicon-3.png","contentUrl":"https:\/\/cefi.es\/wp-contenido\/uploads\/2019\/12\/cropped-favicon-3.png","width":512,"height":512,"caption":"Fundacion CeFi. Propiedad industrial e intelectual"},"image":{"@id":"https:\/\/cefi.es\/en\/#\/schema\/logo\/image\/"}}]}},"_links":{"self":[{"href":"https:\/\/cefi.es\/en\/wp-json\/wp\/v2\/product\/4809","targetHints":{"allow":["GET"]}}],"collection":[{"href":"https:\/\/cefi.es\/en\/wp-json\/wp\/v2\/product"}],"about":[{"href":"https:\/\/cefi.es\/en\/wp-json\/wp\/v2\/types\/product"}],"version-history":[{"count":5,"href":"https:\/\/cefi.es\/en\/wp-json\/wp\/v2\/product\/4809\/revisions"}],"predecessor-version":[{"id":9937,"href":"https:\/\/cefi.es\/en\/wp-json\/wp\/v2\/product\/4809\/revisions\/9937"}],"wp:featuredmedia":[{"embeddable":true,"href":"https:\/\/cefi.es\/en\/wp-json\/wp\/v2\/media\/4584"}],"wp:attachment":[{"href":"https:\/\/cefi.es\/en\/wp-json\/wp\/v2\/media?parent=4809"}],"wp:term":[{"taxonomy":"product_brand","embeddable":true,"href":"https:\/\/cefi.es\/en\/wp-json\/wp\/v2\/product_brand?post=4809"},{"taxonomy":"product_cat","embeddable":true,"href":"https:\/\/cefi.es\/en\/wp-json\/wp\/v2\/product_cat?post=4809"},{"taxonomy":"product_tag","embeddable":true,"href":"https:\/\/cefi.es\/en\/wp-json\/wp\/v2\/product_tag?post=4809"}],"curies":[{"name":"wp","href":"https:\/\/api.w.org\/{rel}","templated":true}]}}